{"id":465,"date":"2019-05-17T10:30:28","date_gmt":"2019-05-17T10:30:28","guid":{"rendered":"http:\/\/www.meteorititalia.org\/blog\/?page_id=465"},"modified":"2020-05-26T14:32:26","modified_gmt":"2020-05-26T14:32:26","slug":"mostre-di-meteoriti","status":"publish","type":"page","link":"https:\/\/mail.meteorititalia.org\/?page_id=465","title":{"rendered":"Mostre di Meteoriti"},"content":{"rendered":"\t\t<div data-elementor-type=\"wp-post\" data-elementor-id=\"465\" class=\"elementor elementor-465\" data-elementor-post-type=\"page\">\n\t\t\t\t\t\t<div class=\"elementor-inner\">\n\t\t\t\t<div class=\"elementor-section-wrap\">\n\t\t\t\t\t\t\t\t\t<section class=\"elementor-section elementor-top-section elementor-element elementor-element-7ad77f99 elementor-section-content-middle elementor-section-height-min-height elementor-section-stretched elementor-section-full_width elementor-section-height-default elementor-section-items-middle wpr-particle-no wpr-jarallax-no wpr-parallax-no wpr-sticky-section-no\" data-id=\"7ad77f99\" data-element_type=\"section\" data-settings=\"{&quot;background_background&quot;:&quot;classic&quot;,&quot;stretch_section&quot;:&quot;section-stretched&quot;}\">\n\t\t\t\t\t\t<div class=\"elementor-container elementor-column-gap-default\">\n\t\t\t\t\t\t\t<div class=\"elementor-row\">\n\t\t\t\t\t<div class=\"elementor-column elementor-col-50 elementor-top-column elementor-element elementor-element-41cb6e31\" data-id=\"41cb6e31\" data-element_type=\"column\">\n\t\t\t<div class=\"elementor-column-wrap elementor-element-populated\">\n\t\t\t\t\t\t\t<div class=\"elementor-widget-wrap\">\n\t\t\t\t\t\t<div class=\"elementor-element elementor-element-ad05859 elementor-widget elementor-widget-theme-site-logo elementor-widget-image\" data-id=\"ad05859\" data-element_type=\"widget\" data-widget_type=\"theme-site-logo.default\">\n\t\t\t\t<div class=\"elementor-widget-container\">\n\t\t\t\t\t\t\t\t<div class=\"elementor-image\">\n\t\t\t\t\t\t\t\t<a href=\"https:\/\/mail.meteorititalia.org\">\n\t\t\t<img decoding=\"async\" width=\"250\" height=\"250\" src=\"https:\/\/mail.meteorititalia.org\/wp-content\/uploads\/2018\/04\/cropped-logo.jpg\" class=\"attachment-full size-full wp-image-8\" alt=\"\" loading=\"lazy\" srcset=\"https:\/\/mail.meteorititalia.org\/wp-content\/uploads\/2018\/04\/cropped-logo.jpg 250w, https:\/\/mail.meteorititalia.org\/wp-content\/uploads\/2018\/04\/cropped-logo-150x150.jpg 150w, https:\/\/mail.meteorititalia.org\/wp-content\/uploads\/2018\/04\/cropped-logo-100x100.jpg 100w\" sizes=\"100vw\" \/>\t\t\t\t<\/a>\n\t\t\t\t\t\t\t\t\t\t<\/div>\n\t\t\t\t\t\t<\/div>\n\t\t\t\t<\/div>\n\t\t\t\t\t\t<\/div>\n\t\t\t\t\t<\/div>\n\t\t<\/div>\n\t\t\t\t<div class=\"elementor-column elementor-col-50 elementor-top-column elementor-element elementor-element-87ffd59\" data-id=\"87ffd59\" data-element_type=\"column\">\n\t\t\t<div class=\"elementor-column-wrap elementor-element-populated\">\n\t\t\t\t\t\t\t<div class=\"elementor-widget-wrap\">\n\t\t\t\t\t\t<div class=\"elementor-element elementor-element-19a3a103 elementor-hidden-phone elementor-search-form--skin-classic elementor-search-form--button-type-icon elementor-search-form--icon-search elementor-widget elementor-widget-search-form\" data-id=\"19a3a103\" data-element_type=\"widget\" data-settings=\"{&quot;skin&quot;:&quot;classic&quot;}\" data-widget_type=\"search-form.default\">\n\t\t\t\t<div class=\"elementor-widget-container\">\n\t\t\t\t\t<form class=\"elementor-search-form\" action=\"https:\/\/mail.meteorititalia.org\" method=\"get\" role=\"search\">\n\t\t\t\t\t\t\t\t\t<div class=\"elementor-search-form__container\">\n\t\t\t\t<label class=\"elementor-screen-only\" for=\"elementor-search-form-19a3a103\">Cerca<\/label>\n\n\t\t\t\t\n\t\t\t\t<input id=\"elementor-search-form-19a3a103\" placeholder=\"Search...\" class=\"elementor-search-form__input\" type=\"search\" name=\"s\" value=\"\">\n\t\t\t\t\n\t\t\t\t\t\t\t\t\t<button class=\"elementor-search-form__submit\" type=\"submit\" aria-label=\"Cerca\">\n\t\t\t\t\t\t\t\t\t\t\t\t\t<i aria-hidden=\"true\" class=\"fas fa-search\"><\/i>\t\t\t\t\t\t\t<span class=\"elementor-screen-only\">Cerca<\/span>\n\t\t\t\t\t\t\t\t\t\t\t<\/button>\n\t\t\t\t\n\t\t\t\t\t\t\t<\/div>\n\t\t<\/form>\n\t\t\t\t<\/div>\n\t\t\t\t<\/div>\n\t\t\t\t\t\t<\/div>\n\t\t\t\t\t<\/div>\n\t\t<\/div>\n\t\t\t\t\t\t\t\t<\/div>\n\t\t\t\t\t<\/div>\n\t\t<\/section>\n\t\t\t\t<section class=\"elementor-section elementor-top-section elementor-element elementor-element-7edc4131 elementor-section-boxed elementor-section-height-default elementor-section-height-default wpr-particle-no wpr-jarallax-no wpr-parallax-no wpr-sticky-section-no\" data-id=\"7edc4131\" data-element_type=\"section\" data-settings=\"{&quot;background_background&quot;:&quot;classic&quot;,&quot;sticky&quot;:&quot;yes&quot;,&quot;sticky_on&quot;:[&quot;desktop&quot;,&quot;tablet&quot;,&quot;mobile&quot;],&quot;sticky_offset&quot;:0,&quot;sticky_effects_offset&quot;:0}\">\n\t\t\t\t\t\t<div class=\"elementor-container elementor-column-gap-no\">\n\t\t\t\t\t\t\t<div class=\"elementor-row\">\n\t\t\t\t\t<div class=\"elementor-column elementor-col-100 elementor-top-column elementor-element elementor-element-3090c69\" data-id=\"3090c69\" data-element_type=\"column\">\n\t\t\t<div class=\"elementor-column-wrap elementor-element-populated\">\n\t\t\t\t\t\t\t<div class=\"elementor-widget-wrap\">\n\t\t\t\t\t\t<div class=\"elementor-element elementor-element-51ff3a99 elementor-nav-menu__align-right elementor-nav-menu--dropdown-mobile elementor-nav-menu--stretch elementor-nav-menu__text-align-center elementor-nav-menu--toggle elementor-nav-menu--burger elementor-widget elementor-widget-nav-menu\" data-id=\"51ff3a99\" data-element_type=\"widget\" data-settings=\"{&quot;full_width&quot;:&quot;stretch&quot;,&quot;layout&quot;:&quot;horizontal&quot;,&quot;submenu_icon&quot;:{&quot;value&quot;:&quot;&lt;i class=\\&quot;fas fa-caret-down\\&quot;&gt;&lt;\\\/i&gt;&quot;,&quot;library&quot;:&quot;fa-solid&quot;},&quot;toggle&quot;:&quot;burger&quot;}\" data-widget_type=\"nav-menu.default\">\n\t\t\t\t<div class=\"elementor-widget-container\">\n\t\t\t\t\t\t<nav class=\"elementor-nav-menu--main elementor-nav-menu__container elementor-nav-menu--layout-horizontal e--pointer-background e--animation-sweep-right\">\n\t\t\t\t<ul id=\"menu-1-51ff3a99\" class=\"elementor-nav-menu\"><li class=\"menu-item menu-item-type-post_type menu-item-object-page menu-item-home menu-item-2568\"><a href=\"https:\/\/mail.meteorititalia.org\/\" class=\"elementor-item\">Chi siamo<\/a><\/li>\n<li class=\"menu-item menu-item-type-post_type menu-item-object-page menu-item-has-children menu-item-1512\"><a href=\"https:\/\/mail.meteorititalia.org\/?page_id=1463\" class=\"elementor-item\">Le nostre attivit\u00e0<\/a>\n<ul class=\"sub-menu elementor-nav-menu--dropdown\">\n\t<li class=\"menu-item menu-item-type-post_type menu-item-object-page menu-item-has-children menu-item-1568\"><a href=\"https:\/\/mail.meteorititalia.org\/?page_id=1566\" class=\"elementor-sub-item\">Collaborazione con INAF PRISMA<\/a>\n\t<ul class=\"sub-menu elementor-nav-menu--dropdown\">\n\t\t<li class=\"menu-item menu-item-type-custom menu-item-object-custom menu-item-has-children menu-item-2652\"><a href=\"https:\/\/www.meteorititalia.org\/\" class=\"elementor-sub-item\">Recuperare le meteoriti segnalate da PRISMA<\/a>\n\t\t<ul class=\"sub-menu elementor-nav-menu--dropdown\">\n\t\t\t<li class=\"menu-item menu-item-type-custom menu-item-object-custom menu-item-2653\"><a href=\"https:\/\/www.meteorititalia.org\" class=\"elementor-sub-item\">Informazioni generali<\/a><\/li>\n\t\t\t<li class=\"menu-item menu-item-type-custom menu-item-object-custom menu-item-2654\"><a href=\"https:\/\/www.meteorititalia.org\" class=\"elementor-sub-item\">Formazione tecnica<\/a><\/li>\n\t\t\t<li class=\"menu-item menu-item-type-custom menu-item-object-custom menu-item-2655\"><a href=\"https:\/\/www.meteorititalia.org\" class=\"elementor-sub-item\">Ricerche sul campo<\/a><\/li>\n\t\t\t<li class=\"menu-item menu-item-type-custom menu-item-object-custom menu-item-2656\"><a href=\"https:\/\/www.meteorititalia.org\/\" class=\"elementor-sub-item\">La pagina dei &#8220;Recuperanti&#8221;<\/a><\/li>\n\t\t<\/ul>\n<\/li>\n\t<\/ul>\n<\/li>\n\t<li class=\"menu-item menu-item-type-post_type menu-item-object-page menu-item-458\"><a href=\"https:\/\/mail.meteorititalia.org\/?page_id=450\" class=\"elementor-sub-item\">Presentazioni nelle scuole<\/a><\/li>\n\t<li class=\"menu-item menu-item-type-post_type menu-item-object-page menu-item-461\"><a href=\"https:\/\/mail.meteorititalia.org\/?page_id=459\" class=\"elementor-sub-item\">Conferenze<\/a><\/li>\n\t<li class=\"menu-item menu-item-type-post_type menu-item-object-page menu-item-476\"><a href=\"https:\/\/mail.meteorititalia.org\/?page_id=465\" class=\"elementor-sub-item\">Mostre di Meteoriti<\/a><\/li>\n\t<li class=\"menu-item menu-item-type-post_type menu-item-object-page menu-item-1146\"><a href=\"https:\/\/mail.meteorititalia.org\/?page_id=1144\" class=\"elementor-sub-item\">Notizie per i Soci<\/a><\/li>\n<\/ul>\n<\/li>\n<li class=\"menu-item menu-item-type-post_type menu-item-object-page menu-item-has-children menu-item-1511\"><a href=\"https:\/\/mail.meteorititalia.org\/?page_id=1468\" class=\"elementor-item\">Novit\u00e0 meteoritiche<\/a>\n<ul class=\"sub-menu elementor-nav-menu--dropdown\">\n\t<li class=\"menu-item menu-item-type-post_type menu-item-object-page menu-item-959\"><a href=\"https:\/\/mail.meteorititalia.org\/?page_id=945\" class=\"elementor-sub-item\">Cadute e Ritrovamenti<\/a><\/li>\n\t<li class=\"menu-item menu-item-type-post_type menu-item-object-page menu-item-958\"><a href=\"https:\/\/mail.meteorititalia.org\/?page_id=948\" class=\"elementor-sub-item\">Manifestazioni<\/a><\/li>\n<\/ul>\n<\/li>\n<li class=\"menu-item menu-item-type-post_type menu-item-object-page menu-item-has-children menu-item-1508\"><a href=\"https:\/\/mail.meteorititalia.org\/?page_id=1474\" class=\"elementor-item\">Articoli<\/a>\n<ul class=\"sub-menu elementor-nav-menu--dropdown\">\n\t<li class=\"menu-item menu-item-type-post_type menu-item-object-page menu-item-1004\"><a href=\"https:\/\/mail.meteorititalia.org\/?page_id=1000\" class=\"elementor-sub-item\">Meteoritica per tutti<\/a><\/li>\n\t<li class=\"menu-item menu-item-type-post_type menu-item-object-page menu-item-1458\"><a href=\"https:\/\/mail.meteorititalia.org\/?page_id=1446\" class=\"elementor-sub-item\">Articoli di meteoritica<\/a><\/li>\n\t<li class=\"menu-item menu-item-type-post_type menu-item-object-page menu-item-2373\"><a href=\"https:\/\/mail.meteorititalia.org\/?page_id=2367\" class=\"elementor-sub-item\">Renazzo<\/a><\/li>\n<\/ul>\n<\/li>\n<li class=\"menu-item menu-item-type-post_type menu-item-object-page menu-item-has-children menu-item-1095\"><a href=\"https:\/\/mail.meteorititalia.org\/?page_id=1090\" class=\"elementor-item\">Meteoriti sulla carta<\/a>\n<ul class=\"sub-menu elementor-nav-menu--dropdown\">\n\t<li class=\"menu-item menu-item-type-post_type menu-item-object-page menu-item-1046\"><a href=\"https:\/\/mail.meteorititalia.org\/?page_id=1011\" class=\"elementor-sub-item\">Filatelia<\/a><\/li>\n\t<li class=\"menu-item menu-item-type-post_type menu-item-object-page menu-item-1101\"><a href=\"https:\/\/mail.meteorititalia.org\/?page_id=1097\" class=\"elementor-sub-item\">Numismatica<\/a><\/li>\n<\/ul>\n<\/li>\n<li class=\"menu-item menu-item-type-post_type menu-item-object-page menu-item-21\"><a href=\"https:\/\/mail.meteorititalia.org\/?page_id=12\" class=\"elementor-item\">Contatti<\/a><\/li>\n<li class=\"menu-item menu-item-type-post_type menu-item-object-page menu-item-has-children menu-item-1920\"><a href=\"https:\/\/mail.meteorititalia.org\/?page_id=1713\" class=\"elementor-item\">Our library<\/a>\n<ul class=\"sub-menu elementor-nav-menu--dropdown\">\n\t<li class=\"menu-item menu-item-type-post_type menu-item-object-page menu-item-1921\"><a href=\"https:\/\/mail.meteorititalia.org\/?page_id=1685\" class=\"elementor-sub-item\">Books<\/a><\/li>\n\t<li class=\"menu-item menu-item-type-post_type menu-item-object-page menu-item-1923\"><a href=\"https:\/\/mail.meteorititalia.org\/?page_id=1859\" class=\"elementor-sub-item\">Monographs<\/a><\/li>\n\t<li class=\"menu-item menu-item-type-post_type menu-item-object-page menu-item-1924\"><a href=\"https:\/\/mail.meteorititalia.org\/?page_id=1912\" class=\"elementor-sub-item\">Magazines<\/a><\/li>\n\t<li class=\"menu-item menu-item-type-post_type menu-item-object-page menu-item-has-children menu-item-1925\"><a href=\"https:\/\/mail.meteorititalia.org\/?page_id=1897\" class=\"elementor-sub-item\">Raids in the Library<\/a>\n\t<ul class=\"sub-menu elementor-nav-menu--dropdown\">\n\t\t<li class=\"menu-item menu-item-type-post_type menu-item-object-page menu-item-1926\"><a href=\"https:\/\/mail.meteorititalia.org\/?page_id=1907\" class=\"elementor-sub-item\">Detta cos\u00ec l\u2019ho capita anch\u2019io<\/a><\/li>\n\t\t<li class=\"menu-item menu-item-type-post_type menu-item-object-page menu-item-1928\"><a href=\"https:\/\/mail.meteorititalia.org\/?page_id=1902\" class=\"elementor-sub-item\">Questi s\u00ec che sanno descrivere le cose<\/a><\/li>\n\t<\/ul>\n<\/li>\n<\/ul>\n<\/li>\n<li class=\"menu-item menu-item-type-post_type menu-item-object-page menu-item-299\"><a href=\"https:\/\/mail.meteorititalia.org\/?page_id=282\" class=\"elementor-item\">Login<\/a><\/li>\n<\/ul>\t\t\t<\/nav>\n\t\t\t\t\t<div class=\"elementor-menu-toggle\" role=\"button\" tabindex=\"0\" aria-label=\"Menu di commutazione\" aria-expanded=\"false\">\n\t\t\t<i aria-hidden=\"true\" role=\"presentation\" class=\"elementor-menu-toggle__icon--open eicon-menu-bar\"><\/i><i aria-hidden=\"true\" role=\"presentation\" class=\"elementor-menu-toggle__icon--close eicon-close\"><\/i>\t\t\t<span class=\"elementor-screen-only\">Menu<\/span>\n\t\t<\/div>\n\t\t\t\t\t<nav class=\"elementor-nav-menu--dropdown elementor-nav-menu__container\" aria-hidden=\"true\">\n\t\t\t\t<ul id=\"menu-2-51ff3a99\" class=\"elementor-nav-menu\"><li class=\"menu-item menu-item-type-post_type menu-item-object-page menu-item-home menu-item-2568\"><a href=\"https:\/\/mail.meteorititalia.org\/\" class=\"elementor-item\" tabindex=\"-1\">Chi siamo<\/a><\/li>\n<li class=\"menu-item menu-item-type-post_type menu-item-object-page menu-item-has-children menu-item-1512\"><a href=\"https:\/\/mail.meteorititalia.org\/?page_id=1463\" class=\"elementor-item\" tabindex=\"-1\">Le nostre attivit\u00e0<\/a>\n<ul class=\"sub-menu elementor-nav-menu--dropdown\">\n\t<li class=\"menu-item menu-item-type-post_type menu-item-object-page menu-item-has-children menu-item-1568\"><a href=\"https:\/\/mail.meteorititalia.org\/?page_id=1566\" class=\"elementor-sub-item\" tabindex=\"-1\">Collaborazione con INAF PRISMA<\/a>\n\t<ul class=\"sub-menu elementor-nav-menu--dropdown\">\n\t\t<li class=\"menu-item menu-item-type-custom menu-item-object-custom menu-item-has-children menu-item-2652\"><a href=\"https:\/\/www.meteorititalia.org\/\" class=\"elementor-sub-item\" tabindex=\"-1\">Recuperare le meteoriti segnalate da PRISMA<\/a>\n\t\t<ul class=\"sub-menu elementor-nav-menu--dropdown\">\n\t\t\t<li class=\"menu-item menu-item-type-custom menu-item-object-custom menu-item-2653\"><a href=\"https:\/\/www.meteorititalia.org\" class=\"elementor-sub-item\" tabindex=\"-1\">Informazioni generali<\/a><\/li>\n\t\t\t<li class=\"menu-item menu-item-type-custom menu-item-object-custom menu-item-2654\"><a href=\"https:\/\/www.meteorititalia.org\" class=\"elementor-sub-item\" tabindex=\"-1\">Formazione tecnica<\/a><\/li>\n\t\t\t<li class=\"menu-item menu-item-type-custom menu-item-object-custom menu-item-2655\"><a href=\"https:\/\/www.meteorititalia.org\" class=\"elementor-sub-item\" tabindex=\"-1\">Ricerche sul campo<\/a><\/li>\n\t\t\t<li class=\"menu-item menu-item-type-custom menu-item-object-custom menu-item-2656\"><a href=\"https:\/\/www.meteorititalia.org\/\" class=\"elementor-sub-item\" tabindex=\"-1\">La pagina dei &#8220;Recuperanti&#8221;<\/a><\/li>\n\t\t<\/ul>\n<\/li>\n\t<\/ul>\n<\/li>\n\t<li class=\"menu-item menu-item-type-post_type menu-item-object-page menu-item-458\"><a href=\"https:\/\/mail.meteorititalia.org\/?page_id=450\" class=\"elementor-sub-item\" tabindex=\"-1\">Presentazioni nelle scuole<\/a><\/li>\n\t<li class=\"menu-item menu-item-type-post_type menu-item-object-page menu-item-461\"><a href=\"https:\/\/mail.meteorititalia.org\/?page_id=459\" class=\"elementor-sub-item\" tabindex=\"-1\">Conferenze<\/a><\/li>\n\t<li class=\"menu-item menu-item-type-post_type menu-item-object-page menu-item-476\"><a href=\"https:\/\/mail.meteorititalia.org\/?page_id=465\" class=\"elementor-sub-item\" tabindex=\"-1\">Mostre di Meteoriti<\/a><\/li>\n\t<li class=\"menu-item menu-item-type-post_type menu-item-object-page menu-item-1146\"><a href=\"https:\/\/mail.meteorititalia.org\/?page_id=1144\" class=\"elementor-sub-item\" tabindex=\"-1\">Notizie per i Soci<\/a><\/li>\n<\/ul>\n<\/li>\n<li class=\"menu-item menu-item-type-post_type menu-item-object-page menu-item-has-children menu-item-1511\"><a href=\"https:\/\/mail.meteorititalia.org\/?page_id=1468\" class=\"elementor-item\" tabindex=\"-1\">Novit\u00e0 meteoritiche<\/a>\n<ul class=\"sub-menu elementor-nav-menu--dropdown\">\n\t<li class=\"menu-item menu-item-type-post_type menu-item-object-page menu-item-959\"><a href=\"https:\/\/mail.meteorititalia.org\/?page_id=945\" class=\"elementor-sub-item\" tabindex=\"-1\">Cadute e Ritrovamenti<\/a><\/li>\n\t<li class=\"menu-item menu-item-type-post_type menu-item-object-page menu-item-958\"><a href=\"https:\/\/mail.meteorititalia.org\/?page_id=948\" class=\"elementor-sub-item\" tabindex=\"-1\">Manifestazioni<\/a><\/li>\n<\/ul>\n<\/li>\n<li class=\"menu-item menu-item-type-post_type menu-item-object-page menu-item-has-children menu-item-1508\"><a href=\"https:\/\/mail.meteorititalia.org\/?page_id=1474\" class=\"elementor-item\" tabindex=\"-1\">Articoli<\/a>\n<ul class=\"sub-menu elementor-nav-menu--dropdown\">\n\t<li class=\"menu-item menu-item-type-post_type menu-item-object-page menu-item-1004\"><a href=\"https:\/\/mail.meteorititalia.org\/?page_id=1000\" class=\"elementor-sub-item\" tabindex=\"-1\">Meteoritica per tutti<\/a><\/li>\n\t<li class=\"menu-item menu-item-type-post_type menu-item-object-page menu-item-1458\"><a href=\"https:\/\/mail.meteorititalia.org\/?page_id=1446\" class=\"elementor-sub-item\" tabindex=\"-1\">Articoli di meteoritica<\/a><\/li>\n\t<li class=\"menu-item menu-item-type-post_type menu-item-object-page menu-item-2373\"><a href=\"https:\/\/mail.meteorititalia.org\/?page_id=2367\" class=\"elementor-sub-item\" tabindex=\"-1\">Renazzo<\/a><\/li>\n<\/ul>\n<\/li>\n<li class=\"menu-item menu-item-type-post_type menu-item-object-page menu-item-has-children menu-item-1095\"><a href=\"https:\/\/mail.meteorititalia.org\/?page_id=1090\" class=\"elementor-item\" tabindex=\"-1\">Meteoriti sulla carta<\/a>\n<ul class=\"sub-menu elementor-nav-menu--dropdown\">\n\t<li class=\"menu-item menu-item-type-post_type menu-item-object-page menu-item-1046\"><a href=\"https:\/\/mail.meteorititalia.org\/?page_id=1011\" class=\"elementor-sub-item\" tabindex=\"-1\">Filatelia<\/a><\/li>\n\t<li class=\"menu-item menu-item-type-post_type menu-item-object-page menu-item-1101\"><a href=\"https:\/\/mail.meteorititalia.org\/?page_id=1097\" class=\"elementor-sub-item\" tabindex=\"-1\">Numismatica<\/a><\/li>\n<\/ul>\n<\/li>\n<li class=\"menu-item menu-item-type-post_type menu-item-object-page menu-item-21\"><a href=\"https:\/\/mail.meteorititalia.org\/?page_id=12\" class=\"elementor-item\" tabindex=\"-1\">Contatti<\/a><\/li>\n<li class=\"menu-item menu-item-type-post_type menu-item-object-page menu-item-has-children menu-item-1920\"><a href=\"https:\/\/mail.meteorititalia.org\/?page_id=1713\" class=\"elementor-item\" tabindex=\"-1\">Our library<\/a>\n<ul class=\"sub-menu elementor-nav-menu--dropdown\">\n\t<li class=\"menu-item menu-item-type-post_type menu-item-object-page menu-item-1921\"><a href=\"https:\/\/mail.meteorititalia.org\/?page_id=1685\" class=\"elementor-sub-item\" tabindex=\"-1\">Books<\/a><\/li>\n\t<li class=\"menu-item menu-item-type-post_type menu-item-object-page menu-item-1923\"><a href=\"https:\/\/mail.meteorititalia.org\/?page_id=1859\" class=\"elementor-sub-item\" tabindex=\"-1\">Monographs<\/a><\/li>\n\t<li class=\"menu-item menu-item-type-post_type menu-item-object-page menu-item-1924\"><a href=\"https:\/\/mail.meteorititalia.org\/?page_id=1912\" class=\"elementor-sub-item\" tabindex=\"-1\">Magazines<\/a><\/li>\n\t<li class=\"menu-item menu-item-type-post_type menu-item-object-page menu-item-has-children menu-item-1925\"><a href=\"https:\/\/mail.meteorititalia.org\/?page_id=1897\" class=\"elementor-sub-item\" tabindex=\"-1\">Raids in the Library<\/a>\n\t<ul class=\"sub-menu elementor-nav-menu--dropdown\">\n\t\t<li class=\"menu-item menu-item-type-post_type menu-item-object-page menu-item-1926\"><a href=\"https:\/\/mail.meteorititalia.org\/?page_id=1907\" class=\"elementor-sub-item\" tabindex=\"-1\">Detta cos\u00ec l\u2019ho capita anch\u2019io<\/a><\/li>\n\t\t<li class=\"menu-item menu-item-type-post_type menu-item-object-page menu-item-1928\"><a href=\"https:\/\/mail.meteorititalia.org\/?page_id=1902\" class=\"elementor-sub-item\" tabindex=\"-1\">Questi s\u00ec che sanno descrivere le cose<\/a><\/li>\n\t<\/ul>\n<\/li>\n<\/ul>\n<\/li>\n<li class=\"menu-item menu-item-type-post_type menu-item-object-page menu-item-299\"><a href=\"https:\/\/mail.meteorititalia.org\/?page_id=282\" class=\"elementor-item\" tabindex=\"-1\">Login<\/a><\/li>\n<\/ul>\t\t\t<\/nav>\n\t\t\t\t<\/div>\n\t\t\t\t<\/div>\n\t\t\t\t\t\t<\/div>\n\t\t\t\t\t<\/div>\n\t\t<\/div>\n\t\t\t\t\t\t\t\t<\/div>\n\t\t\t\t\t<\/div>\n\t\t<\/section>\n\t\t\t\t<section class=\"elementor-section elementor-top-section elementor-element elementor-element-b9c93f4 elementor-section-boxed elementor-section-height-default elementor-section-height-default wpr-particle-no wpr-jarallax-no wpr-parallax-no wpr-sticky-section-no\" data-id=\"b9c93f4\" data-element_type=\"section\">\n\t\t\t\t\t\t<div class=\"elementor-container elementor-column-gap-default\">\n\t\t\t\t\t\t\t<div class=\"elementor-row\">\n\t\t\t\t\t<div class=\"elementor-column elementor-col-100 elementor-top-column elementor-element elementor-element-9590309\" data-id=\"9590309\" data-element_type=\"column\">\n\t\t\t<div class=\"elementor-column-wrap elementor-element-populated\">\n\t\t\t\t\t\t\t<div class=\"elementor-widget-wrap\">\n\t\t\t\t\t\t<div class=\"elementor-element elementor-element-2a176ea animated-slow elementor-widget__width-auto elementor-fixed elementor-view-default elementor-widget elementor-widget-icon\" data-id=\"2a176ea\" data-element_type=\"widget\" data-settings=\"{&quot;_animation&quot;:&quot;none&quot;,&quot;_animation_delay&quot;:400,&quot;_position&quot;:&quot;fixed&quot;}\" data-widget_type=\"icon.default\">\n\t\t\t\t<div class=\"elementor-widget-container\">\n\t\t\t\t\t<div class=\"elementor-icon-wrapper\">\n\t\t\t<a class=\"elementor-icon elementor-animation-grow\" href=\"#top\">\n\t\t\t<i aria-hidden=\"true\" class=\"far fa-arrow-alt-circle-up\"><\/i>\t\t\t<\/a>\n\t\t<\/div>\n\t\t\t\t<\/div>\n\t\t\t\t<\/div>\n\t\t\t\t<div class=\"elementor-element elementor-element-925e43b elementor-widget elementor-widget-menu-anchor\" data-id=\"925e43b\" data-element_type=\"widget\" id=\"top\" data-widget_type=\"menu-anchor.default\">\n\t\t\t\t<div class=\"elementor-widget-container\">\n\t\t\t\t\t<div id=\"top\" class=\"elementor-menu-anchor\"><\/div>\n\t\t\t\t<\/div>\n\t\t\t\t<\/div>\n\t\t\t\t<div class=\"elementor-element elementor-element-e051159 elementor-widget elementor-widget-heading\" data-id=\"e051159\" data-element_type=\"widget\" data-widget_type=\"heading.default\">\n\t\t\t\t<div class=\"elementor-widget-container\">\n\t\t\t<h2 class=\"elementor-heading-title elementor-size-default\">Mostre di meteoriti<\/h2>\t\t<\/div>\n\t\t\t\t<\/div>\n\t\t\t\t<div class=\"elementor-element elementor-element-d56e4a2 elementor-widget elementor-widget-text-editor\" data-id=\"d56e4a2\" data-element_type=\"widget\" data-widget_type=\"text-editor.default\">\n\t\t\t\t<div class=\"elementor-widget-container\">\n\t\t\t\t\t\t\t\t<div class=\"elementor-text-editor elementor-clearfix\">\n\t\t\t\t<p style=\"text-align: left;\">Le mostre di meteoriti sono attivit\u00e0 che richiedono un grosso impegno di soldi, di energie e di ore di lavoro per\u00f2, se gestite correttamente, sono anche un mezzo straordinario per coinvolgere, in tempi brevi, migliaia di persone di tutte le et\u00e0.<br \/>Per quanto ci riguarda, questo \u00e8 il metodo pi\u00f9 efficace per far conoscere le meteoriti per\u00f2, causa i costi e la mole di lavoro richiesti per organizzare una mostra, dobbiamo forzatamente operare in collaborazione con Enti e Sponsor che ci aiutino reperire i locali, procurare le vetrine, rimborsare le spese di chi fornisce i campioni pi\u00f9 significativi, assicurare i campioni esposti, fornire il servizio di guida e guardiania, pubblicizzare l\u2019evento e molto altro. <br \/>Il nostro coinvolgimento con le mostre di meteoriti \u00e8 iniziato con il progetto di far conoscere la \u201cBARCIS\u201d, pallasite, trovata nel 1953 a Barcis e conservata nel \u201cMuseo di geologia, paleontologia e mineralogia delle Dolomiti agordine\u201d dell\u2019IIS \u201cU. Follador-A. De Rossi\u201d di Agordo.<br \/>Con il nome \u201cLa meteorite di Barcis e sassi da altri mondi\u201d, nel periodo 2015-2016 abbiamo organizzato a Barcis, a Pordenone e ad Agordo, 3 mostre \u201cmaggiori\u201d che, in totale, hanno avuto pi\u00f9 di venticinquemila visitatori.<\/p>\t\t\t\t\t<\/div>\n\t\t\t\t\t\t<\/div>\n\t\t\t\t<\/div>\n\t\t\t\t<div class=\"elementor-element elementor-element-bce72cc elementor-widget elementor-widget-image-gallery\" data-id=\"bce72cc\" data-element_type=\"widget\" data-widget_type=\"image-gallery.default\">\n\t\t\t\t<div class=\"elementor-widget-container\">\n\t\t\t\t\t<div class=\"elementor-image-gallery\">\n\t\t\t<div id='gallery-1' class='gallery galleryid-465 gallery-columns-3 gallery-size-medium_large'><figure class='gallery-item'>\n\t\t\t<div class='gallery-icon portrait'>\n\t\t\t\t<a data-elementor-open-lightbox=\"yes\" data-elementor-lightbox-slideshow=\"bce72cc\" data-elementor-lightbox-title=\"Foto 1\" data-e-action-hash=\"#elementor-action%3Aaction%3Dlightbox%26settings%3DeyJpZCI6NDY4LCJ1cmwiOiJodHRwczpcL1wvbWFpbC5tZXRlb3JpdGl0YWxpYS5vcmdcL3dwLWNvbnRlbnRcL3VwbG9hZHNcLzIwMTlcLzA1XC9Gb3RvLTEuanBnIiwic2xpZGVzaG93IjoiYmNlNzJjYyJ9\" href='https:\/\/mail.meteorititalia.org\/wp-content\/uploads\/2019\/05\/Foto-1.jpg'><img width=\"525\" height=\"742\" src=\"https:\/\/mail.meteorititalia.org\/wp-content\/uploads\/2019\/05\/Foto-1-768x1086.jpg\" class=\"attachment-medium_large size-medium_large\" alt=\"\" decoding=\"async\" loading=\"lazy\" aria-describedby=\"gallery-1-468\" srcset=\"https:\/\/mail.meteorititalia.org\/wp-content\/uploads\/2019\/05\/Foto-1-768x1086.jpg 768w, https:\/\/mail.meteorititalia.org\/wp-content\/uploads\/2019\/05\/Foto-1-212x300.jpg 212w, https:\/\/mail.meteorititalia.org\/wp-content\/uploads\/2019\/05\/Foto-1-724x1024.jpg 724w, https:\/\/mail.meteorititalia.org\/wp-content\/uploads\/2019\/05\/Foto-1.jpg 1169w\" sizes=\"100vw\" \/><\/a>\n\t\t\t<\/div>\n\t\t\t\t<figcaption class='wp-caption-text gallery-caption' id='gallery-1-468'>\n\t\t\t\tIl manifesto della Mostra di Meteoriti a Barcis\n\t\t\t\t<\/figcaption><\/figure><figure class='gallery-item'>\n\t\t\t<div class='gallery-icon portrait'>\n\t\t\t\t<a data-elementor-open-lightbox=\"yes\" data-elementor-lightbox-slideshow=\"bce72cc\" data-elementor-lightbox-title=\"Foto 2JPG\" data-e-action-hash=\"#elementor-action%3Aaction%3Dlightbox%26settings%3DeyJpZCI6NDY5LCJ1cmwiOiJodHRwczpcL1wvbWFpbC5tZXRlb3JpdGl0YWxpYS5vcmdcL3dwLWNvbnRlbnRcL3VwbG9hZHNcLzIwMTlcLzA1XC9Gb3RvLTJKUEcuanBnIiwic2xpZGVzaG93IjoiYmNlNzJjYyJ9\" href='https:\/\/mail.meteorititalia.org\/wp-content\/uploads\/2019\/05\/Foto-2JPG.jpg'><img width=\"525\" height=\"700\" src=\"https:\/\/mail.meteorititalia.org\/wp-content\/uploads\/2019\/05\/Foto-2JPG-768x1024.jpg\" class=\"attachment-medium_large size-medium_large\" alt=\"\" decoding=\"async\" loading=\"lazy\" aria-describedby=\"gallery-1-469\" srcset=\"https:\/\/mail.meteorititalia.org\/wp-content\/uploads\/2019\/05\/Foto-2JPG-768x1024.jpg 768w, https:\/\/mail.meteorititalia.org\/wp-content\/uploads\/2019\/05\/Foto-2JPG-225x300.jpg 225w\" sizes=\"100vw\" \/><\/a>\n\t\t\t<\/div>\n\t\t\t\t<figcaption class='wp-caption-text gallery-caption' id='gallery-1-469'>\n\t\t\t\tIl banner della Mostra di Meteoriti all\u2019ingresso del museo di Storia Naturale di Pordenone\n\t\t\t\t<\/figcaption><\/figure><figure class='gallery-item'>\n\t\t\t<div class='gallery-icon portrait'>\n\t\t\t\t<a data-elementor-open-lightbox=\"yes\" data-elementor-lightbox-slideshow=\"bce72cc\" data-elementor-lightbox-title=\"Foto 3\" data-e-action-hash=\"#elementor-action%3Aaction%3Dlightbox%26settings%3DeyJpZCI6NTU1LCJ1cmwiOiJodHRwczpcL1wvbWFpbC5tZXRlb3JpdGl0YWxpYS5vcmdcL3dwLWNvbnRlbnRcL3VwbG9hZHNcLzIwMTlcLzA3XC9Gb3RvLTMuanBnIiwic2xpZGVzaG93IjoiYmNlNzJjYyJ9\" href='https:\/\/mail.meteorititalia.org\/wp-content\/uploads\/2019\/07\/Foto-3.jpg'><img width=\"525\" height=\"743\" src=\"https:\/\/mail.meteorititalia.org\/wp-content\/uploads\/2019\/07\/Foto-3-768x1087.jpg\" class=\"attachment-medium_large size-medium_large\" alt=\"\" decoding=\"async\" loading=\"lazy\" aria-describedby=\"gallery-1-555\" srcset=\"https:\/\/mail.meteorititalia.org\/wp-content\/uploads\/2019\/07\/Foto-3-768x1087.jpg 768w, https:\/\/mail.meteorititalia.org\/wp-content\/uploads\/2019\/07\/Foto-3-212x300.jpg 212w, https:\/\/mail.meteorititalia.org\/wp-content\/uploads\/2019\/07\/Foto-3-723x1024.jpg 723w\" sizes=\"100vw\" \/><\/a>\n\t\t\t<\/div>\n\t\t\t\t<figcaption class='wp-caption-text gallery-caption' id='gallery-1-555'>\n\t\t\t\tIl manifesto della Mostra di Meteoriti ad Agordo\n\t\t\t\t<\/figcaption><\/figure>\n\t\t<\/div>\n\t\t<\/div>\n\t\t\t\t<\/div>\n\t\t\t\t<\/div>\n\t\t\t\t<section class=\"elementor-section elementor-inner-section elementor-element elementor-element-b452a33 elementor-section-boxed elementor-section-height-default elementor-section-height-default wpr-particle-no wpr-jarallax-no wpr-parallax-no wpr-sticky-section-no\" data-id=\"b452a33\" data-element_type=\"section\">\n\t\t\t\t\t\t<div class=\"elementor-container elementor-column-gap-default\">\n\t\t\t\t\t\t\t<div class=\"elementor-row\">\n\t\t\t\t\t<div class=\"elementor-column elementor-col-50 elementor-inner-column elementor-element elementor-element-61b026b\" data-id=\"61b026b\" data-element_type=\"column\">\n\t\t\t<div class=\"elementor-column-wrap elementor-element-populated\">\n\t\t\t\t\t\t\t<div class=\"elementor-widget-wrap\">\n\t\t\t\t\t\t<div class=\"elementor-element elementor-element-86e159d elementor-widget elementor-widget-image-gallery\" data-id=\"86e159d\" data-element_type=\"widget\" data-widget_type=\"image-gallery.default\">\n\t\t\t\t<div class=\"elementor-widget-container\">\n\t\t\t\t\t<div class=\"elementor-image-gallery\">\n\t\t\t<div id='gallery-2' class='gallery galleryid-465 gallery-columns-2 gallery-size-full'><figure class='gallery-item'>\n\t\t\t<div class='gallery-icon landscape'>\n\t\t\t\t<a data-elementor-open-lightbox=\"yes\" data-elementor-lightbox-slideshow=\"86e159d\" data-elementor-lightbox-title=\"Foto 4 jpg\" data-e-action-hash=\"#elementor-action%3Aaction%3Dlightbox%26settings%3DeyJpZCI6NDc3LCJ1cmwiOiJodHRwczpcL1wvbWFpbC5tZXRlb3JpdGl0YWxpYS5vcmdcL3dwLWNvbnRlbnRcL3VwbG9hZHNcLzIwMTlcLzA1XC9Gb3RvLTQtanBnLmpwZyIsInNsaWRlc2hvdyI6Ijg2ZTE1OWQifQ%3D%3D\" href='https:\/\/mail.meteorititalia.org\/wp-content\/uploads\/2019\/05\/Foto-4-jpg.jpg'><img width=\"1599\" height=\"1066\" src=\"https:\/\/mail.meteorititalia.org\/wp-content\/uploads\/2019\/05\/Foto-4-jpg.jpg\" class=\"attachment-full size-full\" alt=\"\" decoding=\"async\" loading=\"lazy\" aria-describedby=\"gallery-2-477\" srcset=\"https:\/\/mail.meteorititalia.org\/wp-content\/uploads\/2019\/05\/Foto-4-jpg.jpg 1599w, https:\/\/mail.meteorititalia.org\/wp-content\/uploads\/2019\/05\/Foto-4-jpg-300x200.jpg 300w, https:\/\/mail.meteorititalia.org\/wp-content\/uploads\/2019\/05\/Foto-4-jpg-768x512.jpg 768w, https:\/\/mail.meteorititalia.org\/wp-content\/uploads\/2019\/05\/Foto-4-jpg-1024x683.jpg 1024w\" sizes=\"100vw\" \/><\/a>\n\t\t\t<\/div>\n\t\t\t\t<figcaption class='wp-caption-text gallery-caption' id='gallery-2-477'>\n\t\t\t\tAllestimento di una \u201cMini-mostra di Meteoriti\u201d organizzata da Antonello e famiglia               (Foto: A. Petriccione; arch. Meteoriti Italia\n\t\t\t\t<\/figcaption><\/figure><figure class='gallery-item'>\n\t\t\t<div class='gallery-icon landscape'>\n\t\t\t\t<a data-elementor-open-lightbox=\"yes\" data-elementor-lightbox-slideshow=\"86e159d\" data-elementor-lightbox-title=\"Foto 5\" data-e-action-hash=\"#elementor-action%3Aaction%3Dlightbox%26settings%3DeyJpZCI6NDc4LCJ1cmwiOiJodHRwczpcL1wvbWFpbC5tZXRlb3JpdGl0YWxpYS5vcmdcL3dwLWNvbnRlbnRcL3VwbG9hZHNcLzIwMTlcLzA1XC9Gb3RvLTUtLmpwZyIsInNsaWRlc2hvdyI6Ijg2ZTE1OWQifQ%3D%3D\" href='https:\/\/mail.meteorititalia.org\/wp-content\/uploads\/2019\/05\/Foto-5-.jpg'><img width=\"1599\" height=\"1066\" src=\"https:\/\/mail.meteorititalia.org\/wp-content\/uploads\/2019\/05\/Foto-5-.jpg\" class=\"attachment-full size-full\" alt=\"\" decoding=\"async\" loading=\"lazy\" aria-describedby=\"gallery-2-478\" srcset=\"https:\/\/mail.meteorititalia.org\/wp-content\/uploads\/2019\/05\/Foto-5-.jpg 1599w, https:\/\/mail.meteorititalia.org\/wp-content\/uploads\/2019\/05\/Foto-5--300x200.jpg 300w, https:\/\/mail.meteorititalia.org\/wp-content\/uploads\/2019\/05\/Foto-5--768x512.jpg 768w, https:\/\/mail.meteorititalia.org\/wp-content\/uploads\/2019\/05\/Foto-5--1024x683.jpg 1024w\" sizes=\"100vw\" \/><\/a>\n\t\t\t<\/div>\n\t\t\t\t<figcaption class='wp-caption-text gallery-caption' id='gallery-2-478'>\n\t\t\t\tParticolare del materiale esposto da Antonello (Foto: A. Petriccione; arch. Meteoriti Italia)\n\t\t\t\t<\/figcaption><\/figure>\n\t\t<\/div>\n\t\t<\/div>\n\t\t\t\t<\/div>\n\t\t\t\t<\/div>\n\t\t\t\t\t\t<\/div>\n\t\t\t\t\t<\/div>\n\t\t<\/div>\n\t\t\t\t<div class=\"elementor-column elementor-col-50 elementor-inner-column elementor-element elementor-element-1e5c8b9\" data-id=\"1e5c8b9\" data-element_type=\"column\">\n\t\t\t<div class=\"elementor-column-wrap elementor-element-populated\">\n\t\t\t\t\t\t\t<div class=\"elementor-widget-wrap\">\n\t\t\t\t\t\t<div class=\"elementor-element elementor-element-e84b958 elementor-widget elementor-widget-text-editor\" data-id=\"e84b958\" data-element_type=\"widget\" data-widget_type=\"text-editor.default\">\n\t\t\t\t<div class=\"elementor-widget-container\">\n\t\t\t\t\t\t\t\t<div class=\"elementor-text-editor elementor-clearfix\">\n\t\t\t\t<p>Oltre a queste tre mostre, grazie all\u2019iniziativa del nostro socio Antonello e famiglia, frequentatori abituali di mostre-mercato di minerali, sono state organizzate anche alcune piccole ma esaustive mostre di meteoriti dedicate ai visitatori di questi eventi.<\/p>\t\t\t\t\t<\/div>\n\t\t\t\t\t\t<\/div>\n\t\t\t\t<\/div>\n\t\t\t\t\t\t<\/div>\n\t\t\t\t\t<\/div>\n\t\t<\/div>\n\t\t\t\t\t\t\t\t<\/div>\n\t\t\t\t\t<\/div>\n\t\t<\/section>\n\t\t\t\t<section class=\"elementor-section elementor-inner-section elementor-element elementor-element-bd73e5a elementor-section-boxed elementor-section-height-default elementor-section-height-default wpr-particle-no wpr-jarallax-no wpr-parallax-no wpr-sticky-section-no\" data-id=\"bd73e5a\" data-element_type=\"section\">\n\t\t\t\t\t\t<div class=\"elementor-container elementor-column-gap-default\">\n\t\t\t\t\t\t\t<div class=\"elementor-row\">\n\t\t\t\t\t<div class=\"elementor-column elementor-col-50 elementor-inner-column elementor-element elementor-element-f06313e\" data-id=\"f06313e\" data-element_type=\"column\">\n\t\t\t<div class=\"elementor-column-wrap elementor-element-populated\">\n\t\t\t\t\t\t\t<div class=\"elementor-widget-wrap\">\n\t\t\t\t\t\t<div class=\"elementor-element elementor-element-cada269 elementor-widget elementor-widget-text-editor\" data-id=\"cada269\" data-element_type=\"widget\" data-widget_type=\"text-editor.default\">\n\t\t\t\t<div class=\"elementor-widget-container\">\n\t\t\t\t\t\t\t\t<div class=\"elementor-text-editor elementor-clearfix\">\n\t\t\t\t<p>In questi due ultimi anni non abbiamo pi\u00f9 organizzato mostre \u201cmaggiori\u201d perch\u00e9 presso il \u201cMuseo di Storia Naturale e Archeologia\u201d, di Montebelluna, TV, dal 2 dicembre 2017 \u00e8 in corso la mostra \u201cViaggiatori del Cosmo, Meteoriti &amp;Co.\u201d Che si \u00e8 conclusa il 28 luglio 2019.<br \/>La mostra, organizzata dal Comune di Montebelluna, e da noi subito recensita e raccomandata a tutti i nostri Soci e Simpatizzanti (vedi sezione \u201cAvvenimenti Meteoritici\u201d), dedica un ampio spazio alle meteoriti che, provenendo tutte dalla collezione di Matteo Chinellato, il maggior collezionista italiano di meteoriti, sono sicuramente tra i campioni pi\u00f9 belli e rappresentativi che si possano ammirare in Italia.<\/p>\t\t\t\t\t<\/div>\n\t\t\t\t\t\t<\/div>\n\t\t\t\t<\/div>\n\t\t\t\t\t\t<\/div>\n\t\t\t\t\t<\/div>\n\t\t<\/div>\n\t\t\t\t<div class=\"elementor-column elementor-col-50 elementor-inner-column elementor-element elementor-element-27d1d4d\" data-id=\"27d1d4d\" data-element_type=\"column\">\n\t\t\t<div class=\"elementor-column-wrap elementor-element-populated\">\n\t\t\t\t\t\t\t<div class=\"elementor-widget-wrap\">\n\t\t\t\t\t\t<div class=\"elementor-element elementor-element-34f5483 elementor-widget elementor-widget-image\" data-id=\"34f5483\" data-element_type=\"widget\" data-widget_type=\"image.default\">\n\t\t\t\t<div class=\"elementor-widget-container\">\n\t\t\t\t\t\t\t\t<div class=\"elementor-image\">\n\t\t\t\t\t\t\t\t\t<figure class=\"wp-caption\">\n\t\t\t\t\t\t\t\t\t\t<img decoding=\"async\" width=\"525\" height=\"780\" src=\"https:\/\/mail.meteorititalia.org\/wp-content\/uploads\/2019\/05\/Foto-6-689x1024.jpg\" class=\"attachment-large size-large wp-image-479\" alt=\"\" loading=\"lazy\" srcset=\"https:\/\/mail.meteorititalia.org\/wp-content\/uploads\/2019\/05\/Foto-6-689x1024.jpg 689w, https:\/\/mail.meteorititalia.org\/wp-content\/uploads\/2019\/05\/Foto-6-202x300.jpg 202w, https:\/\/mail.meteorititalia.org\/wp-content\/uploads\/2019\/05\/Foto-6-768x1141.jpg 768w, https:\/\/mail.meteorititalia.org\/wp-content\/uploads\/2019\/05\/Foto-6.jpg 1010w\" sizes=\"100vw\" \/>\t\t\t\t\t\t\t\t\t\t\t<figcaption class=\"widget-image-caption wp-caption-text\">La locandina della mostra: \u201c Viaggiatori del Cosmo, Meteoriti &amp; Co.\u201d (Citt\u00e0 e Museo di Montebelluna)<\/figcaption>\n\t\t\t\t\t\t\t\t\t\t<\/figure>\n\t\t\t\t\t\t\t\t<\/div>\n\t\t\t\t\t\t<\/div>\n\t\t\t\t<\/div>\n\t\t\t\t\t\t<\/div>\n\t\t\t\t\t<\/div>\n\t\t<\/div>\n\t\t\t\t\t\t\t\t<\/div>\n\t\t\t\t\t<\/div>\n\t\t<\/section>\n\t\t\t\t<div class=\"elementor-element elementor-element-362ec35 elementor-widget elementor-widget-text-editor\" data-id=\"362ec35\" data-element_type=\"widget\" data-widget_type=\"text-editor.default\">\n\t\t\t\t<div class=\"elementor-widget-container\">\n\t\t\t\t\t\t\t\t<div class=\"elementor-text-editor elementor-clearfix\">\n\t\t\t\t<p>Montebelluna, che \u00e8 situata abbastanza vicina Feltre dove c\u2019\u00e8 la sede centrale di Meteoriti Italia, si trova proprio nell\u2019area dove noi possiamo sfruttare al massimo le nostre potenzialit\u00e0 operative che per\u00f2, per quanto buone, non possono certamente competere con i mezzi e le risorse di chi pu\u00f2 organizzare un evento che dura quasi due anni.<br \/>Inoltre, in questi due anni, la mostra di Montebelluna ha comunque svolto egregiamente anche il servizio di informare la popolazione sulle meteoriti e, dato che questo \u00e8 il motivo principale per il quale noi operiamo, una nostra Mostra di Meteoriti, in questo periodo ed in questa area, sarebbe stata inutile e dispersiva.<br \/>L\u2019unico rammarico \u00e8 che nelle nostre mostre, pensate per rendere \u201cpopolari\u201d le meteoriti, pur esponendo campioni di grande valore scientifico e commerciale, pretendiamo che al pubblico sia sempre garantito l\u2019ingresso libero mentre, nei grandi eventi \u201cufficiali\u201d come quello di Montebelluna, che supponiamo siano anche ben sponsorizzati, questa concessione non \u00e8 prevista.<\/p>\t\t\t\t\t<\/div>\n\t\t\t\t\t\t<\/div>\n\t\t\t\t<\/div>\n\t\t\t\t<div class=\"elementor-element elementor-element-de1e2c6 elementor-widget-divider--view-line elementor-widget elementor-widget-divider\" data-id=\"de1e2c6\" data-element_type=\"widget\" data-widget_type=\"divider.default\">\n\t\t\t\t<div class=\"elementor-widget-container\">\n\t\t\t\t\t<div class=\"elementor-divider\">\n\t\t\t<span class=\"elementor-divider-separator\">\n\t\t\t\t\t\t<\/span>\n\t\t<\/div>\n\t\t\t\t<\/div>\n\t\t\t\t<\/div>\n\t\t\t\t<section class=\"elementor-section elementor-inner-section elementor-element elementor-element-3d7ae76 elementor-section-boxed elementor-section-height-default elementor-section-height-default wpr-particle-no wpr-jarallax-no wpr-parallax-no wpr-sticky-section-no\" data-id=\"3d7ae76\" data-element_type=\"section\">\n\t\t\t\t\t\t<div class=\"elementor-container elementor-column-gap-default\">\n\t\t\t\t\t\t\t<div class=\"elementor-row\">\n\t\t\t\t\t<div class=\"elementor-column elementor-col-25 elementor-inner-column elementor-element elementor-element-58df9cd\" data-id=\"58df9cd\" data-element_type=\"column\">\n\t\t\t<div class=\"elementor-column-wrap elementor-element-populated\">\n\t\t\t\t\t\t\t<div class=\"elementor-widget-wrap\">\n\t\t\t\t\t\t<div class=\"elementor-element elementor-element-74f4832 elementor-cta--skin-classic elementor-animated-content elementor-bg-transform elementor-bg-transform-zoom-in elementor-widget elementor-widget-call-to-action\" data-id=\"74f4832\" data-element_type=\"widget\" data-widget_type=\"call-to-action.default\">\n\t\t\t\t<div class=\"elementor-widget-container\">\n\t\t\t\t\t<div class=\"elementor-cta\">\n\t\t\t\t\t<div class=\"elementor-cta__bg-wrapper\">\n\t\t\t\t<div class=\"elementor-cta__bg elementor-bg\" style=\"background-image: url(https:\/\/mail.meteorititalia.org\/wp-content\/uploads\/2019\/05\/Foto-1-724x1024.jpg);\" role=\"img\" aria-label=\"Il manifesto della Mostra di Meteoriti a Barcis\"><\/div>\n\t\t\t\t<div class=\"elementor-cta__bg-overlay\"><\/div>\n\t\t\t<\/div>\n\t\t\t\t\t\t\t<div class=\"elementor-cta__content\">\n\t\t\t\t\n\t\t\t\t<h2 class=\"elementor-cta__title elementor-cta__content-item elementor-content-item\">Mostra di Barcis<\/h2>\n\t\t\t\t\t\t\t\t\t<div class=\"elementor-cta__description elementor-cta__content-item elementor-content-item\">\n\t\t\t\t\t\tVisualizza la mostra di Barcis con un solo click\t\t\t\t\t<\/div>\n\t\t\t\t\n\t\t\t\t\t\t\t\t\t<div class=\"elementor-cta__button-wrapper elementor-cta__content-item elementor-content-item \">\n\t\t\t\t\t<a class=\"elementor-cta__button elementor-button elementor-size-sm\" href=\"#barcis\" rel=\"nofollow\">\n\t\t\t\t\t\tClicca qui\t\t\t\t\t<\/a>\n\t\t\t\t\t<\/div>\n\t\t\t\t\t\t\t<\/div>\n\t\t\t\t\t\t<\/div>\n\t\t\t\t<\/div>\n\t\t\t\t<\/div>\n\t\t\t\t\t\t<\/div>\n\t\t\t\t\t<\/div>\n\t\t<\/div>\n\t\t\t\t<div class=\"elementor-column elementor-col-25 elementor-inner-column elementor-element elementor-element-831f5d7\" data-id=\"831f5d7\" data-element_type=\"column\">\n\t\t\t<div class=\"elementor-column-wrap elementor-element-populated\">\n\t\t\t\t\t\t\t<div class=\"elementor-widget-wrap\">\n\t\t\t\t\t\t<div class=\"elementor-element elementor-element-43e1f48 elementor-cta--skin-classic elementor-animated-content elementor-bg-transform elementor-bg-transform-zoom-in elementor-widget elementor-widget-call-to-action\" data-id=\"43e1f48\" data-element_type=\"widget\" data-widget_type=\"call-to-action.default\">\n\t\t\t\t<div class=\"elementor-widget-container\">\n\t\t\t\t\t<div class=\"elementor-cta\">\n\t\t\t\t\t<div class=\"elementor-cta__bg-wrapper\">\n\t\t\t\t<div class=\"elementor-cta__bg elementor-bg\" style=\"background-image: url(https:\/\/mail.meteorititalia.org\/wp-content\/uploads\/2020\/01\/mostra-pordenone-397x1024.png);\" role=\"img\" aria-label=\"mostra pordenone\"><\/div>\n\t\t\t\t<div class=\"elementor-cta__bg-overlay\"><\/div>\n\t\t\t<\/div>\n\t\t\t\t\t\t\t<div class=\"elementor-cta__content\">\n\t\t\t\t\n\t\t\t\t<h2 class=\"elementor-cta__title elementor-cta__content-item elementor-content-item\">Mostra di Pordenone<\/h2>\n\t\t\t\t\t\t\t\t\t<div class=\"elementor-cta__description elementor-cta__content-item elementor-content-item\">\n\t\t\t\t\t\tScopri i la nostra mostra a Pordenone\t\t\t\t\t<\/div>\n\t\t\t\t\n\t\t\t\t\t\t\t\t\t<div class=\"elementor-cta__button-wrapper elementor-cta__content-item elementor-content-item \">\n\t\t\t\t\t<a class=\"elementor-cta__button elementor-button elementor-size-sm\" href=\"#pordenone\" rel=\"nofollow\">\n\t\t\t\t\t\tClicca qui\t\t\t\t\t<\/a>\n\t\t\t\t\t<\/div>\n\t\t\t\t\t\t\t<\/div>\n\t\t\t\t\t\t<\/div>\n\t\t\t\t<\/div>\n\t\t\t\t<\/div>\n\t\t\t\t\t\t<\/div>\n\t\t\t\t\t<\/div>\n\t\t<\/div>\n\t\t\t\t<div class=\"elementor-column elementor-col-25 elementor-inner-column elementor-element elementor-element-95e9a57\" data-id=\"95e9a57\" data-element_type=\"column\">\n\t\t\t<div class=\"elementor-column-wrap elementor-element-populated\">\n\t\t\t\t\t\t\t<div class=\"elementor-widget-wrap\">\n\t\t\t\t\t\t<div class=\"elementor-element elementor-element-2e4305f elementor-cta--skin-classic elementor-animated-content elementor-bg-transform elementor-bg-transform-zoom-in elementor-widget elementor-widget-call-to-action\" data-id=\"2e4305f\" data-element_type=\"widget\" data-widget_type=\"call-to-action.default\">\n\t\t\t\t<div class=\"elementor-widget-container\">\n\t\t\t\t\t<div class=\"elementor-cta\">\n\t\t\t\t\t<div class=\"elementor-cta__bg-wrapper\">\n\t\t\t\t<div class=\"elementor-cta__bg elementor-bg\" style=\"background-image: url(https:\/\/mail.meteorititalia.org\/wp-content\/uploads\/2019\/07\/Foto-3-723x1024.jpg);\" role=\"img\" aria-label=\"Il manifesto della Mostra di Meteoriti ad Agordo\"><\/div>\n\t\t\t\t<div class=\"elementor-cta__bg-overlay\"><\/div>\n\t\t\t<\/div>\n\t\t\t\t\t\t\t<div class=\"elementor-cta__content\">\n\t\t\t\t\n\t\t\t\t<h2 class=\"elementor-cta__title elementor-cta__content-item elementor-content-item\">Mostra di Agordo<\/h2>\n\t\t\t\t\t\t\t\t\t<div class=\"elementor-cta__description elementor-cta__content-item elementor-content-item\">\n\t\t\t\t\t\tGuarda la mostra di Agordo!\t\t\t\t\t<\/div>\n\t\t\t\t\n\t\t\t\t\t\t\t\t\t<div class=\"elementor-cta__button-wrapper elementor-cta__content-item elementor-content-item \">\n\t\t\t\t\t<a class=\"elementor-cta__button elementor-button elementor-size-sm\" href=\"#agordo\" rel=\"nofollow\">\n\t\t\t\t\t\tClicca qui\t\t\t\t\t<\/a>\n\t\t\t\t\t<\/div>\n\t\t\t\t\t\t\t<\/div>\n\t\t\t\t\t\t<\/div>\n\t\t\t\t<\/div>\n\t\t\t\t<\/div>\n\t\t\t\t\t\t<\/div>\n\t\t\t\t\t<\/div>\n\t\t<\/div>\n\t\t\t\t<div class=\"elementor-column elementor-col-25 elementor-inner-column elementor-element elementor-element-0b82e59\" data-id=\"0b82e59\" data-element_type=\"column\">\n\t\t\t<div class=\"elementor-column-wrap elementor-element-populated\">\n\t\t\t\t\t\t\t<div class=\"elementor-widget-wrap\">\n\t\t\t\t\t\t<div class=\"elementor-element elementor-element-0cbd9ce elementor-cta--skin-classic elementor-animated-content elementor-bg-transform elementor-bg-transform-zoom-in elementor-widget elementor-widget-call-to-action\" data-id=\"0cbd9ce\" data-element_type=\"widget\" data-widget_type=\"call-to-action.default\">\n\t\t\t\t<div class=\"elementor-widget-container\">\n\t\t\t\t\t<div class=\"elementor-cta\">\n\t\t\t\t\t<div class=\"elementor-cta__bg-wrapper\">\n\t\t\t\t<div class=\"elementor-cta__bg elementor-bg\" style=\"background-image: url(https:\/\/mail.meteorititalia.org\/wp-content\/uploads\/2020\/01\/SI-locandina-Meteoriti-sulla-carta-copia-725x1024.jpg);\" role=\"img\" aria-label=\"Locandina &quot;Meteoriti su Carta&quot;\"><\/div>\n\t\t\t\t<div class=\"elementor-cta__bg-overlay\"><\/div>\n\t\t\t<\/div>\n\t\t\t\t\t\t\t<div class=\"elementor-cta__content\">\n\t\t\t\t\n\t\t\t\t<h2 class=\"elementor-cta__title elementor-cta__content-item elementor-content-item\">Mostra \"Meteoriti sulla carta\"<\/h2>\n\t\t\t\t\t\t\t\t\t<div class=\"elementor-cta__description elementor-cta__content-item elementor-content-item\">\n\t\t\t\t\t\tLa nostra mostra svoltasi a Barcis\t\t\t\t\t<\/div>\n\t\t\t\t\n\t\t\t\t\t\t\t\t\t<div class=\"elementor-cta__button-wrapper elementor-cta__content-item elementor-content-item \">\n\t\t\t\t\t<a class=\"elementor-cta__button elementor-button elementor-size-sm\" href=\"#meteoritisullacarta\" rel=\"nofollow\">\n\t\t\t\t\t\tClicca qui\t\t\t\t\t<\/a>\n\t\t\t\t\t<\/div>\n\t\t\t\t\t\t\t<\/div>\n\t\t\t\t\t\t<\/div>\n\t\t\t\t<\/div>\n\t\t\t\t<\/div>\n\t\t\t\t\t\t<\/div>\n\t\t\t\t\t<\/div>\n\t\t<\/div>\n\t\t\t\t\t\t\t\t<\/div>\n\t\t\t\t\t<\/div>\n\t\t<\/section>\n\t\t\t\t<div class=\"elementor-element elementor-element-73d2788 elementor-widget elementor-widget-menu-anchor\" data-id=\"73d2788\" data-element_type=\"widget\" data-widget_type=\"menu-anchor.default\">\n\t\t\t\t<div class=\"elementor-widget-container\">\n\t\t\t\t\t<div id=\"barcis\" class=\"elementor-menu-anchor\"><\/div>\n\t\t\t\t<\/div>\n\t\t\t\t<\/div>\n\t\t\t\t<section class=\"elementor-section elementor-inner-section elementor-element elementor-element-bac0210 elementor-section-boxed elementor-section-height-default elementor-section-height-default wpr-particle-no wpr-jarallax-no wpr-parallax-no wpr-sticky-section-no\" data-id=\"bac0210\" data-element_type=\"section\">\n\t\t\t\t\t\t<div class=\"elementor-container elementor-column-gap-default\">\n\t\t\t\t\t\t\t<div class=\"elementor-row\">\n\t\t\t\t\t<div class=\"elementor-column elementor-col-50 elementor-inner-column elementor-element elementor-element-42f3cd4\" data-id=\"42f3cd4\" data-element_type=\"column\">\n\t\t\t<div class=\"elementor-column-wrap elementor-element-populated\">\n\t\t\t\t\t\t\t<div class=\"elementor-widget-wrap\">\n\t\t\t\t\t\t<div class=\"elementor-element elementor-element-a624a98 elementor-widget elementor-widget-image\" data-id=\"a624a98\" data-element_type=\"widget\" data-widget_type=\"image.default\">\n\t\t\t\t<div class=\"elementor-widget-container\">\n\t\t\t\t\t\t\t\t<div class=\"elementor-image\">\n\t\t\t\t\t\t\t\t\t<figure class=\"wp-caption\">\n\t\t\t\t\t\t\t\t\t\t<img decoding=\"async\" width=\"525\" height=\"350\" src=\"https:\/\/mail.meteorititalia.org\/wp-content\/uploads\/2019\/05\/Foto-7--1024x683.jpg\" class=\"attachment-large size-large wp-image-481\" alt=\"\" loading=\"lazy\" srcset=\"https:\/\/mail.meteorititalia.org\/wp-content\/uploads\/2019\/05\/Foto-7--1024x683.jpg 1024w, https:\/\/mail.meteorititalia.org\/wp-content\/uploads\/2019\/05\/Foto-7--300x200.jpg 300w, https:\/\/mail.meteorititalia.org\/wp-content\/uploads\/2019\/05\/Foto-7--768x512.jpg 768w, https:\/\/mail.meteorititalia.org\/wp-content\/uploads\/2019\/05\/Foto-7-.jpg 1516w\" sizes=\"100vw\" \/>\t\t\t\t\t\t\t\t\t\t\t<figcaption class=\"widget-image-caption wp-caption-text\">Inaugurazione della mostra di Barcis. Con una squadra cos\u00ec entusiasta la mostra non poteva che essere un grande successo (Foto: Ivan Castelrotto ; arch. Meteoriti Italia)<\/figcaption>\n\t\t\t\t\t\t\t\t\t\t<\/figure>\n\t\t\t\t\t\t\t\t<\/div>\n\t\t\t\t\t\t<\/div>\n\t\t\t\t<\/div>\n\t\t\t\t\t\t<\/div>\n\t\t\t\t\t<\/div>\n\t\t<\/div>\n\t\t\t\t<div class=\"elementor-column elementor-col-50 elementor-inner-column elementor-element elementor-element-7c91550\" data-id=\"7c91550\" data-element_type=\"column\">\n\t\t\t<div class=\"elementor-column-wrap elementor-element-populated\">\n\t\t\t\t\t\t\t<div class=\"elementor-widget-wrap\">\n\t\t\t\t\t\t<div class=\"elementor-element elementor-element-5b57e8c elementor-widget elementor-widget-text-editor\" data-id=\"5b57e8c\" data-element_type=\"widget\" data-widget_type=\"text-editor.default\">\n\t\t\t\t<div class=\"elementor-widget-container\">\n\t\t\t\t\t\t\t\t<div class=\"elementor-text-editor elementor-clearfix\">\n\t\t\t\t<h1><strong>La mostra di Barcis<\/strong><\/h1><p>La Mostra di Meteoriti a Barcis \u00e8 stata il primo grosso impegno di Meteoriti Italia.<br \/>A parte l\u2019entusiasmo e la consapevolezza di cosa si voleva esporre, non avevamo alcuna esperienza diretta di tutto quanto occorre per allestire una mostra di meteoriti. <br \/>Fortunatamente il Comune e la Pro Loco di Barcis avevano gi\u00e0 gestito mostre di varie tipologie e, lavorando assieme, siamo riusciti a dar vita ad una manifestazione che ha avuto pi\u00f9 di diecimila visitatori.<\/p>\t\t\t\t\t<\/div>\n\t\t\t\t\t\t<\/div>\n\t\t\t\t<\/div>\n\t\t\t\t\t\t<\/div>\n\t\t\t\t\t<\/div>\n\t\t<\/div>\n\t\t\t\t\t\t\t\t<\/div>\n\t\t\t\t\t<\/div>\n\t\t<\/section>\n\t\t\t\t<div class=\"elementor-element elementor-element-4e9a3be elementor-widget elementor-widget-text-editor\" data-id=\"4e9a3be\" data-element_type=\"widget\" data-widget_type=\"text-editor.default\">\n\t\t\t\t<div class=\"elementor-widget-container\">\n\t\t\t\t\t\t\t\t<div class=\"elementor-text-editor elementor-clearfix\">\n\t\t\t\t<p>Quando si organizza una mostra i primi ostacoli da affrontare sono quelli di trovare un locale adeguato, procurarsi delle vetrine illuminate e avere un buon numero di pannelli espositori dove si possano appendere i pannelli tecnici ed illustrativi che servono ad accompagnare il visitatore lungo il percorso della mostra.<br \/>Grazie alla disponibilit\u00e0 del Comune di Barcis, che ci aveva messo a disposizione una sala pensata proprio per ospitare mostre e anche corredata con vetrine e pannelli espositori, queste problematiche non ci hanno creato difficolt\u00e0.<\/p>\t\t\t\t\t<\/div>\n\t\t\t\t\t\t<\/div>\n\t\t\t\t<\/div>\n\t\t\t\t<div class=\"elementor-element elementor-element-4e22ba2 elementor-widget elementor-widget-image-gallery\" data-id=\"4e22ba2\" data-element_type=\"widget\" data-widget_type=\"image-gallery.default\">\n\t\t\t\t<div class=\"elementor-widget-container\">\n\t\t\t\t\t<div class=\"elementor-image-gallery\">\n\t\t\t<div id='gallery-3' class='gallery galleryid-465 gallery-columns-4 gallery-size-full'><figure class='gallery-item'>\n\t\t\t<div class='gallery-icon landscape'>\n\t\t\t\t<a data-elementor-open-lightbox=\"yes\" data-elementor-lightbox-slideshow=\"4e22ba2\" data-elementor-lightbox-title=\"Foto 8pdf\" data-e-action-hash=\"#elementor-action%3Aaction%3Dlightbox%26settings%3DeyJpZCI6NDgyLCJ1cmwiOiJodHRwczpcL1wvbWFpbC5tZXRlb3JpdGl0YWxpYS5vcmdcL3dwLWNvbnRlbnRcL3VwbG9hZHNcLzIwMTlcLzA1XC9Gb3RvLThwZGYuanBnIiwic2xpZGVzaG93IjoiNGUyMmJhMiJ9\" href='https:\/\/mail.meteorititalia.org\/wp-content\/uploads\/2019\/05\/Foto-8pdf.jpg'><img width=\"4960\" height=\"3507\" src=\"https:\/\/mail.meteorititalia.org\/wp-content\/uploads\/2019\/05\/Foto-8pdf.jpg\" class=\"attachment-full size-full\" alt=\"\" decoding=\"async\" loading=\"lazy\" aria-describedby=\"gallery-3-482\" srcset=\"https:\/\/mail.meteorititalia.org\/wp-content\/uploads\/2019\/05\/Foto-8pdf.jpg 4960w, https:\/\/mail.meteorititalia.org\/wp-content\/uploads\/2019\/05\/Foto-8pdf-300x212.jpg 300w, https:\/\/mail.meteorititalia.org\/wp-content\/uploads\/2019\/05\/Foto-8pdf-768x543.jpg 768w, https:\/\/mail.meteorititalia.org\/wp-content\/uploads\/2019\/05\/Foto-8pdf-1024x724.jpg 1024w\" sizes=\"100vw\" \/><\/a>\n\t\t\t<\/div>\n\t\t\t\t<figcaption class='wp-caption-text gallery-caption' id='gallery-3-482'>\n\t\t\t\tLa pianta del locale utilizzato per la mostra con la distribuzione originale di vetrine,  bacheche e pannelli\n\t\t\t\t<\/figcaption><\/figure><figure class='gallery-item'>\n\t\t\t<div class='gallery-icon landscape'>\n\t\t\t\t<a data-elementor-open-lightbox=\"yes\" data-elementor-lightbox-slideshow=\"4e22ba2\" data-elementor-lightbox-title=\"Foto 9\" data-e-action-hash=\"#elementor-action%3Aaction%3Dlightbox%26settings%3DeyJpZCI6NDg0LCJ1cmwiOiJodHRwczpcL1wvbWFpbC5tZXRlb3JpdGl0YWxpYS5vcmdcL3dwLWNvbnRlbnRcL3VwbG9hZHNcLzIwMTlcLzA1XC9Gb3RvLTkuanBnIiwic2xpZGVzaG93IjoiNGUyMmJhMiJ9\" href='https:\/\/mail.meteorititalia.org\/wp-content\/uploads\/2019\/05\/Foto-9.jpg'><img width=\"4000\" height=\"3000\" src=\"https:\/\/mail.meteorititalia.org\/wp-content\/uploads\/2019\/05\/Foto-9.jpg\" class=\"attachment-full size-full\" alt=\"\" decoding=\"async\" loading=\"lazy\" aria-describedby=\"gallery-3-484\" srcset=\"https:\/\/mail.meteorititalia.org\/wp-content\/uploads\/2019\/05\/Foto-9.jpg 4000w, https:\/\/mail.meteorititalia.org\/wp-content\/uploads\/2019\/05\/Foto-9-300x225.jpg 300w, https:\/\/mail.meteorititalia.org\/wp-content\/uploads\/2019\/05\/Foto-9-768x576.jpg 768w, https:\/\/mail.meteorititalia.org\/wp-content\/uploads\/2019\/05\/Foto-9-1024x768.jpg 1024w\" sizes=\"100vw\" \/><\/a>\n\t\t\t<\/div>\n\t\t\t\t<figcaption class='wp-caption-text gallery-caption' id='gallery-3-484'>\n\t\t\t\tL\u2019entrata ; la pedana d\u2019accesso per i disabili,i pannelli fissi (sx) e mobili\n\t\t\t\t<\/figcaption><\/figure><figure class='gallery-item'>\n\t\t\t<div class='gallery-icon landscape'>\n\t\t\t\t<a data-elementor-open-lightbox=\"yes\" data-elementor-lightbox-slideshow=\"4e22ba2\" data-elementor-lightbox-title=\"Foto 10JPG\" data-e-action-hash=\"#elementor-action%3Aaction%3Dlightbox%26settings%3DeyJpZCI6NDg1LCJ1cmwiOiJodHRwczpcL1wvbWFpbC5tZXRlb3JpdGl0YWxpYS5vcmdcL3dwLWNvbnRlbnRcL3VwbG9hZHNcLzIwMTlcLzA1XC9Gb3RvLTEwSlBHLmpwZyIsInNsaWRlc2hvdyI6IjRlMjJiYTIifQ%3D%3D\" href='https:\/\/mail.meteorititalia.org\/wp-content\/uploads\/2019\/05\/Foto-10JPG.jpg'><img width=\"4000\" height=\"3000\" src=\"https:\/\/mail.meteorititalia.org\/wp-content\/uploads\/2019\/05\/Foto-10JPG.jpg\" class=\"attachment-full size-full\" alt=\"\" decoding=\"async\" loading=\"lazy\" aria-describedby=\"gallery-3-485\" srcset=\"https:\/\/mail.meteorititalia.org\/wp-content\/uploads\/2019\/05\/Foto-10JPG.jpg 4000w, https:\/\/mail.meteorititalia.org\/wp-content\/uploads\/2019\/05\/Foto-10JPG-300x225.jpg 300w, https:\/\/mail.meteorititalia.org\/wp-content\/uploads\/2019\/05\/Foto-10JPG-768x576.jpg 768w, https:\/\/mail.meteorititalia.org\/wp-content\/uploads\/2019\/05\/Foto-10JPG-1024x768.jpg 1024w\" sizes=\"100vw\" \/><\/a>\n\t\t\t<\/div>\n\t\t\t\t<figcaption class='wp-caption-text gallery-caption' id='gallery-3-485'>\n\t\t\t\tCorridoio con pannelli fissi e mobili\n\t\t\t\t<\/figcaption><\/figure><figure class='gallery-item'>\n\t\t\t<div class='gallery-icon landscape'>\n\t\t\t\t<a data-elementor-open-lightbox=\"yes\" data-elementor-lightbox-slideshow=\"4e22ba2\" data-elementor-lightbox-title=\"Foto 11\" data-e-action-hash=\"#elementor-action%3Aaction%3Dlightbox%26settings%3DeyJpZCI6NDg2LCJ1cmwiOiJodHRwczpcL1wvbWFpbC5tZXRlb3JpdGl0YWxpYS5vcmdcL3dwLWNvbnRlbnRcL3VwbG9hZHNcLzIwMTlcLzA1XC9Gb3RvLTExLmpwZyIsInNsaWRlc2hvdyI6IjRlMjJiYTIifQ%3D%3D\" href='https:\/\/mail.meteorititalia.org\/wp-content\/uploads\/2019\/05\/Foto-11.jpg'><img width=\"4000\" height=\"3000\" src=\"https:\/\/mail.meteorititalia.org\/wp-content\/uploads\/2019\/05\/Foto-11.jpg\" class=\"attachment-full size-full\" alt=\"\" decoding=\"async\" loading=\"lazy\" aria-describedby=\"gallery-3-486\" srcset=\"https:\/\/mail.meteorititalia.org\/wp-content\/uploads\/2019\/05\/Foto-11.jpg 4000w, https:\/\/mail.meteorititalia.org\/wp-content\/uploads\/2019\/05\/Foto-11-300x225.jpg 300w, https:\/\/mail.meteorititalia.org\/wp-content\/uploads\/2019\/05\/Foto-11-768x576.jpg 768w, https:\/\/mail.meteorititalia.org\/wp-content\/uploads\/2019\/05\/Foto-11-1024x768.jpg 1024w\" sizes=\"100vw\" \/><\/a>\n\t\t\t<\/div>\n\t\t\t\t<figcaption class='wp-caption-text gallery-caption' id='gallery-3-486'>\n\t\t\t\tBlocco di vetrine espositive e pannelli fissi\n\t\t\t\t<\/figcaption><\/figure>\n\t\t<\/div>\n\t\t<\/div>\n\t\t\t\t<\/div>\n\t\t\t\t<\/div>\n\t\t\t\t<div class=\"elementor-element elementor-element-120f4ab elementor-widget elementor-widget-text-editor\" data-id=\"120f4ab\" data-element_type=\"widget\" data-widget_type=\"text-editor.default\">\n\t\t\t\t<div class=\"elementor-widget-container\">\n\t\t\t\t\t\t\t\t<div class=\"elementor-text-editor elementor-clearfix\">\n\t\t\t\t<p>Una volta deciso cosa si vuole esporre e dove, bisogna decidere come strutturare la mostra e cos\u00ec, sulla base del materiale che verr\u00e0 esposto, si devono creare dei pannelli illustrativi pensati per guidare il visitatore lungo il percorso della mostra, spiegare i concetti fondamentali ed evidenziare i pezzi pi\u00f9 importanti.<br \/>Questi pannelli, oltre ad essere scientificamente rigorosi, devono essere accattivanti, di facile lettura e, nella maniera pi\u00f9 assoluta, concisi.<br \/>Prima di passare alla realizzazione dei pannelli abbiamo interpellato grafici e curatori di mostre per capire quale fosse la base pi\u00f9 pratica per fare i pannelli e la scelta \u00e8 caduta sul \u201cForex\u201d di 5mm di spessore.<br \/>Per le dimensioni dei pannelli, dato che ne avremmo dovuto preparare una ventina, la scelta ha dovuto tener conto anche delle dimensioni che avrebbero prodotto il minor sfrido durante il taglio e, con il beneplacito dei grafici e degli esperti di mostre, abbiamo deciso per: 70X100cm.<br \/>La realizzazione dei pannelli, 16 riguardanti le meteoriti e 4 dedicati solo alla \u201cBARCIS\u201d, \u00e8 stata pi\u00f9 facile di quello che pensavamo ma solo grazie alla collaborazione di Francesco Moser e di Mauro Ianeselli, i collezionisti trentini che ci forniscono i campioni pi\u00f9 importanti.<br \/>Francesco e Mauro, oltre ad essere tra i pi\u00f9 grandi esperti di meteoriti in Italia, hanno anche una grande esperienza di divulgazione sia di Meteoritica che di Astronomia; Francesco, inoltre, ha avuto esperienze di curatore in un Museo di Storia Naturale e Mauro, a tutt\u2019oggi, gestisce un affermato studio di grafica.<\/p><p>Con questa serie di combinazioni positive possiamo tranquillamente affermare che i nostri pannelli sulle meteoriti, non avendo subito alcuna variazione dalla fase della progettazione a quella della realizzazione, sono tra i migliori che si possono avere in Italia.<\/p>\t\t\t\t\t<\/div>\n\t\t\t\t\t\t<\/div>\n\t\t\t\t<\/div>\n\t\t\t\t<section class=\"elementor-section elementor-inner-section elementor-element elementor-element-da3a4c8 elementor-section-boxed elementor-section-height-default elementor-section-height-default wpr-particle-no wpr-jarallax-no wpr-parallax-no wpr-sticky-section-no\" data-id=\"da3a4c8\" data-element_type=\"section\">\n\t\t\t\t\t\t<div class=\"elementor-container elementor-column-gap-default\">\n\t\t\t\t\t\t\t<div class=\"elementor-row\">\n\t\t\t\t\t<div class=\"elementor-column elementor-col-50 elementor-inner-column elementor-element elementor-element-fa07786\" data-id=\"fa07786\" data-element_type=\"column\">\n\t\t\t<div class=\"elementor-column-wrap elementor-element-populated\">\n\t\t\t\t\t\t\t<div class=\"elementor-widget-wrap\">\n\t\t\t\t\t\t<div class=\"elementor-element elementor-element-0bf28bc elementor-widget elementor-widget-image\" data-id=\"0bf28bc\" data-element_type=\"widget\" data-widget_type=\"image.default\">\n\t\t\t\t<div class=\"elementor-widget-container\">\n\t\t\t\t\t\t\t\t<div class=\"elementor-image\">\n\t\t\t\t\t\t\t\t\t<figure class=\"wp-caption\">\n\t\t\t\t\t\t\t\t\t\t<img decoding=\"async\" width=\"525\" height=\"608\" src=\"https:\/\/mail.meteorititalia.org\/wp-content\/uploads\/2019\/05\/Foto-12.jpg\" class=\"attachment-medium_large size-medium_large wp-image-473\" alt=\"\" loading=\"lazy\" srcset=\"https:\/\/mail.meteorititalia.org\/wp-content\/uploads\/2019\/05\/Foto-12.jpg 699w, https:\/\/mail.meteorititalia.org\/wp-content\/uploads\/2019\/05\/Foto-12-259x300.jpg 259w\" sizes=\"100vw\" \/>\t\t\t\t\t\t\t\t\t\t\t<figcaption class=\"widget-image-caption wp-caption-text\">I collezionisti trentini Mauro Ianeselli (sx) e Francesco Moser. (Foto M. Ianeselli)<\/figcaption>\n\t\t\t\t\t\t\t\t\t\t<\/figure>\n\t\t\t\t\t\t\t\t<\/div>\n\t\t\t\t\t\t<\/div>\n\t\t\t\t<\/div>\n\t\t\t\t\t\t<\/div>\n\t\t\t\t\t<\/div>\n\t\t<\/div>\n\t\t\t\t<div class=\"elementor-column elementor-col-50 elementor-inner-column elementor-element elementor-element-bd9c433\" data-id=\"bd9c433\" data-element_type=\"column\">\n\t\t\t<div class=\"elementor-column-wrap elementor-element-populated\">\n\t\t\t\t\t\t\t<div class=\"elementor-widget-wrap\">\n\t\t\t\t\t\t<div class=\"elementor-element elementor-element-d8a5c46 elementor-widget elementor-widget-text-editor\" data-id=\"d8a5c46\" data-element_type=\"widget\" data-widget_type=\"text-editor.default\">\n\t\t\t\t<div class=\"elementor-widget-container\">\n\t\t\t\t\t\t\t\t<div class=\"elementor-text-editor elementor-clearfix\">\n\t\t\t\t<p>Per poter vedere tutti i nostri pannelli, o visitate una nostra mostra o, meglio ancora, collaborate con noi per prepararne una; nel frattempo, gustatevi le foto di 4 dei nostri panelli illustrativi che ben rappresentano l\u2019alta qualit\u00e0 di quanto abbiamo prodotto.<\/p>\t\t\t\t\t<\/div>\n\t\t\t\t\t\t<\/div>\n\t\t\t\t<\/div>\n\t\t\t\t\t\t<\/div>\n\t\t\t\t\t<\/div>\n\t\t<\/div>\n\t\t\t\t\t\t\t\t<\/div>\n\t\t\t\t\t<\/div>\n\t\t<\/section>\n\t\t\t\t<div class=\"elementor-element elementor-element-9c5ee03 elementor-widget elementor-widget-image-gallery\" data-id=\"9c5ee03\" data-element_type=\"widget\" data-widget_type=\"image-gallery.default\">\n\t\t\t\t<div class=\"elementor-widget-container\">\n\t\t\t\t\t<div class=\"elementor-image-gallery\">\n\t\t\t<div id='gallery-4' class='gallery galleryid-465 gallery-columns-4 gallery-size-full'><figure class='gallery-item'>\n\t\t\t<div class='gallery-icon portrait'>\n\t\t\t\t<a data-elementor-open-lightbox=\"no\" href='https:\/\/mail.meteorititalia.org\/wp-content\/uploads\/2019\/05\/Foto-13-1.jpg'><img width=\"399\" height=\"567\" src=\"https:\/\/mail.meteorititalia.org\/wp-content\/uploads\/2019\/05\/Foto-13-1.jpg\" class=\"attachment-full size-full\" alt=\"\" decoding=\"async\" loading=\"lazy\" aria-describedby=\"gallery-4-494\" srcset=\"https:\/\/mail.meteorititalia.org\/wp-content\/uploads\/2019\/05\/Foto-13-1.jpg 399w, https:\/\/mail.meteorititalia.org\/wp-content\/uploads\/2019\/05\/Foto-13-1-211x300.jpg 211w\" sizes=\"100vw\" \/><\/a>\n\t\t\t<\/div>\n\t\t\t\t<figcaption class='wp-caption-text gallery-caption' id='gallery-4-494'>\n\t\t\t\tCos\u2019\u00e8 una Meteorite\n\t\t\t\t<\/figcaption><\/figure><figure class='gallery-item'>\n\t\t\t<div class='gallery-icon portrait'>\n\t\t\t\t<a data-elementor-open-lightbox=\"no\" href='https:\/\/mail.meteorititalia.org\/wp-content\/uploads\/2019\/05\/Foto-14-1.jpg'><img width=\"393\" height=\"559\" src=\"https:\/\/mail.meteorititalia.org\/wp-content\/uploads\/2019\/05\/Foto-14-1.jpg\" class=\"attachment-full size-full\" alt=\"\" decoding=\"async\" loading=\"lazy\" aria-describedby=\"gallery-4-495\" srcset=\"https:\/\/mail.meteorititalia.org\/wp-content\/uploads\/2019\/05\/Foto-14-1.jpg 393w, https:\/\/mail.meteorititalia.org\/wp-content\/uploads\/2019\/05\/Foto-14-1-211x300.jpg 211w\" sizes=\"100vw\" \/><\/a>\n\t\t\t<\/div>\n\t\t\t\t<figcaption class='wp-caption-text gallery-caption' id='gallery-4-495'>\n\t\t\t\tLa Crosta di Fusione, i Regmaglipti e la Frammentazione\n\t\t\t\t<\/figcaption><\/figure><figure class='gallery-item'>\n\t\t\t<div class='gallery-icon portrait'>\n\t\t\t\t<a data-elementor-open-lightbox=\"no\" href='https:\/\/mail.meteorititalia.org\/wp-content\/uploads\/2019\/05\/Foto-15-1.jpg'><img width=\"399\" height=\"567\" src=\"https:\/\/mail.meteorititalia.org\/wp-content\/uploads\/2019\/05\/Foto-15-1.jpg\" class=\"attachment-full size-full\" alt=\"\" decoding=\"async\" loading=\"lazy\" aria-describedby=\"gallery-4-496\" srcset=\"https:\/\/mail.meteorititalia.org\/wp-content\/uploads\/2019\/05\/Foto-15-1.jpg 399w, https:\/\/mail.meteorititalia.org\/wp-content\/uploads\/2019\/05\/Foto-15-1-211x300.jpg 211w\" sizes=\"100vw\" \/><\/a>\n\t\t\t<\/div>\n\t\t\t\t<figcaption class='wp-caption-text gallery-caption' id='gallery-4-496'>\n\t\t\t\tI Crateri d\u2019Impatto\n\t\t\t\t<\/figcaption><\/figure><figure class='gallery-item'>\n\t\t\t<div class='gallery-icon portrait'>\n\t\t\t\t<a data-elementor-open-lightbox=\"no\" href='https:\/\/mail.meteorititalia.org\/wp-content\/uploads\/2019\/05\/Foto-16-1.jpg'><img width=\"399\" height=\"567\" src=\"https:\/\/mail.meteorititalia.org\/wp-content\/uploads\/2019\/05\/Foto-16-1.jpg\" class=\"attachment-full size-full\" alt=\"\" decoding=\"async\" loading=\"lazy\" aria-describedby=\"gallery-4-497\" srcset=\"https:\/\/mail.meteorititalia.org\/wp-content\/uploads\/2019\/05\/Foto-16-1.jpg 399w, https:\/\/mail.meteorititalia.org\/wp-content\/uploads\/2019\/05\/Foto-16-1-211x300.jpg 211w\" sizes=\"100vw\" \/><\/a>\n\t\t\t<\/div>\n\t\t\t\t<figcaption class='wp-caption-text gallery-caption' id='gallery-4-497'>\n\t\t\t\tLa meteorite di Barcis; la massa principale fotografata con diverse angolazioni da R. Appiani, Bit &#038; Nero, Meteoriti Italia\n\t\t\t\t<\/figcaption><\/figure>\n\t\t<\/div>\n\t\t<\/div>\n\t\t\t\t<\/div>\n\t\t\t\t<\/div>\n\t\t\t\t<div class=\"elementor-element elementor-element-b439892 elementor-widget elementor-widget-text-editor\" data-id=\"b439892\" data-element_type=\"widget\" data-widget_type=\"text-editor.default\">\n\t\t\t\t<div class=\"elementor-widget-container\">\n\t\t\t\t\t\t\t\t<div class=\"elementor-text-editor elementor-clearfix\">\n\t\t\t\t<p>Poich\u00e9 la mostra di Barcis, oltre a far conoscere le meteoriti in generale, voleva far conoscere la meteorite trovata a Barcis, ci siamo avvalsi anche dell\u2019aiuto di associazioni ed esperti della zona per assicurarci la massima diffusione del nostro messaggio.<\/p><p>Molti ci hanno aiutato ma un contributo straordinario l\u2019abbiamo avuto dall\u2019Associazione Pordenonese di Astronomia (A.P.A.), con una lunga esperienza divulgativa in campo astronomico, e dal geom. Luigino Zin, autorit\u00e0 indiscussa su tutti i lavori fatti in campo idroelettrico nella Valcellina ed in tutta la provincia di Pordenone.<\/p><p>Il loro apporto \u00e8 stato cos\u00ec importante che una parte della zona mostra, la parte iniziale, \u00e8 stata allestita con la documentazione dell\u2019A.P.A. per tutto quanto riguardava i richiami all\u2019Astronomia e del geom. Luigino Zin per i lavori inerenti alla costruzione della diga che, oltre a dare origine al lago di Barcis, hanno propiziato il ritrovamento della meteorite.<\/p>\t\t\t\t\t<\/div>\n\t\t\t\t\t\t<\/div>\n\t\t\t\t<\/div>\n\t\t\t\t<div class=\"elementor-element elementor-element-6243818 elementor-widget elementor-widget-image-gallery\" data-id=\"6243818\" data-element_type=\"widget\" data-widget_type=\"image-gallery.default\">\n\t\t\t\t<div class=\"elementor-widget-container\">\n\t\t\t\t\t<div class=\"elementor-image-gallery\">\n\t\t\t<div id='gallery-5' class='gallery galleryid-465 gallery-columns-4 gallery-size-full'><figure class='gallery-item'>\n\t\t\t<div class='gallery-icon landscape'>\n\t\t\t\t<a data-elementor-open-lightbox=\"yes\" data-elementor-lightbox-slideshow=\"6243818\" data-elementor-lightbox-title=\"Foto 17 jpg\" data-e-action-hash=\"#elementor-action%3Aaction%3Dlightbox%26settings%3DeyJpZCI6NTAwLCJ1cmwiOiJodHRwczpcL1wvbWFpbC5tZXRlb3JpdGl0YWxpYS5vcmdcL3dwLWNvbnRlbnRcL3VwbG9hZHNcLzIwMTlcLzA1XC9Gb3RvLTE3LWpwZy5qcGciLCJzbGlkZXNob3ciOiI2MjQzODE4In0%3D\" href='https:\/\/mail.meteorititalia.org\/wp-content\/uploads\/2019\/05\/Foto-17-jpg.jpg'><img width=\"4000\" height=\"3000\" src=\"https:\/\/mail.meteorititalia.org\/wp-content\/uploads\/2019\/05\/Foto-17-jpg.jpg\" class=\"attachment-full size-full\" alt=\"\" decoding=\"async\" loading=\"lazy\" aria-describedby=\"gallery-5-500\" srcset=\"https:\/\/mail.meteorititalia.org\/wp-content\/uploads\/2019\/05\/Foto-17-jpg.jpg 4000w, https:\/\/mail.meteorititalia.org\/wp-content\/uploads\/2019\/05\/Foto-17-jpg-300x225.jpg 300w, https:\/\/mail.meteorititalia.org\/wp-content\/uploads\/2019\/05\/Foto-17-jpg-768x576.jpg 768w, https:\/\/mail.meteorititalia.org\/wp-content\/uploads\/2019\/05\/Foto-17-jpg-1024x768.jpg 1024w\" sizes=\"100vw\" \/><\/a>\n\t\t\t<\/div>\n\t\t\t\t<figcaption class='wp-caption-text gallery-caption' id='gallery-5-500'>\n\t\t\t\tLa pianta del locale mostra rielaborata per ospitare anche il materiale dell\u2019A.P.A. e del geom.  Luigino Zin\n\t\t\t\t<\/figcaption><\/figure><figure class='gallery-item'>\n\t\t\t<div class='gallery-icon landscape'>\n\t\t\t\t<a data-elementor-open-lightbox=\"yes\" data-elementor-lightbox-slideshow=\"6243818\" data-elementor-lightbox-title=\"Foto 18\" data-e-action-hash=\"#elementor-action%3Aaction%3Dlightbox%26settings%3DeyJpZCI6NTAxLCJ1cmwiOiJodHRwczpcL1wvbWFpbC5tZXRlb3JpdGl0YWxpYS5vcmdcL3dwLWNvbnRlbnRcL3VwbG9hZHNcLzIwMTlcLzA1XC9Gb3RvLTE4LmpwZWciLCJzbGlkZXNob3ciOiI2MjQzODE4In0%3D\" href='https:\/\/mail.meteorititalia.org\/wp-content\/uploads\/2019\/05\/Foto-18.jpeg'><img width=\"3264\" height=\"2448\" src=\"https:\/\/mail.meteorititalia.org\/wp-content\/uploads\/2019\/05\/Foto-18.jpeg\" class=\"attachment-full size-full\" alt=\"\" decoding=\"async\" loading=\"lazy\" aria-describedby=\"gallery-5-501\" srcset=\"https:\/\/mail.meteorititalia.org\/wp-content\/uploads\/2019\/05\/Foto-18.jpeg 3264w, https:\/\/mail.meteorititalia.org\/wp-content\/uploads\/2019\/05\/Foto-18-300x225.jpeg 300w, https:\/\/mail.meteorititalia.org\/wp-content\/uploads\/2019\/05\/Foto-18-768x576.jpeg 768w, https:\/\/mail.meteorititalia.org\/wp-content\/uploads\/2019\/05\/Foto-18-1024x768.jpeg 1024w\" sizes=\"100vw\" \/><\/a>\n\t\t\t<\/div>\n\t\t\t\t<figcaption class='wp-caption-text gallery-caption' id='gallery-5-501'>\n\t\t\t\tIl poster che introduce lo spazio dedicato all\u2019A.P.A.\n\t\t\t\t<\/figcaption><\/figure><figure class='gallery-item'>\n\t\t\t<div class='gallery-icon landscape'>\n\t\t\t\t<a data-elementor-open-lightbox=\"yes\" data-elementor-lightbox-slideshow=\"6243818\" data-elementor-lightbox-title=\"Foto 19\" data-e-action-hash=\"#elementor-action%3Aaction%3Dlightbox%26settings%3DeyJpZCI6NTAyLCJ1cmwiOiJodHRwczpcL1wvbWFpbC5tZXRlb3JpdGl0YWxpYS5vcmdcL3dwLWNvbnRlbnRcL3VwbG9hZHNcLzIwMTlcLzA1XC9Gb3RvLTE5LmpwZWciLCJzbGlkZXNob3ciOiI2MjQzODE4In0%3D\" href='https:\/\/mail.meteorititalia.org\/wp-content\/uploads\/2019\/05\/Foto-19.jpeg'><img width=\"3264\" height=\"2448\" src=\"https:\/\/mail.meteorititalia.org\/wp-content\/uploads\/2019\/05\/Foto-19.jpeg\" class=\"attachment-full size-full\" alt=\"\" decoding=\"async\" loading=\"lazy\" aria-describedby=\"gallery-5-502\" srcset=\"https:\/\/mail.meteorititalia.org\/wp-content\/uploads\/2019\/05\/Foto-19.jpeg 3264w, https:\/\/mail.meteorititalia.org\/wp-content\/uploads\/2019\/05\/Foto-19-300x225.jpeg 300w, https:\/\/mail.meteorititalia.org\/wp-content\/uploads\/2019\/05\/Foto-19-768x576.jpeg 768w, https:\/\/mail.meteorititalia.org\/wp-content\/uploads\/2019\/05\/Foto-19-1024x768.jpeg 1024w\" sizes=\"100vw\" \/><\/a>\n\t\t\t<\/div>\n\t\t\t\t<figcaption class='wp-caption-text gallery-caption' id='gallery-5-502'>\n\t\t\t\tParte del materiale esposto dagli Astrofili Pordenonesi per illustrare i fenomeni astronomici collegati con le meteoriti\n\t\t\t\t<\/figcaption><\/figure><figure class='gallery-item'>\n\t\t\t<div class='gallery-icon landscape'>\n\t\t\t\t<a data-elementor-open-lightbox=\"yes\" data-elementor-lightbox-slideshow=\"6243818\" data-elementor-lightbox-title=\"Foto 20\" data-e-action-hash=\"#elementor-action%3Aaction%3Dlightbox%26settings%3DeyJpZCI6NTAzLCJ1cmwiOiJodHRwczpcL1wvbWFpbC5tZXRlb3JpdGl0YWxpYS5vcmdcL3dwLWNvbnRlbnRcL3VwbG9hZHNcLzIwMTlcLzA1XC9Gb3RvLTIwLmpwZWciLCJzbGlkZXNob3ciOiI2MjQzODE4In0%3D\" href='https:\/\/mail.meteorititalia.org\/wp-content\/uploads\/2019\/05\/Foto-20.jpeg'><img width=\"3264\" height=\"2448\" src=\"https:\/\/mail.meteorititalia.org\/wp-content\/uploads\/2019\/05\/Foto-20.jpeg\" class=\"attachment-full size-full\" alt=\"\" decoding=\"async\" loading=\"lazy\" aria-describedby=\"gallery-5-503\" srcset=\"https:\/\/mail.meteorititalia.org\/wp-content\/uploads\/2019\/05\/Foto-20.jpeg 3264w, https:\/\/mail.meteorititalia.org\/wp-content\/uploads\/2019\/05\/Foto-20-300x225.jpeg 300w, https:\/\/mail.meteorititalia.org\/wp-content\/uploads\/2019\/05\/Foto-20-768x576.jpeg 768w, https:\/\/mail.meteorititalia.org\/wp-content\/uploads\/2019\/05\/Foto-20-1024x768.jpeg 1024w\" sizes=\"100vw\" \/><\/a>\n\t\t\t<\/div>\n\t\t\t\t<figcaption class='wp-caption-text gallery-caption' id='gallery-5-503'>\n\t\t\t\tParte della documentazione del geom. Luigino Zin riguardante la costruzione della diga di Barcis \n\t\t\t\t<\/figcaption><\/figure>\n\t\t<\/div>\n\t\t<\/div>\n\t\t\t\t<\/div>\n\t\t\t\t<\/div>\n\t\t\t\t<div class=\"elementor-element elementor-element-6c47e3f elementor-widget elementor-widget-text-editor\" data-id=\"6c47e3f\" data-element_type=\"widget\" data-widget_type=\"text-editor.default\">\n\t\t\t\t<div class=\"elementor-widget-container\">\n\t\t\t\t\t\t\t\t<div class=\"elementor-text-editor elementor-clearfix\">\n\t\t\t\t<p>Concordato lo spazio da dedicare ai nostri nuovi amici, e riposizionate vetrine e pannelli come necessario, pensavamo che il grosso del lavoro fosse terminato ma avevamo scordato un punto fondamentale per un allestitore di mostre: l\u2019illuminazione \u00e8 importante quanto ci\u00f2 che si espone. Quindi, se si vogliono evitare le maledizioni degli elettricisti, \u00e8 meglio interferire il meno possibile con la disposizione originaria di vetrine e pannelli!<\/p><p>Per fortuna che il responsabile per l\u2019illuminazione era un nostro carissimo amico, Luigi Gaspardo, conosciuto da tutti come \u201cGigi\u201d, famoso collezionista di minerali che, pur sacramentando, ci ha permesso di fare le troppe modifiche che, da neofiti, avevamo programmato.<\/p><p>Sistemate le luci, eravamo finalmente pronti per fare gli ultimi ritocchi alle vetrine ed ai pannelli in attesa della mattina del 1 agosto quando, i nostri amici trentini, sarebbero arrivati con le meteoriti da esporre che, per ragioni assicurative, avevamo scelto di portare a Barcis proprio nella mattinata del giorno di inaugurazione della mostra.<\/p><p>Qui a seguito, nella piantina finale della zona mostra, trovate: l\u2019inizio della sezione di responsabilit\u00e0 di Meteoriti Italia, la disposizione delle vetrine, dei pannelli illustrativi e delle bacheche e, se guardate la piantina iniziale (fig. 8), capite benissimo tutto il lavoro preparatorio che \u00e8 stato fatto.<\/p>\t\t\t\t\t<\/div>\n\t\t\t\t\t\t<\/div>\n\t\t\t\t<\/div>\n\t\t\t\t<div class=\"elementor-element elementor-element-ec3f480 elementor-widget elementor-widget-image\" data-id=\"ec3f480\" data-element_type=\"widget\" data-widget_type=\"image.default\">\n\t\t\t\t<div class=\"elementor-widget-container\">\n\t\t\t\t\t\t\t\t<div class=\"elementor-image\">\n\t\t\t\t\t\t\t\t\t<figure class=\"wp-caption\">\n\t\t\t\t\t\t\t\t\t\t<img decoding=\"async\" width=\"525\" height=\"371\" src=\"https:\/\/mail.meteorititalia.org\/wp-content\/uploads\/2019\/05\/Foto-21.jpg\" class=\"attachment-large size-large wp-image-506\" alt=\"\" loading=\"lazy\" srcset=\"https:\/\/mail.meteorititalia.org\/wp-content\/uploads\/2019\/05\/Foto-21.jpg 567w, https:\/\/mail.meteorititalia.org\/wp-content\/uploads\/2019\/05\/Foto-21-300x212.jpg 300w\" sizes=\"100vw\" \/>\t\t\t\t\t\t\t\t\t\t\t<figcaption class=\"widget-image-caption wp-caption-text\"><\/figcaption>\n\t\t\t\t\t\t\t\t\t\t<\/figure>\n\t\t\t\t\t\t\t\t<\/div>\n\t\t\t\t\t\t<\/div>\n\t\t\t\t<\/div>\n\t\t\t\t<section class=\"elementor-section elementor-inner-section elementor-element elementor-element-9780f69 elementor-section-boxed elementor-section-height-default elementor-section-height-default wpr-particle-no wpr-jarallax-no wpr-parallax-no wpr-sticky-section-no\" data-id=\"9780f69\" data-element_type=\"section\">\n\t\t\t\t\t\t<div class=\"elementor-container elementor-column-gap-default\">\n\t\t\t\t\t\t\t<div class=\"elementor-row\">\n\t\t\t\t\t<div class=\"elementor-column elementor-col-50 elementor-inner-column elementor-element elementor-element-0ae2bfd\" data-id=\"0ae2bfd\" data-element_type=\"column\">\n\t\t\t<div class=\"elementor-column-wrap elementor-element-populated\">\n\t\t\t\t\t\t\t<div class=\"elementor-widget-wrap\">\n\t\t\t\t\t\t<div class=\"elementor-element elementor-element-c03a9e9 elementor-widget elementor-widget-image\" data-id=\"c03a9e9\" data-element_type=\"widget\" data-widget_type=\"image.default\">\n\t\t\t\t<div class=\"elementor-widget-container\">\n\t\t\t\t\t\t\t\t<div class=\"elementor-image\">\n\t\t\t\t\t\t\t\t\t<figure class=\"wp-caption\">\n\t\t\t\t\t\t\t\t\t\t<img decoding=\"async\" width=\"225\" height=\"300\" src=\"https:\/\/mail.meteorititalia.org\/wp-content\/uploads\/2019\/07\/Foto-22-225x300.jpeg\" class=\"attachment-medium size-medium wp-image-557\" alt=\"\" loading=\"lazy\" srcset=\"https:\/\/mail.meteorititalia.org\/wp-content\/uploads\/2019\/07\/Foto-22-225x300.jpeg 225w, https:\/\/mail.meteorititalia.org\/wp-content\/uploads\/2019\/07\/Foto-22-768x1024.jpeg 768w\" sizes=\"100vw\" \/>\t\t\t\t\t\t\t\t\t\t\t<figcaption class=\"widget-image-caption wp-caption-text\">Tomaso e Adriano, vice presidente e segretario\/tesoriere di Meteoriti Italia, dopo aver spostato vetrine, appeso pannelli, spostato un sacco di cose e riposizionatene ancora di pi\u00f9; stanchi ma soddisfatti per il risultato ottenuto<\/figcaption>\n\t\t\t\t\t\t\t\t\t\t<\/figure>\n\t\t\t\t\t\t\t\t<\/div>\n\t\t\t\t\t\t<\/div>\n\t\t\t\t<\/div>\n\t\t\t\t\t\t<\/div>\n\t\t\t\t\t<\/div>\n\t\t<\/div>\n\t\t\t\t<div class=\"elementor-column elementor-col-50 elementor-inner-column elementor-element elementor-element-069d440\" data-id=\"069d440\" data-element_type=\"column\">\n\t\t\t<div class=\"elementor-column-wrap elementor-element-populated\">\n\t\t\t\t\t\t\t<div class=\"elementor-widget-wrap\">\n\t\t\t\t\t\t<div class=\"elementor-element elementor-element-eed47b2 elementor-widget elementor-widget-text-editor\" data-id=\"eed47b2\" data-element_type=\"widget\" data-widget_type=\"text-editor.default\">\n\t\t\t\t<div class=\"elementor-widget-container\">\n\t\t\t\t\t\t\t\t<div class=\"elementor-text-editor elementor-clearfix\">\n\t\t\t\t<p>Prima di passare alle foto di quanto viene evidenziato dalla piantina, vi mostriamo due degli artefici di cotanto lavoro che, stanchi ma soddisfatti, posano vicino al banner che indica l\u2019inizio della sezione mostra curata da Meteoriti Italia<\/p>\t\t\t\t\t<\/div>\n\t\t\t\t\t\t<\/div>\n\t\t\t\t<\/div>\n\t\t\t\t\t\t<\/div>\n\t\t\t\t\t<\/div>\n\t\t<\/div>\n\t\t\t\t\t\t\t\t<\/div>\n\t\t\t\t\t<\/div>\n\t\t<\/section>\n\t\t\t\t<div class=\"elementor-element elementor-element-eb6dee6 elementor-widget elementor-widget-text-editor\" data-id=\"eb6dee6\" data-element_type=\"widget\" data-widget_type=\"text-editor.default\">\n\t\t\t\t<div class=\"elementor-widget-container\">\n\t\t\t\t\t\t\t\t<div class=\"elementor-text-editor elementor-clearfix\">\n\t\t\t\t<p>Ed eccovi la serie di foto del locale della mostra allestito per ricevere le meteoriti:<\/p>\t\t\t\t\t<\/div>\n\t\t\t\t\t\t<\/div>\n\t\t\t\t<\/div>\n\t\t\t\t<div class=\"elementor-element elementor-element-cddc81f elementor-widget elementor-widget-image-gallery\" data-id=\"cddc81f\" data-element_type=\"widget\" data-widget_type=\"image-gallery.default\">\n\t\t\t\t<div class=\"elementor-widget-container\">\n\t\t\t\t\t<div class=\"elementor-image-gallery\">\n\t\t\t<div id='gallery-6' class='gallery galleryid-465 gallery-columns-6 gallery-size-full'><figure class='gallery-item'>\n\t\t\t<div class='gallery-icon landscape'>\n\t\t\t\t<a data-elementor-open-lightbox=\"yes\" data-elementor-lightbox-slideshow=\"cddc81f\" data-elementor-lightbox-title=\"Foto 23\" data-e-action-hash=\"#elementor-action%3Aaction%3Dlightbox%26settings%3DeyJpZCI6NTA3LCJ1cmwiOiJodHRwczpcL1wvbWFpbC5tZXRlb3JpdGl0YWxpYS5vcmdcL3dwLWNvbnRlbnRcL3VwbG9hZHNcLzIwMTlcLzA1XC9Gb3RvLTIzLmpwZWciLCJzbGlkZXNob3ciOiJjZGRjODFmIn0%3D\" href='https:\/\/mail.meteorititalia.org\/wp-content\/uploads\/2019\/05\/Foto-23.jpeg'><img width=\"3264\" height=\"2448\" src=\"https:\/\/mail.meteorititalia.org\/wp-content\/uploads\/2019\/05\/Foto-23.jpeg\" class=\"attachment-full size-full\" alt=\"\" decoding=\"async\" loading=\"lazy\" srcset=\"https:\/\/mail.meteorititalia.org\/wp-content\/uploads\/2019\/05\/Foto-23.jpeg 3264w, https:\/\/mail.meteorititalia.org\/wp-content\/uploads\/2019\/05\/Foto-23-300x225.jpeg 300w, https:\/\/mail.meteorititalia.org\/wp-content\/uploads\/2019\/05\/Foto-23-768x576.jpeg 768w, https:\/\/mail.meteorititalia.org\/wp-content\/uploads\/2019\/05\/Foto-23-1024x768.jpeg 1024w\" sizes=\"100vw\" \/><\/a>\n\t\t\t<\/div><\/figure><figure class='gallery-item'>\n\t\t\t<div class='gallery-icon landscape'>\n\t\t\t\t<a data-elementor-open-lightbox=\"yes\" data-elementor-lightbox-slideshow=\"cddc81f\" data-elementor-lightbox-title=\"Foto 24\" data-e-action-hash=\"#elementor-action%3Aaction%3Dlightbox%26settings%3DeyJpZCI6NTA4LCJ1cmwiOiJodHRwczpcL1wvbWFpbC5tZXRlb3JpdGl0YWxpYS5vcmdcL3dwLWNvbnRlbnRcL3VwbG9hZHNcLzIwMTlcLzA1XC9Gb3RvLTI0LmpwZWciLCJzbGlkZXNob3ciOiJjZGRjODFmIn0%3D\" href='https:\/\/mail.meteorititalia.org\/wp-content\/uploads\/2019\/05\/Foto-24.jpeg'><img width=\"3264\" height=\"2448\" src=\"https:\/\/mail.meteorititalia.org\/wp-content\/uploads\/2019\/05\/Foto-24.jpeg\" class=\"attachment-full size-full\" alt=\"\" decoding=\"async\" loading=\"lazy\" srcset=\"https:\/\/mail.meteorititalia.org\/wp-content\/uploads\/2019\/05\/Foto-24.jpeg 3264w, https:\/\/mail.meteorititalia.org\/wp-content\/uploads\/2019\/05\/Foto-24-300x225.jpeg 300w, https:\/\/mail.meteorititalia.org\/wp-content\/uploads\/2019\/05\/Foto-24-768x576.jpeg 768w, https:\/\/mail.meteorititalia.org\/wp-content\/uploads\/2019\/05\/Foto-24-1024x768.jpeg 1024w\" sizes=\"100vw\" \/><\/a>\n\t\t\t<\/div><\/figure><figure class='gallery-item'>\n\t\t\t<div class='gallery-icon landscape'>\n\t\t\t\t<a data-elementor-open-lightbox=\"yes\" data-elementor-lightbox-slideshow=\"cddc81f\" data-elementor-lightbox-title=\"Foto 25\" data-e-action-hash=\"#elementor-action%3Aaction%3Dlightbox%26settings%3DeyJpZCI6NTA5LCJ1cmwiOiJodHRwczpcL1wvbWFpbC5tZXRlb3JpdGl0YWxpYS5vcmdcL3dwLWNvbnRlbnRcL3VwbG9hZHNcLzIwMTlcLzA1XC9Gb3RvLTI1LmpwZWciLCJzbGlkZXNob3ciOiJjZGRjODFmIn0%3D\" href='https:\/\/mail.meteorititalia.org\/wp-content\/uploads\/2019\/05\/Foto-25.jpeg'><img width=\"3264\" height=\"2448\" src=\"https:\/\/mail.meteorititalia.org\/wp-content\/uploads\/2019\/05\/Foto-25.jpeg\" class=\"attachment-full size-full\" alt=\"\" decoding=\"async\" loading=\"lazy\" srcset=\"https:\/\/mail.meteorititalia.org\/wp-content\/uploads\/2019\/05\/Foto-25.jpeg 3264w, https:\/\/mail.meteorititalia.org\/wp-content\/uploads\/2019\/05\/Foto-25-300x225.jpeg 300w, https:\/\/mail.meteorititalia.org\/wp-content\/uploads\/2019\/05\/Foto-25-768x576.jpeg 768w, https:\/\/mail.meteorititalia.org\/wp-content\/uploads\/2019\/05\/Foto-25-1024x768.jpeg 1024w\" sizes=\"100vw\" \/><\/a>\n\t\t\t<\/div><\/figure><figure class='gallery-item'>\n\t\t\t<div class='gallery-icon landscape'>\n\t\t\t\t<a data-elementor-open-lightbox=\"yes\" data-elementor-lightbox-slideshow=\"cddc81f\" data-elementor-lightbox-title=\"Foto 26\" data-e-action-hash=\"#elementor-action%3Aaction%3Dlightbox%26settings%3DeyJpZCI6NTEwLCJ1cmwiOiJodHRwczpcL1wvbWFpbC5tZXRlb3JpdGl0YWxpYS5vcmdcL3dwLWNvbnRlbnRcL3VwbG9hZHNcLzIwMTlcLzA1XC9Gb3RvLTI2LmpwZWciLCJzbGlkZXNob3ciOiJjZGRjODFmIn0%3D\" href='https:\/\/mail.meteorititalia.org\/wp-content\/uploads\/2019\/05\/Foto-26.jpeg'><img width=\"3264\" height=\"2448\" src=\"https:\/\/mail.meteorititalia.org\/wp-content\/uploads\/2019\/05\/Foto-26.jpeg\" class=\"attachment-full size-full\" alt=\"\" decoding=\"async\" loading=\"lazy\" srcset=\"https:\/\/mail.meteorititalia.org\/wp-content\/uploads\/2019\/05\/Foto-26.jpeg 3264w, https:\/\/mail.meteorititalia.org\/wp-content\/uploads\/2019\/05\/Foto-26-300x225.jpeg 300w, https:\/\/mail.meteorititalia.org\/wp-content\/uploads\/2019\/05\/Foto-26-768x576.jpeg 768w, https:\/\/mail.meteorititalia.org\/wp-content\/uploads\/2019\/05\/Foto-26-1024x768.jpeg 1024w\" sizes=\"100vw\" \/><\/a>\n\t\t\t<\/div><\/figure><figure class='gallery-item'>\n\t\t\t<div class='gallery-icon landscape'>\n\t\t\t\t<a data-elementor-open-lightbox=\"yes\" data-elementor-lightbox-slideshow=\"cddc81f\" data-elementor-lightbox-title=\"Foto 27\" data-e-action-hash=\"#elementor-action%3Aaction%3Dlightbox%26settings%3DeyJpZCI6NTEyLCJ1cmwiOiJodHRwczpcL1wvbWFpbC5tZXRlb3JpdGl0YWxpYS5vcmdcL3dwLWNvbnRlbnRcL3VwbG9hZHNcLzIwMTlcLzA1XC9Gb3RvLTI3LmpwZWciLCJzbGlkZXNob3ciOiJjZGRjODFmIn0%3D\" href='https:\/\/mail.meteorititalia.org\/wp-content\/uploads\/2019\/05\/Foto-27.jpeg'><img width=\"3264\" height=\"2448\" src=\"https:\/\/mail.meteorititalia.org\/wp-content\/uploads\/2019\/05\/Foto-27.jpeg\" class=\"attachment-full size-full\" alt=\"\" decoding=\"async\" loading=\"lazy\" srcset=\"https:\/\/mail.meteorititalia.org\/wp-content\/uploads\/2019\/05\/Foto-27.jpeg 3264w, https:\/\/mail.meteorititalia.org\/wp-content\/uploads\/2019\/05\/Foto-27-300x225.jpeg 300w, https:\/\/mail.meteorititalia.org\/wp-content\/uploads\/2019\/05\/Foto-27-768x576.jpeg 768w, https:\/\/mail.meteorititalia.org\/wp-content\/uploads\/2019\/05\/Foto-27-1024x768.jpeg 1024w\" sizes=\"100vw\" \/><\/a>\n\t\t\t<\/div><\/figure><figure class='gallery-item'>\n\t\t\t<div class='gallery-icon landscape'>\n\t\t\t\t<a data-elementor-open-lightbox=\"yes\" data-elementor-lightbox-slideshow=\"cddc81f\" data-elementor-lightbox-title=\"Foto 28\" data-e-action-hash=\"#elementor-action%3Aaction%3Dlightbox%26settings%3DeyJpZCI6NTEzLCJ1cmwiOiJodHRwczpcL1wvbWFpbC5tZXRlb3JpdGl0YWxpYS5vcmdcL3dwLWNvbnRlbnRcL3VwbG9hZHNcLzIwMTlcLzA1XC9Gb3RvLTI4LmpwZWciLCJzbGlkZXNob3ciOiJjZGRjODFmIn0%3D\" href='https:\/\/mail.meteorititalia.org\/wp-content\/uploads\/2019\/05\/Foto-28.jpeg'><img width=\"3264\" height=\"2448\" src=\"https:\/\/mail.meteorititalia.org\/wp-content\/uploads\/2019\/05\/Foto-28.jpeg\" class=\"attachment-full size-full\" alt=\"\" decoding=\"async\" loading=\"lazy\" srcset=\"https:\/\/mail.meteorititalia.org\/wp-content\/uploads\/2019\/05\/Foto-28.jpeg 3264w, https:\/\/mail.meteorititalia.org\/wp-content\/uploads\/2019\/05\/Foto-28-300x225.jpeg 300w, https:\/\/mail.meteorititalia.org\/wp-content\/uploads\/2019\/05\/Foto-28-768x576.jpeg 768w, https:\/\/mail.meteorititalia.org\/wp-content\/uploads\/2019\/05\/Foto-28-1024x768.jpeg 1024w\" sizes=\"100vw\" \/><\/a>\n\t\t\t<\/div><\/figure><figure class='gallery-item'>\n\t\t\t<div class='gallery-icon landscape'>\n\t\t\t\t<a data-elementor-open-lightbox=\"yes\" data-elementor-lightbox-slideshow=\"cddc81f\" data-elementor-lightbox-title=\"Foto 29\" data-e-action-hash=\"#elementor-action%3Aaction%3Dlightbox%26settings%3DeyJpZCI6NTE0LCJ1cmwiOiJodHRwczpcL1wvbWFpbC5tZXRlb3JpdGl0YWxpYS5vcmdcL3dwLWNvbnRlbnRcL3VwbG9hZHNcLzIwMTlcLzA1XC9Gb3RvLTI5LmpwZWciLCJzbGlkZXNob3ciOiJjZGRjODFmIn0%3D\" href='https:\/\/mail.meteorititalia.org\/wp-content\/uploads\/2019\/05\/Foto-29.jpeg'><img width=\"3264\" height=\"2448\" src=\"https:\/\/mail.meteorititalia.org\/wp-content\/uploads\/2019\/05\/Foto-29.jpeg\" class=\"attachment-full size-full\" alt=\"\" decoding=\"async\" loading=\"lazy\" srcset=\"https:\/\/mail.meteorititalia.org\/wp-content\/uploads\/2019\/05\/Foto-29.jpeg 3264w, https:\/\/mail.meteorititalia.org\/wp-content\/uploads\/2019\/05\/Foto-29-300x225.jpeg 300w, https:\/\/mail.meteorititalia.org\/wp-content\/uploads\/2019\/05\/Foto-29-768x576.jpeg 768w, https:\/\/mail.meteorititalia.org\/wp-content\/uploads\/2019\/05\/Foto-29-1024x768.jpeg 1024w\" sizes=\"100vw\" \/><\/a>\n\t\t\t<\/div><\/figure><figure class='gallery-item'>\n\t\t\t<div class='gallery-icon landscape'>\n\t\t\t\t<a data-elementor-open-lightbox=\"yes\" data-elementor-lightbox-slideshow=\"cddc81f\" data-elementor-lightbox-title=\"Foto 30\" data-e-action-hash=\"#elementor-action%3Aaction%3Dlightbox%26settings%3DeyJpZCI6NTE1LCJ1cmwiOiJodHRwczpcL1wvbWFpbC5tZXRlb3JpdGl0YWxpYS5vcmdcL3dwLWNvbnRlbnRcL3VwbG9hZHNcLzIwMTlcLzA1XC9Gb3RvLTMwLmpwZWciLCJzbGlkZXNob3ciOiJjZGRjODFmIn0%3D\" href='https:\/\/mail.meteorititalia.org\/wp-content\/uploads\/2019\/05\/Foto-30.jpeg'><img width=\"3264\" height=\"2448\" src=\"https:\/\/mail.meteorititalia.org\/wp-content\/uploads\/2019\/05\/Foto-30.jpeg\" class=\"attachment-full size-full\" alt=\"\" decoding=\"async\" loading=\"lazy\" srcset=\"https:\/\/mail.meteorititalia.org\/wp-content\/uploads\/2019\/05\/Foto-30.jpeg 3264w, https:\/\/mail.meteorititalia.org\/wp-content\/uploads\/2019\/05\/Foto-30-300x225.jpeg 300w, https:\/\/mail.meteorititalia.org\/wp-content\/uploads\/2019\/05\/Foto-30-768x576.jpeg 768w, https:\/\/mail.meteorititalia.org\/wp-content\/uploads\/2019\/05\/Foto-30-1024x768.jpeg 1024w\" sizes=\"100vw\" \/><\/a>\n\t\t\t<\/div><\/figure><figure class='gallery-item'>\n\t\t\t<div class='gallery-icon landscape'>\n\t\t\t\t<a data-elementor-open-lightbox=\"yes\" data-elementor-lightbox-slideshow=\"cddc81f\" data-elementor-lightbox-title=\"Foto 31\" data-e-action-hash=\"#elementor-action%3Aaction%3Dlightbox%26settings%3DeyJpZCI6NTE2LCJ1cmwiOiJodHRwczpcL1wvbWFpbC5tZXRlb3JpdGl0YWxpYS5vcmdcL3dwLWNvbnRlbnRcL3VwbG9hZHNcLzIwMTlcLzA1XC9Gb3RvLTMxLmpwZWciLCJzbGlkZXNob3ciOiJjZGRjODFmIn0%3D\" href='https:\/\/mail.meteorititalia.org\/wp-content\/uploads\/2019\/05\/Foto-31.jpeg'><img width=\"3264\" height=\"2448\" src=\"https:\/\/mail.meteorititalia.org\/wp-content\/uploads\/2019\/05\/Foto-31.jpeg\" class=\"attachment-full size-full\" alt=\"\" decoding=\"async\" loading=\"lazy\" srcset=\"https:\/\/mail.meteorititalia.org\/wp-content\/uploads\/2019\/05\/Foto-31.jpeg 3264w, https:\/\/mail.meteorititalia.org\/wp-content\/uploads\/2019\/05\/Foto-31-300x225.jpeg 300w, https:\/\/mail.meteorititalia.org\/wp-content\/uploads\/2019\/05\/Foto-31-768x576.jpeg 768w, https:\/\/mail.meteorititalia.org\/wp-content\/uploads\/2019\/05\/Foto-31-1024x768.jpeg 1024w\" sizes=\"100vw\" \/><\/a>\n\t\t\t<\/div><\/figure><figure class='gallery-item'>\n\t\t\t<div class='gallery-icon landscape'>\n\t\t\t\t<a data-elementor-open-lightbox=\"yes\" data-elementor-lightbox-slideshow=\"cddc81f\" data-elementor-lightbox-title=\"Foto 32\" data-e-action-hash=\"#elementor-action%3Aaction%3Dlightbox%26settings%3DeyJpZCI6NTE3LCJ1cmwiOiJodHRwczpcL1wvbWFpbC5tZXRlb3JpdGl0YWxpYS5vcmdcL3dwLWNvbnRlbnRcL3VwbG9hZHNcLzIwMTlcLzA1XC9Gb3RvLTMyLmpwZWciLCJzbGlkZXNob3ciOiJjZGRjODFmIn0%3D\" href='https:\/\/mail.meteorititalia.org\/wp-content\/uploads\/2019\/05\/Foto-32.jpeg'><img width=\"3264\" height=\"2448\" src=\"https:\/\/mail.meteorititalia.org\/wp-content\/uploads\/2019\/05\/Foto-32.jpeg\" class=\"attachment-full size-full\" alt=\"\" decoding=\"async\" loading=\"lazy\" srcset=\"https:\/\/mail.meteorititalia.org\/wp-content\/uploads\/2019\/05\/Foto-32.jpeg 3264w, https:\/\/mail.meteorititalia.org\/wp-content\/uploads\/2019\/05\/Foto-32-300x225.jpeg 300w, https:\/\/mail.meteorititalia.org\/wp-content\/uploads\/2019\/05\/Foto-32-768x576.jpeg 768w, https:\/\/mail.meteorititalia.org\/wp-content\/uploads\/2019\/05\/Foto-32-1024x768.jpeg 1024w\" sizes=\"100vw\" \/><\/a>\n\t\t\t<\/div><\/figure><figure class='gallery-item'>\n\t\t\t<div class='gallery-icon landscape'>\n\t\t\t\t<a data-elementor-open-lightbox=\"yes\" data-elementor-lightbox-slideshow=\"cddc81f\" data-elementor-lightbox-title=\"Foto 33\" data-e-action-hash=\"#elementor-action%3Aaction%3Dlightbox%26settings%3DeyJpZCI6NTE4LCJ1cmwiOiJodHRwczpcL1wvbWFpbC5tZXRlb3JpdGl0YWxpYS5vcmdcL3dwLWNvbnRlbnRcL3VwbG9hZHNcLzIwMTlcLzA1XC9Gb3RvLTMzLmpwZWciLCJzbGlkZXNob3ciOiJjZGRjODFmIn0%3D\" href='https:\/\/mail.meteorititalia.org\/wp-content\/uploads\/2019\/05\/Foto-33.jpeg'><img width=\"3264\" height=\"2448\" src=\"https:\/\/mail.meteorititalia.org\/wp-content\/uploads\/2019\/05\/Foto-33.jpeg\" class=\"attachment-full size-full\" alt=\"\" decoding=\"async\" loading=\"lazy\" srcset=\"https:\/\/mail.meteorititalia.org\/wp-content\/uploads\/2019\/05\/Foto-33.jpeg 3264w, https:\/\/mail.meteorititalia.org\/wp-content\/uploads\/2019\/05\/Foto-33-300x225.jpeg 300w, https:\/\/mail.meteorititalia.org\/wp-content\/uploads\/2019\/05\/Foto-33-768x576.jpeg 768w, https:\/\/mail.meteorititalia.org\/wp-content\/uploads\/2019\/05\/Foto-33-1024x768.jpeg 1024w\" sizes=\"100vw\" \/><\/a>\n\t\t\t<\/div><\/figure>\n\t\t<\/div>\n\t\t<\/div>\n\t\t\t\t<\/div>\n\t\t\t\t<\/div>\n\t\t\t\t<section class=\"elementor-section elementor-inner-section elementor-element elementor-element-13a1d41 elementor-section-boxed elementor-section-height-default elementor-section-height-default wpr-particle-no wpr-jarallax-no wpr-parallax-no wpr-sticky-section-no\" data-id=\"13a1d41\" data-element_type=\"section\">\n\t\t\t\t\t\t<div class=\"elementor-container elementor-column-gap-default\">\n\t\t\t\t\t\t\t<div class=\"elementor-row\">\n\t\t\t\t\t<div class=\"elementor-column elementor-col-50 elementor-inner-column elementor-element elementor-element-949f4f4\" data-id=\"949f4f4\" data-element_type=\"column\">\n\t\t\t<div class=\"elementor-column-wrap elementor-element-populated\">\n\t\t\t\t\t\t\t<div class=\"elementor-widget-wrap\">\n\t\t\t\t\t\t<div class=\"elementor-element elementor-element-1b6d096 elementor-widget elementor-widget-text-editor\" data-id=\"1b6d096\" data-element_type=\"widget\" data-widget_type=\"text-editor.default\">\n\t\t\t\t<div class=\"elementor-widget-container\">\n\t\t\t\t\t\t\t\t<div class=\"elementor-text-editor elementor-clearfix\">\n\t\t\t\t<p>In attesa che arrivassero Mauro e Francesco con le meteoriti e gli amici del \u201cIIS U.Follador-A. De Rossi\u201d di Agordo, con la \u201cBARCIS\u201d, abbiamo allestito le bacheche delle impattiti, delle tectiti e dei vetri d\u2019impatto che, appartenendo alla collezione didattica di Meteoriti Italia, erano coperte da una polizza assicurativa molto meno rigida di quella delle meteoriti.<\/p>\t\t\t\t\t<\/div>\n\t\t\t\t\t\t<\/div>\n\t\t\t\t<\/div>\n\t\t\t\t\t\t<\/div>\n\t\t\t\t\t<\/div>\n\t\t<\/div>\n\t\t\t\t<div class=\"elementor-column elementor-col-50 elementor-inner-column elementor-element elementor-element-3e8eb37\" data-id=\"3e8eb37\" data-element_type=\"column\">\n\t\t\t<div class=\"elementor-column-wrap elementor-element-populated\">\n\t\t\t\t\t\t\t<div class=\"elementor-widget-wrap\">\n\t\t\t\t\t\t<div class=\"elementor-element elementor-element-f5b1fba elementor-widget elementor-widget-image-gallery\" data-id=\"f5b1fba\" data-element_type=\"widget\" data-widget_type=\"image-gallery.default\">\n\t\t\t\t<div class=\"elementor-widget-container\">\n\t\t\t\t\t<div class=\"elementor-image-gallery\">\n\t\t\t<div id='gallery-7' class='gallery galleryid-465 gallery-columns-2 gallery-size-medium'><figure class='gallery-item'>\n\t\t\t<div class='gallery-icon landscape'>\n\t\t\t\t<a data-elementor-open-lightbox=\"no\" href='https:\/\/mail.meteorititalia.org\/wp-content\/uploads\/2019\/05\/Foto-34.jpeg'><img width=\"300\" height=\"225\" src=\"https:\/\/mail.meteorititalia.org\/wp-content\/uploads\/2019\/05\/Foto-34-300x225.jpeg\" class=\"attachment-medium size-medium\" alt=\"\" decoding=\"async\" loading=\"lazy\" aria-describedby=\"gallery-7-522\" srcset=\"https:\/\/mail.meteorititalia.org\/wp-content\/uploads\/2019\/05\/Foto-34-300x225.jpeg 300w, https:\/\/mail.meteorititalia.org\/wp-content\/uploads\/2019\/05\/Foto-34-768x576.jpeg 768w, https:\/\/mail.meteorititalia.org\/wp-content\/uploads\/2019\/05\/Foto-34-1024x768.jpeg 1024w\" sizes=\"100vw\" \/><\/a>\n\t\t\t<\/div>\n\t\t\t\t<figcaption class='wp-caption-text gallery-caption' id='gallery-7-522'>\n\t\t\t\tLa bacheca con le impattiti. Al centro, un campione dello strato ad Iridio (livello K\/T) proveniente dalla \u201cGola del Bottaccione\u201d, Gubbio (PG)\n\t\t\t\t<\/figcaption><\/figure><figure class='gallery-item'>\n\t\t\t<div class='gallery-icon landscape'>\n\t\t\t\t<a data-elementor-open-lightbox=\"no\" href='https:\/\/mail.meteorititalia.org\/wp-content\/uploads\/2019\/05\/Foto-35.jpeg'><img width=\"300\" height=\"225\" src=\"https:\/\/mail.meteorititalia.org\/wp-content\/uploads\/2019\/05\/Foto-35-300x225.jpeg\" class=\"attachment-medium size-medium\" alt=\"\" decoding=\"async\" loading=\"lazy\" aria-describedby=\"gallery-7-524\" srcset=\"https:\/\/mail.meteorititalia.org\/wp-content\/uploads\/2019\/05\/Foto-35-300x225.jpeg 300w, https:\/\/mail.meteorititalia.org\/wp-content\/uploads\/2019\/05\/Foto-35-768x576.jpeg 768w, https:\/\/mail.meteorititalia.org\/wp-content\/uploads\/2019\/05\/Foto-35-1024x768.jpeg 1024w\" sizes=\"100vw\" \/><\/a>\n\t\t\t<\/div>\n\t\t\t\t<figcaption class='wp-caption-text gallery-caption' id='gallery-7-524'>\n\t\t\t\tLa bacheca con Vetri d\u2019impatto e Tectiti\n\t\t\t\t<\/figcaption><\/figure>\n\t\t<\/div>\n\t\t<\/div>\n\t\t\t\t<\/div>\n\t\t\t\t<\/div>\n\t\t\t\t\t\t<\/div>\n\t\t\t\t\t<\/div>\n\t\t<\/div>\n\t\t\t\t\t\t\t\t<\/div>\n\t\t\t\t\t<\/div>\n\t\t<\/section>\n\t\t\t\t<section class=\"elementor-section elementor-inner-section elementor-element elementor-element-12c0efb elementor-section-boxed elementor-section-height-default elementor-section-height-default wpr-particle-no wpr-jarallax-no wpr-parallax-no wpr-sticky-section-no\" data-id=\"12c0efb\" data-element_type=\"section\">\n\t\t\t\t\t\t<div class=\"elementor-container elementor-column-gap-default\">\n\t\t\t\t\t\t\t<div class=\"elementor-row\">\n\t\t\t\t\t<div class=\"elementor-column elementor-col-50 elementor-inner-column elementor-element elementor-element-1354b75\" data-id=\"1354b75\" data-element_type=\"column\">\n\t\t\t<div class=\"elementor-column-wrap elementor-element-populated\">\n\t\t\t\t\t\t\t<div class=\"elementor-widget-wrap\">\n\t\t\t\t\t\t<div class=\"elementor-element elementor-element-0d467a9 elementor-widget elementor-widget-image\" data-id=\"0d467a9\" data-element_type=\"widget\" data-widget_type=\"image.default\">\n\t\t\t\t<div class=\"elementor-widget-container\">\n\t\t\t\t\t\t\t\t<div class=\"elementor-image\">\n\t\t\t\t\t\t\t\t\t<figure class=\"wp-caption\">\n\t\t\t\t\t\t\t\t\t\t<img decoding=\"async\" width=\"525\" height=\"394\" src=\"https:\/\/mail.meteorititalia.org\/wp-content\/uploads\/2019\/05\/Foto-36-1024x768.jpg\" class=\"attachment-large size-large wp-image-523\" alt=\"\" loading=\"lazy\" srcset=\"https:\/\/mail.meteorititalia.org\/wp-content\/uploads\/2019\/05\/Foto-36-1024x768.jpg 1024w, https:\/\/mail.meteorititalia.org\/wp-content\/uploads\/2019\/05\/Foto-36-300x225.jpg 300w, https:\/\/mail.meteorititalia.org\/wp-content\/uploads\/2019\/05\/Foto-36-768x576.jpg 768w\" sizes=\"100vw\" \/>\t\t\t\t\t\t\t\t\t\t\t<figcaption class=\"widget-image-caption wp-caption-text\">Francesco e Mauro hanno completato l\u2019esposizione delle meteoriti. Sullo sfondo c\u2019\u00e8 una vetrina vuota, quella che deve ospitare la \u201cBARCIS\u201d che, da vera primadonna, arriver\u00e0 per ultima (Foto Manuela; arch. Meteoriti Italia)<\/figcaption>\n\t\t\t\t\t\t\t\t\t\t<\/figure>\n\t\t\t\t\t\t\t\t<\/div>\n\t\t\t\t\t\t<\/div>\n\t\t\t\t<\/div>\n\t\t\t\t\t\t<\/div>\n\t\t\t\t\t<\/div>\n\t\t<\/div>\n\t\t\t\t<div class=\"elementor-column elementor-col-50 elementor-inner-column elementor-element elementor-element-923f2f2\" data-id=\"923f2f2\" data-element_type=\"column\">\n\t\t\t<div class=\"elementor-column-wrap elementor-element-populated\">\n\t\t\t\t\t\t\t<div class=\"elementor-widget-wrap\">\n\t\t\t\t\t\t<div class=\"elementor-element elementor-element-7bbf25f elementor-widget elementor-widget-text-editor\" data-id=\"7bbf25f\" data-element_type=\"widget\" data-widget_type=\"text-editor.default\">\n\t\t\t\t<div class=\"elementor-widget-container\">\n\t\t\t\t\t\t\t\t<div class=\"elementor-text-editor elementor-clearfix\">\n\t\t\t\t<p>Finalmente, la mattina del primo agosto, Francesco, Mauro e Manuela arrivano con le meteoriti e, grazie al lavoro preparatorio che avevamo progettato assieme, in poco tempo riescono a posizionare tutte le meteoriti.<\/p>\t\t\t\t\t<\/div>\n\t\t\t\t\t\t<\/div>\n\t\t\t\t<\/div>\n\t\t\t\t\t\t<\/div>\n\t\t\t\t\t<\/div>\n\t\t<\/div>\n\t\t\t\t\t\t\t\t<\/div>\n\t\t\t\t\t<\/div>\n\t\t<\/section>\n\t\t\t\t<section class=\"elementor-section elementor-inner-section elementor-element elementor-element-9af1f88 elementor-section-boxed elementor-section-height-default elementor-section-height-default wpr-particle-no wpr-jarallax-no wpr-parallax-no wpr-sticky-section-no\" data-id=\"9af1f88\" data-element_type=\"section\">\n\t\t\t\t\t\t<div class=\"elementor-container elementor-column-gap-default\">\n\t\t\t\t\t\t\t<div class=\"elementor-row\">\n\t\t\t\t\t<div class=\"elementor-column elementor-col-50 elementor-inner-column elementor-element elementor-element-9c44048\" data-id=\"9c44048\" data-element_type=\"column\">\n\t\t\t<div class=\"elementor-column-wrap elementor-element-populated\">\n\t\t\t\t\t\t\t<div class=\"elementor-widget-wrap\">\n\t\t\t\t\t\t<div class=\"elementor-element elementor-element-852185c elementor-widget elementor-widget-text-editor\" data-id=\"852185c\" data-element_type=\"widget\" data-widget_type=\"text-editor.default\">\n\t\t\t\t<div class=\"elementor-widget-container\">\n\t\t\t\t\t\t\t\t<div class=\"elementor-text-editor elementor-clearfix\">\n\t\t\t\t<p>La \u201cBARCIS\u201d, dopo 62 anni, \u00e8 ritornata a Barcis. L\u2019arrivo della meteorite portata dagli amici agordini \u00e8 stato un momento di forte emozione e di orgoglio per tutti noi di Meteoriti Italia, consapevoli del forte contributo che si stava dando alla valorizzazione del patrimonio meteoritico nazionale.<\/p>\t\t\t\t\t<\/div>\n\t\t\t\t\t\t<\/div>\n\t\t\t\t<\/div>\n\t\t\t\t\t\t<\/div>\n\t\t\t\t\t<\/div>\n\t\t<\/div>\n\t\t\t\t<div class=\"elementor-column elementor-col-50 elementor-inner-column elementor-element elementor-element-ffa9d7f\" data-id=\"ffa9d7f\" data-element_type=\"column\">\n\t\t\t<div class=\"elementor-column-wrap elementor-element-populated\">\n\t\t\t\t\t\t\t<div class=\"elementor-widget-wrap\">\n\t\t\t\t\t\t<div class=\"elementor-element elementor-element-f14dcce elementor-widget elementor-widget-image\" data-id=\"f14dcce\" data-element_type=\"widget\" data-widget_type=\"image.default\">\n\t\t\t\t<div class=\"elementor-widget-container\">\n\t\t\t\t\t\t\t\t<div class=\"elementor-image\">\n\t\t\t\t\t\t\t\t\t<figure class=\"wp-caption\">\n\t\t\t\t\t\t\t\t\t\t<img decoding=\"async\" width=\"225\" height=\"300\" src=\"https:\/\/mail.meteorititalia.org\/wp-content\/uploads\/2019\/05\/Foto-37-225x300.jpeg\" class=\"attachment-medium size-medium wp-image-525\" alt=\"\" loading=\"lazy\" srcset=\"https:\/\/mail.meteorititalia.org\/wp-content\/uploads\/2019\/05\/Foto-37-225x300.jpeg 225w, https:\/\/mail.meteorititalia.org\/wp-content\/uploads\/2019\/05\/Foto-37-768x1024.jpeg 768w\" sizes=\"100vw\" \/>\t\t\t\t\t\t\t\t\t\t\t<figcaption class=\"widget-image-caption wp-caption-text\">Sola nella vetrina, preceduta dai pannelli che ne raccontano il ritrovamento, illustrano le caratteristiche e indicano la distribuzione dei vari campioni, la massa principale di \u201cBARCIS\u201d \u00e8 pronta a farsi ammirare (Foto M. Ianeselli; arch. Meteoriti Italia)<\/figcaption>\n\t\t\t\t\t\t\t\t\t\t<\/figure>\n\t\t\t\t\t\t\t\t<\/div>\n\t\t\t\t\t\t<\/div>\n\t\t\t\t<\/div>\n\t\t\t\t\t\t<\/div>\n\t\t\t\t\t<\/div>\n\t\t<\/div>\n\t\t\t\t\t\t\t\t<\/div>\n\t\t\t\t\t<\/div>\n\t\t<\/section>\n\t\t\t\t<section class=\"elementor-section elementor-inner-section elementor-element elementor-element-23048bb elementor-section-boxed elementor-section-height-default elementor-section-height-default wpr-particle-no wpr-jarallax-no wpr-parallax-no wpr-sticky-section-no\" data-id=\"23048bb\" data-element_type=\"section\">\n\t\t\t\t\t\t<div class=\"elementor-container elementor-column-gap-default\">\n\t\t\t\t\t\t\t<div class=\"elementor-row\">\n\t\t\t\t\t<div class=\"elementor-column elementor-col-50 elementor-inner-column elementor-element elementor-element-072ee72\" data-id=\"072ee72\" data-element_type=\"column\">\n\t\t\t<div class=\"elementor-column-wrap elementor-element-populated\">\n\t\t\t\t\t\t\t<div class=\"elementor-widget-wrap\">\n\t\t\t\t\t\t<div class=\"elementor-element elementor-element-b34bc8b elementor-widget elementor-widget-image\" data-id=\"b34bc8b\" data-element_type=\"widget\" data-widget_type=\"image.default\">\n\t\t\t\t<div class=\"elementor-widget-container\">\n\t\t\t\t\t\t\t\t<div class=\"elementor-image\">\n\t\t\t\t\t\t\t\t\t<figure class=\"wp-caption\">\n\t\t\t\t\t\t\t\t\t\t<img decoding=\"async\" width=\"525\" height=\"394\" src=\"https:\/\/mail.meteorititalia.org\/wp-content\/uploads\/2019\/07\/Foto-38-1024x768.jpg\" class=\"attachment-large size-large wp-image-558\" alt=\"\" loading=\"lazy\" srcset=\"https:\/\/mail.meteorititalia.org\/wp-content\/uploads\/2019\/07\/Foto-38-1024x768.jpg 1024w, https:\/\/mail.meteorititalia.org\/wp-content\/uploads\/2019\/07\/Foto-38-300x225.jpg 300w, https:\/\/mail.meteorititalia.org\/wp-content\/uploads\/2019\/07\/Foto-38-768x576.jpg 768w\" sizes=\"100vw\" \/>\t\t\t\t\t\t\t\t\t\t\t<figcaption class=\"widget-image-caption wp-caption-text\">La \u201cBARCIS\u201d in tutta la sua bellezza. (Foto M. Ianeselli; arch. Meteoriti Italia)<\/figcaption>\n\t\t\t\t\t\t\t\t\t\t<\/figure>\n\t\t\t\t\t\t\t\t<\/div>\n\t\t\t\t\t\t<\/div>\n\t\t\t\t<\/div>\n\t\t\t\t<div class=\"elementor-element elementor-element-1492574 elementor-widget elementor-widget-text-editor\" data-id=\"1492574\" data-element_type=\"widget\" data-widget_type=\"text-editor.default\">\n\t\t\t\t<div class=\"elementor-widget-container\">\n\t\t\t\t\t\t\t\t<div class=\"elementor-text-editor elementor-clearfix\">\n\t\t\t\t<p style=\"text-align: center;\"><strong>FOTO A<\/strong><\/p>\t\t\t\t\t<\/div>\n\t\t\t\t\t\t<\/div>\n\t\t\t\t<\/div>\n\t\t\t\t\t\t<\/div>\n\t\t\t\t\t<\/div>\n\t\t<\/div>\n\t\t\t\t<div class=\"elementor-column elementor-col-50 elementor-inner-column elementor-element elementor-element-458d16c\" data-id=\"458d16c\" data-element_type=\"column\">\n\t\t\t<div class=\"elementor-column-wrap elementor-element-populated\">\n\t\t\t\t\t\t\t<div class=\"elementor-widget-wrap\">\n\t\t\t\t\t\t<div class=\"elementor-element elementor-element-9ed6d2c elementor-widget elementor-widget-text-editor\" data-id=\"9ed6d2c\" data-element_type=\"widget\" data-widget_type=\"text-editor.default\">\n\t\t\t\t<div class=\"elementor-widget-container\">\n\t\t\t\t\t\t\t\t<div class=\"elementor-text-editor elementor-clearfix\">\n\t\t\t\t<p>All\u2019inaugurazione della mostra, l\u2019esposizione \u201cminimalista\u201d della \u201cBARCIS\u201d ha suscitato critiche da parte di alcuni invitati che avrebbero preferito una esposizione pi\u00f9 accattivante con luci e colori.<br \/>Naturalmente abbiamo preso atto dei consigli ma, considerando che prima di arrivare alla \u201cBARCIS\u201d bisognava confrontarsi con ben 4 pannelli a lei dedicati, abbiamo deciso che questo era pi\u00f9 che sufficiente per preparare il visitatore ad apprezzare la bellezza di questa straordinaria meteorite italiana.<\/p>\t\t\t\t\t<\/div>\n\t\t\t\t\t\t<\/div>\n\t\t\t\t<\/div>\n\t\t\t\t\t\t<\/div>\n\t\t\t\t\t<\/div>\n\t\t<\/div>\n\t\t\t\t\t\t\t\t<\/div>\n\t\t\t\t\t<\/div>\n\t\t<\/section>\n\t\t\t\t<section class=\"elementor-section elementor-inner-section elementor-element elementor-element-c72e70f elementor-section-boxed elementor-section-height-default elementor-section-height-default wpr-particle-no wpr-jarallax-no wpr-parallax-no wpr-sticky-section-no\" data-id=\"c72e70f\" data-element_type=\"section\">\n\t\t\t\t\t\t<div class=\"elementor-container elementor-column-gap-default\">\n\t\t\t\t\t\t\t<div class=\"elementor-row\">\n\t\t\t\t\t<div class=\"elementor-column elementor-col-50 elementor-inner-column elementor-element elementor-element-a755435\" data-id=\"a755435\" data-element_type=\"column\">\n\t\t\t<div class=\"elementor-column-wrap elementor-element-populated\">\n\t\t\t\t\t\t\t<div class=\"elementor-widget-wrap\">\n\t\t\t\t\t\t<div class=\"elementor-element elementor-element-0c420a5 elementor-widget elementor-widget-text-editor\" data-id=\"0c420a5\" data-element_type=\"widget\" data-widget_type=\"text-editor.default\">\n\t\t\t\t<div class=\"elementor-widget-container\">\n\t\t\t\t\t\t\t\t<div class=\"elementor-text-editor elementor-clearfix\">\n\t\t\t\t<p>A Barcis \u00e8 iniziato un ciclo di mostre pensate per dare il massimo risalto alla \u201cBARCIS\u201d e, nel giorno dell\u2019inaugurazione, in accordo con il Sindaco Claudio Traina, e con il presidente della Pro-Barcis, Maurizio Salvador, abbiamo reso omaggio \u00a0a Umberto Brancaleone, purtroppo gi\u00e0 deceduto, e a Giovanni Della Lucia \u00a0per il loro fondamentale contributo nella scoperta, classificazione e conservazione di questa pietra proveniente dallo Spazio che, oltre al grande valore scientifico, aiuter\u00e0 anche a far conoscere Barcis nel Mondo.<\/p>\t\t\t\t\t<\/div>\n\t\t\t\t\t\t<\/div>\n\t\t\t\t<\/div>\n\t\t\t\t\t\t<\/div>\n\t\t\t\t\t<\/div>\n\t\t<\/div>\n\t\t\t\t<div class=\"elementor-column elementor-col-50 elementor-inner-column elementor-element elementor-element-a13ced8\" data-id=\"a13ced8\" data-element_type=\"column\">\n\t\t\t<div class=\"elementor-column-wrap elementor-element-populated\">\n\t\t\t\t\t\t\t<div class=\"elementor-widget-wrap\">\n\t\t\t\t\t\t<div class=\"elementor-element elementor-element-7fcd5aa elementor-widget elementor-widget-image\" data-id=\"7fcd5aa\" data-element_type=\"widget\" data-widget_type=\"image.default\">\n\t\t\t\t<div class=\"elementor-widget-container\">\n\t\t\t\t\t\t\t\t<div class=\"elementor-image\">\n\t\t\t\t\t\t\t\t\t<figure class=\"wp-caption\">\n\t\t\t\t\t\t\t\t\t\t<img decoding=\"async\" width=\"525\" height=\"398\" src=\"https:\/\/mail.meteorititalia.org\/wp-content\/uploads\/2019\/07\/Foto-39-1024x776.jpg\" class=\"attachment-large size-large wp-image-559\" alt=\"\" loading=\"lazy\" srcset=\"https:\/\/mail.meteorititalia.org\/wp-content\/uploads\/2019\/07\/Foto-39-1024x776.jpg 1024w, https:\/\/mail.meteorititalia.org\/wp-content\/uploads\/2019\/07\/Foto-39-300x227.jpg 300w, https:\/\/mail.meteorititalia.org\/wp-content\/uploads\/2019\/07\/Foto-39-768x582.jpg 768w\" sizes=\"100vw\" \/>\t\t\t\t\t\t\t\t\t\t\t<figcaption class=\"widget-image-caption wp-caption-text\">La pergamena che ricorda Umberto Brancaleone viene consegnata a suo figlio dal Sindaco di Barcis Claudio Traina<\/figcaption>\n\t\t\t\t\t\t\t\t\t\t<\/figure>\n\t\t\t\t\t\t\t\t<\/div>\n\t\t\t\t\t\t<\/div>\n\t\t\t\t<\/div>\n\t\t\t\t\t\t<\/div>\n\t\t\t\t\t<\/div>\n\t\t<\/div>\n\t\t\t\t\t\t\t\t<\/div>\n\t\t\t\t\t<\/div>\n\t\t<\/section>\n\t\t\t\t<div class=\"elementor-element elementor-element-a92d3ee elementor-widget elementor-widget-image\" data-id=\"a92d3ee\" data-element_type=\"widget\" data-widget_type=\"image.default\">\n\t\t\t\t<div class=\"elementor-widget-container\">\n\t\t\t\t\t\t\t\t<div class=\"elementor-image\">\n\t\t\t\t\t\t\t\t\t<figure class=\"wp-caption\">\n\t\t\t\t\t\t\t\t\t\t<img decoding=\"async\" width=\"525\" height=\"378\" src=\"https:\/\/mail.meteorititalia.org\/wp-content\/uploads\/2019\/07\/Foto-40-768x553.jpg\" class=\"attachment-medium_large size-medium_large wp-image-560\" alt=\"\" loading=\"lazy\" srcset=\"https:\/\/mail.meteorititalia.org\/wp-content\/uploads\/2019\/07\/Foto-40-768x553.jpg 768w, https:\/\/mail.meteorititalia.org\/wp-content\/uploads\/2019\/07\/Foto-40-300x216.jpg 300w, https:\/\/mail.meteorititalia.org\/wp-content\/uploads\/2019\/07\/Foto-40-1024x737.jpg 1024w\" sizes=\"100vw\" \/>\t\t\t\t\t\t\t\t\t\t\t<figcaption class=\"widget-image-caption wp-caption-text\">La pergamena per Giovanni Della Lucia, consegnata da Maurizio Salvador (presidente della Pro-Barcis) al presidente di Meteoriti Italia che tiene i contatti con Giovanni residente negli USA. (Foto Ivan Castelrotto; arch. Meteoriti Italia)<\/figcaption>\n\t\t\t\t\t\t\t\t\t\t<\/figure>\n\t\t\t\t\t\t\t\t<\/div>\n\t\t\t\t\t\t<\/div>\n\t\t\t\t<\/div>\n\t\t\t\t<div class=\"elementor-element elementor-element-a9e7e3a elementor-widget-divider--view-line elementor-widget elementor-widget-divider\" data-id=\"a9e7e3a\" data-element_type=\"widget\" data-widget_type=\"divider.default\">\n\t\t\t\t<div class=\"elementor-widget-container\">\n\t\t\t\t\t<div class=\"elementor-divider\">\n\t\t\t<span class=\"elementor-divider-separator\">\n\t\t\t\t\t\t<\/span>\n\t\t<\/div>\n\t\t\t\t<\/div>\n\t\t\t\t<\/div>\n\t\t\t\t<div class=\"elementor-element elementor-element-3271764 elementor-widget elementor-widget-menu-anchor\" data-id=\"3271764\" data-element_type=\"widget\" data-widget_type=\"menu-anchor.default\">\n\t\t\t\t<div class=\"elementor-widget-container\">\n\t\t\t\t\t<div id=\"pordenone\" class=\"elementor-menu-anchor\"><\/div>\n\t\t\t\t<\/div>\n\t\t\t\t<\/div>\n\t\t\t\t<section class=\"elementor-section elementor-inner-section elementor-element elementor-element-1a3a7b7 elementor-section-boxed elementor-section-height-default elementor-section-height-default wpr-particle-no wpr-jarallax-no wpr-parallax-no wpr-sticky-section-no\" data-id=\"1a3a7b7\" data-element_type=\"section\">\n\t\t\t\t\t\t<div class=\"elementor-container elementor-column-gap-default\">\n\t\t\t\t\t\t\t<div class=\"elementor-row\">\n\t\t\t\t\t<div class=\"elementor-column elementor-col-50 elementor-inner-column elementor-element elementor-element-d9a4276\" data-id=\"d9a4276\" data-element_type=\"column\">\n\t\t\t<div class=\"elementor-column-wrap elementor-element-populated\">\n\t\t\t\t\t\t\t<div class=\"elementor-widget-wrap\">\n\t\t\t\t\t\t<div class=\"elementor-element elementor-element-eda1287 elementor-widget elementor-widget-text-editor\" data-id=\"eda1287\" data-element_type=\"widget\" data-widget_type=\"text-editor.default\">\n\t\t\t\t<div class=\"elementor-widget-container\">\n\t\t\t\t\t\t\t\t<div class=\"elementor-text-editor elementor-clearfix\">\n\t\t\t\t<h1><strong>La mostra di Pordenone<\/strong><\/h1>\t\t\t\t\t<\/div>\n\t\t\t\t\t\t<\/div>\n\t\t\t\t<\/div>\n\t\t\t\t<div class=\"elementor-element elementor-element-d954710 elementor-widget elementor-widget-text-editor\" data-id=\"d954710\" data-element_type=\"widget\" data-widget_type=\"text-editor.default\">\n\t\t\t\t<div class=\"elementor-widget-container\">\n\t\t\t\t\t\t\t\t<div class=\"elementor-text-editor elementor-clearfix\">\n\t\t\t\t<p><span style=\"font-size: 1rem;\">Il 26 giugno 2015, il nostro presidente Umberto, accompagnato dal socio Marco erano a Pordenone per una presentazione sulla Meteorite di Barcis in un convegno organizzato in occasione del Dolomiti Days.<\/span><\/p>\t\t\t\t\t<\/div>\n\t\t\t\t\t\t<\/div>\n\t\t\t\t<\/div>\n\t\t\t\t\t\t<\/div>\n\t\t\t\t\t<\/div>\n\t\t<\/div>\n\t\t\t\t<div class=\"elementor-column elementor-col-50 elementor-inner-column elementor-element elementor-element-58a75b3\" data-id=\"58a75b3\" data-element_type=\"column\">\n\t\t\t<div class=\"elementor-column-wrap elementor-element-populated\">\n\t\t\t\t\t\t\t<div class=\"elementor-widget-wrap\">\n\t\t\t\t\t\t<div class=\"elementor-element elementor-element-75bb209 elementor-widget elementor-widget-image\" data-id=\"75bb209\" data-element_type=\"widget\" data-widget_type=\"image.default\">\n\t\t\t\t<div class=\"elementor-widget-container\">\n\t\t\t\t\t\t\t\t<div class=\"elementor-image\">\n\t\t\t\t\t\t\t\t\t<figure class=\"wp-caption\">\n\t\t\t\t\t\t\t\t\t\t<img decoding=\"async\" width=\"525\" height=\"394\" src=\"https:\/\/mail.meteorititalia.org\/wp-content\/uploads\/2019\/07\/Foto-41-1-1024x768.jpg\" class=\"attachment-large size-large wp-image-561\" alt=\"\" loading=\"lazy\" srcset=\"https:\/\/mail.meteorititalia.org\/wp-content\/uploads\/2019\/07\/Foto-41-1-1024x768.jpg 1024w, https:\/\/mail.meteorititalia.org\/wp-content\/uploads\/2019\/07\/Foto-41-1-300x225.jpg 300w, https:\/\/mail.meteorititalia.org\/wp-content\/uploads\/2019\/07\/Foto-41-1-768x576.jpg 768w, https:\/\/mail.meteorititalia.org\/wp-content\/uploads\/2019\/07\/Foto-41-1.jpg 2000w\" sizes=\"100vw\" \/>\t\t\t\t\t\t\t\t\t\t\t<figcaption class=\"widget-image-caption wp-caption-text\">Biglietto d\u2019invito al convegno di Dolomiti Days<\/figcaption>\n\t\t\t\t\t\t\t\t\t\t<\/figure>\n\t\t\t\t\t\t\t\t<\/div>\n\t\t\t\t\t\t<\/div>\n\t\t\t\t<\/div>\n\t\t\t\t\t\t<\/div>\n\t\t\t\t\t<\/div>\n\t\t<\/div>\n\t\t\t\t\t\t\t\t<\/div>\n\t\t\t\t\t<\/div>\n\t\t<\/section>\n\t\t\t\t<section class=\"elementor-section elementor-inner-section elementor-element elementor-element-ceb07d5 elementor-section-boxed elementor-section-height-default elementor-section-height-default wpr-particle-no wpr-jarallax-no wpr-parallax-no wpr-sticky-section-no\" data-id=\"ceb07d5\" data-element_type=\"section\">\n\t\t\t\t\t\t<div class=\"elementor-container elementor-column-gap-default\">\n\t\t\t\t\t\t\t<div class=\"elementor-row\">\n\t\t\t\t\t<div class=\"elementor-column elementor-col-50 elementor-inner-column elementor-element elementor-element-17ee5c5\" data-id=\"17ee5c5\" data-element_type=\"column\">\n\t\t\t<div class=\"elementor-column-wrap elementor-element-populated\">\n\t\t\t\t\t\t\t<div class=\"elementor-widget-wrap\">\n\t\t\t\t\t\t<div class=\"elementor-element elementor-element-ca34742 elementor-widget elementor-widget-image\" data-id=\"ca34742\" data-element_type=\"widget\" data-widget_type=\"image.default\">\n\t\t\t\t<div class=\"elementor-widget-container\">\n\t\t\t\t\t\t\t\t<div class=\"elementor-image\">\n\t\t\t\t\t\t\t\t\t<figure class=\"wp-caption\">\n\t\t\t\t\t\t\t\t\t\t<img decoding=\"async\" width=\"525\" height=\"394\" src=\"https:\/\/mail.meteorititalia.org\/wp-content\/uploads\/2019\/07\/Foto-42-768x576.jpg\" class=\"attachment-medium_large size-medium_large wp-image-562\" alt=\"\" loading=\"lazy\" srcset=\"https:\/\/mail.meteorititalia.org\/wp-content\/uploads\/2019\/07\/Foto-42-768x576.jpg 768w, https:\/\/mail.meteorititalia.org\/wp-content\/uploads\/2019\/07\/Foto-42-300x225.jpg 300w, https:\/\/mail.meteorititalia.org\/wp-content\/uploads\/2019\/07\/Foto-42-1024x768.jpg 1024w\" sizes=\"100vw\" \/>\t\t\t\t\t\t\t\t\t\t\t<figcaption class=\"widget-image-caption wp-caption-text\">Alcuni dei quadri con le \u201ccopertine meteoritiche\u201d di vecchi settimanali. Notare la bellezza del pavimento della sala ingresso del Museo in \u201cterrazzo veneziano\u201d<\/figcaption>\n\t\t\t\t\t\t\t\t\t\t<\/figure>\n\t\t\t\t\t\t\t\t<\/div>\n\t\t\t\t\t\t<\/div>\n\t\t\t\t<\/div>\n\t\t\t\t<div class=\"elementor-element elementor-element-bf52caf elementor-widget elementor-widget-image\" data-id=\"bf52caf\" data-element_type=\"widget\" data-widget_type=\"image.default\">\n\t\t\t\t<div class=\"elementor-widget-container\">\n\t\t\t\t\t\t\t\t<div class=\"elementor-image\">\n\t\t\t\t\t\t\t\t\t<figure class=\"wp-caption\">\n\t\t\t\t\t\t\t\t\t\t<img decoding=\"async\" width=\"525\" height=\"394\" src=\"https:\/\/mail.meteorititalia.org\/wp-content\/uploads\/2019\/07\/Foto-43-768x576.jpeg\" class=\"attachment-medium_large size-medium_large wp-image-563\" alt=\"\" loading=\"lazy\" srcset=\"https:\/\/mail.meteorititalia.org\/wp-content\/uploads\/2019\/07\/Foto-43-768x576.jpeg 768w, https:\/\/mail.meteorititalia.org\/wp-content\/uploads\/2019\/07\/Foto-43-300x225.jpeg 300w, https:\/\/mail.meteorititalia.org\/wp-content\/uploads\/2019\/07\/Foto-43-1024x768.jpeg 1024w\" sizes=\"100vw\" \/>\t\t\t\t\t\t\t\t\t\t\t<figcaption class=\"widget-image-caption wp-caption-text\">Si sta lavorando per finire di esporre il materiale pubblicitario. A sx una serie \u201dmeteoritica\u201d di figurine Liebig e, a dx, il manifesto della Mostra di Meteoriti a Barcis<\/figcaption>\n\t\t\t\t\t\t\t\t\t\t<\/figure>\n\t\t\t\t\t\t\t\t<\/div>\n\t\t\t\t\t\t<\/div>\n\t\t\t\t<\/div>\n\t\t\t\t\t\t<\/div>\n\t\t\t\t\t<\/div>\n\t\t<\/div>\n\t\t\t\t<div class=\"elementor-column elementor-col-50 elementor-inner-column elementor-element elementor-element-bd33f4c\" data-id=\"bd33f4c\" data-element_type=\"column\">\n\t\t\t<div class=\"elementor-column-wrap elementor-element-populated\">\n\t\t\t\t\t\t\t<div class=\"elementor-widget-wrap\">\n\t\t\t\t\t\t<div class=\"elementor-element elementor-element-55f0743 elementor-widget elementor-widget-text-editor\" data-id=\"55f0743\" data-element_type=\"widget\" data-widget_type=\"text-editor.default\">\n\t\t\t\t<div class=\"elementor-widget-container\">\n\t\t\t\t\t\t\t\t<div class=\"elementor-text-editor elementor-clearfix\">\n\t\t\t\t<p>Alla fine del convegno, relatori e accompagnatori sono stati invitati dal Dr. Umberto Chalvien, Conservatore del Museo di Storia Naturale \u201cSilvia Zenari\u201d, a visitare questa bellissima realt\u00e0 di Pordenone dove, grazie a precedenti accordi con il Comune di Barcis, Meteoriti Italia avrebbe avuto degli spazi per pubblicizzare la Mostra di Meteoriti che, dal 1\u00b0agosto, avrebbe avuto luogo\u00a0\u00a0 a Barcis.<br \/>Una grande opportunit\u00e0 sia per la pubblicit\u00e0 dell\u2019evento che per i futuri rapporti di collaborazione di Meteoriti Italia con un Ente Pubblico impegnato nel divulgare la conoscenza scientifica.<br \/>Ritornati alla base e concordato il materiale da esporre, la settimana dopo Adriano ed Umberto erano al Museo di Pordenone per allestire gli spazi pubblicitari che ci avevano concesso.<br \/>Il materiale da posizionare consisteva in alcuni quadri con esposte le copertine di vecchi settimanali (es. la Domenica del Corriere) dedicate ad eventi meteoritici o a qualche notizia di astronomia e una serie di Figurine Liebig sempre sullo stesso argomento; materiale in tema, accattivante, e facile da esporre.<\/p>\t\t\t\t\t<\/div>\n\t\t\t\t\t\t<\/div>\n\t\t\t\t<\/div>\n\t\t\t\t\t\t<\/div>\n\t\t\t\t\t<\/div>\n\t\t<\/div>\n\t\t\t\t\t\t\t\t<\/div>\n\t\t\t\t\t<\/div>\n\t\t<\/section>\n\t\t\t\t<section class=\"elementor-section elementor-inner-section elementor-element elementor-element-9a4cc5b elementor-section-boxed elementor-section-height-default elementor-section-height-default wpr-particle-no wpr-jarallax-no wpr-parallax-no wpr-sticky-section-no\" data-id=\"9a4cc5b\" data-element_type=\"section\">\n\t\t\t\t\t\t<div class=\"elementor-container elementor-column-gap-default\">\n\t\t\t\t\t\t\t<div class=\"elementor-row\">\n\t\t\t\t\t<div class=\"elementor-column elementor-col-50 elementor-inner-column elementor-element elementor-element-270b5ca\" data-id=\"270b5ca\" data-element_type=\"column\">\n\t\t\t<div class=\"elementor-column-wrap elementor-element-populated\">\n\t\t\t\t\t\t\t<div class=\"elementor-widget-wrap\">\n\t\t\t\t\t\t<div class=\"elementor-element elementor-element-339f705 elementor-widget elementor-widget-text-editor\" data-id=\"339f705\" data-element_type=\"widget\" data-widget_type=\"text-editor.default\">\n\t\t\t\t<div class=\"elementor-widget-container\">\n\t\t\t\t\t\t\t\t<div class=\"elementor-text-editor elementor-clearfix\">\n\t\t\t\t<p>Per invogliare i visitatori a coinvolgersi con le meteoriti li invitavamo a cimentarsi nell\u2019individuare una vera meteorite tra altri quattro sassi che, per le loro peculiarit\u00e0, potevano assomigliare a delle meteoriti; per chi \u00e8 familiare con le meteoriti questo giochetto si basa sul distinguere una \u201cMeteo-right\u201d da 4 \u201cMeteo-wrong\u201d.<\/p><p><strong><em>Se desiderate cimentarvi anche voi, guardate la foto qui a seguito, seguite le istruzioni e, pur con lo svantaggio della foto non perfettamente chiara, inviateci una e-mail per farci sapere quale sasso \u00e8 la meteorite. A chi indovina manderemo, fino ad esaurimento scorte, la cartolina con la foto della \u201cBARCIS\u201d e speciale annullo filatelico<\/em>.<\/strong><\/p>\t\t\t\t\t<\/div>\n\t\t\t\t\t\t<\/div>\n\t\t\t\t<\/div>\n\t\t\t\t\t\t<\/div>\n\t\t\t\t\t<\/div>\n\t\t<\/div>\n\t\t\t\t<div class=\"elementor-column elementor-col-50 elementor-inner-column elementor-element elementor-element-fc3b0c8\" data-id=\"fc3b0c8\" data-element_type=\"column\">\n\t\t\t<div class=\"elementor-column-wrap elementor-element-populated\">\n\t\t\t\t\t\t\t<div class=\"elementor-widget-wrap\">\n\t\t\t\t\t\t<div class=\"elementor-element elementor-element-1fbacb6 elementor-widget elementor-widget-image\" data-id=\"1fbacb6\" data-element_type=\"widget\" data-widget_type=\"image.default\">\n\t\t\t\t<div class=\"elementor-widget-container\">\n\t\t\t\t\t\t\t\t<div class=\"elementor-image\">\n\t\t\t\t\t\t\t\t\t<figure class=\"wp-caption\">\n\t\t\t\t\t\t\t\t\t\t<img decoding=\"async\" width=\"525\" height=\"394\" src=\"https:\/\/mail.meteorititalia.org\/wp-content\/uploads\/2019\/07\/Foto-44-1024x768.jpeg\" class=\"attachment-large size-large wp-image-564\" alt=\"\" loading=\"lazy\" srcset=\"https:\/\/mail.meteorititalia.org\/wp-content\/uploads\/2019\/07\/Foto-44-1024x768.jpeg 1024w, https:\/\/mail.meteorititalia.org\/wp-content\/uploads\/2019\/07\/Foto-44-300x225.jpeg 300w, https:\/\/mail.meteorititalia.org\/wp-content\/uploads\/2019\/07\/Foto-44-768x576.jpeg 768w\" sizes=\"100vw\" \/>\t\t\t\t\t\t\t\t\t\t\t<figcaption class=\"widget-image-caption wp-caption-text\">Quale dei 5 sassi \u00e8 la meteorite? Quiz ancora valido<\/figcaption>\n\t\t\t\t\t\t\t\t\t\t<\/figure>\n\t\t\t\t\t\t\t\t<\/div>\n\t\t\t\t\t\t<\/div>\n\t\t\t\t<\/div>\n\t\t\t\t\t\t<\/div>\n\t\t\t\t\t<\/div>\n\t\t<\/div>\n\t\t\t\t\t\t\t\t<\/div>\n\t\t\t\t\t<\/div>\n\t\t<\/section>\n\t\t\t\t<div class=\"elementor-element elementor-element-b186e96 elementor-widget elementor-widget-text-editor\" data-id=\"b186e96\" data-element_type=\"widget\" data-widget_type=\"text-editor.default\">\n\t\t\t\t<div class=\"elementor-widget-container\">\n\t\t\t\t\t\t\t\t<div class=\"elementor-text-editor elementor-clearfix\">\n\t\t\t\t<p>Il 1\u00b0 agosto a Barcis, tra le autorit\u00e0 presenti all\u2019inaugurazione della Mostra di Meteoriti, c\u2019era anche il Dr. Chalvien che, entusiasta del nostro lavoro espositivo, ci ha offerto la possibilit\u00e0 di riproporre la mostra in una sala del Museo \u201cSilvia Zenari\u201d di Pordenone; il massimo a cui potevamo aspirare.<\/p><p>Adriano ed Umberto, ormai pratici del Museo di Pordenone, appena \u00e8 stato possibile si sono recati al Museo per visionare la sala che avrebbe ospitato la nostra prossima mostra, farne una piantina per studiare la sistemazione delle vetrine e dei pannelli e per valutare con il Dr. Chalvien quali sarebbero state le vetrine pi\u00f9 idonee per esporre le meteoriti.<\/p>\t\t\t\t\t<\/div>\n\t\t\t\t\t\t<\/div>\n\t\t\t\t<\/div>\n\t\t\t\t<section class=\"elementor-section elementor-inner-section elementor-element elementor-element-59d8946 elementor-section-boxed elementor-section-height-default elementor-section-height-default wpr-particle-no wpr-jarallax-no wpr-parallax-no wpr-sticky-section-no\" data-id=\"59d8946\" data-element_type=\"section\">\n\t\t\t\t\t\t<div class=\"elementor-container elementor-column-gap-default\">\n\t\t\t\t\t\t\t<div class=\"elementor-row\">\n\t\t\t\t\t<div class=\"elementor-column elementor-col-50 elementor-inner-column elementor-element elementor-element-82ec4da\" data-id=\"82ec4da\" data-element_type=\"column\">\n\t\t\t<div class=\"elementor-column-wrap elementor-element-populated\">\n\t\t\t\t\t\t\t<div class=\"elementor-widget-wrap\">\n\t\t\t\t\t\t<div class=\"elementor-element elementor-element-a11aec5 elementor-widget elementor-widget-image\" data-id=\"a11aec5\" data-element_type=\"widget\" data-widget_type=\"image.default\">\n\t\t\t\t<div class=\"elementor-widget-container\">\n\t\t\t\t\t\t\t\t<div class=\"elementor-image\">\n\t\t\t\t\t\t\t\t\t<figure class=\"wp-caption\">\n\t\t\t\t\t\t\t\t\t\t<img decoding=\"async\" width=\"525\" height=\"371\" src=\"https:\/\/mail.meteorititalia.org\/wp-content\/uploads\/2019\/07\/Foto-45-1024x724.jpg\" class=\"attachment-large size-large wp-image-565\" alt=\"\" loading=\"lazy\" srcset=\"https:\/\/mail.meteorititalia.org\/wp-content\/uploads\/2019\/07\/Foto-45-1024x724.jpg 1024w, https:\/\/mail.meteorititalia.org\/wp-content\/uploads\/2019\/07\/Foto-45-300x212.jpg 300w, https:\/\/mail.meteorititalia.org\/wp-content\/uploads\/2019\/07\/Foto-45-768x543.jpg 768w\" sizes=\"100vw\" \/>\t\t\t\t\t\t\t\t\t\t\t<figcaption class=\"widget-image-caption wp-caption-text\">Piantina della sala messaci a disposizione dal Museo, ricavata dalle misure fatte durante il sopraluogo. Notare l\u2019attenzione per le prese elettriche da dove dovremmo alimentare le vetrine<\/figcaption>\n\t\t\t\t\t\t\t\t\t\t<\/figure>\n\t\t\t\t\t\t\t\t<\/div>\n\t\t\t\t\t\t<\/div>\n\t\t\t\t<\/div>\n\t\t\t\t\t\t<\/div>\n\t\t\t\t\t<\/div>\n\t\t<\/div>\n\t\t\t\t<div class=\"elementor-column elementor-col-50 elementor-inner-column elementor-element elementor-element-0a487ba\" data-id=\"0a487ba\" data-element_type=\"column\">\n\t\t\t<div class=\"elementor-column-wrap elementor-element-populated\">\n\t\t\t\t\t\t\t<div class=\"elementor-widget-wrap\">\n\t\t\t\t\t\t<div class=\"elementor-element elementor-element-aa7e520 elementor-widget elementor-widget-image\" data-id=\"aa7e520\" data-element_type=\"widget\" data-widget_type=\"image.default\">\n\t\t\t\t<div class=\"elementor-widget-container\">\n\t\t\t\t\t\t\t\t<div class=\"elementor-image\">\n\t\t\t\t\t\t\t\t\t<figure class=\"wp-caption\">\n\t\t\t\t\t\t\t\t\t\t<img decoding=\"async\" width=\"525\" height=\"394\" src=\"https:\/\/mail.meteorititalia.org\/wp-content\/uploads\/2019\/07\/Foto-46-1024x768.jpeg\" class=\"attachment-large size-large wp-image-566\" alt=\"\" loading=\"lazy\" srcset=\"https:\/\/mail.meteorititalia.org\/wp-content\/uploads\/2019\/07\/Foto-46-1024x768.jpeg 1024w, https:\/\/mail.meteorititalia.org\/wp-content\/uploads\/2019\/07\/Foto-46-300x225.jpeg 300w, https:\/\/mail.meteorititalia.org\/wp-content\/uploads\/2019\/07\/Foto-46-768x576.jpeg 768w\" sizes=\"100vw\" \/>\t\t\t\t\t\t\t\t\t\t\t<figcaption class=\"widget-image-caption wp-caption-text\">Il tipo di vetrine messe a disposizione dal Museo per esporre le meteoriti. Possiamo contare su 6 vetrine pi\u00f9 1 teca grande per ospitare la \u201cBARCIS\u201d<\/figcaption>\n\t\t\t\t\t\t\t\t\t\t<\/figure>\n\t\t\t\t\t\t\t\t<\/div>\n\t\t\t\t\t\t<\/div>\n\t\t\t\t<\/div>\n\t\t\t\t\t\t<\/div>\n\t\t\t\t\t<\/div>\n\t\t<\/div>\n\t\t\t\t\t\t\t\t<\/div>\n\t\t\t\t\t<\/div>\n\t\t<\/section>\n\t\t\t\t<section class=\"elementor-section elementor-inner-section elementor-element elementor-element-2138d2e elementor-section-boxed elementor-section-height-default elementor-section-height-default wpr-particle-no wpr-jarallax-no wpr-parallax-no wpr-sticky-section-no\" data-id=\"2138d2e\" data-element_type=\"section\">\n\t\t\t\t\t\t<div class=\"elementor-container elementor-column-gap-default\">\n\t\t\t\t\t\t\t<div class=\"elementor-row\">\n\t\t\t\t\t<div class=\"elementor-column elementor-col-50 elementor-inner-column elementor-element elementor-element-870941e\" data-id=\"870941e\" data-element_type=\"column\">\n\t\t\t<div class=\"elementor-column-wrap elementor-element-populated\">\n\t\t\t\t\t\t\t<div class=\"elementor-widget-wrap\">\n\t\t\t\t\t\t<div class=\"elementor-element elementor-element-9bb40f4 elementor-widget elementor-widget-text-editor\" data-id=\"9bb40f4\" data-element_type=\"widget\" data-widget_type=\"text-editor.default\">\n\t\t\t\t<div class=\"elementor-widget-container\">\n\t\t\t\t\t\t\t\t<div class=\"elementor-text-editor elementor-clearfix\">\n\t\t\t\t<p>Pochi giorni dopo il sopraluogo, Adriano e Umberto si sono recati a Trento per concordare con Francesco e Mauro la disposizione definitiva delle vetrine e dei pannelli, lo spazio per gli astrofili pordenonesi e per il materiale del geom. Zin ed una possibile posizione per le due bacheche gi\u00e0 presenti nella sala.<\/p><p>Il risultato di questo incontro lo vedete nella piantina qui a seguito:<\/p>\t\t\t\t\t<\/div>\n\t\t\t\t\t\t<\/div>\n\t\t\t\t<\/div>\n\t\t\t\t\t\t<\/div>\n\t\t\t\t\t<\/div>\n\t\t<\/div>\n\t\t\t\t<div class=\"elementor-column elementor-col-50 elementor-inner-column elementor-element elementor-element-ac29e01\" data-id=\"ac29e01\" data-element_type=\"column\">\n\t\t\t<div class=\"elementor-column-wrap elementor-element-populated\">\n\t\t\t\t\t\t\t<div class=\"elementor-widget-wrap\">\n\t\t\t\t\t\t<div class=\"elementor-element elementor-element-063542c elementor-widget elementor-widget-image\" data-id=\"063542c\" data-element_type=\"widget\" data-widget_type=\"image.default\">\n\t\t\t\t<div class=\"elementor-widget-container\">\n\t\t\t\t\t\t\t\t<div class=\"elementor-image\">\n\t\t\t\t\t\t\t\t\t<figure class=\"wp-caption\">\n\t\t\t\t\t\t\t\t\t\t<img decoding=\"async\" width=\"525\" height=\"350\" src=\"https:\/\/mail.meteorititalia.org\/wp-content\/uploads\/2019\/07\/Foto-47-1-1024x683.jpeg\" class=\"attachment-large size-large wp-image-575\" alt=\"\" loading=\"lazy\" srcset=\"https:\/\/mail.meteorititalia.org\/wp-content\/uploads\/2019\/07\/Foto-47-1-1024x683.jpeg 1024w, https:\/\/mail.meteorititalia.org\/wp-content\/uploads\/2019\/07\/Foto-47-1-300x200.jpeg 300w, https:\/\/mail.meteorititalia.org\/wp-content\/uploads\/2019\/07\/Foto-47-1-768x512.jpeg 768w\" sizes=\"100vw\" \/>\t\t\t\t\t\t\t\t\t\t\t<figcaption class=\"widget-image-caption wp-caption-text\"><\/figcaption>\n\t\t\t\t\t\t\t\t\t\t<\/figure>\n\t\t\t\t\t\t\t\t<\/div>\n\t\t\t\t\t\t<\/div>\n\t\t\t\t<\/div>\n\t\t\t\t\t\t<\/div>\n\t\t\t\t\t<\/div>\n\t\t<\/div>\n\t\t\t\t\t\t\t\t<\/div>\n\t\t\t\t\t<\/div>\n\t\t<\/section>\n\t\t\t\t<section class=\"elementor-section elementor-inner-section elementor-element elementor-element-f93a4d3 elementor-section-boxed elementor-section-height-default elementor-section-height-default wpr-particle-no wpr-jarallax-no wpr-parallax-no wpr-sticky-section-no\" data-id=\"f93a4d3\" data-element_type=\"section\">\n\t\t\t\t\t\t<div class=\"elementor-container elementor-column-gap-default\">\n\t\t\t\t\t\t\t<div class=\"elementor-row\">\n\t\t\t\t\t<div class=\"elementor-column elementor-col-50 elementor-inner-column elementor-element elementor-element-7ef7adf\" data-id=\"7ef7adf\" data-element_type=\"column\">\n\t\t\t<div class=\"elementor-column-wrap elementor-element-populated\">\n\t\t\t\t\t\t\t<div class=\"elementor-widget-wrap\">\n\t\t\t\t\t\t<div class=\"elementor-element elementor-element-7bf8601 elementor-widget elementor-widget-text-editor\" data-id=\"7bf8601\" data-element_type=\"widget\" data-widget_type=\"text-editor.default\">\n\t\t\t\t<div class=\"elementor-widget-container\">\n\t\t\t\t\t\t\t\t<div class=\"elementor-text-editor elementor-clearfix\">\n\t\t\t\t<p>La mostra di Barcis si sarebbe conclusa alle 12:00 di domenica 13 settembre ed il Dr. Chalvien ci aveva chiesto di aver pronto l\u2019allestimento a Pordenone per il 16 settembre che era anche la data d\u2019inizio di \u201cPordenonelegge 2015\u201d una straordinaria manifestazione culturale e turistica, che richiama a Pordenone migliaia di persone.\u00a0<br \/>Per soddisfare la richiesta del Dr. Chalvien, tra l\u2019altro perfettamente in linea con i nostri obiettivi di visibilit\u00e0, il pomeriggio del 13 avremmo dovuto smontare la mostra di Barcis, trasportare il tutto a Pordenone e rimontare la nuova mostra prima di notte perch\u00e9, il luned\u00ec mattina, Francesco e Mauro dovevano essere al lavoro a Trento.\u00a0<br \/>Con dei tempi cos\u00ec stretti non si possono improvvisare le cose \u00a0e la piantina vi da una idea di quanta cura sia stata necessaria nel programmare la disposizione dei pannelli e delle vetrine per poter sperare di essere in grado di rispettare i ridottissimi tempi operativi a nostra disposizione.<br \/>Per non lasciare niente al caso, Adriano ed Umberto si sono recati pi\u00f9 volte al Museo di Pordenone per posizionare le vetrine, collegarle elettricamente, verificare che l\u2019illuminazione fosse sufficiente e, con l\u2019aiuto di una dima delle dimensioni di un nostro pannello espositivo, preparare tutti i punti d\u2019attacco necessari per esporre i nostri pannelli.<\/p>\t\t\t\t\t<\/div>\n\t\t\t\t\t\t<\/div>\n\t\t\t\t<\/div>\n\t\t\t\t\t\t<\/div>\n\t\t\t\t\t<\/div>\n\t\t<\/div>\n\t\t\t\t<div class=\"elementor-column elementor-col-50 elementor-inner-column elementor-element elementor-element-ea2d0cf\" data-id=\"ea2d0cf\" data-element_type=\"column\">\n\t\t\t<div class=\"elementor-column-wrap elementor-element-populated\">\n\t\t\t\t\t\t\t<div class=\"elementor-widget-wrap\">\n\t\t\t\t\t\t<div class=\"elementor-element elementor-element-c051e2d elementor-widget elementor-widget-image\" data-id=\"c051e2d\" data-element_type=\"widget\" data-widget_type=\"image.default\">\n\t\t\t\t<div class=\"elementor-widget-container\">\n\t\t\t\t\t\t\t\t<div class=\"elementor-image\">\n\t\t\t\t\t\t\t\t\t<figure class=\"wp-caption\">\n\t\t\t\t\t\t\t\t\t\t<img decoding=\"async\" width=\"525\" height=\"394\" src=\"https:\/\/mail.meteorititalia.org\/wp-content\/uploads\/2019\/07\/Foto-48-1024x768.jpg\" class=\"attachment-large size-large wp-image-576\" alt=\"\" loading=\"lazy\" srcset=\"https:\/\/mail.meteorititalia.org\/wp-content\/uploads\/2019\/07\/Foto-48-1024x768.jpg 1024w, https:\/\/mail.meteorititalia.org\/wp-content\/uploads\/2019\/07\/Foto-48-300x225.jpg 300w, https:\/\/mail.meteorititalia.org\/wp-content\/uploads\/2019\/07\/Foto-48-768x576.jpg 768w\" sizes=\"100vw\" \/>\t\t\t\t\t\t\t\t\t\t\t<figcaption class=\"widget-image-caption wp-caption-text\">Le 6 vetrine sono gi\u00e0 state posizionate, i punti d\u2019appoggio per i pannelli informativi sono stati individuati ed \u00e8 in corso il collegamento delle vetrine alla linea di alimentazione<\/figcaption>\n\t\t\t\t\t\t\t\t\t\t<\/figure>\n\t\t\t\t\t\t\t\t<\/div>\n\t\t\t\t\t\t<\/div>\n\t\t\t\t<\/div>\n\t\t\t\t<div class=\"elementor-element elementor-element-33904d6 elementor-widget elementor-widget-image\" data-id=\"33904d6\" data-element_type=\"widget\" data-widget_type=\"image.default\">\n\t\t\t\t<div class=\"elementor-widget-container\">\n\t\t\t\t\t\t\t\t<div class=\"elementor-image\">\n\t\t\t\t\t\t\t\t\t<figure class=\"wp-caption\">\n\t\t\t\t\t\t\t\t\t\t<img decoding=\"async\" width=\"525\" height=\"394\" src=\"https:\/\/mail.meteorititalia.org\/wp-content\/uploads\/2019\/07\/Foto-49-1024x768.jpg\" class=\"attachment-large size-large wp-image-577\" alt=\"\" loading=\"lazy\" srcset=\"https:\/\/mail.meteorititalia.org\/wp-content\/uploads\/2019\/07\/Foto-49-1024x768.jpg 1024w, https:\/\/mail.meteorititalia.org\/wp-content\/uploads\/2019\/07\/Foto-49-300x225.jpg 300w, https:\/\/mail.meteorititalia.org\/wp-content\/uploads\/2019\/07\/Foto-49-768x576.jpg 768w\" sizes=\"100vw\" \/>\t\t\t\t\t\t\t\t\t\t\t<figcaption class=\"widget-image-caption wp-caption-text\">E la luce sia! Siamo pronti per ricevere il materiale proveniente dalla mostra di Barcis.<\/figcaption>\n\t\t\t\t\t\t\t\t\t\t<\/figure>\n\t\t\t\t\t\t\t\t<\/div>\n\t\t\t\t\t\t<\/div>\n\t\t\t\t<\/div>\n\t\t\t\t\t\t<\/div>\n\t\t\t\t\t<\/div>\n\t\t<\/div>\n\t\t\t\t\t\t\t\t<\/div>\n\t\t\t\t\t<\/div>\n\t\t<\/section>\n\t\t\t\t<section class=\"elementor-section elementor-inner-section elementor-element elementor-element-719c272 elementor-section-boxed elementor-section-height-default elementor-section-height-default wpr-particle-no wpr-jarallax-no wpr-parallax-no wpr-sticky-section-no\" data-id=\"719c272\" data-element_type=\"section\">\n\t\t\t\t\t\t<div class=\"elementor-container elementor-column-gap-default\">\n\t\t\t\t\t\t\t<div class=\"elementor-row\">\n\t\t\t\t\t<div class=\"elementor-column elementor-col-50 elementor-inner-column elementor-element elementor-element-d28b87e\" data-id=\"d28b87e\" data-element_type=\"column\">\n\t\t\t<div class=\"elementor-column-wrap elementor-element-populated\">\n\t\t\t\t\t\t\t<div class=\"elementor-widget-wrap\">\n\t\t\t\t\t\t<div class=\"elementor-element elementor-element-836f5fc elementor-widget elementor-widget-image\" data-id=\"836f5fc\" data-element_type=\"widget\" data-widget_type=\"image.default\">\n\t\t\t\t<div class=\"elementor-widget-container\">\n\t\t\t\t\t\t\t\t<div class=\"elementor-image\">\n\t\t\t\t\t\t\t\t\t<figure class=\"wp-caption\">\n\t\t\t\t\t\t\t\t\t\t<img decoding=\"async\" width=\"225\" height=\"300\" src=\"https:\/\/mail.meteorititalia.org\/wp-content\/uploads\/2019\/07\/Foto-50-225x300.jpeg\" class=\"attachment-medium size-medium wp-image-578\" alt=\"\" loading=\"lazy\" srcset=\"https:\/\/mail.meteorititalia.org\/wp-content\/uploads\/2019\/07\/Foto-50-225x300.jpeg 225w, https:\/\/mail.meteorititalia.org\/wp-content\/uploads\/2019\/07\/Foto-50-768x1024.jpeg 768w\" sizes=\"100vw\" \/>\t\t\t\t\t\t\t\t\t\t\t<figcaption class=\"widget-image-caption wp-caption-text\">Feltre, l\u2019attrezzatura per il trasloco della mostra da Barcis a Pordenone \u00e8 in attesa di essere caricata. La valigetta arancione, sul muretto a sx del cancelletto, \u00e8 una \u201cPeli Storm Case\u201d, il massimo della tecnologia per trasportare oggetti delicati; ospiter\u00e0 la\u201dBARCIS\u201d nel viaggio Barcis- Pordenone.<\/figcaption>\n\t\t\t\t\t\t\t\t\t\t<\/figure>\n\t\t\t\t\t\t\t\t<\/div>\n\t\t\t\t\t\t<\/div>\n\t\t\t\t<\/div>\n\t\t\t\t\t\t<\/div>\n\t\t\t\t\t<\/div>\n\t\t<\/div>\n\t\t\t\t<div class=\"elementor-column elementor-col-50 elementor-inner-column elementor-element elementor-element-d00074e\" data-id=\"d00074e\" data-element_type=\"column\">\n\t\t\t<div class=\"elementor-column-wrap elementor-element-populated\">\n\t\t\t\t\t\t\t<div class=\"elementor-widget-wrap\">\n\t\t\t\t\t\t<div class=\"elementor-element elementor-element-a8f8752 elementor-widget elementor-widget-text-editor\" data-id=\"a8f8752\" data-element_type=\"widget\" data-widget_type=\"text-editor.default\">\n\t\t\t\t<div class=\"elementor-widget-container\">\n\t\t\t\t\t\t\t\t<div class=\"elementor-text-editor elementor-clearfix\">\n\t\t\t\t<p>Domenica, 13 settembre, di buona mattina, Adriano ed Umberto partono per andare a Barcis, smontare la mostra e poi andare a Pordenone ad allestirne un\u2019altra; parafrasando Concato, una vera \u201cdomenica..bestiale\u201d.<\/p>\t\t\t\t\t<\/div>\n\t\t\t\t\t\t<\/div>\n\t\t\t\t<\/div>\n\t\t\t\t\t\t<\/div>\n\t\t\t\t\t<\/div>\n\t\t<\/div>\n\t\t\t\t\t\t\t\t<\/div>\n\t\t\t\t\t<\/div>\n\t\t<\/section>\n\t\t\t\t<section class=\"elementor-section elementor-inner-section elementor-element elementor-element-7da9fe9 elementor-section-boxed elementor-section-height-default elementor-section-height-default wpr-particle-no wpr-jarallax-no wpr-parallax-no wpr-sticky-section-no\" data-id=\"7da9fe9\" data-element_type=\"section\">\n\t\t\t\t\t\t<div class=\"elementor-container elementor-column-gap-default\">\n\t\t\t\t\t\t\t<div class=\"elementor-row\">\n\t\t\t\t\t<div class=\"elementor-column elementor-col-50 elementor-inner-column elementor-element elementor-element-61d8f13\" data-id=\"61d8f13\" data-element_type=\"column\">\n\t\t\t<div class=\"elementor-column-wrap elementor-element-populated\">\n\t\t\t\t\t\t\t<div class=\"elementor-widget-wrap\">\n\t\t\t\t\t\t<div class=\"elementor-element elementor-element-7d0acd1 elementor-widget elementor-widget-text-editor\" data-id=\"7d0acd1\" data-element_type=\"widget\" data-widget_type=\"text-editor.default\">\n\t\t\t\t<div class=\"elementor-widget-container\">\n\t\t\t\t\t\t\t\t<div class=\"elementor-text-editor elementor-clearfix\">\n\t\t\t\t<p>A Barcis, i nostri si incontrano con Francesco, Mauro e Manuela appena arrivati da Trento e, in attesa della chiusura ufficiale della mostra (12:00), vanno a discutere le ultime strategie operative in un chiosco vicino al lago dove possono anche mangiare un boccone prima del lungo \u201ctour \u00a0de force\u201d.<br \/>Alle 12:00, precise, sollecitando gli ultimi visitatori della mostra ad abbandonare i locali e regalando loro delle cartoline della \u201cBARCIS\u201d con speciale annullo filatelico perch\u00e9 non vadano via scontenti (della serie: beati gli ultimi!), iniziano i lavori di smontaggio.<br \/>Francesco, Mauro e Manuela si dedicano ad inscatolare le meteoriti mentre Adriano ed Umberto staccano ed impacchettano i pannelli illustrativi, le foto, i banner ed inscatolano le impattiti e le tectiti della collezione didattica di Meteoriti Italia.<br \/>Per ultima, e tutti 5 assieme, mettono la \u201cBARCIS\u201d nella super tecnologica \u201cPeli Storm Case\u201d e la consegnano ad Umberto che non la moller\u00e0 pi\u00f9 fino al posizionamento nell\u2019apposita teca allestita nel Museo di Pordenone.<br \/>Cinque persone che lavorano alacremente, maneggiano oggetti delicati, spostano valige e scatoloni, usano attrezzi in comune (taglierini, pinze, forbici, rotoli di scotch, etc) in un ambiente chiuso possono creare un vero casino; questi, per\u00f2, non sono pi\u00f9 solo persone oramai sono una squadra che lavora benissimo assieme in perfetta armonia e grande cooperazione.<br \/><span style=\"font-size: 1rem;\">Questo per dirvi che, in molto meno tempo del previsto, i nostri cinque hanno smontato la mostra, caricato tutto sulle macchine, salutati gli amici di Barcis e partiti per Pordenone dove arrivano verso le 16:00.<\/span><\/p>\t\t\t\t\t<\/div>\n\t\t\t\t\t\t<\/div>\n\t\t\t\t<\/div>\n\t\t\t\t\t\t<\/div>\n\t\t\t\t\t<\/div>\n\t\t<\/div>\n\t\t\t\t<div class=\"elementor-column elementor-col-50 elementor-inner-column elementor-element elementor-element-7b191ac\" data-id=\"7b191ac\" data-element_type=\"column\">\n\t\t\t<div class=\"elementor-column-wrap elementor-element-populated\">\n\t\t\t\t\t\t\t<div class=\"elementor-widget-wrap\">\n\t\t\t\t\t\t<div class=\"elementor-element elementor-element-cca7f18 elementor-widget elementor-widget-image\" data-id=\"cca7f18\" data-element_type=\"widget\" data-widget_type=\"image.default\">\n\t\t\t\t<div class=\"elementor-widget-container\">\n\t\t\t\t\t\t\t\t<div class=\"elementor-image\">\n\t\t\t\t\t\t\t\t\t<figure class=\"wp-caption\">\n\t\t\t\t\t\t\t\t\t\t<img decoding=\"async\" width=\"525\" height=\"394\" src=\"https:\/\/mail.meteorititalia.org\/wp-content\/uploads\/2019\/07\/Foto-51-1024x768.jpg\" class=\"attachment-large size-large wp-image-579\" alt=\"\" loading=\"lazy\" srcset=\"https:\/\/mail.meteorititalia.org\/wp-content\/uploads\/2019\/07\/Foto-51-1024x768.jpg 1024w, https:\/\/mail.meteorititalia.org\/wp-content\/uploads\/2019\/07\/Foto-51-300x225.jpg 300w, https:\/\/mail.meteorititalia.org\/wp-content\/uploads\/2019\/07\/Foto-51-768x576.jpg 768w\" sizes=\"100vw\" \/>\t\t\t\t\t\t\t\t\t\t\t<figcaption class=\"widget-image-caption wp-caption-text\">I nostri sono arrivanti davanti al Museo di Pordenone. Non si perde tempo. Umberto ha gi\u00e0 depositato la \u201cBARCIS\u201d, Manuela e Francesco scaricano la macchina, Adriano \u00e8 all\u2019interno del Museo e Mauro fotografa il tutto.(Foto M. Ianeselli; arch. Meteoriti Italia)<\/figcaption>\n\t\t\t\t\t\t\t\t\t\t<\/figure>\n\t\t\t\t\t\t\t\t<\/div>\n\t\t\t\t\t\t<\/div>\n\t\t\t\t<\/div>\n\t\t\t\t<div class=\"elementor-element elementor-element-d80c7d2 elementor-widget elementor-widget-image\" data-id=\"d80c7d2\" data-element_type=\"widget\" data-widget_type=\"image.default\">\n\t\t\t\t<div class=\"elementor-widget-container\">\n\t\t\t\t\t\t\t\t<div class=\"elementor-image\">\n\t\t\t\t\t\t\t\t\t<figure class=\"wp-caption\">\n\t\t\t\t\t\t\t\t\t\t<img decoding=\"async\" width=\"525\" height=\"394\" src=\"https:\/\/mail.meteorititalia.org\/wp-content\/uploads\/2019\/07\/Foto-52-1024x768.jpg\" class=\"attachment-large size-large wp-image-580\" alt=\"\" loading=\"lazy\" srcset=\"https:\/\/mail.meteorititalia.org\/wp-content\/uploads\/2019\/07\/Foto-52-1024x768.jpg 1024w, https:\/\/mail.meteorititalia.org\/wp-content\/uploads\/2019\/07\/Foto-52-300x225.jpg 300w, https:\/\/mail.meteorititalia.org\/wp-content\/uploads\/2019\/07\/Foto-52-768x576.jpg 768w\" sizes=\"100vw\" \/>\t\t\t\t\t\t\t\t\t\t\t<figcaption class=\"widget-image-caption wp-caption-text\">Adriano, sulla porta, aiuta i colleghi che trasportano l\u2019attrezzatura pi\u00f9 ingombrante. (Foto M. Ianeselli; arch. Meteoriti Italia)\n<\/figcaption>\n\t\t\t\t\t\t\t\t\t\t<\/figure>\n\t\t\t\t\t\t\t\t<\/div>\n\t\t\t\t\t\t<\/div>\n\t\t\t\t<\/div>\n\t\t\t\t\t\t<\/div>\n\t\t\t\t\t<\/div>\n\t\t<\/div>\n\t\t\t\t\t\t\t\t<\/div>\n\t\t\t\t\t<\/div>\n\t\t<\/section>\n\t\t\t\t<section class=\"elementor-section elementor-inner-section elementor-element elementor-element-3f60e8a elementor-section-boxed elementor-section-height-default elementor-section-height-default wpr-particle-no wpr-jarallax-no wpr-parallax-no wpr-sticky-section-no\" data-id=\"3f60e8a\" data-element_type=\"section\">\n\t\t\t\t\t\t<div class=\"elementor-container elementor-column-gap-default\">\n\t\t\t\t\t\t\t<div class=\"elementor-row\">\n\t\t\t\t\t<div class=\"elementor-column elementor-col-50 elementor-inner-column elementor-element elementor-element-11721d1\" data-id=\"11721d1\" data-element_type=\"column\">\n\t\t\t<div class=\"elementor-column-wrap elementor-element-populated\">\n\t\t\t\t\t\t\t<div class=\"elementor-widget-wrap\">\n\t\t\t\t\t\t<div class=\"elementor-element elementor-element-57177ef elementor-widget elementor-widget-image\" data-id=\"57177ef\" data-element_type=\"widget\" data-widget_type=\"image.default\">\n\t\t\t\t<div class=\"elementor-widget-container\">\n\t\t\t\t\t\t\t\t<div class=\"elementor-image\">\n\t\t\t\t\t\t\t\t\t<figure class=\"wp-caption\">\n\t\t\t\t\t\t\t\t\t\t<img decoding=\"async\" width=\"525\" height=\"394\" src=\"https:\/\/mail.meteorititalia.org\/wp-content\/uploads\/2019\/07\/Foto-53-1024x768.jpg\" class=\"attachment-large size-large wp-image-581\" alt=\"\" loading=\"lazy\" srcset=\"https:\/\/mail.meteorititalia.org\/wp-content\/uploads\/2019\/07\/Foto-53-1024x768.jpg 1024w, https:\/\/mail.meteorititalia.org\/wp-content\/uploads\/2019\/07\/Foto-53-300x225.jpg 300w, https:\/\/mail.meteorititalia.org\/wp-content\/uploads\/2019\/07\/Foto-53-768x576.jpg 768w\" sizes=\"100vw\" \/>\t\t\t\t\t\t\t\t\t\t\t<figcaption class=\"widget-image-caption wp-caption-text\">I quattro componenti maschili della squadra, davanti l\u2019ingresso della sala che ospita la mostra dedicata alle meteoriti e sovrastati dal banner della \u201cBARCIS\u201d. Da sx a dx: Mauro, Francesco, Umberto e Adriano. Il quinto componente, Manuela, \u00e8 dietro l\u2019obiettivo. (Foto: Manuela; arch. Meteoriti Italia)<\/figcaption>\n\t\t\t\t\t\t\t\t\t\t<\/figure>\n\t\t\t\t\t\t\t\t<\/div>\n\t\t\t\t\t\t<\/div>\n\t\t\t\t<\/div>\n\t\t\t\t\t\t<\/div>\n\t\t\t\t\t<\/div>\n\t\t<\/div>\n\t\t\t\t<div class=\"elementor-column elementor-col-50 elementor-inner-column elementor-element elementor-element-edb5618\" data-id=\"edb5618\" data-element_type=\"column\">\n\t\t\t<div class=\"elementor-column-wrap elementor-element-populated\">\n\t\t\t\t\t\t\t<div class=\"elementor-widget-wrap\">\n\t\t\t\t\t\t<div class=\"elementor-element elementor-element-b9eddf4 elementor-widget elementor-widget-text-editor\" data-id=\"b9eddf4\" data-element_type=\"widget\" data-widget_type=\"text-editor.default\">\n\t\t\t\t<div class=\"elementor-widget-container\">\n\t\t\t\t\t\t\t\t<div class=\"elementor-text-editor elementor-clearfix\">\n\t\t\t\t<p>Salutato il personale del Museo e telefonato al Dr. Chalvien per assicurarlo che, prima di notte, l\u2019allestimento della mostra sarebbe stato completato, i cinque posizionano la \u201cBARCIS\u201d e iniziano\u00a0 i lavori.<br \/>L\u2019allestimento, grazie anche allo scrupoloso lavoro preparatorio di Adriano ed Umberto, procede senza intoppi. La squadra lavora con precisione e velocit\u00e0 e se qualcuno ha un attimo di distrazione o rallenta, basta che incroci gli sguardi allarmati dei guardiani del Museo che temono di fare le ore piccole, per riprendere a lavorare pi\u00f9 svelto e meglio di prima.<br \/>Grazie agli amici astrofili dell\u2019A.P.A. di Pordenone che, in settimana, avevano gi\u00e0 allestito lo spazio a loro dedicato, uno volta completato l\u2019allestimento di Meteoriti Italia la squadra ha posizionato anche il materiale riguardante la costruzione della diga di Barcis e, con questo ultimo tocco, il nuovo allestimento per la mostra di meteoriti a Pordenone era completato.<br \/>Erano quasi le 20:00; il lavoro era finito; i guardiani del Museo, visto che non correvano pi\u00f9 il rischio di arrivare a casa a notte fonda, avevano ripreso a sorridere e, prima di partire, i maschi della squadra si \u00a0sono fatti fotografare da Manuela davanti all\u2019ingesso della sala che ospita la nostra mostra di meteoriti.<\/p>\t\t\t\t\t<\/div>\n\t\t\t\t\t\t<\/div>\n\t\t\t\t<\/div>\n\t\t\t\t\t\t<\/div>\n\t\t\t\t\t<\/div>\n\t\t<\/div>\n\t\t\t\t\t\t\t\t<\/div>\n\t\t\t\t\t<\/div>\n\t\t<\/section>\n\t\t\t\t<div class=\"elementor-element elementor-element-a5fd4ad elementor-widget elementor-widget-text-editor\" data-id=\"a5fd4ad\" data-element_type=\"widget\" data-widget_type=\"text-editor.default\">\n\t\t\t\t<div class=\"elementor-widget-container\">\n\t\t\t\t\t\t\t\t<div class=\"elementor-text-editor elementor-clearfix\">\n\t\t\t\t<p>Dalla foto \u00e8 chiaro che la squadra vi invita ad entrare nella sala per ammirare il lavoro che hanno fatto pertanto, entriamo insieme e godiamoci queste foto della mostra\u00a0 di meteoriti a Pordenone:<\/p>\t\t\t\t\t<\/div>\n\t\t\t\t\t\t<\/div>\n\t\t\t\t<\/div>\n\t\t\t\t<div class=\"elementor-element elementor-element-9fe8930 elementor-widget elementor-widget-image-gallery\" data-id=\"9fe8930\" data-element_type=\"widget\" data-widget_type=\"image-gallery.default\">\n\t\t\t\t<div class=\"elementor-widget-container\">\n\t\t\t\t\t<div class=\"elementor-image-gallery\">\n\t\t\t<div id='gallery-8' class='gallery galleryid-465 gallery-columns-4 gallery-size-medium'><figure class='gallery-item'>\n\t\t\t<div class='gallery-icon landscape'>\n\t\t\t\t<a data-elementor-open-lightbox=\"yes\" data-elementor-lightbox-slideshow=\"9fe8930\" data-elementor-lightbox-title=\"Foto 54\" data-e-action-hash=\"#elementor-action%3Aaction%3Dlightbox%26settings%3DeyJpZCI6NTgyLCJ1cmwiOiJodHRwczpcL1wvbWFpbC5tZXRlb3JpdGl0YWxpYS5vcmdcL3dwLWNvbnRlbnRcL3VwbG9hZHNcLzIwMTlcLzA3XC9Gb3RvLTU0LmpwZyIsInNsaWRlc2hvdyI6IjlmZTg5MzAifQ%3D%3D\" href='https:\/\/mail.meteorititalia.org\/wp-content\/uploads\/2019\/07\/Foto-54.jpg'><img width=\"300\" height=\"225\" src=\"https:\/\/mail.meteorititalia.org\/wp-content\/uploads\/2019\/07\/Foto-54-300x225.jpg\" class=\"attachment-medium size-medium\" alt=\"\" decoding=\"async\" loading=\"lazy\" aria-describedby=\"gallery-8-582\" srcset=\"https:\/\/mail.meteorititalia.org\/wp-content\/uploads\/2019\/07\/Foto-54-300x225.jpg 300w, https:\/\/mail.meteorititalia.org\/wp-content\/uploads\/2019\/07\/Foto-54-768x576.jpg 768w, https:\/\/mail.meteorititalia.org\/wp-content\/uploads\/2019\/07\/Foto-54-1024x768.jpg 1024w\" sizes=\"100vw\" \/><\/a>\n\t\t\t<\/div>\n\t\t\t\t<figcaption class='wp-caption-text gallery-caption' id='gallery-8-582'>\n\t\t\t\tPanoramica della mostra. (Foto: M.Ianeselli; arch. Meteoriti Italia)\n\t\t\t\t<\/figcaption><\/figure><figure class='gallery-item'>\n\t\t\t<div class='gallery-icon landscape'>\n\t\t\t\t<a data-elementor-open-lightbox=\"yes\" data-elementor-lightbox-slideshow=\"9fe8930\" data-elementor-lightbox-title=\"Foto 55\" data-e-action-hash=\"#elementor-action%3Aaction%3Dlightbox%26settings%3DeyJpZCI6NTgzLCJ1cmwiOiJodHRwczpcL1wvbWFpbC5tZXRlb3JpdGl0YWxpYS5vcmdcL3dwLWNvbnRlbnRcL3VwbG9hZHNcLzIwMTlcLzA3XC9Gb3RvLTU1LmpwZyIsInNsaWRlc2hvdyI6IjlmZTg5MzAifQ%3D%3D\" href='https:\/\/mail.meteorititalia.org\/wp-content\/uploads\/2019\/07\/Foto-55.jpg'><img width=\"300\" height=\"225\" src=\"https:\/\/mail.meteorititalia.org\/wp-content\/uploads\/2019\/07\/Foto-55-300x225.jpg\" class=\"attachment-medium size-medium\" alt=\"\" decoding=\"async\" loading=\"lazy\" aria-describedby=\"gallery-8-583\" srcset=\"https:\/\/mail.meteorititalia.org\/wp-content\/uploads\/2019\/07\/Foto-55-300x225.jpg 300w, https:\/\/mail.meteorititalia.org\/wp-content\/uploads\/2019\/07\/Foto-55-768x576.jpg 768w, https:\/\/mail.meteorititalia.org\/wp-content\/uploads\/2019\/07\/Foto-55-1024x768.jpg 1024w\" sizes=\"100vw\" \/><\/a>\n\t\t\t<\/div>\n\t\t\t\t<figcaption class='wp-caption-text gallery-caption' id='gallery-8-583'>\n\t\t\t\tPanoramica della mostra. (Foto: M.Ianeselli; arch. Meteoriti Italia)\n\t\t\t\t<\/figcaption><\/figure><figure class='gallery-item'>\n\t\t\t<div class='gallery-icon landscape'>\n\t\t\t\t<a data-elementor-open-lightbox=\"yes\" data-elementor-lightbox-slideshow=\"9fe8930\" data-elementor-lightbox-title=\"Foto 56\" data-e-action-hash=\"#elementor-action%3Aaction%3Dlightbox%26settings%3DeyJpZCI6NTg0LCJ1cmwiOiJodHRwczpcL1wvbWFpbC5tZXRlb3JpdGl0YWxpYS5vcmdcL3dwLWNvbnRlbnRcL3VwbG9hZHNcLzIwMTlcLzA3XC9Gb3RvLTU2LmpwZyIsInNsaWRlc2hvdyI6IjlmZTg5MzAifQ%3D%3D\" href='https:\/\/mail.meteorititalia.org\/wp-content\/uploads\/2019\/07\/Foto-56.jpg'><img width=\"300\" height=\"225\" src=\"https:\/\/mail.meteorititalia.org\/wp-content\/uploads\/2019\/07\/Foto-56-300x225.jpg\" class=\"attachment-medium size-medium\" alt=\"\" decoding=\"async\" loading=\"lazy\" aria-describedby=\"gallery-8-584\" srcset=\"https:\/\/mail.meteorititalia.org\/wp-content\/uploads\/2019\/07\/Foto-56-300x225.jpg 300w, https:\/\/mail.meteorititalia.org\/wp-content\/uploads\/2019\/07\/Foto-56-768x576.jpg 768w, https:\/\/mail.meteorititalia.org\/wp-content\/uploads\/2019\/07\/Foto-56-1024x768.jpg 1024w\" sizes=\"100vw\" \/><\/a>\n\t\t\t<\/div>\n\t\t\t\t<figcaption class='wp-caption-text gallery-caption' id='gallery-8-584'>\n\t\t\t\tPanoramica della mostra. (Foto: M.Ianeselli; arch. Meteoriti Italia)\n\t\t\t\t<\/figcaption><\/figure><figure class='gallery-item'>\n\t\t\t<div class='gallery-icon landscape'>\n\t\t\t\t<a data-elementor-open-lightbox=\"yes\" data-elementor-lightbox-slideshow=\"9fe8930\" data-elementor-lightbox-title=\"Foto 57\" data-e-action-hash=\"#elementor-action%3Aaction%3Dlightbox%26settings%3DeyJpZCI6NTg1LCJ1cmwiOiJodHRwczpcL1wvbWFpbC5tZXRlb3JpdGl0YWxpYS5vcmdcL3dwLWNvbnRlbnRcL3VwbG9hZHNcLzIwMTlcLzA3XC9Gb3RvLTU3LmpwZyIsInNsaWRlc2hvdyI6IjlmZTg5MzAifQ%3D%3D\" href='https:\/\/mail.meteorititalia.org\/wp-content\/uploads\/2019\/07\/Foto-57.jpg'><img width=\"300\" height=\"225\" src=\"https:\/\/mail.meteorititalia.org\/wp-content\/uploads\/2019\/07\/Foto-57-300x225.jpg\" class=\"attachment-medium size-medium\" alt=\"\" decoding=\"async\" loading=\"lazy\" aria-describedby=\"gallery-8-585\" srcset=\"https:\/\/mail.meteorititalia.org\/wp-content\/uploads\/2019\/07\/Foto-57-300x225.jpg 300w, https:\/\/mail.meteorititalia.org\/wp-content\/uploads\/2019\/07\/Foto-57-768x576.jpg 768w, https:\/\/mail.meteorititalia.org\/wp-content\/uploads\/2019\/07\/Foto-57-1024x768.jpg 1024w\" sizes=\"100vw\" \/><\/a>\n\t\t\t<\/div>\n\t\t\t\t<figcaption class='wp-caption-text gallery-caption' id='gallery-8-585'>\n\t\t\t\tPanoramica della mostra. (Foto: M.Ianeselli; arch. Meteoriti Italia)\n\t\t\t\t<\/figcaption><\/figure><figure class='gallery-item'>\n\t\t\t<div class='gallery-icon landscape'>\n\t\t\t\t<a data-elementor-open-lightbox=\"yes\" data-elementor-lightbox-slideshow=\"9fe8930\" data-elementor-lightbox-title=\"Foto 58\" data-e-action-hash=\"#elementor-action%3Aaction%3Dlightbox%26settings%3DeyJpZCI6NTg2LCJ1cmwiOiJodHRwczpcL1wvbWFpbC5tZXRlb3JpdGl0YWxpYS5vcmdcL3dwLWNvbnRlbnRcL3VwbG9hZHNcLzIwMTlcLzA3XC9Gb3RvLTU4LmpwZyIsInNsaWRlc2hvdyI6IjlmZTg5MzAifQ%3D%3D\" href='https:\/\/mail.meteorititalia.org\/wp-content\/uploads\/2019\/07\/Foto-58.jpg'><img width=\"300\" height=\"225\" src=\"https:\/\/mail.meteorititalia.org\/wp-content\/uploads\/2019\/07\/Foto-58-300x225.jpg\" class=\"attachment-medium size-medium\" alt=\"\" decoding=\"async\" loading=\"lazy\" aria-describedby=\"gallery-8-586\" srcset=\"https:\/\/mail.meteorititalia.org\/wp-content\/uploads\/2019\/07\/Foto-58-300x225.jpg 300w, https:\/\/mail.meteorititalia.org\/wp-content\/uploads\/2019\/07\/Foto-58-768x576.jpg 768w, https:\/\/mail.meteorititalia.org\/wp-content\/uploads\/2019\/07\/Foto-58-1024x768.jpg 1024w\" sizes=\"100vw\" \/><\/a>\n\t\t\t<\/div>\n\t\t\t\t<figcaption class='wp-caption-text gallery-caption' id='gallery-8-586'>\n\t\t\t\tPanoramica della mostra. (Foto: M.Ianeselli; arch. Meteoriti Italia)\n\t\t\t\t<\/figcaption><\/figure><figure class='gallery-item'>\n\t\t\t<div class='gallery-icon landscape'>\n\t\t\t\t<a data-elementor-open-lightbox=\"yes\" data-elementor-lightbox-slideshow=\"9fe8930\" data-elementor-lightbox-title=\"Foto 59\" data-e-action-hash=\"#elementor-action%3Aaction%3Dlightbox%26settings%3DeyJpZCI6NTg3LCJ1cmwiOiJodHRwczpcL1wvbWFpbC5tZXRlb3JpdGl0YWxpYS5vcmdcL3dwLWNvbnRlbnRcL3VwbG9hZHNcLzIwMTlcLzA3XC9Gb3RvLTU5LmpwZWciLCJzbGlkZXNob3ciOiI5ZmU4OTMwIn0%3D\" href='https:\/\/mail.meteorititalia.org\/wp-content\/uploads\/2019\/07\/Foto-59.jpeg'><img width=\"300\" height=\"225\" src=\"https:\/\/mail.meteorititalia.org\/wp-content\/uploads\/2019\/07\/Foto-59-300x225.jpeg\" class=\"attachment-medium size-medium\" alt=\"\" decoding=\"async\" loading=\"lazy\" aria-describedby=\"gallery-8-587\" srcset=\"https:\/\/mail.meteorititalia.org\/wp-content\/uploads\/2019\/07\/Foto-59-300x225.jpeg 300w, https:\/\/mail.meteorititalia.org\/wp-content\/uploads\/2019\/07\/Foto-59-768x576.jpeg 768w, https:\/\/mail.meteorititalia.org\/wp-content\/uploads\/2019\/07\/Foto-59-1024x768.jpeg 1024w\" sizes=\"100vw\" \/><\/a>\n\t\t\t<\/div>\n\t\t\t\t<figcaption class='wp-caption-text gallery-caption' id='gallery-8-587'>\n\t\t\t\tBacheca con tectiti e vetri d\u2019impatto. (Foto: M.Ianeselli; arch. Meteoriti Italia) \n\t\t\t\t<\/figcaption><\/figure><figure class='gallery-item'>\n\t\t\t<div class='gallery-icon landscape'>\n\t\t\t\t<a data-elementor-open-lightbox=\"yes\" data-elementor-lightbox-slideshow=\"9fe8930\" data-elementor-lightbox-title=\"Foto 60\" data-e-action-hash=\"#elementor-action%3Aaction%3Dlightbox%26settings%3DeyJpZCI6NTg4LCJ1cmwiOiJodHRwczpcL1wvbWFpbC5tZXRlb3JpdGl0YWxpYS5vcmdcL3dwLWNvbnRlbnRcL3VwbG9hZHNcLzIwMTlcLzA3XC9Gb3RvLTYwLmpwZWciLCJzbGlkZXNob3ciOiI5ZmU4OTMwIn0%3D\" href='https:\/\/mail.meteorititalia.org\/wp-content\/uploads\/2019\/07\/Foto-60.jpeg'><img width=\"300\" height=\"225\" src=\"https:\/\/mail.meteorititalia.org\/wp-content\/uploads\/2019\/07\/Foto-60-300x225.jpeg\" class=\"attachment-medium size-medium\" alt=\"\" decoding=\"async\" loading=\"lazy\" aria-describedby=\"gallery-8-588\" srcset=\"https:\/\/mail.meteorititalia.org\/wp-content\/uploads\/2019\/07\/Foto-60-300x225.jpeg 300w, https:\/\/mail.meteorititalia.org\/wp-content\/uploads\/2019\/07\/Foto-60-768x576.jpeg 768w, https:\/\/mail.meteorititalia.org\/wp-content\/uploads\/2019\/07\/Foto-60-1024x768.jpeg 1024w\" sizes=\"100vw\" \/><\/a>\n\t\t\t<\/div>\n\t\t\t\t<figcaption class='wp-caption-text gallery-caption' id='gallery-8-588'>\n\t\t\t\tBacheca con le impattiti. (Foto: M.Ianeselli; arch. Meteoriti Italia)\n\t\t\t\t<\/figcaption><\/figure><figure class='gallery-item'>\n\t\t\t<div class='gallery-icon landscape'>\n\t\t\t\t<a data-elementor-open-lightbox=\"yes\" data-elementor-lightbox-slideshow=\"9fe8930\" data-elementor-lightbox-title=\"Foto 61\" data-e-action-hash=\"#elementor-action%3Aaction%3Dlightbox%26settings%3DeyJpZCI6NTg5LCJ1cmwiOiJodHRwczpcL1wvbWFpbC5tZXRlb3JpdGl0YWxpYS5vcmdcL3dwLWNvbnRlbnRcL3VwbG9hZHNcLzIwMTlcLzA3XC9Gb3RvLTYxLmpwZyIsInNsaWRlc2hvdyI6IjlmZTg5MzAifQ%3D%3D\" href='https:\/\/mail.meteorititalia.org\/wp-content\/uploads\/2019\/07\/Foto-61.jpg'><img width=\"300\" height=\"225\" src=\"https:\/\/mail.meteorititalia.org\/wp-content\/uploads\/2019\/07\/Foto-61-300x225.jpg\" class=\"attachment-medium size-medium\" alt=\"\" decoding=\"async\" loading=\"lazy\" aria-describedby=\"gallery-8-589\" srcset=\"https:\/\/mail.meteorititalia.org\/wp-content\/uploads\/2019\/07\/Foto-61-300x225.jpg 300w, https:\/\/mail.meteorititalia.org\/wp-content\/uploads\/2019\/07\/Foto-61-768x576.jpg 768w, https:\/\/mail.meteorititalia.org\/wp-content\/uploads\/2019\/07\/Foto-61-1024x768.jpg 1024w\" sizes=\"100vw\" \/><\/a>\n\t\t\t<\/div>\n\t\t\t\t<figcaption class='wp-caption-text gallery-caption' id='gallery-8-589'>\n\t\t\t\t: La \u201cBARCIS\u201d; a sx i pannelli che raccontano del suo ritrovamento e quelli della costruzione della diga. Sul fondo, i pannelli dell\u2019A.P.A. (Foto: M.Ianeselli; arch. Meteoriti Italia)\n\t\t\t\t<\/figcaption><\/figure>\n\t\t<\/div>\n\t\t<\/div>\n\t\t\t\t<\/div>\n\t\t\t\t<\/div>\n\t\t\t\t<section class=\"elementor-section elementor-inner-section elementor-element elementor-element-c904c0b elementor-section-boxed elementor-section-height-default elementor-section-height-default wpr-particle-no wpr-jarallax-no wpr-parallax-no wpr-sticky-section-no\" data-id=\"c904c0b\" data-element_type=\"section\">\n\t\t\t\t\t\t<div class=\"elementor-container elementor-column-gap-default\">\n\t\t\t\t\t\t\t<div class=\"elementor-row\">\n\t\t\t\t\t<div class=\"elementor-column elementor-col-50 elementor-inner-column elementor-element elementor-element-c170344\" data-id=\"c170344\" data-element_type=\"column\">\n\t\t\t<div class=\"elementor-column-wrap elementor-element-populated\">\n\t\t\t\t\t\t\t<div class=\"elementor-widget-wrap\">\n\t\t\t\t\t\t<div class=\"elementor-element elementor-element-2fa4a76 elementor-widget elementor-widget-text-editor\" data-id=\"2fa4a76\" data-element_type=\"widget\" data-widget_type=\"text-editor.default\">\n\t\t\t\t<div class=\"elementor-widget-container\">\n\t\t\t\t\t\t\t\t<div class=\"elementor-text-editor elementor-clearfix\">\n\t\t\t\t<p>Nelle foto si vede la \u201cBARCIS\u201d nella bacheca che la ospitava a Pordenone.\u00a0<br \/>Per questa sistemazione, ricordando le critiche ricevute a Barcis per l\u2019esposizione troppo minimalista, \u00e8 stato perso un po\u2019 di tempo per decidere quale poteva essere l\u2019esposizione migliore. Superato l\u2019impasse scegliendo di adagiare la \u201cBARCIS\u201d sopra un tappetino rosso, Manuela, con molta ironia, ha immortalato Adriano ed Umberto per cotanta decisione.<\/p>\t\t\t\t\t<\/div>\n\t\t\t\t\t\t<\/div>\n\t\t\t\t<\/div>\n\t\t\t\t<div class=\"elementor-element elementor-element-ed4315f elementor-widget elementor-widget-text-editor\" data-id=\"ed4315f\" data-element_type=\"widget\" data-widget_type=\"text-editor.default\">\n\t\t\t\t<div class=\"elementor-widget-container\">\n\t\t\t\t\t\t\t\t<div class=\"elementor-text-editor elementor-clearfix\">\n\t\t\t\t<p>Ed eccovi la zona di esposizione della \u201cBARCIS\u201d che, come le prime donne, sta calpestando il \u201cred carpet\u201d.<\/p>\t\t\t\t\t<\/div>\n\t\t\t\t\t\t<\/div>\n\t\t\t\t<\/div>\n\t\t\t\t<div class=\"elementor-element elementor-element-7d158dc elementor-widget elementor-widget-image\" data-id=\"7d158dc\" data-element_type=\"widget\" data-widget_type=\"image.default\">\n\t\t\t\t<div class=\"elementor-widget-container\">\n\t\t\t\t\t\t\t\t<div class=\"elementor-image\">\n\t\t\t\t\t\t\t\t\t<figure class=\"wp-caption\">\n\t\t\t\t\t\t\t\t\t\t<img decoding=\"async\" width=\"525\" height=\"700\" src=\"https:\/\/mail.meteorititalia.org\/wp-content\/uploads\/2019\/07\/Foto-63-768x1024.jpg\" class=\"attachment-large size-large wp-image-591\" alt=\"\" loading=\"lazy\" srcset=\"https:\/\/mail.meteorititalia.org\/wp-content\/uploads\/2019\/07\/Foto-63-768x1024.jpg 768w, https:\/\/mail.meteorititalia.org\/wp-content\/uploads\/2019\/07\/Foto-63-225x300.jpg 225w\" sizes=\"100vw\" \/>\t\t\t\t\t\t\t\t\t\t\t<figcaption class=\"widget-image-caption wp-caption-text\"><\/figcaption>\n\t\t\t\t\t\t\t\t\t\t<\/figure>\n\t\t\t\t\t\t\t\t<\/div>\n\t\t\t\t\t\t<\/div>\n\t\t\t\t<\/div>\n\t\t\t\t<div class=\"elementor-element elementor-element-8e43b31 elementor-widget elementor-widget-text-editor\" data-id=\"8e43b31\" data-element_type=\"widget\" data-widget_type=\"text-editor.default\">\n\t\t\t\t<div class=\"elementor-widget-container\">\n\t\t\t\t\t\t\t\t<div class=\"elementor-text-editor elementor-clearfix\">\n\t\t\t\t<p><strong>A questo punto avremmo bisogno che voi \u201cnaviganti\u201d ci aiutaste a risolvere qual \u00e8 il modo migliore per presentare al pubblico una meteorite importante e bella come la \u201cBARCIS\u201d.<\/strong><\/p><p><strong>Per favore confrontate questa foto (FOTO B) con la foto (FOTO A<\/strong><strong>) e fateci sapere quale delle due vi sembra pi\u00f9 efficace. GRAZIE.<\/strong><\/p><p><strong>\u00a0<\/strong><\/p><p>Completato l\u2019allestimento, la gestione della mostra \u00e8 passata alla direzione del Museo e, fino al 25 ottobre, data di chiusura, la nostra collaborazione non \u00e8 stata pi\u00f9 necessaria.<\/p>\t\t\t\t\t<\/div>\n\t\t\t\t\t\t<\/div>\n\t\t\t\t<\/div>\n\t\t\t\t\t\t<\/div>\n\t\t\t\t\t<\/div>\n\t\t<\/div>\n\t\t\t\t<div class=\"elementor-column elementor-col-50 elementor-inner-column elementor-element elementor-element-5ec99ea\" data-id=\"5ec99ea\" data-element_type=\"column\">\n\t\t\t<div class=\"elementor-column-wrap elementor-element-populated\">\n\t\t\t\t\t\t\t<div class=\"elementor-widget-wrap\">\n\t\t\t\t\t\t<div class=\"elementor-element elementor-element-86da0b3 elementor-widget elementor-widget-image\" data-id=\"86da0b3\" data-element_type=\"widget\" data-widget_type=\"image.default\">\n\t\t\t\t<div class=\"elementor-widget-container\">\n\t\t\t\t\t\t\t\t<div class=\"elementor-image\">\n\t\t\t\t\t\t\t\t\t<figure class=\"wp-caption\">\n\t\t\t\t\t\t\t\t\t\t<img decoding=\"async\" width=\"525\" height=\"700\" src=\"https:\/\/mail.meteorititalia.org\/wp-content\/uploads\/2019\/07\/Foto-62-768x1024.jpg\" class=\"attachment-large size-large wp-image-590\" alt=\"\" loading=\"lazy\" srcset=\"https:\/\/mail.meteorititalia.org\/wp-content\/uploads\/2019\/07\/Foto-62-768x1024.jpg 768w, https:\/\/mail.meteorititalia.org\/wp-content\/uploads\/2019\/07\/Foto-62-225x300.jpg 225w\" sizes=\"100vw\" \/>\t\t\t\t\t\t\t\t\t\t\t<figcaption class=\"widget-image-caption wp-caption-text\">La \u201cBARCIS\u201d \u00e8 adagiata sopra un tappeto rosso. Adriano ed Umberto stanno guardando Manuela che ironizza sulla \u201cgrande difficolt\u00e0\u201d della decisione. (Foto: Manuela; arch. Meteoriti Italia)<\/figcaption>\n\t\t\t\t\t\t\t\t\t\t<\/figure>\n\t\t\t\t\t\t\t\t<\/div>\n\t\t\t\t\t\t<\/div>\n\t\t\t\t<\/div>\n\t\t\t\t<div class=\"elementor-element elementor-element-7bab489 elementor-widget elementor-widget-text-editor\" data-id=\"7bab489\" data-element_type=\"widget\" data-widget_type=\"text-editor.default\">\n\t\t\t\t<div class=\"elementor-widget-container\">\n\t\t\t\t\t\t\t\t<div class=\"elementor-text-editor elementor-clearfix\">\n\t\t\t\t<p>I depliant sui tavolini, preparati da Meteoriti Italia e dal Parco delle Dolomiti Friulane, in collaborazione con Meteoriti Italia, sono per i visitatori che vogliono approfondire la loro conoscenza sulle meteoriti e sulla \u201cBARCIS\u201d.<\/p>\t\t\t\t\t<\/div>\n\t\t\t\t\t\t<\/div>\n\t\t\t\t<\/div>\n\t\t\t\t<div class=\"elementor-element elementor-element-6c9c237 elementor-widget elementor-widget-image\" data-id=\"6c9c237\" data-element_type=\"widget\" data-widget_type=\"image.default\">\n\t\t\t\t<div class=\"elementor-widget-container\">\n\t\t\t\t\t\t\t\t<div class=\"elementor-image\">\n\t\t\t\t\t\t\t\t\t<figure class=\"wp-caption\">\n\t\t\t\t\t\t\t\t\t\t<img decoding=\"async\" width=\"525\" height=\"394\" src=\"https:\/\/mail.meteorititalia.org\/wp-content\/uploads\/2019\/07\/Foto-64JPG-1024x768.jpg\" class=\"attachment-large size-large wp-image-592\" alt=\"\" loading=\"lazy\" srcset=\"https:\/\/mail.meteorititalia.org\/wp-content\/uploads\/2019\/07\/Foto-64JPG-1024x768.jpg 1024w, https:\/\/mail.meteorititalia.org\/wp-content\/uploads\/2019\/07\/Foto-64JPG-300x225.jpg 300w, https:\/\/mail.meteorititalia.org\/wp-content\/uploads\/2019\/07\/Foto-64JPG-768x576.jpg 768w\" sizes=\"100vw\" \/>\t\t\t\t\t\t\t\t\t\t\t<figcaption class=\"widget-image-caption wp-caption-text\">La \u201cBARCIS\u201d sul red carpet. Non \u00e8 una stella ma \u00e8 comunque splendida. (Foto: M. Ianeselli; arch. Meteoriti Italia)<\/figcaption>\n\t\t\t\t\t\t\t\t\t\t<\/figure>\n\t\t\t\t\t\t\t\t<\/div>\n\t\t\t\t\t\t<\/div>\n\t\t\t\t<\/div>\n\t\t\t\t<div class=\"elementor-element elementor-element-37c96ba elementor-widget elementor-widget-text-editor\" data-id=\"37c96ba\" data-element_type=\"widget\" data-widget_type=\"text-editor.default\">\n\t\t\t\t<div class=\"elementor-widget-container\">\n\t\t\t\t\t\t\t\t<div class=\"elementor-text-editor elementor-clearfix\">\n\t\t\t\t<p style=\"text-align: center;\"><strong>FOTO B<\/strong><\/p>\t\t\t\t\t<\/div>\n\t\t\t\t\t\t<\/div>\n\t\t\t\t<\/div>\n\t\t\t\t\t\t<\/div>\n\t\t\t\t\t<\/div>\n\t\t<\/div>\n\t\t\t\t\t\t\t\t<\/div>\n\t\t\t\t\t<\/div>\n\t\t<\/section>\n\t\t\t\t<div class=\"elementor-element elementor-element-bb81a8a elementor-widget elementor-widget-text-editor\" data-id=\"bb81a8a\" data-element_type=\"widget\" data-widget_type=\"text-editor.default\">\n\t\t\t\t<div class=\"elementor-widget-container\">\n\t\t\t\t\t\t\t\t<div class=\"elementor-text-editor elementor-clearfix\">\n\t\t\t\t<p>Collaborare con il Museo \u00e8 stata una bellissima esperienza perch\u00e9 abbiamo avuto la possibilit\u00e0 di lavorare con dei veri professionisti che, proprio per l\u2019attivit\u00e0 divulgativa che deve svolgere il Museo, si fanno carico di molti aspetti organizzativi \u00a0come trovare le vetrine, fornire il servizio di guardiania, assicurare i campioni ecc., che spesso bloccano le nostre iniziative.<\/p><p>Secondo quanto ci ha detto il Dr. Chalvien, la mostra ha avuto un buon successo ma, non avendo previsto un registro per le firme, non possiamo quantificare il numero dei visitatori.<\/p><p>Aver scelto per\u00f2 di incastrare la mostra tra l\u2019edizione di \u201cPordenonelegge 2015\u201d e il 25 ottobre quando le scuole sono gi\u00e0 a pieno regime, ha permesso che la mostra venisse visitata sia dai moltissimi partecipanti della manifestazione letteraria sia da tantissimi allievi delle varie scuole che operano nel pordenonese.<\/p><p>\u00a0<strong>Se qualche responsabile di Museo, che ci sta leggendo, \u00e8 interessato a proporre una mostra di meteoriti come ha fatto il Museo di Storia Naturale di Pordenone, non esiti a contattarci perch\u00e9 abbiamo l\u2019esperienza, abbiamo le meteoriti ed abbiamo anche tutto il materiale informativo necessario.<\/strong><\/p>\t\t\t\t\t<\/div>\n\t\t\t\t\t\t<\/div>\n\t\t\t\t<\/div>\n\t\t\t\t<div class=\"elementor-element elementor-element-1227a04 elementor-widget-divider--view-line elementor-widget elementor-widget-divider\" data-id=\"1227a04\" data-element_type=\"widget\" data-widget_type=\"divider.default\">\n\t\t\t\t<div class=\"elementor-widget-container\">\n\t\t\t\t\t<div class=\"elementor-divider\">\n\t\t\t<span class=\"elementor-divider-separator\">\n\t\t\t\t\t\t<\/span>\n\t\t<\/div>\n\t\t\t\t<\/div>\n\t\t\t\t<\/div>\n\t\t\t\t<div class=\"elementor-element elementor-element-474662e elementor-widget elementor-widget-menu-anchor\" data-id=\"474662e\" data-element_type=\"widget\" data-widget_type=\"menu-anchor.default\">\n\t\t\t\t<div class=\"elementor-widget-container\">\n\t\t\t\t\t<div id=\"agordo\" class=\"elementor-menu-anchor\"><\/div>\n\t\t\t\t<\/div>\n\t\t\t\t<\/div>\n\t\t\t\t<div class=\"elementor-element elementor-element-873e679 elementor-widget elementor-widget-text-editor\" data-id=\"873e679\" data-element_type=\"widget\" data-widget_type=\"text-editor.default\">\n\t\t\t\t<div class=\"elementor-widget-container\">\n\t\t\t\t\t\t\t\t<div class=\"elementor-text-editor elementor-clearfix\">\n\t\t\t\t<h1><strong>La mostra di Agordo<\/strong><\/h1>\t\t\t\t\t<\/div>\n\t\t\t\t\t\t<\/div>\n\t\t\t\t<\/div>\n\t\t\t\t<div class=\"elementor-element elementor-element-834ce78 elementor-widget elementor-widget-text-editor\" data-id=\"834ce78\" data-element_type=\"widget\" data-widget_type=\"text-editor.default\">\n\t\t\t\t<div class=\"elementor-widget-container\">\n\t\t\t\t\t\t\t\t<div class=\"elementor-text-editor elementor-clearfix\">\n\t\t\t\t<p>Conclusasi la mostra di meteoriti a Pordenone, la \u201cBARCIS\u201d ha fatto ritorno a casa: il Museo Geologico Paleontologico di Agordo.<br \/>Questa bellissima e, purtroppo, poco conosciuta realt\u00e0 agordina \u00e8 ospitata in quello che, molti anni fa, era un macello.<\/p>\t\t\t\t\t<\/div>\n\t\t\t\t\t\t<\/div>\n\t\t\t\t<\/div>\n\t\t\t\t<section class=\"elementor-section elementor-inner-section elementor-element elementor-element-a5f415e elementor-section-boxed elementor-section-height-default elementor-section-height-default wpr-particle-no wpr-jarallax-no wpr-parallax-no wpr-sticky-section-no\" data-id=\"a5f415e\" data-element_type=\"section\">\n\t\t\t\t\t\t<div class=\"elementor-container elementor-column-gap-default\">\n\t\t\t\t\t\t\t<div class=\"elementor-row\">\n\t\t\t\t\t<div class=\"elementor-column elementor-col-50 elementor-inner-column elementor-element elementor-element-99fd580\" data-id=\"99fd580\" data-element_type=\"column\">\n\t\t\t<div class=\"elementor-column-wrap elementor-element-populated\">\n\t\t\t\t\t\t\t<div class=\"elementor-widget-wrap\">\n\t\t\t\t\t\t<div class=\"elementor-element elementor-element-eb1031d elementor-widget elementor-widget-image\" data-id=\"eb1031d\" data-element_type=\"widget\" data-widget_type=\"image.default\">\n\t\t\t\t<div class=\"elementor-widget-container\">\n\t\t\t\t\t\t\t\t<div class=\"elementor-image\">\n\t\t\t\t\t\t\t\t\t<figure class=\"wp-caption\">\n\t\t\t\t\t\t\t\t\t\t<img decoding=\"async\" width=\"525\" height=\"394\" src=\"https:\/\/mail.meteorititalia.org\/wp-content\/uploads\/2019\/07\/Foto-65-1024x768.jpg\" class=\"attachment-large size-large wp-image-593\" alt=\"\" loading=\"lazy\" srcset=\"https:\/\/mail.meteorititalia.org\/wp-content\/uploads\/2019\/07\/Foto-65-1024x768.jpg 1024w, https:\/\/mail.meteorititalia.org\/wp-content\/uploads\/2019\/07\/Foto-65-300x225.jpg 300w, https:\/\/mail.meteorititalia.org\/wp-content\/uploads\/2019\/07\/Foto-65-768x576.jpg 768w\" sizes=\"100vw\" \/>\t\t\t\t\t\t\t\t\t\t\t<figcaption class=\"widget-image-caption wp-caption-text\">L\u2019ex macello ora sede del Museo Geologico Paleontologico di Agordo. Sul fondo si intravede la vecchia sede della Scuola Mineraria con il derrick, l\u2019allora simbolo della Scuola.<\/figcaption>\n\t\t\t\t\t\t\t\t\t\t<\/figure>\n\t\t\t\t\t\t\t\t<\/div>\n\t\t\t\t\t\t<\/div>\n\t\t\t\t<\/div>\n\t\t\t\t<div class=\"elementor-element elementor-element-196e1af elementor-widget elementor-widget-text-editor\" data-id=\"196e1af\" data-element_type=\"widget\" data-widget_type=\"text-editor.default\">\n\t\t\t\t<div class=\"elementor-widget-container\">\n\t\t\t\t\t\t\t\t<div class=\"elementor-text-editor elementor-clearfix\">\n\t\t\t\t<p>L\u2019edificio, completamente ristrutturato per essere adibito a Museo, si sviluppa su due piani.<\/p><p>Il pianoterra ospita una mostra esaustiva e permanente della geologia delle Dolomiti con una serie di vetrine che raccolgono la sequenza stratigrafica dell\u2019agordino, divisa per ere geologiche, dal basamento cristallino del Paleozoico fino alle rocce del tardo Giurassico.<\/p><p>In ogni vetrina sono spiegate le caratteristiche di un particolare periodo geologico e le localit\u00e0 d\u2019affioramento nel territorio agordino ed il tutto accompagnato con campioni tipici delle rocce affioranti e dei campioni degli eventuali fossili e minerali ad esso collegato.<\/p><p>Una fermata obbligatoria per chi vuol visitare le Dolomiti ed apprezzarne, oltre alla bellezza, anche l\u2019inestimabile valore geologico.<\/p>\t\t\t\t\t<\/div>\n\t\t\t\t\t\t<\/div>\n\t\t\t\t<\/div>\n\t\t\t\t\t\t<\/div>\n\t\t\t\t\t<\/div>\n\t\t<\/div>\n\t\t\t\t<div class=\"elementor-column elementor-col-50 elementor-inner-column elementor-element elementor-element-0cd93e6\" data-id=\"0cd93e6\" data-element_type=\"column\">\n\t\t\t<div class=\"elementor-column-wrap elementor-element-populated\">\n\t\t\t\t\t\t\t<div class=\"elementor-widget-wrap\">\n\t\t\t\t\t\t<div class=\"elementor-element elementor-element-f0c81a8 elementor-widget elementor-widget-image\" data-id=\"f0c81a8\" data-element_type=\"widget\" data-widget_type=\"image.default\">\n\t\t\t\t<div class=\"elementor-widget-container\">\n\t\t\t\t\t\t\t\t<div class=\"elementor-image\">\n\t\t\t\t\t\t\t\t\t<figure class=\"wp-caption\">\n\t\t\t\t\t\t\t\t\t\t<img decoding=\"async\" width=\"525\" height=\"700\" src=\"https:\/\/mail.meteorititalia.org\/wp-content\/uploads\/2019\/07\/Foto-66-e1563458798678-768x1024.jpg\" class=\"attachment-large size-large wp-image-594\" alt=\"\" loading=\"lazy\" srcset=\"https:\/\/mail.meteorititalia.org\/wp-content\/uploads\/2019\/07\/Foto-66-e1563458798678-768x1024.jpg 768w, https:\/\/mail.meteorititalia.org\/wp-content\/uploads\/2019\/07\/Foto-66-e1563458798678-225x300.jpg 225w\" sizes=\"100vw\" \/>\t\t\t\t\t\t\t\t\t\t\t<figcaption class=\"widget-image-caption wp-caption-text\">Questa foto, che non riguarda la mostra, \u00e8 stata inserita solo per i tanti vecchi Periti Minerari che ci seguono e che sentono la nostalgia della nostra vecchia e gloriosa Scuola.<\/figcaption>\n\t\t\t\t\t\t\t\t\t\t<\/figure>\n\t\t\t\t\t\t\t\t<\/div>\n\t\t\t\t\t\t<\/div>\n\t\t\t\t<\/div>\n\t\t\t\t\t\t<\/div>\n\t\t\t\t\t<\/div>\n\t\t<\/div>\n\t\t\t\t\t\t\t\t<\/div>\n\t\t\t\t\t<\/div>\n\t\t<\/section>\n\t\t\t\t<section class=\"elementor-section elementor-inner-section elementor-element elementor-element-9b42747 elementor-section-boxed elementor-section-height-default elementor-section-height-default wpr-particle-no wpr-jarallax-no wpr-parallax-no wpr-sticky-section-no\" data-id=\"9b42747\" data-element_type=\"section\">\n\t\t\t\t\t\t<div class=\"elementor-container elementor-column-gap-default\">\n\t\t\t\t\t\t\t<div class=\"elementor-row\">\n\t\t\t\t\t<div class=\"elementor-column elementor-col-50 elementor-inner-column elementor-element elementor-element-d4c5b40\" data-id=\"d4c5b40\" data-element_type=\"column\">\n\t\t\t<div class=\"elementor-column-wrap elementor-element-populated\">\n\t\t\t\t\t\t\t<div class=\"elementor-widget-wrap\">\n\t\t\t\t\t\t<div class=\"elementor-element elementor-element-2cfb68c elementor-widget elementor-widget-image\" data-id=\"2cfb68c\" data-element_type=\"widget\" data-widget_type=\"image.default\">\n\t\t\t\t<div class=\"elementor-widget-container\">\n\t\t\t\t\t\t\t\t<div class=\"elementor-image\">\n\t\t\t\t\t\t\t\t\t<figure class=\"wp-caption\">\n\t\t\t\t\t\t\t\t\t\t<img decoding=\"async\" width=\"525\" height=\"211\" src=\"https:\/\/mail.meteorititalia.org\/wp-content\/uploads\/2019\/07\/Foto-67-1-1024x412.jpg\" class=\"attachment-large size-large wp-image-597\" alt=\"\" loading=\"lazy\" srcset=\"https:\/\/mail.meteorititalia.org\/wp-content\/uploads\/2019\/07\/Foto-67-1-1024x412.jpg 1024w, https:\/\/mail.meteorititalia.org\/wp-content\/uploads\/2019\/07\/Foto-67-1-300x121.jpg 300w, https:\/\/mail.meteorititalia.org\/wp-content\/uploads\/2019\/07\/Foto-67-1-768x309.jpg 768w, https:\/\/mail.meteorititalia.org\/wp-content\/uploads\/2019\/07\/Foto-67-1.jpg 1200w\" sizes=\"100vw\" \/>\t\t\t\t\t\t\t\t\t\t\t<figcaption class=\"widget-image-caption wp-caption-text\">Le vetrine del Museo dedicate alla geologia delle Dolomiti. (Foto dal sito: Provincia di Belluno- Dolomiti)<\/figcaption>\n\t\t\t\t\t\t\t\t\t\t<\/figure>\n\t\t\t\t\t\t\t\t<\/div>\n\t\t\t\t\t\t<\/div>\n\t\t\t\t<\/div>\n\t\t\t\t\t\t<\/div>\n\t\t\t\t\t<\/div>\n\t\t<\/div>\n\t\t\t\t<div class=\"elementor-column elementor-col-50 elementor-inner-column elementor-element elementor-element-b67bd49\" data-id=\"b67bd49\" data-element_type=\"column\">\n\t\t\t<div class=\"elementor-column-wrap elementor-element-populated\">\n\t\t\t\t\t\t\t<div class=\"elementor-widget-wrap\">\n\t\t\t\t\t\t<div class=\"elementor-element elementor-element-136b947 elementor-widget elementor-widget-image\" data-id=\"136b947\" data-element_type=\"widget\" data-widget_type=\"image.default\">\n\t\t\t\t<div class=\"elementor-widget-container\">\n\t\t\t\t\t\t\t\t<div class=\"elementor-image\">\n\t\t\t\t\t\t\t\t\t<figure class=\"wp-caption\">\n\t\t\t\t\t\t\t\t\t\t<img decoding=\"async\" width=\"525\" height=\"211\" src=\"https:\/\/mail.meteorititalia.org\/wp-content\/uploads\/2019\/07\/Foto-68-1-1024x412.jpg\" class=\"attachment-large size-large wp-image-598\" alt=\"\" loading=\"lazy\" srcset=\"https:\/\/mail.meteorititalia.org\/wp-content\/uploads\/2019\/07\/Foto-68-1-1024x412.jpg 1024w, https:\/\/mail.meteorititalia.org\/wp-content\/uploads\/2019\/07\/Foto-68-1-300x121.jpg 300w, https:\/\/mail.meteorititalia.org\/wp-content\/uploads\/2019\/07\/Foto-68-1-768x309.jpg 768w, https:\/\/mail.meteorititalia.org\/wp-content\/uploads\/2019\/07\/Foto-68-1.jpg 1200w\" sizes=\"100vw\" \/>\t\t\t\t\t\t\t\t\t\t\t<figcaption class=\"widget-image-caption wp-caption-text\">Le vetrine del Museo dedicate alla geologia delle Dolomiti ed alcuni fossili tipici degli affioramenti dell\u2019Agordino. (Foto dal sito: Provincia di Belluno- Dolomiti)<\/figcaption>\n\t\t\t\t\t\t\t\t\t\t<\/figure>\n\t\t\t\t\t\t\t\t<\/div>\n\t\t\t\t\t\t<\/div>\n\t\t\t\t<\/div>\n\t\t\t\t\t\t<\/div>\n\t\t\t\t\t<\/div>\n\t\t<\/div>\n\t\t\t\t\t\t\t\t<\/div>\n\t\t\t\t\t<\/div>\n\t\t<\/section>\n\t\t\t\t<div class=\"elementor-element elementor-element-c6c7f2d elementor-widget elementor-widget-text-editor\" data-id=\"c6c7f2d\" data-element_type=\"widget\" data-widget_type=\"text-editor.default\">\n\t\t\t\t<div class=\"elementor-widget-container\">\n\t\t\t\t\t\t\t\t<div class=\"elementor-text-editor elementor-clearfix\">\n\t\t\t\t<p>Sempre al pianterreno, oltre ad altre vetrine dedicate ai fossili delle Dolomiti ci sono anche alcuni campioni di minerali, straordinari per bellezza e dimensioni, esposti per ricordare che il Museo \u00e8 pur sempre una appendice della Scuola Mineraria.<\/p><p>Prima di salire la scala che porta al piano superiore, si passa per una sezione dedicata alla \u201cArcheometallurgia\u201d dove il visitatore si confronta con le varie fasi dello sviluppo della metallurgia nell\u2019agordino dagli albori fino al tardo Medio Evo. Le ricostruzioni di alcuni forni fusori, usati in periodo diversi per l\u2019estrazione e la fusione del rame, confermano come la storia dell\u2019Agordino sia legata allo sviluppo delle sue risorse minerarie.<\/p>\t\t\t\t\t<\/div>\n\t\t\t\t\t\t<\/div>\n\t\t\t\t<\/div>\n\t\t\t\t<section class=\"elementor-section elementor-inner-section elementor-element elementor-element-4d618bf elementor-section-boxed elementor-section-height-default elementor-section-height-default wpr-particle-no wpr-jarallax-no wpr-parallax-no wpr-sticky-section-no\" data-id=\"4d618bf\" data-element_type=\"section\">\n\t\t\t\t\t\t<div class=\"elementor-container elementor-column-gap-default\">\n\t\t\t\t\t\t\t<div class=\"elementor-row\">\n\t\t\t\t\t<div class=\"elementor-column elementor-col-50 elementor-inner-column elementor-element elementor-element-e6f67fb\" data-id=\"e6f67fb\" data-element_type=\"column\">\n\t\t\t<div class=\"elementor-column-wrap elementor-element-populated\">\n\t\t\t\t\t\t\t<div class=\"elementor-widget-wrap\">\n\t\t\t\t\t\t<div class=\"elementor-element elementor-element-b32830c elementor-widget elementor-widget-text-editor\" data-id=\"b32830c\" data-element_type=\"widget\" data-widget_type=\"text-editor.default\">\n\t\t\t\t<div class=\"elementor-widget-container\">\n\t\t\t\t\t\t\t\t<div class=\"elementor-text-editor elementor-clearfix\">\n\t\t\t\t<p>Salite le scale, dotate di piattaforma montascale per disabili ed anziani, si arriva al piano superiore, un bellissimo ed ampio sottotetto, con travi a vista, dove vengono allestite le numerose e interessanti mostre temporanee che, sempre con temi geologici e paleontologici, sono un importante valore aggiunto a quanto gi\u00e0 offre il Museo.<\/p>\t\t\t\t\t<\/div>\n\t\t\t\t\t\t<\/div>\n\t\t\t\t<\/div>\n\t\t\t\t<div class=\"elementor-element elementor-element-02a95b4 elementor-widget elementor-widget-image\" data-id=\"02a95b4\" data-element_type=\"widget\" data-widget_type=\"image.default\">\n\t\t\t\t<div class=\"elementor-widget-container\">\n\t\t\t\t\t\t\t\t<div class=\"elementor-image\">\n\t\t\t\t\t\t\t\t\t<figure class=\"wp-caption\">\n\t\t\t\t\t\t\t\t\t\t<img decoding=\"async\" width=\"525\" height=\"700\" src=\"https:\/\/mail.meteorititalia.org\/wp-content\/uploads\/2019\/07\/Foto-70-768x1024.jpg\" class=\"attachment-large size-large wp-image-600\" alt=\"\" loading=\"lazy\" srcset=\"https:\/\/mail.meteorititalia.org\/wp-content\/uploads\/2019\/07\/Foto-70-768x1024.jpg 768w, https:\/\/mail.meteorititalia.org\/wp-content\/uploads\/2019\/07\/Foto-70-225x300.jpg 225w\" sizes=\"100vw\" \/>\t\t\t\t\t\t\t\t\t\t\t<figcaption class=\"widget-image-caption wp-caption-text\">La bellissima sala delle mostre temporanee.<\/figcaption>\n\t\t\t\t\t\t\t\t\t\t<\/figure>\n\t\t\t\t\t\t\t\t<\/div>\n\t\t\t\t\t\t<\/div>\n\t\t\t\t<\/div>\n\t\t\t\t\t\t<\/div>\n\t\t\t\t\t<\/div>\n\t\t<\/div>\n\t\t\t\t<div class=\"elementor-column elementor-col-50 elementor-inner-column elementor-element elementor-element-34eedf3\" data-id=\"34eedf3\" data-element_type=\"column\">\n\t\t\t<div class=\"elementor-column-wrap elementor-element-populated\">\n\t\t\t\t\t\t\t<div class=\"elementor-widget-wrap\">\n\t\t\t\t\t\t<div class=\"elementor-element elementor-element-b0a60a5 elementor-widget elementor-widget-image\" data-id=\"b0a60a5\" data-element_type=\"widget\" data-widget_type=\"image.default\">\n\t\t\t\t<div class=\"elementor-widget-container\">\n\t\t\t\t\t\t\t\t<div class=\"elementor-image\">\n\t\t\t\t\t\t\t\t\t<figure class=\"wp-caption\">\n\t\t\t\t\t\t\t\t\t\t<img decoding=\"async\" width=\"525\" height=\"700\" src=\"https:\/\/mail.meteorititalia.org\/wp-content\/uploads\/2019\/07\/Foto-69-e1563482153517-768x1024.jpg\" class=\"attachment-large size-large wp-image-599\" alt=\"\" loading=\"lazy\" srcset=\"https:\/\/mail.meteorititalia.org\/wp-content\/uploads\/2019\/07\/Foto-69-e1563482153517-768x1024.jpg 768w, https:\/\/mail.meteorititalia.org\/wp-content\/uploads\/2019\/07\/Foto-69-e1563482153517-225x300.jpg 225w\" sizes=\"100vw\" \/>\t\t\t\t\t\t\t\t\t\t\t<figcaption class=\"widget-image-caption wp-caption-text\">: Le scale che portano alla sala del Museo dedicata alle mostre temporanee. Foto fatta in occasione dell\u2019inaugurazione della mostra dove Dino, insegnante dell\u2019Istituto e nostro consigliere, assiste il Dirigente Scolastico Dott. Ing. Michele Di Tommaso che fa gli onori di casa.\nSulla DX si intravede una sezione di forno fusorio che fa parte della sezione di Archeometallurgia del Museo.\n<\/figcaption>\n\t\t\t\t\t\t\t\t\t\t<\/figure>\n\t\t\t\t\t\t\t\t<\/div>\n\t\t\t\t\t\t<\/div>\n\t\t\t\t<\/div>\n\t\t\t\t\t\t<\/div>\n\t\t\t\t\t<\/div>\n\t\t<\/div>\n\t\t\t\t\t\t\t\t<\/div>\n\t\t\t\t\t<\/div>\n\t\t<\/section>\n\t\t\t\t<div class=\"elementor-element elementor-element-ef6d0d2 elementor-widget elementor-widget-text-editor\" data-id=\"ef6d0d2\" data-element_type=\"widget\" data-widget_type=\"text-editor.default\">\n\t\t\t\t<div class=\"elementor-widget-container\">\n\t\t\t\t\t\t\t\t<div class=\"elementor-text-editor elementor-clearfix\">\n\t\t\t\t<p>Sulla parete, in fondo alla sala, c\u2019\u00e8 una mostra permanente di antichi e preziosi strumenti topografici ed \u00e8 anche stato ricostruito un tratto di galleria di miniera con posizionati gli strumenti topografici necessari per verificarne la direzione e la pendenza<\/p>\t\t\t\t\t<\/div>\n\t\t\t\t\t\t<\/div>\n\t\t\t\t<\/div>\n\t\t\t\t<section class=\"elementor-section elementor-inner-section elementor-element elementor-element-6bda851 elementor-section-boxed elementor-section-height-default elementor-section-height-default wpr-particle-no wpr-jarallax-no wpr-parallax-no wpr-sticky-section-no\" data-id=\"6bda851\" data-element_type=\"section\">\n\t\t\t\t\t\t<div class=\"elementor-container elementor-column-gap-default\">\n\t\t\t\t\t\t\t<div class=\"elementor-row\">\n\t\t\t\t\t<div class=\"elementor-column elementor-col-50 elementor-inner-column elementor-element elementor-element-47f914e\" data-id=\"47f914e\" data-element_type=\"column\">\n\t\t\t<div class=\"elementor-column-wrap elementor-element-populated\">\n\t\t\t\t\t\t\t<div class=\"elementor-widget-wrap\">\n\t\t\t\t\t\t<div class=\"elementor-element elementor-element-e709552 elementor-widget elementor-widget-image\" data-id=\"e709552\" data-element_type=\"widget\" data-widget_type=\"image.default\">\n\t\t\t\t<div class=\"elementor-widget-container\">\n\t\t\t\t\t\t\t\t<div class=\"elementor-image\">\n\t\t\t\t\t\t\t\t\t<figure class=\"wp-caption\">\n\t\t\t\t\t\t\t\t\t\t<img decoding=\"async\" width=\"525\" height=\"394\" src=\"https:\/\/mail.meteorititalia.org\/wp-content\/uploads\/2019\/07\/Foto-71-1024x768.jpg\" class=\"attachment-large size-large wp-image-601\" alt=\"\" loading=\"lazy\" srcset=\"https:\/\/mail.meteorititalia.org\/wp-content\/uploads\/2019\/07\/Foto-71-1024x768.jpg 1024w, https:\/\/mail.meteorititalia.org\/wp-content\/uploads\/2019\/07\/Foto-71-300x225.jpg 300w, https:\/\/mail.meteorititalia.org\/wp-content\/uploads\/2019\/07\/Foto-71-768x576.jpg 768w\" sizes=\"100vw\" \/>\t\t\t\t\t\t\t\t\t\t\t<figcaption class=\"widget-image-caption wp-caption-text\">Il fondo della sala con una parte della raccolta permanente di antichi strumenti topografici<\/figcaption>\n\t\t\t\t\t\t\t\t\t\t<\/figure>\n\t\t\t\t\t\t\t\t<\/div>\n\t\t\t\t\t\t<\/div>\n\t\t\t\t<\/div>\n\t\t\t\t\t\t<\/div>\n\t\t\t\t\t<\/div>\n\t\t<\/div>\n\t\t\t\t<div class=\"elementor-column elementor-col-50 elementor-inner-column elementor-element elementor-element-c9a8ffc\" data-id=\"c9a8ffc\" data-element_type=\"column\">\n\t\t\t<div class=\"elementor-column-wrap elementor-element-populated\">\n\t\t\t\t\t\t\t<div class=\"elementor-widget-wrap\">\n\t\t\t\t\t\t<div class=\"elementor-element elementor-element-4e6e630 elementor-widget elementor-widget-image\" data-id=\"4e6e630\" data-element_type=\"widget\" data-widget_type=\"image.default\">\n\t\t\t\t<div class=\"elementor-widget-container\">\n\t\t\t\t\t\t\t\t<div class=\"elementor-image\">\n\t\t\t\t\t\t\t\t\t<figure class=\"wp-caption\">\n\t\t\t\t\t\t\t\t\t\t<img decoding=\"async\" width=\"525\" height=\"394\" src=\"https:\/\/mail.meteorititalia.org\/wp-content\/uploads\/2019\/07\/Foto-72-1024x768.jpg\" class=\"attachment-large size-large wp-image-602\" alt=\"\" loading=\"lazy\" srcset=\"https:\/\/mail.meteorititalia.org\/wp-content\/uploads\/2019\/07\/Foto-72-1024x768.jpg 1024w, https:\/\/mail.meteorititalia.org\/wp-content\/uploads\/2019\/07\/Foto-72-300x225.jpg 300w, https:\/\/mail.meteorititalia.org\/wp-content\/uploads\/2019\/07\/Foto-72-768x576.jpg 768w\" sizes=\"100vw\" \/>\t\t\t\t\t\t\t\t\t\t\t<figcaption class=\"widget-image-caption wp-caption-text\">La ricostruzione di un tratto di galleria equipaggiato con gli strumenti necessari per calcolarne la direzione e la pendenza.<\/figcaption>\n\t\t\t\t\t\t\t\t\t\t<\/figure>\n\t\t\t\t\t\t\t\t<\/div>\n\t\t\t\t\t\t<\/div>\n\t\t\t\t<\/div>\n\t\t\t\t\t\t<\/div>\n\t\t\t\t\t<\/div>\n\t\t<\/div>\n\t\t\t\t\t\t\t\t<\/div>\n\t\t\t\t\t<\/div>\n\t\t<\/section>\n\t\t\t\t<section class=\"elementor-section elementor-inner-section elementor-element elementor-element-b46964e elementor-section-boxed elementor-section-height-default elementor-section-height-default wpr-particle-no wpr-jarallax-no wpr-parallax-no wpr-sticky-section-no\" data-id=\"b46964e\" data-element_type=\"section\">\n\t\t\t\t\t\t<div class=\"elementor-container elementor-column-gap-default\">\n\t\t\t\t\t\t\t<div class=\"elementor-row\">\n\t\t\t\t\t<div class=\"elementor-column elementor-col-50 elementor-inner-column elementor-element elementor-element-30ce6dc\" data-id=\"30ce6dc\" data-element_type=\"column\">\n\t\t\t<div class=\"elementor-column-wrap elementor-element-populated\">\n\t\t\t\t\t\t\t<div class=\"elementor-widget-wrap\">\n\t\t\t\t\t\t<div class=\"elementor-element elementor-element-b4c37f8 elementor-widget elementor-widget-image\" data-id=\"b4c37f8\" data-element_type=\"widget\" data-widget_type=\"image.default\">\n\t\t\t\t<div class=\"elementor-widget-container\">\n\t\t\t\t\t\t\t\t<div class=\"elementor-image\">\n\t\t\t\t\t\t\t\t\t<figure class=\"wp-caption\">\n\t\t\t\t\t\t\t\t\t\t<img decoding=\"async\" width=\"525\" height=\"394\" src=\"https:\/\/mail.meteorititalia.org\/wp-content\/uploads\/2019\/07\/Foto-73-1024x768.jpg\" class=\"attachment-large size-large wp-image-603\" alt=\"\" loading=\"lazy\" srcset=\"https:\/\/mail.meteorititalia.org\/wp-content\/uploads\/2019\/07\/Foto-73-1024x768.jpg 1024w, https:\/\/mail.meteorititalia.org\/wp-content\/uploads\/2019\/07\/Foto-73-300x225.jpg 300w, https:\/\/mail.meteorititalia.org\/wp-content\/uploads\/2019\/07\/Foto-73-768x576.jpg 768w\" sizes=\"100vw\" \/>\t\t\t\t\t\t\t\t\t\t\t<figcaption class=\"widget-image-caption wp-caption-text\">Le 3 grandi vetrine collocate all\u2019inizio della sala. Adriano sta verificando la piantina della sala.<\/figcaption>\n\t\t\t\t\t\t\t\t\t\t<\/figure>\n\t\t\t\t\t\t\t\t<\/div>\n\t\t\t\t\t\t<\/div>\n\t\t\t\t<\/div>\n\t\t\t\t\t\t<\/div>\n\t\t\t\t\t<\/div>\n\t\t<\/div>\n\t\t\t\t<div class=\"elementor-column elementor-col-50 elementor-inner-column elementor-element elementor-element-b6a7966\" data-id=\"b6a7966\" data-element_type=\"column\">\n\t\t\t<div class=\"elementor-column-wrap elementor-element-populated\">\n\t\t\t\t\t\t\t<div class=\"elementor-widget-wrap\">\n\t\t\t\t\t\t<div class=\"elementor-element elementor-element-456c30a elementor-widget elementor-widget-text-editor\" data-id=\"456c30a\" data-element_type=\"widget\" data-widget_type=\"text-editor.default\">\n\t\t\t\t<div class=\"elementor-widget-container\">\n\t\t\t\t\t\t\t\t<div class=\"elementor-text-editor elementor-clearfix\">\n\t\t\t\t<p>All\u2019inizio della sala, appena salite le scale, si trovano 3 grandi vetrine; nella prima sono esposti antichi monili e vasellame ritrovati nell\u2019agordino durante le campagne di scavi fatti dall\u2019ARCA, Gruppo Archeologico di Agordo.<\/p><p>Nella vetrina centrale ci sono dei campioni di minerali eccezionali, e qui \u00e8 anche collocata la \u201cBARCIS\u201d.<\/p><p>Nell\u2019ultima vetrina sono esposti i minerali pi\u00f9 interessanti delle pi\u00f9 recenti collezioni donate al Museo.<\/p>\t\t\t\t\t<\/div>\n\t\t\t\t\t\t<\/div>\n\t\t\t\t<\/div>\n\t\t\t\t\t\t<\/div>\n\t\t\t\t\t<\/div>\n\t\t<\/div>\n\t\t\t\t\t\t\t\t<\/div>\n\t\t\t\t\t<\/div>\n\t\t<\/section>\n\t\t\t\t<div class=\"elementor-element elementor-element-4a00de4 elementor-widget elementor-widget-text-editor\" data-id=\"4a00de4\" data-element_type=\"widget\" data-widget_type=\"text-editor.default\">\n\t\t\t\t<div class=\"elementor-widget-container\">\n\t\t\t\t\t\t\t\t<div class=\"elementor-text-editor elementor-clearfix\">\n\t\t\t\t<p>Guardate attentamente la foto seguente e fateci sapere quanto tempo avete impiegato per scoprire dove \u00e8 collocata la \u201cBARCIS\u201d<\/p>\t\t\t\t\t<\/div>\n\t\t\t\t\t\t<\/div>\n\t\t\t\t<\/div>\n\t\t\t\t<section class=\"elementor-section elementor-inner-section elementor-element elementor-element-a9b0abb elementor-section-boxed elementor-section-height-default elementor-section-height-default wpr-particle-no wpr-jarallax-no wpr-parallax-no wpr-sticky-section-no\" data-id=\"a9b0abb\" data-element_type=\"section\">\n\t\t\t\t\t\t<div class=\"elementor-container elementor-column-gap-default\">\n\t\t\t\t\t\t\t<div class=\"elementor-row\">\n\t\t\t\t\t<div class=\"elementor-column elementor-col-50 elementor-inner-column elementor-element elementor-element-e6a53bc\" data-id=\"e6a53bc\" data-element_type=\"column\">\n\t\t\t<div class=\"elementor-column-wrap elementor-element-populated\">\n\t\t\t\t\t\t\t<div class=\"elementor-widget-wrap\">\n\t\t\t\t\t\t<div class=\"elementor-element elementor-element-069df66 elementor-widget elementor-widget-text-editor\" data-id=\"069df66\" data-element_type=\"widget\" data-widget_type=\"text-editor.default\">\n\t\t\t\t<div class=\"elementor-widget-container\">\n\t\t\t\t\t\t\t\t<div class=\"elementor-text-editor elementor-clearfix\">\n\t\t\t\t<p>Alle mostre temporanee \u00e8 dedicato tutto il restante spazio che, come potete vedere dalle foto, \u00e8 pi\u00f9 che adeguato allo scopo ed \u00e8 attrezzato con faretti per l\u2019illuminazione delle bacheche espositive.<\/p><p>Le bacheche, ed i drappi d\u2019appoggio, sono di propriet\u00e0 del GAMP (Gruppo Agordino Mineralogico Paleontologico) che, avendo organizzato gran parte delle mostre temporanee del Museo, si \u00e8 dotato di tutta l\u2019attrezzatura necessaria per assicurarsi l\u2019allestimento ottimale in un ambiente cos\u00ec caratteristico.<\/p><p>Per chi non si interessa di minerali e fossili, il GAMP \u00e8 uno dei pi\u00f9 importanti e pi\u00f9 attivi sodalizi italiani che si dedicano ai \u201dsassi\u201d, con numerosissimi soci, una importante attivit\u00e0 divulgativa (mostre, pubblicazione di libri, conferenze, ecc.) ed una collezione straordinaria con minerali provenienti da tutto il mondo. Questi minerali, per la gran parte, sono stati raccolti e collezionati da periti minerari di Agordo, veri esperti che nei campioni, oltre all\u2019aspetto estetico, hanno anche cercato il valore mineralogico e la rarit\u00e0 delle specie.<\/p>\t\t\t\t\t<\/div>\n\t\t\t\t\t\t<\/div>\n\t\t\t\t<\/div>\n\t\t\t\t<div class=\"elementor-element elementor-element-86bd711 elementor-widget elementor-widget-image\" data-id=\"86bd711\" data-element_type=\"widget\" data-widget_type=\"image.default\">\n\t\t\t\t<div class=\"elementor-widget-container\">\n\t\t\t\t\t\t\t\t<div class=\"elementor-image\">\n\t\t\t\t\t\t\t\t\t<figure class=\"wp-caption\">\n\t\t\t\t\t\t\t\t\t\t<img decoding=\"async\" width=\"337\" height=\"269\" src=\"https:\/\/mail.meteorititalia.org\/wp-content\/uploads\/2019\/07\/Foto-76.jpg\" class=\"attachment-large size-large wp-image-606\" alt=\"\" loading=\"lazy\" srcset=\"https:\/\/mail.meteorititalia.org\/wp-content\/uploads\/2019\/07\/Foto-76.jpg 337w, https:\/\/mail.meteorititalia.org\/wp-content\/uploads\/2019\/07\/Foto-76-300x239.jpg 300w\" sizes=\"100vw\" \/>\t\t\t\t\t\t\t\t\t\t\t<figcaption class=\"widget-image-caption wp-caption-text\">La targa e logo di riconoscimento del GAMP. (Foto dal sito: Provincia di Belluno- Dolomiti)<\/figcaption>\n\t\t\t\t\t\t\t\t\t\t<\/figure>\n\t\t\t\t\t\t\t\t<\/div>\n\t\t\t\t\t\t<\/div>\n\t\t\t\t<\/div>\n\t\t\t\t\t\t<\/div>\n\t\t\t\t\t<\/div>\n\t\t<\/div>\n\t\t\t\t<div class=\"elementor-column elementor-col-50 elementor-inner-column elementor-element elementor-element-9f99a5a\" data-id=\"9f99a5a\" data-element_type=\"column\">\n\t\t\t<div class=\"elementor-column-wrap elementor-element-populated\">\n\t\t\t\t\t\t\t<div class=\"elementor-widget-wrap\">\n\t\t\t\t\t\t<div class=\"elementor-element elementor-element-ddf1cf3 elementor-widget elementor-widget-image\" data-id=\"ddf1cf3\" data-element_type=\"widget\" data-widget_type=\"image.default\">\n\t\t\t\t<div class=\"elementor-widget-container\">\n\t\t\t\t\t\t\t\t<div class=\"elementor-image\">\n\t\t\t\t\t\t\t\t\t<figure class=\"wp-caption\">\n\t\t\t\t\t\t\t\t\t\t<img decoding=\"async\" width=\"525\" height=\"394\" src=\"https:\/\/mail.meteorititalia.org\/wp-content\/uploads\/2019\/07\/Foto-74-1024x768.jpg\" class=\"attachment-large size-large wp-image-604\" alt=\"\" loading=\"lazy\" srcset=\"https:\/\/mail.meteorititalia.org\/wp-content\/uploads\/2019\/07\/Foto-74-1024x768.jpg 1024w, https:\/\/mail.meteorititalia.org\/wp-content\/uploads\/2019\/07\/Foto-74-300x225.jpg 300w, https:\/\/mail.meteorititalia.org\/wp-content\/uploads\/2019\/07\/Foto-74-768x576.jpg 768w\" sizes=\"100vw\" \/>\t\t\t\t\t\t\t\t\t\t\t<figcaption class=\"widget-image-caption wp-caption-text\">La vetrina centrale dove solitamente dimora la \u201cBARCIS\u201d e dove \u00e8 costretta a  competere con un cristallo di gesso di bellezza mostruosa, zolfo e fluorite sempre bellissimi ed un cristallo ottaedrico di pirite che, per dimensioni, non credo abbia rivali al mondo.<\/figcaption>\n\t\t\t\t\t\t\t\t\t\t<\/figure>\n\t\t\t\t\t\t\t\t<\/div>\n\t\t\t\t\t\t<\/div>\n\t\t\t\t<\/div>\n\t\t\t\t<div class=\"elementor-element elementor-element-1fe23ee elementor-widget elementor-widget-image\" data-id=\"1fe23ee\" data-element_type=\"widget\" data-widget_type=\"image.default\">\n\t\t\t\t<div class=\"elementor-widget-container\">\n\t\t\t\t\t\t\t\t<div class=\"elementor-image\">\n\t\t\t\t\t\t\t\t\t<figure class=\"wp-caption\">\n\t\t\t\t\t\t\t\t\t\t<img decoding=\"async\" width=\"525\" height=\"394\" src=\"https:\/\/mail.meteorititalia.org\/wp-content\/uploads\/2019\/07\/Foto-75-1024x768.jpg\" class=\"attachment-large size-large wp-image-605\" alt=\"\" loading=\"lazy\" srcset=\"https:\/\/mail.meteorititalia.org\/wp-content\/uploads\/2019\/07\/Foto-75-1024x768.jpg 1024w, https:\/\/mail.meteorititalia.org\/wp-content\/uploads\/2019\/07\/Foto-75-300x225.jpg 300w, https:\/\/mail.meteorititalia.org\/wp-content\/uploads\/2019\/07\/Foto-75-768x576.jpg 768w\" sizes=\"100vw\" \/>\t\t\t\t\t\t\t\t\t\t\t<figcaption class=\"widget-image-caption wp-caption-text\">La mostra temporanea, allestita dal GAMP, ancora in corso quando abbiamo fatto il primo sopraluogo. Tomaso e Adriano continuano a verificare la pianta del locale.<\/figcaption>\n\t\t\t\t\t\t\t\t\t\t<\/figure>\n\t\t\t\t\t\t\t\t<\/div>\n\t\t\t\t\t\t<\/div>\n\t\t\t\t<\/div>\n\t\t\t\t\t\t<\/div>\n\t\t\t\t\t<\/div>\n\t\t<\/div>\n\t\t\t\t\t\t\t\t<\/div>\n\t\t\t\t\t<\/div>\n\t\t<\/section>\n\t\t\t\t<div class=\"elementor-element elementor-element-de32e4f elementor-widget elementor-widget-text-editor\" data-id=\"de32e4f\" data-element_type=\"widget\" data-widget_type=\"text-editor.default\">\n\t\t\t\t<div class=\"elementor-widget-container\">\n\t\t\t\t\t\t\t\t<div class=\"elementor-text-editor elementor-clearfix\">\n\t\t\t\t<p>Grazie ai buoni rapporti con il GAMP, abbiamo avuto subito la loro collaborazione e questo ha agevolato molto il nostro lavoro perch\u00e9, una volta smontata la mostra che avevano allestito, ci hanno lasciato i tavoli, i drappi le bacheche e tutto il resto del materiale che ci sarebbe servito per la nostra mostra di meteoriti. Inoltre, oltre ad aiutarci con una parte del nostro allestimento, si sono fatti carico di pubblicizzare l\u2019evento accollandosi i costi dei manifesti e delle locandine della mostra e coordinando i contatti con la radio locale.<\/p><p>Per sottolineare anche al pubblico il grande aiuto ricevuto dal GAMP, abbiamo chiesto che nella nostra mostra allestissero una vetrina con campioni di minerali terrestri che sono presenti anche nella composizione delle meteoriti.<\/p><p>A questo punto avevamo tutto quello che ci occorreva e, con la pianta della sala per le mostre temporanee, le dimensioni delle vetrine, la disposizione dei faretti ed i punti d\u2019attacco per i pannelli illustrativi si poteva, finalmente, pianificare l\u2019allestimento.<\/p>\t\t\t\t\t<\/div>\n\t\t\t\t\t\t<\/div>\n\t\t\t\t<\/div>\n\t\t\t\t<section class=\"elementor-section elementor-inner-section elementor-element elementor-element-7ab066d elementor-section-boxed elementor-section-height-default elementor-section-height-default wpr-particle-no wpr-jarallax-no wpr-parallax-no wpr-sticky-section-no\" data-id=\"7ab066d\" data-element_type=\"section\">\n\t\t\t\t\t\t<div class=\"elementor-container elementor-column-gap-default\">\n\t\t\t\t\t\t\t<div class=\"elementor-row\">\n\t\t\t\t\t<div class=\"elementor-column elementor-col-50 elementor-inner-column elementor-element elementor-element-666fe9e\" data-id=\"666fe9e\" data-element_type=\"column\">\n\t\t\t<div class=\"elementor-column-wrap elementor-element-populated\">\n\t\t\t\t\t\t\t<div class=\"elementor-widget-wrap\">\n\t\t\t\t\t\t<div class=\"elementor-element elementor-element-bcc2682 elementor-widget elementor-widget-image\" data-id=\"bcc2682\" data-element_type=\"widget\" data-widget_type=\"image.default\">\n\t\t\t\t<div class=\"elementor-widget-container\">\n\t\t\t\t\t\t\t\t<div class=\"elementor-image\">\n\t\t\t\t\t\t\t\t\t<figure class=\"wp-caption\">\n\t\t\t\t\t\t\t\t\t\t\t<a href=\"http:\/\/www.meteorititalia.org\/blog\/wp-content\/uploads\/2019\/07\/Foto-77.jpg\" data-elementor-open-lightbox=\"yes\" data-elementor-lightbox-title=\"Foto 77\" data-e-action-hash=\"#elementor-action%3Aaction%3Dlightbox%26settings%3DeyJpZCI6NjA3LCJ1cmwiOiJodHRwczpcL1wvbWFpbC5tZXRlb3JpdGl0YWxpYS5vcmdcL3dwLWNvbnRlbnRcL3VwbG9hZHNcLzIwMTlcLzA3XC9Gb3RvLTc3LmpwZyJ9\">\n\t\t\t\t\t\t\t<img decoding=\"async\" width=\"525\" height=\"749\" src=\"https:\/\/mail.meteorititalia.org\/wp-content\/uploads\/2019\/07\/Foto-77-768x1096.jpg\" class=\"attachment-medium_large size-medium_large wp-image-607\" alt=\"\" loading=\"lazy\" srcset=\"https:\/\/mail.meteorititalia.org\/wp-content\/uploads\/2019\/07\/Foto-77-768x1096.jpg 768w, https:\/\/mail.meteorititalia.org\/wp-content\/uploads\/2019\/07\/Foto-77-210x300.jpg 210w, https:\/\/mail.meteorititalia.org\/wp-content\/uploads\/2019\/07\/Foto-77-718x1024.jpg 718w\" sizes=\"100vw\" \/>\t\t\t\t\t\t\t\t<\/a>\n\t\t\t\t\t\t\t\t\t\t\t<figcaption class=\"widget-image-caption wp-caption-text\">Una delle bacheche messaci a disposizione dal GAMP con le misure per pianificare l\u2019allestimento<\/figcaption>\n\t\t\t\t\t\t\t\t\t\t<\/figure>\n\t\t\t\t\t\t\t\t<\/div>\n\t\t\t\t\t\t<\/div>\n\t\t\t\t<\/div>\n\t\t\t\t\t\t<\/div>\n\t\t\t\t\t<\/div>\n\t\t<\/div>\n\t\t\t\t<div class=\"elementor-column elementor-col-50 elementor-inner-column elementor-element elementor-element-cb98dda\" data-id=\"cb98dda\" data-element_type=\"column\">\n\t\t\t<div class=\"elementor-column-wrap elementor-element-populated\">\n\t\t\t\t\t\t\t<div class=\"elementor-widget-wrap\">\n\t\t\t\t\t\t<div class=\"elementor-element elementor-element-46e2246 elementor-widget elementor-widget-image\" data-id=\"46e2246\" data-element_type=\"widget\" data-widget_type=\"image.default\">\n\t\t\t\t<div class=\"elementor-widget-container\">\n\t\t\t\t\t\t\t\t<div class=\"elementor-image\">\n\t\t\t\t\t\t\t\t\t<figure class=\"wp-caption\">\n\t\t\t\t\t\t\t\t\t\t<img decoding=\"async\" width=\"525\" height=\"746\" src=\"https:\/\/mail.meteorititalia.org\/wp-content\/uploads\/2019\/07\/Foto-78-768x1092.jpg\" class=\"attachment-medium_large size-medium_large wp-image-608\" alt=\"\" loading=\"lazy\" srcset=\"https:\/\/mail.meteorititalia.org\/wp-content\/uploads\/2019\/07\/Foto-78-768x1092.jpg 768w, https:\/\/mail.meteorititalia.org\/wp-content\/uploads\/2019\/07\/Foto-78-211x300.jpg 211w, https:\/\/mail.meteorititalia.org\/wp-content\/uploads\/2019\/07\/Foto-78-720x1024.jpg 720w\" sizes=\"100vw\" \/>\t\t\t\t\t\t\t\t\t\t\t<figcaption class=\"widget-image-caption wp-caption-text\">Bacheca del GAMP e spazi per appendere i pannelli illustrativi<\/figcaption>\n\t\t\t\t\t\t\t\t\t\t<\/figure>\n\t\t\t\t\t\t\t\t<\/div>\n\t\t\t\t\t\t<\/div>\n\t\t\t\t<\/div>\n\t\t\t\t\t\t<\/div>\n\t\t\t\t\t<\/div>\n\t\t<\/div>\n\t\t\t\t\t\t\t\t<\/div>\n\t\t\t\t\t<\/div>\n\t\t<\/section>\n\t\t\t\t<section class=\"elementor-section elementor-inner-section elementor-element elementor-element-bf10488 elementor-section-boxed elementor-section-height-default elementor-section-height-default wpr-particle-no wpr-jarallax-no wpr-parallax-no wpr-sticky-section-no\" data-id=\"bf10488\" data-element_type=\"section\">\n\t\t\t\t\t\t<div class=\"elementor-container elementor-column-gap-default\">\n\t\t\t\t\t\t\t<div class=\"elementor-row\">\n\t\t\t\t\t<div class=\"elementor-column elementor-col-50 elementor-inner-column elementor-element elementor-element-7141cf5\" data-id=\"7141cf5\" data-element_type=\"column\">\n\t\t\t<div class=\"elementor-column-wrap elementor-element-populated\">\n\t\t\t\t\t\t\t<div class=\"elementor-widget-wrap\">\n\t\t\t\t\t\t<div class=\"elementor-element elementor-element-16b7558 elementor-widget elementor-widget-image\" data-id=\"16b7558\" data-element_type=\"widget\" data-widget_type=\"image.default\">\n\t\t\t\t<div class=\"elementor-widget-container\">\n\t\t\t\t\t\t\t\t<div class=\"elementor-image\">\n\t\t\t\t\t\t\t\t\t<figure class=\"wp-caption\">\n\t\t\t\t\t\t\t\t\t\t<img decoding=\"async\" width=\"525\" height=\"370\" src=\"https:\/\/mail.meteorititalia.org\/wp-content\/uploads\/2019\/07\/Foto-79-1024x721.jpg\" class=\"attachment-large size-large wp-image-609\" alt=\"\" loading=\"lazy\" srcset=\"https:\/\/mail.meteorititalia.org\/wp-content\/uploads\/2019\/07\/Foto-79-1024x721.jpg 1024w, https:\/\/mail.meteorititalia.org\/wp-content\/uploads\/2019\/07\/Foto-79-300x211.jpg 300w, https:\/\/mail.meteorititalia.org\/wp-content\/uploads\/2019\/07\/Foto-79-768x541.jpg 768w\" sizes=\"100vw\" \/>\t\t\t\t\t\t\t\t\t\t\t<figcaption class=\"widget-image-caption wp-caption-text\">Bacheche del GAMP utilizzate per contenere una parte della collezione degli strumenti topografici<\/figcaption>\n\t\t\t\t\t\t\t\t\t\t<\/figure>\n\t\t\t\t\t\t\t\t<\/div>\n\t\t\t\t\t\t<\/div>\n\t\t\t\t<\/div>\n\t\t\t\t\t\t<\/div>\n\t\t\t\t\t<\/div>\n\t\t<\/div>\n\t\t\t\t<div class=\"elementor-column elementor-col-50 elementor-inner-column elementor-element elementor-element-eadc5e4\" data-id=\"eadc5e4\" data-element_type=\"column\">\n\t\t\t<div class=\"elementor-column-wrap elementor-element-populated\">\n\t\t\t\t\t\t\t<div class=\"elementor-widget-wrap\">\n\t\t\t\t\t\t<div class=\"elementor-element elementor-element-7e7c3c5 elementor-widget elementor-widget-image\" data-id=\"7e7c3c5\" data-element_type=\"widget\" data-widget_type=\"image.default\">\n\t\t\t\t<div class=\"elementor-widget-container\">\n\t\t\t\t\t\t\t\t<div class=\"elementor-image\">\n\t\t\t\t\t\t\t\t\t<figure class=\"wp-caption\">\n\t\t\t\t\t\t\t\t\t\t<img decoding=\"async\" width=\"525\" height=\"239\" src=\"https:\/\/mail.meteorititalia.org\/wp-content\/uploads\/2019\/07\/Foto-80-1024x467.jpg\" class=\"attachment-large size-large wp-image-610\" alt=\"\" loading=\"lazy\" srcset=\"https:\/\/mail.meteorititalia.org\/wp-content\/uploads\/2019\/07\/Foto-80-1024x467.jpg 1024w, https:\/\/mail.meteorititalia.org\/wp-content\/uploads\/2019\/07\/Foto-80-300x137.jpg 300w, https:\/\/mail.meteorititalia.org\/wp-content\/uploads\/2019\/07\/Foto-80-768x350.jpg 768w\" sizes=\"100vw\" \/>\t\t\t\t\t\t\t\t\t\t\t<figcaption class=\"widget-image-caption wp-caption-text\">La pianta del locale della mostra temporanea che ci \u00e8 stata data dall\u2019Istituto<\/figcaption>\n\t\t\t\t\t\t\t\t\t\t<\/figure>\n\t\t\t\t\t\t\t\t<\/div>\n\t\t\t\t\t\t<\/div>\n\t\t\t\t<\/div>\n\t\t\t\t\t\t<\/div>\n\t\t\t\t\t<\/div>\n\t\t<\/div>\n\t\t\t\t\t\t\t\t<\/div>\n\t\t\t\t\t<\/div>\n\t\t<\/section>\n\t\t\t\t<section class=\"elementor-section elementor-inner-section elementor-element elementor-element-34b4b64 elementor-section-boxed elementor-section-height-default elementor-section-height-default wpr-particle-no wpr-jarallax-no wpr-parallax-no wpr-sticky-section-no\" data-id=\"34b4b64\" data-element_type=\"section\">\n\t\t\t\t\t\t<div class=\"elementor-container elementor-column-gap-default\">\n\t\t\t\t\t\t\t<div class=\"elementor-row\">\n\t\t\t\t\t<div class=\"elementor-column elementor-col-50 elementor-inner-column elementor-element elementor-element-e9609a0\" data-id=\"e9609a0\" data-element_type=\"column\">\n\t\t\t<div class=\"elementor-column-wrap elementor-element-populated\">\n\t\t\t\t\t\t\t<div class=\"elementor-widget-wrap\">\n\t\t\t\t\t\t<div class=\"elementor-element elementor-element-787724d elementor-widget elementor-widget-text-editor\" data-id=\"787724d\" data-element_type=\"widget\" data-widget_type=\"text-editor.default\">\n\t\t\t\t<div class=\"elementor-widget-container\">\n\t\t\t\t\t\t\t\t<div class=\"elementor-text-editor elementor-clearfix\">\n\t\t\t\t<p>\u00a0Concordata la struttura della mostra con Francesco e Mauro, gli amici di Trento che ci forniscono gran parte del materiale che esponiamo, sulla base della piantina abbiamo riposizionato i tavoli e le bacheche del GAMP come necessario, fatto le pulizie della sala delle vetrine e dei drappi ed abbiamo iniziato l\u2019allestimento.<\/p>\t\t\t\t\t<\/div>\n\t\t\t\t\t\t<\/div>\n\t\t\t\t<\/div>\n\t\t\t\t\t\t<\/div>\n\t\t\t\t\t<\/div>\n\t\t<\/div>\n\t\t\t\t<div class=\"elementor-column elementor-col-50 elementor-inner-column elementor-element elementor-element-5e0d970\" data-id=\"5e0d970\" data-element_type=\"column\">\n\t\t\t<div class=\"elementor-column-wrap elementor-element-populated\">\n\t\t\t\t\t\t\t<div class=\"elementor-widget-wrap\">\n\t\t\t\t\t\t<div class=\"elementor-element elementor-element-de73b49 elementor-widget elementor-widget-image\" data-id=\"de73b49\" data-element_type=\"widget\" data-widget_type=\"image.default\">\n\t\t\t\t<div class=\"elementor-widget-container\">\n\t\t\t\t\t\t\t\t<div class=\"elementor-image\">\n\t\t\t\t\t\t\t\t\t<figure class=\"wp-caption\">\n\t\t\t\t\t\t\t\t\t\t<img decoding=\"async\" width=\"525\" height=\"371\" src=\"https:\/\/mail.meteorititalia.org\/wp-content\/uploads\/2019\/07\/Foto-81-1024x724.jpg\" class=\"attachment-large size-large wp-image-612\" alt=\"\" loading=\"lazy\" srcset=\"https:\/\/mail.meteorititalia.org\/wp-content\/uploads\/2019\/07\/Foto-81-1024x724.jpg 1024w, https:\/\/mail.meteorititalia.org\/wp-content\/uploads\/2019\/07\/Foto-81-300x212.jpg 300w, https:\/\/mail.meteorititalia.org\/wp-content\/uploads\/2019\/07\/Foto-81-768x543.jpg 768w\" sizes=\"100vw\" \/>\t\t\t\t\t\t\t\t\t\t\t<figcaption class=\"widget-image-caption wp-caption-text\">La pianta del locale della mostra temporanea con evidenziato l\u2019allestimento della nostra mostra<\/figcaption>\n\t\t\t\t\t\t\t\t\t\t<\/figure>\n\t\t\t\t\t\t\t\t<\/div>\n\t\t\t\t\t\t<\/div>\n\t\t\t\t<\/div>\n\t\t\t\t\t\t<\/div>\n\t\t\t\t\t<\/div>\n\t\t<\/div>\n\t\t\t\t\t\t\t\t<\/div>\n\t\t\t\t\t<\/div>\n\t\t<\/section>\n\t\t\t\t<div class=\"elementor-element elementor-element-f8b9b41 elementor-widget elementor-widget-image-gallery\" data-id=\"f8b9b41\" data-element_type=\"widget\" data-widget_type=\"image-gallery.default\">\n\t\t\t\t<div class=\"elementor-widget-container\">\n\t\t\t\t\t<div class=\"elementor-image-gallery\">\n\t\t\t<div id='gallery-9' class='gallery galleryid-465 gallery-columns-3 gallery-size-full'><figure class='gallery-item'>\n\t\t\t<div class='gallery-icon landscape'>\n\t\t\t\t<a data-elementor-open-lightbox=\"yes\" data-elementor-lightbox-slideshow=\"f8b9b41\" data-elementor-lightbox-title=\"Foto 82\" data-e-action-hash=\"#elementor-action%3Aaction%3Dlightbox%26settings%3DeyJpZCI6NjEzLCJ1cmwiOiJodHRwczpcL1wvbWFpbC5tZXRlb3JpdGl0YWxpYS5vcmdcL3dwLWNvbnRlbnRcL3VwbG9hZHNcLzIwMTlcLzA3XC9Gb3RvLTgyLmpwZyIsInNsaWRlc2hvdyI6ImY4YjliNDEifQ%3D%3D\" href='https:\/\/mail.meteorititalia.org\/wp-content\/uploads\/2019\/07\/Foto-82.jpg'><img width=\"3264\" height=\"2448\" src=\"https:\/\/mail.meteorititalia.org\/wp-content\/uploads\/2019\/07\/Foto-82.jpg\" class=\"attachment-full size-full\" alt=\"\" decoding=\"async\" loading=\"lazy\" aria-describedby=\"gallery-9-613\" srcset=\"https:\/\/mail.meteorititalia.org\/wp-content\/uploads\/2019\/07\/Foto-82.jpg 3264w, https:\/\/mail.meteorititalia.org\/wp-content\/uploads\/2019\/07\/Foto-82-300x225.jpg 300w, https:\/\/mail.meteorititalia.org\/wp-content\/uploads\/2019\/07\/Foto-82-768x576.jpg 768w, https:\/\/mail.meteorititalia.org\/wp-content\/uploads\/2019\/07\/Foto-82-1024x768.jpg 1024w\" sizes=\"100vw\" \/><\/a>\n\t\t\t<\/div>\n\t\t\t\t<figcaption class='wp-caption-text gallery-caption' id='gallery-9-613'>\n\t\t\t\tTavoli, drappi e bacheche sono stati posizionati, \u00e8 ora di fare le pulizie di fino; Adriano supervisiona.\n\t\t\t\t<\/figcaption><\/figure><figure class='gallery-item'>\n\t\t\t<div class='gallery-icon landscape'>\n\t\t\t\t<a data-elementor-open-lightbox=\"yes\" data-elementor-lightbox-slideshow=\"f8b9b41\" data-elementor-lightbox-title=\"Foto 83\" data-e-action-hash=\"#elementor-action%3Aaction%3Dlightbox%26settings%3DeyJpZCI6NjE0LCJ1cmwiOiJodHRwczpcL1wvbWFpbC5tZXRlb3JpdGl0YWxpYS5vcmdcL3dwLWNvbnRlbnRcL3VwbG9hZHNcLzIwMTlcLzA3XC9Gb3RvLTgzLmpwZyIsInNsaWRlc2hvdyI6ImY4YjliNDEifQ%3D%3D\" href='https:\/\/mail.meteorititalia.org\/wp-content\/uploads\/2019\/07\/Foto-83.jpg'><img width=\"3264\" height=\"2448\" src=\"https:\/\/mail.meteorititalia.org\/wp-content\/uploads\/2019\/07\/Foto-83.jpg\" class=\"attachment-full size-full\" alt=\"\" decoding=\"async\" loading=\"lazy\" aria-describedby=\"gallery-9-614\" srcset=\"https:\/\/mail.meteorititalia.org\/wp-content\/uploads\/2019\/07\/Foto-83.jpg 3264w, https:\/\/mail.meteorititalia.org\/wp-content\/uploads\/2019\/07\/Foto-83-300x225.jpg 300w, https:\/\/mail.meteorititalia.org\/wp-content\/uploads\/2019\/07\/Foto-83-768x576.jpg 768w, https:\/\/mail.meteorititalia.org\/wp-content\/uploads\/2019\/07\/Foto-83-1024x768.jpg 1024w\" sizes=\"100vw\" \/><\/a>\n\t\t\t<\/div>\n\t\t\t\t<figcaption class='wp-caption-text gallery-caption' id='gallery-9-614'>\n\t\t\t\tPer questi lavori non \u00e8 facile trovare volontari e, spesso, bisogna ricorrere all\u2019aiuto dei familiari. Grazie a mogli e figli che troppo spesso ci devono aiutare!\n\t\t\t\t<\/figcaption><\/figure><figure class='gallery-item'>\n\t\t\t<div class='gallery-icon landscape'>\n\t\t\t\t<a data-elementor-open-lightbox=\"yes\" data-elementor-lightbox-slideshow=\"f8b9b41\" data-elementor-lightbox-title=\"Foto 84\" data-e-action-hash=\"#elementor-action%3Aaction%3Dlightbox%26settings%3DeyJpZCI6NjE1LCJ1cmwiOiJodHRwczpcL1wvbWFpbC5tZXRlb3JpdGl0YWxpYS5vcmdcL3dwLWNvbnRlbnRcL3VwbG9hZHNcLzIwMTlcLzA3XC9Gb3RvLTg0LmpwZyIsInNsaWRlc2hvdyI6ImY4YjliNDEifQ%3D%3D\" href='https:\/\/mail.meteorititalia.org\/wp-content\/uploads\/2019\/07\/Foto-84.jpg'><img width=\"3264\" height=\"2448\" src=\"https:\/\/mail.meteorititalia.org\/wp-content\/uploads\/2019\/07\/Foto-84.jpg\" class=\"attachment-full size-full\" alt=\"\" decoding=\"async\" loading=\"lazy\" aria-describedby=\"gallery-9-615\" srcset=\"https:\/\/mail.meteorititalia.org\/wp-content\/uploads\/2019\/07\/Foto-84.jpg 3264w, https:\/\/mail.meteorititalia.org\/wp-content\/uploads\/2019\/07\/Foto-84-300x225.jpg 300w, https:\/\/mail.meteorititalia.org\/wp-content\/uploads\/2019\/07\/Foto-84-768x576.jpg 768w, https:\/\/mail.meteorititalia.org\/wp-content\/uploads\/2019\/07\/Foto-84-1024x768.jpg 1024w\" sizes=\"100vw\" \/><\/a>\n\t\t\t<\/div>\n\t\t\t\t<figcaption class='wp-caption-text gallery-caption' id='gallery-9-615'>\n\t\t\t\tLa disposizione \u00e8 completata e la \u201cBARCIS\u201d avr\u00e0 la sua posizione dominante.\n\t\t\t\t<\/figcaption><\/figure>\n\t\t<\/div>\n\t\t<\/div>\n\t\t\t\t<\/div>\n\t\t\t\t<\/div>\n\t\t\t\t<div class=\"elementor-element elementor-element-732f9a9 elementor-widget elementor-widget-text-editor\" data-id=\"732f9a9\" data-element_type=\"widget\" data-widget_type=\"text-editor.default\">\n\t\t\t\t<div class=\"elementor-widget-container\">\n\t\t\t\t\t\t\t\t<div class=\"elementor-text-editor elementor-clearfix\">\n\t\t\t\t<p>Naturalmente alla \u201cBARCIS\u201d, che qui ad Agordo \u201cgiocava in casa\u201d, \u00e8 stato riservato il posto d\u2019onore e Umberto, il nostro presidente, ne ha curato l\u2019allestimento ed ha provveduto al breve trasporto dalla vetrina abituale alla bacheca preparata per la mostra.<\/p><p>Quando si tratta della \u201cBARCIS\u201d, Umberto non permette interferenze da nessuno almeno che non siano i legali proprietari della meteorite.<\/p>\t\t\t\t\t<\/div>\n\t\t\t\t\t\t<\/div>\n\t\t\t\t<\/div>\n\t\t\t\t<div class=\"elementor-element elementor-element-146092a elementor-widget elementor-widget-image-gallery\" data-id=\"146092a\" data-element_type=\"widget\" data-widget_type=\"image-gallery.default\">\n\t\t\t\t<div class=\"elementor-widget-container\">\n\t\t\t\t\t<div class=\"elementor-image-gallery\">\n\t\t\t<div id='gallery-10' class='gallery galleryid-465 gallery-columns-3 gallery-size-full'><figure class='gallery-item'>\n\t\t\t<div class='gallery-icon landscape'>\n\t\t\t\t<a data-elementor-open-lightbox=\"yes\" data-elementor-lightbox-slideshow=\"146092a\" data-elementor-lightbox-title=\"Foto.85\" data-e-action-hash=\"#elementor-action%3Aaction%3Dlightbox%26settings%3DeyJpZCI6NjE4LCJ1cmwiOiJodHRwczpcL1wvbWFpbC5tZXRlb3JpdGl0YWxpYS5vcmdcL3dwLWNvbnRlbnRcL3VwbG9hZHNcLzIwMTlcLzA3XC9Gb3RvLjg1LmpwZyIsInNsaWRlc2hvdyI6IjE0NjA5MmEifQ%3D%3D\" href='https:\/\/mail.meteorititalia.org\/wp-content\/uploads\/2019\/07\/Foto.85.jpg'><img width=\"3264\" height=\"2448\" src=\"https:\/\/mail.meteorititalia.org\/wp-content\/uploads\/2019\/07\/Foto.85.jpg\" class=\"attachment-full size-full\" alt=\"\" decoding=\"async\" loading=\"lazy\" aria-describedby=\"gallery-10-618\" srcset=\"https:\/\/mail.meteorititalia.org\/wp-content\/uploads\/2019\/07\/Foto.85.jpg 3264w, https:\/\/mail.meteorititalia.org\/wp-content\/uploads\/2019\/07\/Foto.85-300x225.jpg 300w, https:\/\/mail.meteorititalia.org\/wp-content\/uploads\/2019\/07\/Foto.85-768x576.jpg 768w, https:\/\/mail.meteorititalia.org\/wp-content\/uploads\/2019\/07\/Foto.85-1024x768.jpg 1024w\" sizes=\"100vw\" \/><\/a>\n\t\t\t<\/div>\n\t\t\t\t<figcaption class='wp-caption-text gallery-caption' id='gallery-10-618'>\n\t\t\t\tUmberto durante l\u2019allestimento della bacheca che ospiter\u00e0 la \u201cBARCIS\u201d\n\t\t\t\t<\/figcaption><\/figure><figure class='gallery-item'>\n\t\t\t<div class='gallery-icon portrait'>\n\t\t\t\t<a data-elementor-open-lightbox=\"yes\" data-elementor-lightbox-slideshow=\"146092a\" data-elementor-lightbox-title=\"Foto 86\" data-e-action-hash=\"#elementor-action%3Aaction%3Dlightbox%26settings%3DeyJpZCI6NjE2LCJ1cmwiOiJodHRwczpcL1wvbWFpbC5tZXRlb3JpdGl0YWxpYS5vcmdcL3dwLWNvbnRlbnRcL3VwbG9hZHNcLzIwMTlcLzA3XC9Gb3RvLTg2LWUxNTc5ODgzNDg4NjY4LmpwZyIsInNsaWRlc2hvdyI6IjE0NjA5MmEifQ%3D%3D\" href='https:\/\/mail.meteorititalia.org\/wp-content\/uploads\/2019\/07\/Foto-86-e1579883488668.jpg'><img width=\"3000\" height=\"4000\" src=\"https:\/\/mail.meteorititalia.org\/wp-content\/uploads\/2019\/07\/Foto-86-e1579883488668.jpg\" class=\"attachment-full size-full\" alt=\"\" decoding=\"async\" loading=\"lazy\" aria-describedby=\"gallery-10-616\" srcset=\"https:\/\/mail.meteorititalia.org\/wp-content\/uploads\/2019\/07\/Foto-86-e1579883488668.jpg 3000w, https:\/\/mail.meteorititalia.org\/wp-content\/uploads\/2019\/07\/Foto-86-e1579883488668-225x300.jpg 225w, https:\/\/mail.meteorititalia.org\/wp-content\/uploads\/2019\/07\/Foto-86-e1579883488668-768x1024.jpg 768w, https:\/\/mail.meteorititalia.org\/wp-content\/uploads\/2019\/07\/Foto-86-e1579883488668-1152x1536.jpg 1152w, https:\/\/mail.meteorititalia.org\/wp-content\/uploads\/2019\/07\/Foto-86-e1579883488668-1536x2048.jpg 1536w\" sizes=\"100vw\" \/><\/a>\n\t\t\t<\/div>\n\t\t\t\t<figcaption class='wp-caption-text gallery-caption' id='gallery-10-616'>\n\t\t\t\tUmberto che sta posizionando la \u201cBARCIS\u201d nella sua nuova bacheca\n\t\t\t\t<\/figcaption><\/figure><figure class='gallery-item'>\n\t\t\t<div class='gallery-icon landscape'>\n\t\t\t\t<a data-elementor-open-lightbox=\"yes\" data-elementor-lightbox-slideshow=\"146092a\" data-elementor-lightbox-title=\"Foto 87\" data-e-action-hash=\"#elementor-action%3Aaction%3Dlightbox%26settings%3DeyJpZCI6NjE3LCJ1cmwiOiJodHRwczpcL1wvbWFpbC5tZXRlb3JpdGl0YWxpYS5vcmdcL3dwLWNvbnRlbnRcL3VwbG9hZHNcLzIwMTlcLzA3XC9Gb3RvLTg3LmpwZyIsInNsaWRlc2hvdyI6IjE0NjA5MmEifQ%3D%3D\" href='https:\/\/mail.meteorititalia.org\/wp-content\/uploads\/2019\/07\/Foto-87.jpg'><img width=\"4000\" height=\"3000\" src=\"https:\/\/mail.meteorititalia.org\/wp-content\/uploads\/2019\/07\/Foto-87.jpg\" class=\"attachment-full size-full\" alt=\"\" decoding=\"async\" loading=\"lazy\" aria-describedby=\"gallery-10-617\" srcset=\"https:\/\/mail.meteorititalia.org\/wp-content\/uploads\/2019\/07\/Foto-87.jpg 4000w, https:\/\/mail.meteorititalia.org\/wp-content\/uploads\/2019\/07\/Foto-87-300x225.jpg 300w, https:\/\/mail.meteorititalia.org\/wp-content\/uploads\/2019\/07\/Foto-87-768x576.jpg 768w, https:\/\/mail.meteorititalia.org\/wp-content\/uploads\/2019\/07\/Foto-87-1024x768.jpg 1024w\" sizes=\"100vw\" \/><\/a>\n\t\t\t<\/div>\n\t\t\t\t<figcaption class='wp-caption-text gallery-caption' id='gallery-10-617'>\n\t\t\t\tLa \u201cBARCIS\u201d, pronta a farsi ammirare, in compagnia del piccolo frammento che \u00e8 custodito dall\u2019Associazione Cieli Dolomitici\n\t\t\t\t<\/figcaption><\/figure>\n\t\t<\/div>\n\t\t<\/div>\n\t\t\t\t<\/div>\n\t\t\t\t<\/div>\n\t\t\t\t<div class=\"elementor-element elementor-element-6f97adf elementor-widget elementor-widget-text-editor\" data-id=\"6f97adf\" data-element_type=\"widget\" data-widget_type=\"text-editor.default\">\n\t\t\t\t<div class=\"elementor-widget-container\">\n\t\t\t\t\t\t\t\t<div class=\"elementor-text-editor elementor-clearfix\">\n\t\t\t\t<p>Nel close-up della \u201cBARCIS\u201d, posizionata nella sua bacheca temporanea e pronta per essere ammirata da un numerosissimo pubblico notate, in basso a DX, un altro pezzettino di meteorite. \u00a0Si tratta del campione di 1,99g, custodito dall\u2019Associazione Cieli Dolomitici di San Tomaso Agordino (BL), in comodato d\u2019uso dall\u2019Istituto Minerario di Agordo, proprietario della meteorite.<\/p><p>Questo frammento \u00e8 una parte del campione che era stato segato dalla massa principale per farlo analizzare, nel 2008, dal IDPA (Istituto per la Dinamica dei Processi Ambientali) del Consiglio Nazionale delle Ricerche (CNR), presso il Dipartimento di Scienze Geologiche e Geotecnologie dell\u2019Universit\u00e0 di Milano Bicocca.<\/p><p>Ed ora, seguiteci in questa panoramica della mostra di meteoriti che abbiamo organizzato ad Agordo e che, grazie alla nostra esperienza maturata nelle precedenti mostre e grazie anche all\u2019aiuto e collaborazione avuta dalla Scuola Mineraria e dagli amici del GAMP, dal punto di vista organizzativo \u00e8 risultata essere la nostra mostra meglio riuscita.<\/p><p>Un ringraziamento particolare agli studenti del \u201cI.I.S. U.Follador-A. De Rossi\u201d di Agordo che, grazie al programma \u201cAlternanza Scuola Lavoro\u201d, si sono fatti carico del servizio di guardiania permettendoci aperture pi\u00f9 lunghe e pi\u00f9 frequenti rispetto ai normali orari del Museo.<\/p><p>Inoltre questi studenti che avevano frequentato un nostro breve corso di formazione sulle meteoriti e su quanto sarebbe stato esposto nella mostra, hanno fatto anche un ottimo servizio di guide per i visitatori aiutandoli ad apprezzare e valorizzare il materiale esposto.<\/p><p>\u00a0Nella sezione: \u201c Varie\u201d, del men\u00f9 \u201cLe nostre attivit\u00e0\u201d alla voce: \u201cOrganizzare una mostra di meteoriti\u201d potete trovare una serie di commenti, consigli e suggerimenti per chi vuole organizzare una mostra di meteoriti o per conto suo o con la collaborazione di Meteoriti Italia.<\/p><p>In queste ultime foto vedrete anche dei lavori eseguiti da studenti, delle classi terze medie di Agordo, dopo aver partecipato a delle lezioni sulle meteoriti presentate da Meteoriti Italia.<\/p><p>La qualit\u00e0 dei lavoro prodotti \u00e8 stata cos\u00ec elevata da meritarsi una menzione particolare nella sezione:\u201d Varie\u201d.<\/p>\t\t\t\t\t<\/div>\n\t\t\t\t\t\t<\/div>\n\t\t\t\t<\/div>\n\t\t\t\t<div class=\"elementor-element elementor-element-ad59a97 elementor-widget elementor-widget-image-gallery\" data-id=\"ad59a97\" data-element_type=\"widget\" data-widget_type=\"image-gallery.default\">\n\t\t\t\t<div class=\"elementor-widget-container\">\n\t\t\t\t\t<div class=\"elementor-image-gallery\">\n\t\t\t<div id='gallery-11' class='gallery galleryid-465 gallery-columns-4 gallery-size-full'><figure class='gallery-item'>\n\t\t\t<div class='gallery-icon portrait'>\n\t\t\t\t<a data-elementor-open-lightbox=\"yes\" data-elementor-lightbox-slideshow=\"ad59a97\" data-elementor-lightbox-title=\"Foto 88\" data-e-action-hash=\"#elementor-action%3Aaction%3Dlightbox%26settings%3DeyJpZCI6NjE5LCJ1cmwiOiJodHRwczpcL1wvbWFpbC5tZXRlb3JpdGl0YWxpYS5vcmdcL3dwLWNvbnRlbnRcL3VwbG9hZHNcLzIwMTlcLzA3XC9Gb3RvLTg4LWUxNTYzNDg1ODMxNDc1LmpwZyIsInNsaWRlc2hvdyI6ImFkNTlhOTcifQ%3D%3D\" href='https:\/\/mail.meteorititalia.org\/wp-content\/uploads\/2019\/07\/Foto-88-e1563485831475.jpg'><img width=\"3000\" height=\"4000\" src=\"https:\/\/mail.meteorititalia.org\/wp-content\/uploads\/2019\/07\/Foto-88-e1563485831475.jpg\" class=\"attachment-full size-full\" alt=\"\" decoding=\"async\" loading=\"lazy\" aria-describedby=\"gallery-11-619\" srcset=\"https:\/\/mail.meteorititalia.org\/wp-content\/uploads\/2019\/07\/Foto-88-e1563485831475.jpg 3000w, https:\/\/mail.meteorititalia.org\/wp-content\/uploads\/2019\/07\/Foto-88-e1563485831475-225x300.jpg 225w, https:\/\/mail.meteorititalia.org\/wp-content\/uploads\/2019\/07\/Foto-88-e1563485831475-768x1024.jpg 768w\" sizes=\"100vw\" \/><\/a>\n\t\t\t<\/div>\n\t\t\t\t<figcaption class='wp-caption-text gallery-caption' id='gallery-11-619'>\n\t\t\t\tIl portone d\u2019ingresso del Museo con il manifesto utilizzato per pubblicizzare l\u2019evento e sovrastato dal banner della mostra di meteoriti.\n\t\t\t\t<\/figcaption><\/figure><figure class='gallery-item'>\n\t\t\t<div class='gallery-icon portrait'>\n\t\t\t\t<a data-elementor-open-lightbox=\"yes\" data-elementor-lightbox-slideshow=\"ad59a97\" data-elementor-lightbox-title=\"Foto 89\" data-e-action-hash=\"#elementor-action%3Aaction%3Dlightbox%26settings%3DeyJpZCI6NjIwLCJ1cmwiOiJodHRwczpcL1wvbWFpbC5tZXRlb3JpdGl0YWxpYS5vcmdcL3dwLWNvbnRlbnRcL3VwbG9hZHNcLzIwMTlcLzA3XC9Gb3RvLTg5LWUxNTYzNDg1ODU3NTc2LmpwZyIsInNsaWRlc2hvdyI6ImFkNTlhOTcifQ%3D%3D\" href='https:\/\/mail.meteorititalia.org\/wp-content\/uploads\/2019\/07\/Foto-89-e1563485857576.jpg'><img width=\"2448\" height=\"3264\" src=\"https:\/\/mail.meteorititalia.org\/wp-content\/uploads\/2019\/07\/Foto-89-e1563485857576.jpg\" class=\"attachment-full size-full\" alt=\"\" decoding=\"async\" loading=\"lazy\" aria-describedby=\"gallery-11-620\" srcset=\"https:\/\/mail.meteorititalia.org\/wp-content\/uploads\/2019\/07\/Foto-89-e1563485857576.jpg 2448w, https:\/\/mail.meteorititalia.org\/wp-content\/uploads\/2019\/07\/Foto-89-e1563485857576-225x300.jpg 225w, https:\/\/mail.meteorititalia.org\/wp-content\/uploads\/2019\/07\/Foto-89-e1563485857576-768x1024.jpg 768w\" sizes=\"100vw\" \/><\/a>\n\t\t\t<\/div>\n\t\t\t\t<figcaption class='wp-caption-text gallery-caption' id='gallery-11-620'>\n\t\t\t\tDue degli studenti che ci hanno aiutato sia con il servizio di guardiania che con quello di guide per i visitatori\n\t\t\t\t<\/figcaption><\/figure><figure class='gallery-item'>\n\t\t\t<div class='gallery-icon portrait'>\n\t\t\t\t<a data-elementor-open-lightbox=\"yes\" data-elementor-lightbox-slideshow=\"ad59a97\" data-elementor-lightbox-title=\"Foto 93\" data-e-action-hash=\"#elementor-action%3Aaction%3Dlightbox%26settings%3DeyJpZCI6NjI0LCJ1cmwiOiJodHRwczpcL1wvbWFpbC5tZXRlb3JpdGl0YWxpYS5vcmdcL3dwLWNvbnRlbnRcL3VwbG9hZHNcLzIwMTlcLzA3XC9Gb3RvLTkzLWUxNTYzNDg1ODg2MzUyLmpwZyIsInNsaWRlc2hvdyI6ImFkNTlhOTcifQ%3D%3D\" href='https:\/\/mail.meteorititalia.org\/wp-content\/uploads\/2019\/07\/Foto-93-e1563485886352.jpg'><img width=\"3000\" height=\"4000\" src=\"https:\/\/mail.meteorititalia.org\/wp-content\/uploads\/2019\/07\/Foto-93-e1563485886352.jpg\" class=\"attachment-full size-full\" alt=\"\" decoding=\"async\" loading=\"lazy\" aria-describedby=\"gallery-11-624\" srcset=\"https:\/\/mail.meteorititalia.org\/wp-content\/uploads\/2019\/07\/Foto-93-e1563485886352.jpg 3000w, https:\/\/mail.meteorititalia.org\/wp-content\/uploads\/2019\/07\/Foto-93-e1563485886352-225x300.jpg 225w, https:\/\/mail.meteorititalia.org\/wp-content\/uploads\/2019\/07\/Foto-93-e1563485886352-768x1024.jpg 768w\" sizes=\"100vw\" \/><\/a>\n\t\t\t<\/div>\n\t\t\t\t<figcaption class='wp-caption-text gallery-caption' id='gallery-11-624'>\n\t\t\t\tPanoramica mostra. (Foto: M.Ianeselli; arch. Meteoriti Italia)\n\t\t\t\t<\/figcaption><\/figure><figure class='gallery-item'>\n\t\t\t<div class='gallery-icon portrait'>\n\t\t\t\t<a data-elementor-open-lightbox=\"yes\" data-elementor-lightbox-slideshow=\"ad59a97\" data-elementor-lightbox-title=\"Foto 99\" data-e-action-hash=\"#elementor-action%3Aaction%3Dlightbox%26settings%3DeyJpZCI6NjMwLCJ1cmwiOiJodHRwczpcL1wvbWFpbC5tZXRlb3JpdGl0YWxpYS5vcmdcL3dwLWNvbnRlbnRcL3VwbG9hZHNcLzIwMTlcLzA3XC9Gb3RvLTk5LWUxNTYzNDg1OTEzOTk5LmpwZyIsInNsaWRlc2hvdyI6ImFkNTlhOTcifQ%3D%3D\" href='https:\/\/mail.meteorititalia.org\/wp-content\/uploads\/2019\/07\/Foto-99-e1563485913999.jpg'><img width=\"3000\" height=\"4000\" src=\"https:\/\/mail.meteorititalia.org\/wp-content\/uploads\/2019\/07\/Foto-99-e1563485913999.jpg\" class=\"attachment-full size-full\" alt=\"\" decoding=\"async\" loading=\"lazy\" aria-describedby=\"gallery-11-630\" srcset=\"https:\/\/mail.meteorititalia.org\/wp-content\/uploads\/2019\/07\/Foto-99-e1563485913999.jpg 3000w, https:\/\/mail.meteorititalia.org\/wp-content\/uploads\/2019\/07\/Foto-99-e1563485913999-225x300.jpg 225w, https:\/\/mail.meteorititalia.org\/wp-content\/uploads\/2019\/07\/Foto-99-e1563485913999-768x1024.jpg 768w\" sizes=\"100vw\" \/><\/a>\n\t\t\t<\/div>\n\t\t\t\t<figcaption class='wp-caption-text gallery-caption' id='gallery-11-630'>\n\t\t\t\tPanoramica mostra. (Foto: M.Ianeselli; arch. Meteoriti Italia).  \n\t\t\t\t<\/figcaption><\/figure><figure class='gallery-item'>\n\t\t\t<div class='gallery-icon landscape'>\n\t\t\t\t<a data-elementor-open-lightbox=\"yes\" data-elementor-lightbox-slideshow=\"ad59a97\" data-elementor-lightbox-title=\"Foto 91\" data-e-action-hash=\"#elementor-action%3Aaction%3Dlightbox%26settings%3DeyJpZCI6NjIyLCJ1cmwiOiJodHRwczpcL1wvbWFpbC5tZXRlb3JpdGl0YWxpYS5vcmdcL3dwLWNvbnRlbnRcL3VwbG9hZHNcLzIwMTlcLzA3XC9Gb3RvLTkxLmpwZyIsInNsaWRlc2hvdyI6ImFkNTlhOTcifQ%3D%3D\" href='https:\/\/mail.meteorititalia.org\/wp-content\/uploads\/2019\/07\/Foto-91.jpg'><img width=\"4000\" height=\"3000\" src=\"https:\/\/mail.meteorititalia.org\/wp-content\/uploads\/2019\/07\/Foto-91.jpg\" class=\"attachment-full size-full\" alt=\"\" decoding=\"async\" loading=\"lazy\" aria-describedby=\"gallery-11-622\" srcset=\"https:\/\/mail.meteorititalia.org\/wp-content\/uploads\/2019\/07\/Foto-91.jpg 4000w, https:\/\/mail.meteorititalia.org\/wp-content\/uploads\/2019\/07\/Foto-91-300x225.jpg 300w, https:\/\/mail.meteorititalia.org\/wp-content\/uploads\/2019\/07\/Foto-91-768x576.jpg 768w, https:\/\/mail.meteorititalia.org\/wp-content\/uploads\/2019\/07\/Foto-91-1024x768.jpg 1024w\" sizes=\"100vw\" \/><\/a>\n\t\t\t<\/div>\n\t\t\t\t<figcaption class='wp-caption-text gallery-caption' id='gallery-11-622'>\n\t\t\t\t\u00c8 il giorno dell\u2019inaugurazione della mostra, i primi visitatori si ammucchiano all\u2019inizio della mostra per sentire le spiegazioni di Umberto che, per l\u2019occasione, fa da guida.\n\t\t\t\t<\/figcaption><\/figure><figure class='gallery-item'>\n\t\t\t<div class='gallery-icon landscape'>\n\t\t\t\t<a data-elementor-open-lightbox=\"yes\" data-elementor-lightbox-slideshow=\"ad59a97\" data-elementor-lightbox-title=\"Foto 92\" data-e-action-hash=\"#elementor-action%3Aaction%3Dlightbox%26settings%3DeyJpZCI6NjIzLCJ1cmwiOiJodHRwczpcL1wvbWFpbC5tZXRlb3JpdGl0YWxpYS5vcmdcL3dwLWNvbnRlbnRcL3VwbG9hZHNcLzIwMTlcLzA3XC9Gb3RvLTkyLmpwZyIsInNsaWRlc2hvdyI6ImFkNTlhOTcifQ%3D%3D\" href='https:\/\/mail.meteorititalia.org\/wp-content\/uploads\/2019\/07\/Foto-92.jpg'><img width=\"4000\" height=\"3000\" src=\"https:\/\/mail.meteorititalia.org\/wp-content\/uploads\/2019\/07\/Foto-92.jpg\" class=\"attachment-full size-full\" alt=\"\" decoding=\"async\" loading=\"lazy\" aria-describedby=\"gallery-11-623\" srcset=\"https:\/\/mail.meteorititalia.org\/wp-content\/uploads\/2019\/07\/Foto-92.jpg 4000w, https:\/\/mail.meteorititalia.org\/wp-content\/uploads\/2019\/07\/Foto-92-300x225.jpg 300w, https:\/\/mail.meteorititalia.org\/wp-content\/uploads\/2019\/07\/Foto-92-768x576.jpg 768w, https:\/\/mail.meteorititalia.org\/wp-content\/uploads\/2019\/07\/Foto-92-1024x768.jpg 1024w\" sizes=\"100vw\" \/><\/a>\n\t\t\t<\/div>\n\t\t\t\t<figcaption class='wp-caption-text gallery-caption' id='gallery-11-623'>\n\t\t\t\tPanoramica della mostra: Sul lato DX si vedono parte dei lavori che gli studenti delle terze medie di Agordo hanno eseguito dopo aver partecipato a delle lezioni sulle meteoriti organizzate da Meteoriti Italia. (Foto: M.Ianeselli; arch. Meteoriti Italia)\n\t\t\t\t<\/figcaption><\/figure><figure class='gallery-item'>\n\t\t\t<div class='gallery-icon landscape'>\n\t\t\t\t<a data-elementor-open-lightbox=\"yes\" data-elementor-lightbox-slideshow=\"ad59a97\" data-elementor-lightbox-title=\"Foto 94\" data-e-action-hash=\"#elementor-action%3Aaction%3Dlightbox%26settings%3DeyJpZCI6NjI1LCJ1cmwiOiJodHRwczpcL1wvbWFpbC5tZXRlb3JpdGl0YWxpYS5vcmdcL3dwLWNvbnRlbnRcL3VwbG9hZHNcLzIwMTlcLzA3XC9Gb3RvLTk0LmpwZyIsInNsaWRlc2hvdyI6ImFkNTlhOTcifQ%3D%3D\" href='https:\/\/mail.meteorititalia.org\/wp-content\/uploads\/2019\/07\/Foto-94.jpg'><img width=\"4000\" height=\"3000\" src=\"https:\/\/mail.meteorititalia.org\/wp-content\/uploads\/2019\/07\/Foto-94.jpg\" class=\"attachment-full size-full\" alt=\"\" decoding=\"async\" loading=\"lazy\" aria-describedby=\"gallery-11-625\" srcset=\"https:\/\/mail.meteorititalia.org\/wp-content\/uploads\/2019\/07\/Foto-94.jpg 4000w, https:\/\/mail.meteorititalia.org\/wp-content\/uploads\/2019\/07\/Foto-94-300x225.jpg 300w, https:\/\/mail.meteorititalia.org\/wp-content\/uploads\/2019\/07\/Foto-94-768x576.jpg 768w, https:\/\/mail.meteorititalia.org\/wp-content\/uploads\/2019\/07\/Foto-94-1024x768.jpg 1024w\" sizes=\"100vw\" \/><\/a>\n\t\t\t<\/div>\n\t\t\t\t<figcaption class='wp-caption-text gallery-caption' id='gallery-11-625'>\n\t\t\t\tPanoramica mostra. (Foto: M.Ianeselli; arch. Meteoriti Italia)\n\t\t\t\t<\/figcaption><\/figure><figure class='gallery-item'>\n\t\t\t<div class='gallery-icon landscape'>\n\t\t\t\t<a data-elementor-open-lightbox=\"yes\" data-elementor-lightbox-slideshow=\"ad59a97\" data-elementor-lightbox-title=\"Foto 95\" data-e-action-hash=\"#elementor-action%3Aaction%3Dlightbox%26settings%3DeyJpZCI6NjI2LCJ1cmwiOiJodHRwczpcL1wvbWFpbC5tZXRlb3JpdGl0YWxpYS5vcmdcL3dwLWNvbnRlbnRcL3VwbG9hZHNcLzIwMTlcLzA3XC9Gb3RvLTk1LmpwZyIsInNsaWRlc2hvdyI6ImFkNTlhOTcifQ%3D%3D\" href='https:\/\/mail.meteorititalia.org\/wp-content\/uploads\/2019\/07\/Foto-95.jpg'><img width=\"4000\" height=\"3000\" src=\"https:\/\/mail.meteorititalia.org\/wp-content\/uploads\/2019\/07\/Foto-95.jpg\" class=\"attachment-full size-full\" alt=\"\" decoding=\"async\" loading=\"lazy\" aria-describedby=\"gallery-11-626\" srcset=\"https:\/\/mail.meteorititalia.org\/wp-content\/uploads\/2019\/07\/Foto-95.jpg 4000w, https:\/\/mail.meteorititalia.org\/wp-content\/uploads\/2019\/07\/Foto-95-300x225.jpg 300w, https:\/\/mail.meteorititalia.org\/wp-content\/uploads\/2019\/07\/Foto-95-768x576.jpg 768w, https:\/\/mail.meteorititalia.org\/wp-content\/uploads\/2019\/07\/Foto-95-1024x768.jpg 1024w\" sizes=\"100vw\" \/><\/a>\n\t\t\t<\/div>\n\t\t\t\t<figcaption class='wp-caption-text gallery-caption' id='gallery-11-626'>\n\t\t\t\tPanoramica mostra. (Foto: M.Ianeselli; arch. Meteoriti Italia)\n\t\t\t\t<\/figcaption><\/figure><figure class='gallery-item'>\n\t\t\t<div class='gallery-icon landscape'>\n\t\t\t\t<a data-elementor-open-lightbox=\"yes\" data-elementor-lightbox-slideshow=\"ad59a97\" data-elementor-lightbox-title=\"Foto 96\" data-e-action-hash=\"#elementor-action%3Aaction%3Dlightbox%26settings%3DeyJpZCI6NjI3LCJ1cmwiOiJodHRwczpcL1wvbWFpbC5tZXRlb3JpdGl0YWxpYS5vcmdcL3dwLWNvbnRlbnRcL3VwbG9hZHNcLzIwMTlcLzA3XC9Gb3RvLTk2LmpwZyIsInNsaWRlc2hvdyI6ImFkNTlhOTcifQ%3D%3D\" href='https:\/\/mail.meteorititalia.org\/wp-content\/uploads\/2019\/07\/Foto-96.jpg'><img width=\"4000\" height=\"3000\" src=\"https:\/\/mail.meteorititalia.org\/wp-content\/uploads\/2019\/07\/Foto-96.jpg\" class=\"attachment-full size-full\" alt=\"\" decoding=\"async\" loading=\"lazy\" aria-describedby=\"gallery-11-627\" srcset=\"https:\/\/mail.meteorititalia.org\/wp-content\/uploads\/2019\/07\/Foto-96.jpg 4000w, https:\/\/mail.meteorititalia.org\/wp-content\/uploads\/2019\/07\/Foto-96-300x225.jpg 300w, https:\/\/mail.meteorititalia.org\/wp-content\/uploads\/2019\/07\/Foto-96-768x576.jpg 768w, https:\/\/mail.meteorititalia.org\/wp-content\/uploads\/2019\/07\/Foto-96-1024x768.jpg 1024w\" sizes=\"100vw\" \/><\/a>\n\t\t\t<\/div>\n\t\t\t\t<figcaption class='wp-caption-text gallery-caption' id='gallery-11-627'>\n\t\t\t\tPanoramica mostra con, in primo piano, il pannello divisorio utilizzato per incanalare i visitatori e appendere i lavori degli studenti delle terze medie. (Foto: M.Ianeselli; arch. Meteoriti Italia)\n\t\t\t\t<\/figcaption><\/figure><figure class='gallery-item'>\n\t\t\t<div class='gallery-icon landscape'>\n\t\t\t\t<a data-elementor-open-lightbox=\"yes\" data-elementor-lightbox-slideshow=\"ad59a97\" data-elementor-lightbox-title=\"Foto 97\" data-e-action-hash=\"#elementor-action%3Aaction%3Dlightbox%26settings%3DeyJpZCI6NjI4LCJ1cmwiOiJodHRwczpcL1wvbWFpbC5tZXRlb3JpdGl0YWxpYS5vcmdcL3dwLWNvbnRlbnRcL3VwbG9hZHNcLzIwMTlcLzA3XC9Gb3RvLTk3LmpwZyIsInNsaWRlc2hvdyI6ImFkNTlhOTcifQ%3D%3D\" href='https:\/\/mail.meteorititalia.org\/wp-content\/uploads\/2019\/07\/Foto-97.jpg'><img width=\"4000\" height=\"3000\" src=\"https:\/\/mail.meteorititalia.org\/wp-content\/uploads\/2019\/07\/Foto-97.jpg\" class=\"attachment-full size-full\" alt=\"\" decoding=\"async\" loading=\"lazy\" aria-describedby=\"gallery-11-628\" srcset=\"https:\/\/mail.meteorititalia.org\/wp-content\/uploads\/2019\/07\/Foto-97.jpg 4000w, https:\/\/mail.meteorititalia.org\/wp-content\/uploads\/2019\/07\/Foto-97-300x225.jpg 300w, https:\/\/mail.meteorititalia.org\/wp-content\/uploads\/2019\/07\/Foto-97-768x576.jpg 768w, https:\/\/mail.meteorititalia.org\/wp-content\/uploads\/2019\/07\/Foto-97-1024x768.jpg 1024w\" sizes=\"100vw\" \/><\/a>\n\t\t\t<\/div>\n\t\t\t\t<figcaption class='wp-caption-text gallery-caption' id='gallery-11-628'>\n\t\t\t\tLa zona con la \u201cBARCIS\u201d. (Foto: M.Ianeselli; arch. Meteoriti Italia)\n\t\t\t\t<\/figcaption><\/figure><figure class='gallery-item'>\n\t\t\t<div class='gallery-icon landscape'>\n\t\t\t\t<a data-elementor-open-lightbox=\"yes\" data-elementor-lightbox-slideshow=\"ad59a97\" data-elementor-lightbox-title=\"Foto 98\" data-e-action-hash=\"#elementor-action%3Aaction%3Dlightbox%26settings%3DeyJpZCI6NjI5LCJ1cmwiOiJodHRwczpcL1wvbWFpbC5tZXRlb3JpdGl0YWxpYS5vcmdcL3dwLWNvbnRlbnRcL3VwbG9hZHNcLzIwMTlcLzA3XC9Gb3RvLTk4LmpwZyIsInNsaWRlc2hvdyI6ImFkNTlhOTcifQ%3D%3D\" href='https:\/\/mail.meteorititalia.org\/wp-content\/uploads\/2019\/07\/Foto-98.jpg'><img width=\"4000\" height=\"3000\" src=\"https:\/\/mail.meteorititalia.org\/wp-content\/uploads\/2019\/07\/Foto-98.jpg\" class=\"attachment-full size-full\" alt=\"\" decoding=\"async\" loading=\"lazy\" aria-describedby=\"gallery-11-629\" srcset=\"https:\/\/mail.meteorititalia.org\/wp-content\/uploads\/2019\/07\/Foto-98.jpg 4000w, https:\/\/mail.meteorititalia.org\/wp-content\/uploads\/2019\/07\/Foto-98-300x225.jpg 300w, https:\/\/mail.meteorititalia.org\/wp-content\/uploads\/2019\/07\/Foto-98-768x576.jpg 768w, https:\/\/mail.meteorititalia.org\/wp-content\/uploads\/2019\/07\/Foto-98-1024x768.jpg 1024w\" sizes=\"100vw\" \/><\/a>\n\t\t\t<\/div>\n\t\t\t\t<figcaption class='wp-caption-text gallery-caption' id='gallery-11-629'>\n\t\t\t\tPanoramica mostra. (Foto: M.Ianeselli; arch. Meteoriti Italia)\n\t\t\t\t<\/figcaption><\/figure><figure class='gallery-item'>\n\t\t\t<div class='gallery-icon landscape'>\n\t\t\t\t<a data-elementor-open-lightbox=\"yes\" data-elementor-lightbox-slideshow=\"ad59a97\" data-elementor-lightbox-title=\"Foto 100\" data-e-action-hash=\"#elementor-action%3Aaction%3Dlightbox%26settings%3DeyJpZCI6NjMxLCJ1cmwiOiJodHRwczpcL1wvbWFpbC5tZXRlb3JpdGl0YWxpYS5vcmdcL3dwLWNvbnRlbnRcL3VwbG9hZHNcLzIwMTlcLzA3XC9Gb3RvLTEwMC5qcGciLCJzbGlkZXNob3ciOiJhZDU5YTk3In0%3D\" href='https:\/\/mail.meteorititalia.org\/wp-content\/uploads\/2019\/07\/Foto-100.jpg'><img width=\"4000\" height=\"3000\" src=\"https:\/\/mail.meteorititalia.org\/wp-content\/uploads\/2019\/07\/Foto-100.jpg\" class=\"attachment-full size-full\" alt=\"\" decoding=\"async\" loading=\"lazy\" aria-describedby=\"gallery-11-631\" srcset=\"https:\/\/mail.meteorititalia.org\/wp-content\/uploads\/2019\/07\/Foto-100.jpg 4000w, https:\/\/mail.meteorititalia.org\/wp-content\/uploads\/2019\/07\/Foto-100-300x225.jpg 300w, https:\/\/mail.meteorititalia.org\/wp-content\/uploads\/2019\/07\/Foto-100-768x576.jpg 768w, https:\/\/mail.meteorititalia.org\/wp-content\/uploads\/2019\/07\/Foto-100-1024x768.jpg 1024w\" sizes=\"100vw\" \/><\/a>\n\t\t\t<\/div>\n\t\t\t\t<figcaption class='wp-caption-text gallery-caption' id='gallery-11-631'>\n\t\t\t\tPanoramica mostra. (Foto: M.Ianeselli; arch. Meteoriti Italia)\n\t\t\t\t<\/figcaption><\/figure>\n\t\t<\/div>\n\t\t<\/div>\n\t\t\t\t<\/div>\n\t\t\t\t<\/div>\n\t\t\t\t<div class=\"elementor-element elementor-element-f4e916d elementor-widget elementor-widget-image\" data-id=\"f4e916d\" data-element_type=\"widget\" data-widget_type=\"image.default\">\n\t\t\t\t<div class=\"elementor-widget-container\">\n\t\t\t\t\t\t\t\t<div class=\"elementor-image\">\n\t\t\t\t\t\t\t\t\t<figure class=\"wp-caption\">\n\t\t\t\t\t\t\t\t\t\t<img decoding=\"async\" width=\"212\" height=\"300\" src=\"https:\/\/mail.meteorititalia.org\/wp-content\/uploads\/2019\/07\/Foto-90-212x300.jpg\" class=\"attachment-medium size-medium wp-image-621\" alt=\"\" loading=\"lazy\" srcset=\"https:\/\/mail.meteorititalia.org\/wp-content\/uploads\/2019\/07\/Foto-90-212x300.jpg 212w, https:\/\/mail.meteorititalia.org\/wp-content\/uploads\/2019\/07\/Foto-90-768x1086.jpg 768w, https:\/\/mail.meteorititalia.org\/wp-content\/uploads\/2019\/07\/Foto-90-724x1024.jpg 724w, https:\/\/mail.meteorititalia.org\/wp-content\/uploads\/2019\/07\/Foto-90.jpg 1654w\" sizes=\"100vw\" \/>\t\t\t\t\t\t\t\t\t\t\t<figcaption class=\"widget-image-caption wp-caption-text\">La copertina del libro del corso: \u201cGuida per le guide\u201d organizzato per gli studenti dell\u2019Istituto che avevano aderito al nostro progetto.<\/figcaption>\n\t\t\t\t\t\t\t\t\t\t<\/figure>\n\t\t\t\t\t\t\t\t<\/div>\n\t\t\t\t\t\t<\/div>\n\t\t\t\t<\/div>\n\t\t\t\t<div class=\"elementor-element elementor-element-5bc259b elementor-widget elementor-widget-menu-anchor\" data-id=\"5bc259b\" data-element_type=\"widget\" data-widget_type=\"menu-anchor.default\">\n\t\t\t\t<div class=\"elementor-widget-container\">\n\t\t\t\t\t<div id=\"meteoritisullacarta\" class=\"elementor-menu-anchor\"><\/div>\n\t\t\t\t<\/div>\n\t\t\t\t<\/div>\n\t\t\t\t<div class=\"elementor-element elementor-element-e40dde7 elementor-widget-divider--view-line elementor-widget elementor-widget-divider\" data-id=\"e40dde7\" data-element_type=\"widget\" data-widget_type=\"divider.default\">\n\t\t\t\t<div class=\"elementor-widget-container\">\n\t\t\t\t\t<div class=\"elementor-divider\">\n\t\t\t<span class=\"elementor-divider-separator\">\n\t\t\t\t\t\t<\/span>\n\t\t<\/div>\n\t\t\t\t<\/div>\n\t\t\t\t<\/div>\n\t\t\t\t<section class=\"elementor-section elementor-inner-section elementor-element elementor-element-9803f65 elementor-section-boxed elementor-section-height-default elementor-section-height-default wpr-particle-no wpr-jarallax-no wpr-parallax-no wpr-sticky-section-no\" data-id=\"9803f65\" data-element_type=\"section\">\n\t\t\t\t\t\t<div class=\"elementor-container elementor-column-gap-default\">\n\t\t\t\t\t\t\t<div class=\"elementor-row\">\n\t\t\t\t\t<div class=\"elementor-column elementor-col-50 elementor-inner-column elementor-element elementor-element-40d776c\" data-id=\"40d776c\" data-element_type=\"column\">\n\t\t\t<div class=\"elementor-column-wrap elementor-element-populated\">\n\t\t\t\t\t\t\t<div class=\"elementor-widget-wrap\">\n\t\t\t\t\t\t<div class=\"elementor-element elementor-element-59c766c elementor-widget elementor-widget-text-editor\" data-id=\"59c766c\" data-element_type=\"widget\" data-widget_type=\"text-editor.default\">\n\t\t\t\t<div class=\"elementor-widget-container\">\n\t\t\t\t\t\t\t\t<div class=\"elementor-text-editor elementor-clearfix\">\n\t\t\t\t<h1><span style=\"color: #000000;\"><strong>\u201dMeteoriti sulla carta\u201d<br \/><\/strong><\/span><\/h1><p>Con la mostra: \u201dMeteoriti sulla carta\u201d, tenutasi a Barcis (PN) dal 14 al 31 agosto, abbiamo ripreso l\u2019attivit\u00e0 di divulgazione mediante le mostre che, attirando un pubblico eterogeneo, ci permette di far conoscere le meteoriti a persone che\u00a0 con le nostre normali attivit\u00e0 divulgative, presentazioni nelle scuole\u00a0 e conferenze\u00a0 per associazioni e gruppi culturali, non potremmo mai raggiungere.<\/p><p>La mostra \u00e8 stata allestita per valorizzare i 126 elaborati che gli allievi delle terze medie dell\u2019Istituto Comprensivo \u201cMargherita Hack\u201d di Maniago e Vivaro (Tesis) hanno prodotto ispirandosi a quanto appreso da una esercitazione con le meteoriti preparata da Meteoriti Italia con la collaborazione degli insegnati di Scienze, e proposta in ciascuna delle sette classi dell\u2019Istituto.<\/p>\t\t\t\t\t<\/div>\n\t\t\t\t\t\t<\/div>\n\t\t\t\t<\/div>\n\t\t\t\t\t\t<\/div>\n\t\t\t\t\t<\/div>\n\t\t<\/div>\n\t\t\t\t<div class=\"elementor-column elementor-col-50 elementor-inner-column elementor-element elementor-element-8b3ecaa\" data-id=\"8b3ecaa\" data-element_type=\"column\">\n\t\t\t<div class=\"elementor-column-wrap elementor-element-populated\">\n\t\t\t\t\t\t\t<div class=\"elementor-widget-wrap\">\n\t\t\t\t\t\t<div class=\"elementor-element elementor-element-103fc8e elementor-widget elementor-widget-image\" data-id=\"103fc8e\" data-element_type=\"widget\" data-widget_type=\"image.default\">\n\t\t\t\t<div class=\"elementor-widget-container\">\n\t\t\t\t\t\t\t\t<div class=\"elementor-image\">\n\t\t\t\t\t\t\t\t\t<figure class=\"wp-caption\">\n\t\t\t\t\t\t\t\t\t\t<img decoding=\"async\" width=\"212\" height=\"300\" src=\"https:\/\/mail.meteorititalia.org\/wp-content\/uploads\/2020\/01\/SI-locandina-Meteoriti-sulla-carta-copia-212x300.jpg\" class=\"attachment-medium size-medium wp-image-724\" alt=\"\" loading=\"lazy\" srcset=\"https:\/\/mail.meteorititalia.org\/wp-content\/uploads\/2020\/01\/SI-locandina-Meteoriti-sulla-carta-copia-212x300.jpg 212w, https:\/\/mail.meteorititalia.org\/wp-content\/uploads\/2020\/01\/SI-locandina-Meteoriti-sulla-carta-copia-725x1024.jpg 725w, https:\/\/mail.meteorititalia.org\/wp-content\/uploads\/2020\/01\/SI-locandina-Meteoriti-sulla-carta-copia-768x1085.jpg 768w, https:\/\/mail.meteorititalia.org\/wp-content\/uploads\/2020\/01\/SI-locandina-Meteoriti-sulla-carta-copia-1087x1536.jpg 1087w, https:\/\/mail.meteorititalia.org\/wp-content\/uploads\/2020\/01\/SI-locandina-Meteoriti-sulla-carta-copia-1449x2048.jpg 1449w, https:\/\/mail.meteorititalia.org\/wp-content\/uploads\/2020\/01\/SI-locandina-Meteoriti-sulla-carta-copia.jpg 1772w\" sizes=\"100vw\" \/>\t\t\t\t\t\t\t\t\t\t\t<figcaption class=\"widget-image-caption wp-caption-text\">Locandina \"Meteoriti su Carta\"<\/figcaption>\n\t\t\t\t\t\t\t\t\t\t<\/figure>\n\t\t\t\t\t\t\t\t<\/div>\n\t\t\t\t\t\t<\/div>\n\t\t\t\t<\/div>\n\t\t\t\t\t\t<\/div>\n\t\t\t\t\t<\/div>\n\t\t<\/div>\n\t\t\t\t\t\t\t\t<\/div>\n\t\t\t\t\t<\/div>\n\t\t<\/section>\n\t\t\t\t<div class=\"elementor-element elementor-element-03ef664 elementor-widget elementor-widget-text-editor\" data-id=\"03ef664\" data-element_type=\"widget\" data-widget_type=\"text-editor.default\">\n\t\t\t\t<div class=\"elementor-widget-container\">\n\t\t\t\t\t\t\t\t<div class=\"elementor-text-editor elementor-clearfix\">\n\t\t\t\t<p>Il progetto di collaborazione era nato in occasione della 1\u00aa Mostra Mercato di Meteoriti tenutasi a Barcis (agosto 2018) quando una insegnante di Scienze delle scuole medie di Maniago, entusiasta di quanto aveva visto, ci aveva chiesto se potevamo presentare le meteoriti anche ai suoi allievi.<\/p><p>La lezione che avevamo preparato era divisa in una parte teorica ed in una pratica. Nella parte teorica, oltre a presentare le meteoriti (cosa sono, da dove arrivano, perch\u00e9 sono importanti, ecc.), ci siamo soffermati anche sulla tipologia e sul ritrovamento della meteorite di Barcis, unica meteorite recuperata nel Friuli Venezia Giulia. \u00a0Nella parte pratica, utilizzando il nostro \u201ckit didattico\u201d, tutti gli studenti hanno potuto maneggiare meteoriti delle principali tipologie imparando cos\u00ec a distinguere le caratteristiche fondamentali utili per riconoscere una meteorite da un sasso terrestre.<\/p><p>Gli incontri sono stati fatti in febbraio dopo che gli insegnanti di Scienze avevano gi\u00e0 svolto la parte di programma inerente alla formazione del Sistema Solare.\u00a0 Grazie alla preparazione degli studenti, abbiamo potuto dedicare la nostra lezione quasi esclusivamente alle meteoriti lasciandoci cos\u00ec anche il tempo di parlare del ritrovamento della meteorite di Barcis e delle pallasiti, la tipologia rara e spettacolare di meteoriti alla quale appartiene la \u201cBARCIS\u201d. Per l\u2019occasione avevamo portato anche il calco della \u201cBARCIS\u201dche Meteoriti Italia ha realizzato dal campione, massa principale, che \u00e8 conservato presso l\u2019I.S.S. \u201cU. Follador-A. De Rossi\u201d di Agordo.<\/p><p>Il successo delle presentazioni fatte per ciascuna delle sette classi di terza media dell\u2019 I.C. di Maniago e Vivaro \u00e8 in gran parte dovuto al lavoro di preparazione fatto dagli insegnanti di Scienze di questo Istituto e, grazie al grande interesse dimostrato dagli studenti ed all\u2019 encomiabile coinvolgimento dell\u2019insegnante di arte, abbiamo concordato che gli studenti avrebbero espresso il loro gradimento a questa iniziativa con degli elaborati che avremmo esposto a Barcis, nella seconda met\u00e0 di agosto, in occasione delle manifestazioni dedicate alle meteoriti.<\/p><p>Prima di descrivervi la mostra vogliamo ringraziare la Direzione e gli Insegnanti dell\u2019Istituto Comprensivo \u201cMargherita Hack\u201d di Maniago e Vivaro per la loro preziosa collaborazione ed, in particolar modo, gli insegnanti di Scienze per avere sensibilizzato i loro allievi sulle meteoriti e l\u2019insegnante di Arte per aver inserito anche la preparazione degli elaborati sulle meteoriti nel suo gi\u00e0 pieno programma di lavoro.<\/p><p>Un grazie grandissimo da parte di tutti i Soci di Meteoriti Italia va agli allievi delle terze medie di Maniago e Vivaro, anno scolastico 2018-19, sia per l\u2019interesse con il quale hanno seguito le nostre presentazioni e sia per i bellissimi elaborati che hanno prodotto.<\/p>\t\t\t\t\t<\/div>\n\t\t\t\t\t\t<\/div>\n\t\t\t\t<\/div>\n\t\t\t\t<section class=\"elementor-section elementor-inner-section elementor-element elementor-element-33ea0d9 elementor-section-boxed elementor-section-height-default elementor-section-height-default wpr-particle-no wpr-jarallax-no wpr-parallax-no wpr-sticky-section-no\" data-id=\"33ea0d9\" data-element_type=\"section\">\n\t\t\t\t\t\t<div class=\"elementor-container elementor-column-gap-default\">\n\t\t\t\t\t\t\t<div class=\"elementor-row\">\n\t\t\t\t\t<div class=\"elementor-column elementor-col-50 elementor-inner-column elementor-element elementor-element-30468ec\" data-id=\"30468ec\" data-element_type=\"column\">\n\t\t\t<div class=\"elementor-column-wrap elementor-element-populated\">\n\t\t\t\t\t\t\t<div class=\"elementor-widget-wrap\">\n\t\t\t\t\t\t<div class=\"elementor-element elementor-element-33fce16 elementor-widget elementor-widget-image\" data-id=\"33fce16\" data-element_type=\"widget\" data-widget_type=\"image.default\">\n\t\t\t\t<div class=\"elementor-widget-container\">\n\t\t\t\t\t\t\t\t<div class=\"elementor-image\">\n\t\t\t\t\t\t\t\t\t<figure class=\"wp-caption\">\n\t\t\t\t\t\t\t\t\t\t<img decoding=\"async\" width=\"525\" height=\"394\" src=\"https:\/\/mail.meteorititalia.org\/wp-content\/uploads\/2020\/01\/1-1024x768.jpeg\" class=\"attachment-large size-large wp-image-726\" alt=\"\" loading=\"lazy\" srcset=\"https:\/\/mail.meteorititalia.org\/wp-content\/uploads\/2020\/01\/1-1024x768.jpeg 1024w, https:\/\/mail.meteorititalia.org\/wp-content\/uploads\/2020\/01\/1-300x225.jpeg 300w, https:\/\/mail.meteorititalia.org\/wp-content\/uploads\/2020\/01\/1-768x576.jpeg 768w, https:\/\/mail.meteorititalia.org\/wp-content\/uploads\/2020\/01\/1-1536x1152.jpeg 1536w, https:\/\/mail.meteorititalia.org\/wp-content\/uploads\/2020\/01\/1-2048x1536.jpeg 2048w\" sizes=\"100vw\" \/>\t\t\t\t\t\t\t\t\t\t\t<figcaption class=\"widget-image-caption wp-caption-text\">Fig1: Il palazzo che ospita la Scuola d\u2019Ambiente dove c\u2019\u00e8 la ex sala riunioni della Comunit\u00e0 Montana.<\/figcaption>\n\t\t\t\t\t\t\t\t\t\t<\/figure>\n\t\t\t\t\t\t\t\t<\/div>\n\t\t\t\t\t\t<\/div>\n\t\t\t\t<\/div>\n\t\t\t\t<div class=\"elementor-element elementor-element-19ee909 elementor-widget elementor-widget-image\" data-id=\"19ee909\" data-element_type=\"widget\" data-widget_type=\"image.default\">\n\t\t\t\t<div class=\"elementor-widget-container\">\n\t\t\t\t\t\t\t\t<div class=\"elementor-image\">\n\t\t\t\t\t\t\t\t\t<figure class=\"wp-caption\">\n\t\t\t\t\t\t\t\t\t\t<img decoding=\"async\" width=\"525\" height=\"394\" src=\"https:\/\/mail.meteorititalia.org\/wp-content\/uploads\/2020\/01\/2-1024x768.jpeg\" class=\"attachment-large size-large wp-image-725\" alt=\"\" loading=\"lazy\" srcset=\"https:\/\/mail.meteorititalia.org\/wp-content\/uploads\/2020\/01\/2-1024x768.jpeg 1024w, https:\/\/mail.meteorititalia.org\/wp-content\/uploads\/2020\/01\/2-300x225.jpeg 300w, https:\/\/mail.meteorititalia.org\/wp-content\/uploads\/2020\/01\/2-768x576.jpeg 768w, https:\/\/mail.meteorititalia.org\/wp-content\/uploads\/2020\/01\/2-1536x1152.jpeg 1536w, https:\/\/mail.meteorititalia.org\/wp-content\/uploads\/2020\/01\/2-2048x1536.jpeg 2048w\" sizes=\"100vw\" \/>\t\t\t\t\t\t\t\t\t\t\t<figcaption class=\"widget-image-caption wp-caption-text\">Fig2: L\u2019entrata dell\u2019edificio.\nFoto arch. Meteoriti Italia<\/figcaption>\n\t\t\t\t\t\t\t\t\t\t<\/figure>\n\t\t\t\t\t\t\t\t<\/div>\n\t\t\t\t\t\t<\/div>\n\t\t\t\t<\/div>\n\t\t\t\t\t\t<\/div>\n\t\t\t\t\t<\/div>\n\t\t<\/div>\n\t\t\t\t<div class=\"elementor-column elementor-col-50 elementor-inner-column elementor-element elementor-element-0ba1541\" data-id=\"0ba1541\" data-element_type=\"column\">\n\t\t\t<div class=\"elementor-column-wrap elementor-element-populated\">\n\t\t\t\t\t\t\t<div class=\"elementor-widget-wrap\">\n\t\t\t\t\t\t<div class=\"elementor-element elementor-element-8fe9c96 elementor-widget elementor-widget-text-editor\" data-id=\"8fe9c96\" data-element_type=\"widget\" data-widget_type=\"text-editor.default\">\n\t\t\t\t<div class=\"elementor-widget-container\">\n\t\t\t\t\t\t\t\t<div class=\"elementor-text-editor elementor-clearfix\">\n\t\t\t\t<p><strong>La mostra<\/strong><\/p><p>Come da accordi con l\u2019insegnante di arte, a chiusura delle scuole siamo andati a Maniago per ritirare gli elaborati dei ragazzi delle terze medie. In tutto 126 lavori e tutti veramente belli. Assieme agli elaborati c\u2019\u00e8 stato consegnato anche l\u2019elenco dei 10 lavori preferiti dagli insegnanti di Scienze e di Arte che hanno partecipato al progetto. Con le votazioni degli insegnanti, della Giunta di Barcis, del direttivo di Meteoriti Italia e dalla somma dei voti di tutti visitatori della mostra, sarebbero stati seleziona dieci vincitori anche se tutti i 1elaborati avrebbero meritato un riconoscimento.<\/p><p>\u00a0Tutto il materiale \u00e8 stato poi portato a Barcis per farlo vedere a Sindaco e Giunta che dovevano decidere quale sala comunale destinare per l\u2019esposizione. Purtroppo, causa un improvviso impegno, la prima visione degli elaborati da parte delle autorit\u00e0 comunali \u00e8 stata forzatamente breve comunque, grazie all\u2019alta qualit\u00e0 dei lavori, l\u2019apprezzamento del poco materiale visionato \u00e8\u00a0 \u00a0bastato per farci assegnare la ex sala riunioni della Comunit\u00e0 Montana, la sala da esposizioni pi\u00f9 prestigiosa di quelle che il Comune aveva disponibili.\u00a0<\/p><p>La ex sala riunioni della Comunit\u00e0 Montana \u00e8 situata nel palazzo che ospitava la \u201cScuola d\u2019Ambiente\u201d che si trova ad inizio paese, sulla strada proveniente da Pordenone, all\u2019altezza dei campi sportivi.<\/p>\t\t\t\t\t<\/div>\n\t\t\t\t\t\t<\/div>\n\t\t\t\t<\/div>\n\t\t\t\t\t\t<\/div>\n\t\t\t\t\t<\/div>\n\t\t<\/div>\n\t\t\t\t\t\t\t\t<\/div>\n\t\t\t\t\t<\/div>\n\t\t<\/section>\n\t\t\t\t<div class=\"elementor-element elementor-element-b10db8a elementor-widget elementor-widget-text-editor\" data-id=\"b10db8a\" data-element_type=\"widget\" data-widget_type=\"text-editor.default\">\n\t\t\t\t<div class=\"elementor-widget-container\">\n\t\t\t\t\t\t\t\t<div class=\"elementor-text-editor elementor-clearfix\">\n\t\t\t\t<p>Quando abbiamo potuto visitare la sala da utilizzare per la mostra, seppur molto ingombra con tavoli, armadi ed altre attrezzature, abbiamo subito apprezzato le dimensioni, la luminosit\u00e0 e l\u2019impianto di illuminazione a faretti che la rendevano perfetta per il nostro progetto.<\/p>\t\t\t\t\t<\/div>\n\t\t\t\t\t\t<\/div>\n\t\t\t\t<\/div>\n\t\t\t\t<div class=\"elementor-element elementor-element-4e55134 elementor-widget elementor-widget-image-gallery\" data-id=\"4e55134\" data-element_type=\"widget\" data-widget_type=\"image-gallery.default\">\n\t\t\t\t<div class=\"elementor-widget-container\">\n\t\t\t\t\t<div class=\"elementor-image-gallery\">\n\t\t\t<div id='gallery-12' class='gallery galleryid-465 gallery-columns-3 gallery-size-medium'><figure class='gallery-item'>\n\t\t\t<div class='gallery-icon landscape'>\n\t\t\t\t<a data-elementor-open-lightbox=\"yes\" data-elementor-lightbox-slideshow=\"4e55134\" data-elementor-lightbox-title=\"3\" data-e-action-hash=\"#elementor-action%3Aaction%3Dlightbox%26settings%3DeyJpZCI6NzI3LCJ1cmwiOiJodHRwczpcL1wvbWFpbC5tZXRlb3JpdGl0YWxpYS5vcmdcL3dwLWNvbnRlbnRcL3VwbG9hZHNcLzIwMjBcLzAxXC8zLXNjYWxlZC5qcGVnIiwic2xpZGVzaG93IjoiNGU1NTEzNCJ9\" href='https:\/\/mail.meteorititalia.org\/wp-content\/uploads\/2020\/01\/3-scaled.jpeg'><img width=\"300\" height=\"225\" src=\"https:\/\/mail.meteorititalia.org\/wp-content\/uploads\/2020\/01\/3-300x225.jpeg\" class=\"attachment-medium size-medium\" alt=\"\" decoding=\"async\" loading=\"lazy\" aria-describedby=\"gallery-12-727\" srcset=\"https:\/\/mail.meteorititalia.org\/wp-content\/uploads\/2020\/01\/3-300x225.jpeg 300w, https:\/\/mail.meteorititalia.org\/wp-content\/uploads\/2020\/01\/3-1024x768.jpeg 1024w, https:\/\/mail.meteorititalia.org\/wp-content\/uploads\/2020\/01\/3-768x576.jpeg 768w, https:\/\/mail.meteorititalia.org\/wp-content\/uploads\/2020\/01\/3-1536x1152.jpeg 1536w, https:\/\/mail.meteorititalia.org\/wp-content\/uploads\/2020\/01\/3-2048x1536.jpeg 2048w\" sizes=\"100vw\" \/><\/a>\n\t\t\t<\/div>\n\t\t\t\t<figcaption class='wp-caption-text gallery-caption' id='gallery-12-727'>\n\t\t\t\tFig3: Come si presentava la sala (A).  Foto arch. Meteoriti Italia\n\t\t\t\t<\/figcaption><\/figure><figure class='gallery-item'>\n\t\t\t<div class='gallery-icon landscape'>\n\t\t\t\t<a data-elementor-open-lightbox=\"yes\" data-elementor-lightbox-slideshow=\"4e55134\" data-elementor-lightbox-title=\"4\" data-e-action-hash=\"#elementor-action%3Aaction%3Dlightbox%26settings%3DeyJpZCI6NzI4LCJ1cmwiOiJodHRwczpcL1wvbWFpbC5tZXRlb3JpdGl0YWxpYS5vcmdcL3dwLWNvbnRlbnRcL3VwbG9hZHNcLzIwMjBcLzAxXC80LXNjYWxlZC5qcGVnIiwic2xpZGVzaG93IjoiNGU1NTEzNCJ9\" href='https:\/\/mail.meteorititalia.org\/wp-content\/uploads\/2020\/01\/4-scaled.jpeg'><img width=\"300\" height=\"225\" src=\"https:\/\/mail.meteorititalia.org\/wp-content\/uploads\/2020\/01\/4-300x225.jpeg\" class=\"attachment-medium size-medium\" alt=\"\" decoding=\"async\" loading=\"lazy\" aria-describedby=\"gallery-12-728\" srcset=\"https:\/\/mail.meteorititalia.org\/wp-content\/uploads\/2020\/01\/4-300x225.jpeg 300w, https:\/\/mail.meteorititalia.org\/wp-content\/uploads\/2020\/01\/4-1024x768.jpeg 1024w, https:\/\/mail.meteorititalia.org\/wp-content\/uploads\/2020\/01\/4-768x576.jpeg 768w, https:\/\/mail.meteorititalia.org\/wp-content\/uploads\/2020\/01\/4-1536x1152.jpeg 1536w, https:\/\/mail.meteorititalia.org\/wp-content\/uploads\/2020\/01\/4-2048x1536.jpeg 2048w\" sizes=\"100vw\" \/><\/a>\n\t\t\t<\/div>\n\t\t\t\t<figcaption class='wp-caption-text gallery-caption' id='gallery-12-728'>\n\t\t\t\tFig4: Come si presentava la sala (B).   Foto arch. Meteoriti Italia\n\t\t\t\t<\/figcaption><\/figure><figure class='gallery-item'>\n\t\t\t<div class='gallery-icon landscape'>\n\t\t\t\t<a data-elementor-open-lightbox=\"yes\" data-elementor-lightbox-slideshow=\"4e55134\" data-elementor-lightbox-title=\"5\" data-e-action-hash=\"#elementor-action%3Aaction%3Dlightbox%26settings%3DeyJpZCI6NzI5LCJ1cmwiOiJodHRwczpcL1wvbWFpbC5tZXRlb3JpdGl0YWxpYS5vcmdcL3dwLWNvbnRlbnRcL3VwbG9hZHNcLzIwMjBcLzAxXC81LXNjYWxlZC5qcGVnIiwic2xpZGVzaG93IjoiNGU1NTEzNCJ9\" href='https:\/\/mail.meteorititalia.org\/wp-content\/uploads\/2020\/01\/5-scaled.jpeg'><img width=\"300\" height=\"225\" src=\"https:\/\/mail.meteorititalia.org\/wp-content\/uploads\/2020\/01\/5-300x225.jpeg\" class=\"attachment-medium size-medium\" alt=\"\" decoding=\"async\" loading=\"lazy\" aria-describedby=\"gallery-12-729\" srcset=\"https:\/\/mail.meteorititalia.org\/wp-content\/uploads\/2020\/01\/5-300x225.jpeg 300w, https:\/\/mail.meteorititalia.org\/wp-content\/uploads\/2020\/01\/5-1024x768.jpeg 1024w, https:\/\/mail.meteorititalia.org\/wp-content\/uploads\/2020\/01\/5-768x576.jpeg 768w, https:\/\/mail.meteorititalia.org\/wp-content\/uploads\/2020\/01\/5-1536x1152.jpeg 1536w, https:\/\/mail.meteorititalia.org\/wp-content\/uploads\/2020\/01\/5-2048x1536.jpeg 2048w\" sizes=\"100vw\" \/><\/a>\n\t\t\t<\/div>\n\t\t\t\t<figcaption class='wp-caption-text gallery-caption' id='gallery-12-729'>\n\t\t\t\tFig5: Come si presentava la sala (C).   Foto arch. Meteoriti Italia\n\n\t\t\t\t<\/figcaption><\/figure>\n\t\t<\/div>\n\t\t<\/div>\n\t\t\t\t<\/div>\n\t\t\t\t<\/div>\n\t\t\t\t<section class=\"elementor-section elementor-inner-section elementor-element elementor-element-f2512c4 elementor-section-boxed elementor-section-height-default elementor-section-height-default wpr-particle-no wpr-jarallax-no wpr-parallax-no wpr-sticky-section-no\" data-id=\"f2512c4\" data-element_type=\"section\">\n\t\t\t\t\t\t<div class=\"elementor-container elementor-column-gap-default\">\n\t\t\t\t\t\t\t<div class=\"elementor-row\">\n\t\t\t\t\t<div class=\"elementor-column elementor-col-50 elementor-inner-column elementor-element elementor-element-242ed50\" data-id=\"242ed50\" data-element_type=\"column\">\n\t\t\t<div class=\"elementor-column-wrap elementor-element-populated\">\n\t\t\t\t\t\t\t<div class=\"elementor-widget-wrap\">\n\t\t\t\t\t\t<div class=\"elementor-element elementor-element-9c5a433 elementor-widget elementor-widget-text-editor\" data-id=\"9c5a433\" data-element_type=\"widget\" data-widget_type=\"text-editor.default\">\n\t\t\t\t<div class=\"elementor-widget-container\">\n\t\t\t\t\t\t\t\t<div class=\"elementor-text-editor elementor-clearfix\">\n\t\t\t\t<p>La sala \u00e8 situata nel piano rialzato dell\u2019edificio pertanto, come primo lavoro, Adriano ed io abbiamo dovuto spostare al primo piano tutto il materiale non necessario; due rampe di scale che, specialmente con i tavoli belli e massicci, hanno messo a repentaglio le nostre ernie e coronarie.<\/p><p>Fortunatamente siamo una squadra ormai molto collaudata e con due sole andate a Barcis, nella seconda aiutati anche da Edi che ci aveva raggiunto da Sacile, siamo riusciti a liberare la sala di tutto quello che non ci serviva per allestire la mostra.<\/p><p>\u00a0<\/p>\t\t\t\t\t<\/div>\n\t\t\t\t\t\t<\/div>\n\t\t\t\t<\/div>\n\t\t\t\t\t\t<\/div>\n\t\t\t\t\t<\/div>\n\t\t<\/div>\n\t\t\t\t<div class=\"elementor-column elementor-col-50 elementor-inner-column elementor-element elementor-element-21708de\" data-id=\"21708de\" data-element_type=\"column\">\n\t\t\t<div class=\"elementor-column-wrap elementor-element-populated\">\n\t\t\t\t\t\t\t<div class=\"elementor-widget-wrap\">\n\t\t\t\t\t\t<div class=\"elementor-element elementor-element-cf406ea elementor-widget elementor-widget-image\" data-id=\"cf406ea\" data-element_type=\"widget\" data-widget_type=\"image.default\">\n\t\t\t\t<div class=\"elementor-widget-container\">\n\t\t\t\t\t\t\t\t<div class=\"elementor-image\">\n\t\t\t\t\t\t\t\t\t<figure class=\"wp-caption\">\n\t\t\t\t\t\t\t\t\t\t<img decoding=\"async\" width=\"525\" height=\"394\" src=\"https:\/\/mail.meteorititalia.org\/wp-content\/uploads\/2020\/01\/6-1024x768.jpg\" class=\"attachment-large size-large wp-image-730\" alt=\"\" loading=\"lazy\" srcset=\"https:\/\/mail.meteorititalia.org\/wp-content\/uploads\/2020\/01\/6-1024x768.jpg 1024w, https:\/\/mail.meteorititalia.org\/wp-content\/uploads\/2020\/01\/6-300x225.jpg 300w, https:\/\/mail.meteorititalia.org\/wp-content\/uploads\/2020\/01\/6-768x576.jpg 768w, https:\/\/mail.meteorititalia.org\/wp-content\/uploads\/2020\/01\/6-1536x1152.jpg 1536w, https:\/\/mail.meteorititalia.org\/wp-content\/uploads\/2020\/01\/6-2048x1536.jpg 2048w\" sizes=\"100vw\" \/>\t\t\t\t\t\t\t\t\t\t\t<figcaption class=\"widget-image-caption wp-caption-text\">Fig6: La sala dopo lo sgombro. Foto arch. Meteoriti Italia\n<\/figcaption>\n\t\t\t\t\t\t\t\t\t\t<\/figure>\n\t\t\t\t\t\t\t\t<\/div>\n\t\t\t\t\t\t<\/div>\n\t\t\t\t<\/div>\n\t\t\t\t\t\t<\/div>\n\t\t\t\t\t<\/div>\n\t\t<\/div>\n\t\t\t\t\t\t\t\t<\/div>\n\t\t\t\t\t<\/div>\n\t\t<\/section>\n\t\t\t\t<section class=\"elementor-section elementor-inner-section elementor-element elementor-element-8fb2a32 elementor-section-boxed elementor-section-height-default elementor-section-height-default wpr-particle-no wpr-jarallax-no wpr-parallax-no wpr-sticky-section-no\" data-id=\"8fb2a32\" data-element_type=\"section\">\n\t\t\t\t\t\t<div class=\"elementor-container elementor-column-gap-default\">\n\t\t\t\t\t\t\t<div class=\"elementor-row\">\n\t\t\t\t\t<div class=\"elementor-column elementor-col-50 elementor-inner-column elementor-element elementor-element-74d113c\" data-id=\"74d113c\" data-element_type=\"column\">\n\t\t\t<div class=\"elementor-column-wrap elementor-element-populated\">\n\t\t\t\t\t\t\t<div class=\"elementor-widget-wrap\">\n\t\t\t\t\t\t<div class=\"elementor-element elementor-element-ad0d1bc elementor-widget elementor-widget-image\" data-id=\"ad0d1bc\" data-element_type=\"widget\" data-widget_type=\"image.default\">\n\t\t\t\t<div class=\"elementor-widget-container\">\n\t\t\t\t\t\t\t\t<div class=\"elementor-image\">\n\t\t\t\t\t\t\t\t\t<figure class=\"wp-caption\">\n\t\t\t\t\t\t\t\t\t\t<img decoding=\"async\" width=\"525\" height=\"394\" src=\"https:\/\/mail.meteorititalia.org\/wp-content\/uploads\/2020\/01\/7-1024x768.jpg\" class=\"attachment-large size-large wp-image-731\" alt=\"\" loading=\"lazy\" srcset=\"https:\/\/mail.meteorititalia.org\/wp-content\/uploads\/2020\/01\/7-1024x768.jpg 1024w, https:\/\/mail.meteorititalia.org\/wp-content\/uploads\/2020\/01\/7-300x225.jpg 300w, https:\/\/mail.meteorititalia.org\/wp-content\/uploads\/2020\/01\/7-768x576.jpg 768w, https:\/\/mail.meteorititalia.org\/wp-content\/uploads\/2020\/01\/7-1536x1152.jpg 1536w, https:\/\/mail.meteorititalia.org\/wp-content\/uploads\/2020\/01\/7-2048x1536.jpg 2048w\" sizes=\"100vw\" \/>\t\t\t\t\t\t\t\t\t\t\t<figcaption class=\"widget-image-caption wp-caption-text\">Fig7: Adriano e Edi soddisfatti del risultato. Vista verso lato fondo sala. \nFoto arch. Meteoriti Italia<\/figcaption>\n\t\t\t\t\t\t\t\t\t\t<\/figure>\n\t\t\t\t\t\t\t\t<\/div>\n\t\t\t\t\t\t<\/div>\n\t\t\t\t<\/div>\n\t\t\t\t\t\t<\/div>\n\t\t\t\t\t<\/div>\n\t\t<\/div>\n\t\t\t\t<div class=\"elementor-column elementor-col-50 elementor-inner-column elementor-element elementor-element-3a30d98\" data-id=\"3a30d98\" data-element_type=\"column\">\n\t\t\t<div class=\"elementor-column-wrap elementor-element-populated\">\n\t\t\t\t\t\t\t<div class=\"elementor-widget-wrap\">\n\t\t\t\t\t\t<div class=\"elementor-element elementor-element-6f239e0 elementor-widget elementor-widget-image\" data-id=\"6f239e0\" data-element_type=\"widget\" data-widget_type=\"image.default\">\n\t\t\t\t<div class=\"elementor-widget-container\">\n\t\t\t\t\t\t\t\t<div class=\"elementor-image\">\n\t\t\t\t\t\t\t\t\t<figure class=\"wp-caption\">\n\t\t\t\t\t\t\t\t\t\t<img decoding=\"async\" width=\"525\" height=\"394\" src=\"https:\/\/mail.meteorititalia.org\/wp-content\/uploads\/2020\/01\/8-1024x768.jpg\" class=\"attachment-large size-large wp-image-732\" alt=\"\" loading=\"lazy\" srcset=\"https:\/\/mail.meteorititalia.org\/wp-content\/uploads\/2020\/01\/8-1024x768.jpg 1024w, https:\/\/mail.meteorititalia.org\/wp-content\/uploads\/2020\/01\/8-300x225.jpg 300w, https:\/\/mail.meteorititalia.org\/wp-content\/uploads\/2020\/01\/8-768x576.jpg 768w, https:\/\/mail.meteorititalia.org\/wp-content\/uploads\/2020\/01\/8-1536x1152.jpg 1536w, https:\/\/mail.meteorititalia.org\/wp-content\/uploads\/2020\/01\/8-2048x1536.jpg 2048w\" sizes=\"100vw\" \/>\t\t\t\t\t\t\t\t\t\t\t<figcaption class=\"widget-image-caption wp-caption-text\">Fig8: Adriano e Edi soddisfatti del risultato. Vista verso lato entrata sala.\nFoto arch. Meteoriti Italia.\n<\/figcaption>\n\t\t\t\t\t\t\t\t\t\t<\/figure>\n\t\t\t\t\t\t\t\t<\/div>\n\t\t\t\t\t\t<\/div>\n\t\t\t\t<\/div>\n\t\t\t\t\t\t<\/div>\n\t\t\t\t\t<\/div>\n\t\t<\/div>\n\t\t\t\t\t\t\t\t<\/div>\n\t\t\t\t\t<\/div>\n\t\t<\/section>\n\t\t\t\t<div class=\"elementor-element elementor-element-ee90f9e elementor-widget elementor-widget-text-editor\" data-id=\"ee90f9e\" data-element_type=\"widget\" data-widget_type=\"text-editor.default\">\n\t\t\t\t<div class=\"elementor-widget-container\">\n\t\t\t\t\t\t\t\t<div class=\"elementor-text-editor elementor-clearfix\">\n\t\t\t\t<p>Poich\u00e9 gli elaborati da esporre erano molti ,126, ci occorrevano dei pannelli per aumentare la superfice espositiva della sala e, grazie all\u2019interessamento dell\u2019Assessore alla Cultura di Barcis, abbiamo potuto usufruire di 20 pannelli, ciascuno con doppia superfice utile di 1.18X1.45 m.<\/p>\t\t\t\t\t<\/div>\n\t\t\t\t\t\t<\/div>\n\t\t\t\t<\/div>\n\t\t\t\t<section class=\"elementor-section elementor-inner-section elementor-element elementor-element-e676710 elementor-section-boxed elementor-section-height-default elementor-section-height-default wpr-particle-no wpr-jarallax-no wpr-parallax-no wpr-sticky-section-no\" data-id=\"e676710\" data-element_type=\"section\">\n\t\t\t\t\t\t<div class=\"elementor-container elementor-column-gap-default\">\n\t\t\t\t\t\t\t<div class=\"elementor-row\">\n\t\t\t\t\t<div class=\"elementor-column elementor-col-50 elementor-inner-column elementor-element elementor-element-36b9105\" data-id=\"36b9105\" data-element_type=\"column\">\n\t\t\t<div class=\"elementor-column-wrap elementor-element-populated\">\n\t\t\t\t\t\t\t<div class=\"elementor-widget-wrap\">\n\t\t\t\t\t\t<div class=\"elementor-element elementor-element-711a1b3 elementor-widget elementor-widget-image\" data-id=\"711a1b3\" data-element_type=\"widget\" data-widget_type=\"image.default\">\n\t\t\t\t<div class=\"elementor-widget-container\">\n\t\t\t\t\t\t\t\t<div class=\"elementor-image\">\n\t\t\t\t\t\t\t\t\t<figure class=\"wp-caption\">\n\t\t\t\t\t\t\t\t\t\t<img decoding=\"async\" width=\"525\" height=\"394\" src=\"https:\/\/mail.meteorititalia.org\/wp-content\/uploads\/2020\/01\/9-1024x768.jpeg\" class=\"attachment-large size-large wp-image-735\" alt=\"\" loading=\"lazy\" srcset=\"https:\/\/mail.meteorititalia.org\/wp-content\/uploads\/2020\/01\/9-1024x768.jpeg 1024w, https:\/\/mail.meteorititalia.org\/wp-content\/uploads\/2020\/01\/9-300x225.jpeg 300w, https:\/\/mail.meteorititalia.org\/wp-content\/uploads\/2020\/01\/9-768x576.jpeg 768w, https:\/\/mail.meteorititalia.org\/wp-content\/uploads\/2020\/01\/9-1536x1152.jpeg 1536w, https:\/\/mail.meteorititalia.org\/wp-content\/uploads\/2020\/01\/9-2048x1536.jpeg 2048w\" sizes=\"100vw\" \/>\t\t\t\t\t\t\t\t\t\t\t<figcaption class=\"widget-image-caption wp-caption-text\">Fig 9: I pannelli espositivi che ci hanno consegnato per allestire la mostra\nFoto arch. Meteoriti Italia<\/figcaption>\n\t\t\t\t\t\t\t\t\t\t<\/figure>\n\t\t\t\t\t\t\t\t<\/div>\n\t\t\t\t\t\t<\/div>\n\t\t\t\t<\/div>\n\t\t\t\t\t\t<\/div>\n\t\t\t\t\t<\/div>\n\t\t<\/div>\n\t\t\t\t<div class=\"elementor-column elementor-col-50 elementor-inner-column elementor-element elementor-element-da47041\" data-id=\"da47041\" data-element_type=\"column\">\n\t\t\t<div class=\"elementor-column-wrap elementor-element-populated\">\n\t\t\t\t\t\t\t<div class=\"elementor-widget-wrap\">\n\t\t\t\t\t\t<div class=\"elementor-element elementor-element-c31165b elementor-widget elementor-widget-text-editor\" data-id=\"c31165b\" data-element_type=\"widget\" data-widget_type=\"text-editor.default\">\n\t\t\t\t<div class=\"elementor-widget-container\">\n\t\t\t\t\t\t\t\t<div class=\"elementor-text-editor elementor-clearfix\">\n\t\t\t\t<p>Per chi di voi \u00e8 spesso coinvolto con l\u2019organizzazione di mostre, mi fermo un attimo per descrivervi meglio questi pannelli espositivi che, a tutt\u2019oggi, sono i pi\u00f9 pratici con i quali ho lavorato.<\/p><p>Per prima cosa, come potete vedere dalla Fig 9, i pannelli preparati per il trasporto sono molto compatti con dimensioni d\u2019ingombro di poco superiori alla superfice utile d\u2019esposizione e, essendo anche molto leggeri, sono ideali se usati per mostre di breve durata e quindi con frequenti spostamenti.<\/p><p>Nel bordo superiore del pannello (Fig 10) c\u2019\u00e8 una guida nella quale scorrono 4 dadi dove si possono avvitare bulloncini con \u00d8 5mm ai quali si possono attaccare catenelle per sospendere quadri, pannelli, ecc.<\/p><p>Altre due caratteristiche che rendono questi panelli molto funzionali sono che si possono posizionare in 3 altezze diverse e che i piedi possono ruotare di 90\u00b0 (Fig 11 e 12) rendendoli utilizzabili anche con logistiche molto pi\u00f9 complicate di quelle che abbiamo trovato in questa occasione.<\/p>\t\t\t\t\t<\/div>\n\t\t\t\t\t\t<\/div>\n\t\t\t\t<\/div>\n\t\t\t\t\t\t<\/div>\n\t\t\t\t\t<\/div>\n\t\t<\/div>\n\t\t\t\t\t\t\t\t<\/div>\n\t\t\t\t\t<\/div>\n\t\t<\/section>\n\t\t\t\t<div class=\"elementor-element elementor-element-a3ab600 elementor-widget elementor-widget-image-gallery\" data-id=\"a3ab600\" data-element_type=\"widget\" data-widget_type=\"image-gallery.default\">\n\t\t\t\t<div class=\"elementor-widget-container\">\n\t\t\t\t\t<div class=\"elementor-image-gallery\">\n\t\t\t<div id='gallery-13' class='gallery galleryid-465 gallery-columns-3 gallery-size-medium'><figure class='gallery-item'>\n\t\t\t<div class='gallery-icon portrait'>\n\t\t\t\t<a data-elementor-open-lightbox=\"yes\" data-elementor-lightbox-slideshow=\"a3ab600\" data-elementor-lightbox-title=\"10\" data-e-action-hash=\"#elementor-action%3Aaction%3Dlightbox%26settings%3DeyJpZCI6NzM2LCJ1cmwiOiJodHRwczpcL1wvbWFpbC5tZXRlb3JpdGl0YWxpYS5vcmdcL3dwLWNvbnRlbnRcL3VwbG9hZHNcLzIwMjBcLzAxXC8xMC1zY2FsZWQuanBlZyIsInNsaWRlc2hvdyI6ImEzYWI2MDAifQ%3D%3D\" href='https:\/\/mail.meteorititalia.org\/wp-content\/uploads\/2020\/01\/10-scaled.jpeg'><img width=\"225\" height=\"300\" src=\"https:\/\/mail.meteorititalia.org\/wp-content\/uploads\/2020\/01\/10-225x300.jpeg\" class=\"attachment-medium size-medium\" alt=\"\" decoding=\"async\" loading=\"lazy\" aria-describedby=\"gallery-13-736\" srcset=\"https:\/\/mail.meteorititalia.org\/wp-content\/uploads\/2020\/01\/10-225x300.jpeg 225w, https:\/\/mail.meteorititalia.org\/wp-content\/uploads\/2020\/01\/10-768x1024.jpeg 768w, https:\/\/mail.meteorititalia.org\/wp-content\/uploads\/2020\/01\/10-1152x1536.jpeg 1152w, https:\/\/mail.meteorititalia.org\/wp-content\/uploads\/2020\/01\/10-1536x2048.jpeg 1536w, https:\/\/mail.meteorititalia.org\/wp-content\/uploads\/2020\/01\/10-scaled.jpeg 1920w\" sizes=\"100vw\" \/><\/a>\n\t\t\t<\/div>\n\t\t\t\t<figcaption class='wp-caption-text gallery-caption' id='gallery-13-736'>\n\t\t\t\tFig 10: Pannello espositivo, visione d\u2019insieme. Nel bordo in alto c\u2019\u00e8 la guida dove scorrono i 4 dadi. Foto arch. Meteoriti Italia  \n\n\t\t\t\t<\/figcaption><\/figure><figure class='gallery-item'>\n\t\t\t<div class='gallery-icon portrait'>\n\t\t\t\t<a data-elementor-open-lightbox=\"yes\" data-elementor-lightbox-slideshow=\"a3ab600\" data-elementor-lightbox-title=\"11\" data-e-action-hash=\"#elementor-action%3Aaction%3Dlightbox%26settings%3DeyJpZCI6NzM3LCJ1cmwiOiJodHRwczpcL1wvbWFpbC5tZXRlb3JpdGl0YWxpYS5vcmdcL3dwLWNvbnRlbnRcL3VwbG9hZHNcLzIwMjBcLzAxXC8xMS1zY2FsZWQuanBlZyIsInNsaWRlc2hvdyI6ImEzYWI2MDAifQ%3D%3D\" href='https:\/\/mail.meteorititalia.org\/wp-content\/uploads\/2020\/01\/11-scaled.jpeg'><img width=\"225\" height=\"300\" src=\"https:\/\/mail.meteorititalia.org\/wp-content\/uploads\/2020\/01\/11-225x300.jpeg\" class=\"attachment-medium size-medium\" alt=\"\" decoding=\"async\" loading=\"lazy\" aria-describedby=\"gallery-13-737\" srcset=\"https:\/\/mail.meteorititalia.org\/wp-content\/uploads\/2020\/01\/11-225x300.jpeg 225w, https:\/\/mail.meteorititalia.org\/wp-content\/uploads\/2020\/01\/11-768x1024.jpeg 768w, https:\/\/mail.meteorititalia.org\/wp-content\/uploads\/2020\/01\/11-1152x1536.jpeg 1152w, https:\/\/mail.meteorititalia.org\/wp-content\/uploads\/2020\/01\/11-1536x2048.jpeg 1536w, https:\/\/mail.meteorititalia.org\/wp-content\/uploads\/2020\/01\/11-scaled.jpeg 1920w\" sizes=\"100vw\" \/><\/a>\n\t\t\t<\/div>\n\t\t\t\t<figcaption class='wp-caption-text gallery-caption' id='gallery-13-737'>\n\t\t\t\tFig 11: Pannello espositivo, la regolazione in altezza. Foto arch. Meteoriti Italia\n\n\t\t\t\t<\/figcaption><\/figure><figure class='gallery-item'>\n\t\t\t<div class='gallery-icon landscape'>\n\t\t\t\t<a data-elementor-open-lightbox=\"yes\" data-elementor-lightbox-slideshow=\"a3ab600\" data-elementor-lightbox-title=\"12\" data-e-action-hash=\"#elementor-action%3Aaction%3Dlightbox%26settings%3DeyJpZCI6NzM4LCJ1cmwiOiJodHRwczpcL1wvbWFpbC5tZXRlb3JpdGl0YWxpYS5vcmdcL3dwLWNvbnRlbnRcL3VwbG9hZHNcLzIwMjBcLzAxXC8xMi1zY2FsZWQuanBlZyIsInNsaWRlc2hvdyI6ImEzYWI2MDAifQ%3D%3D\" href='https:\/\/mail.meteorititalia.org\/wp-content\/uploads\/2020\/01\/12-scaled.jpeg'><img width=\"300\" height=\"225\" src=\"https:\/\/mail.meteorititalia.org\/wp-content\/uploads\/2020\/01\/12-300x225.jpeg\" class=\"attachment-medium size-medium\" alt=\"\" decoding=\"async\" loading=\"lazy\" aria-describedby=\"gallery-13-738\" srcset=\"https:\/\/mail.meteorititalia.org\/wp-content\/uploads\/2020\/01\/12-300x225.jpeg 300w, https:\/\/mail.meteorititalia.org\/wp-content\/uploads\/2020\/01\/12-1024x768.jpeg 1024w, https:\/\/mail.meteorititalia.org\/wp-content\/uploads\/2020\/01\/12-768x576.jpeg 768w, https:\/\/mail.meteorititalia.org\/wp-content\/uploads\/2020\/01\/12-1536x1152.jpeg 1536w, https:\/\/mail.meteorititalia.org\/wp-content\/uploads\/2020\/01\/12-2048x1536.jpeg 2048w\" sizes=\"100vw\" \/><\/a>\n\t\t\t<\/div>\n\t\t\t\t<figcaption class='wp-caption-text gallery-caption' id='gallery-13-738'>\n\t\t\t\tFig 12: Pannello espositivo, i piedi d\u2019appoggio. Foto arch. Meteoriti Italia\n\n\t\t\t\t<\/figcaption><\/figure>\n\t\t<\/div>\n\t\t<\/div>\n\t\t\t\t<\/div>\n\t\t\t\t<\/div>\n\t\t\t\t<div class=\"elementor-element elementor-element-6fbdf49 elementor-widget elementor-widget-text-editor\" data-id=\"6fbdf49\" data-element_type=\"widget\" data-widget_type=\"text-editor.default\">\n\t\t\t\t<div class=\"elementor-widget-container\">\n\t\t\t\t\t\t\t\t<div class=\"elementor-text-editor elementor-clearfix\">\n\t\t\t\t<p>Sistemando i pannelli a pi\u00f9 di 2m dalla parete di legno (lato SX della sala guardando dall\u2019entrata) abbiamo creato un corridoio comodo per i visitatori, con abbastanza superfice per esporre tutti i 126 elaborati (Fig: 13;14;15)<\/p>\t\t\t\t\t<\/div>\n\t\t\t\t\t\t<\/div>\n\t\t\t\t<\/div>\n\t\t\t\t<div class=\"elementor-element elementor-element-72a3c6d elementor-widget elementor-widget-image-gallery\" data-id=\"72a3c6d\" data-element_type=\"widget\" data-widget_type=\"image-gallery.default\">\n\t\t\t\t<div class=\"elementor-widget-container\">\n\t\t\t\t\t<div class=\"elementor-image-gallery\">\n\t\t\t<div id='gallery-14' class='gallery galleryid-465 gallery-columns-3 gallery-size-medium'><figure class='gallery-item'>\n\t\t\t<div class='gallery-icon landscape'>\n\t\t\t\t<a data-elementor-open-lightbox=\"yes\" data-elementor-lightbox-slideshow=\"72a3c6d\" data-elementor-lightbox-title=\"13\" data-e-action-hash=\"#elementor-action%3Aaction%3Dlightbox%26settings%3DeyJpZCI6NzM5LCJ1cmwiOiJodHRwczpcL1wvbWFpbC5tZXRlb3JpdGl0YWxpYS5vcmdcL3dwLWNvbnRlbnRcL3VwbG9hZHNcLzIwMjBcLzAxXC8xMy1zY2FsZWQuanBlZyIsInNsaWRlc2hvdyI6IjcyYTNjNmQifQ%3D%3D\" href='https:\/\/mail.meteorititalia.org\/wp-content\/uploads\/2020\/01\/13-scaled.jpeg'><img width=\"300\" height=\"225\" src=\"https:\/\/mail.meteorititalia.org\/wp-content\/uploads\/2020\/01\/13-300x225.jpeg\" class=\"attachment-medium size-medium\" alt=\"\" decoding=\"async\" loading=\"lazy\" aria-describedby=\"gallery-14-739\" srcset=\"https:\/\/mail.meteorititalia.org\/wp-content\/uploads\/2020\/01\/13-300x225.jpeg 300w, https:\/\/mail.meteorititalia.org\/wp-content\/uploads\/2020\/01\/13-1024x768.jpeg 1024w, https:\/\/mail.meteorititalia.org\/wp-content\/uploads\/2020\/01\/13-768x576.jpeg 768w, https:\/\/mail.meteorititalia.org\/wp-content\/uploads\/2020\/01\/13-1536x1152.jpeg 1536w, https:\/\/mail.meteorititalia.org\/wp-content\/uploads\/2020\/01\/13-2048x1536.jpeg 2048w\" sizes=\"100vw\" \/><\/a>\n\t\t\t<\/div>\n\t\t\t\t<figcaption class='wp-caption-text gallery-caption' id='gallery-14-739'>\n\t\t\t\tFig 13: L\u2019 allestimento del corridoio degli elaborati. Foto arch. Meteoriti Italia\n\t\t\t\t<\/figcaption><\/figure><figure class='gallery-item'>\n\t\t\t<div class='gallery-icon portrait'>\n\t\t\t\t<a data-elementor-open-lightbox=\"yes\" data-elementor-lightbox-slideshow=\"72a3c6d\" data-elementor-lightbox-title=\"14\" data-e-action-hash=\"#elementor-action%3Aaction%3Dlightbox%26settings%3DeyJpZCI6NzQwLCJ1cmwiOiJodHRwczpcL1wvbWFpbC5tZXRlb3JpdGl0YWxpYS5vcmdcL3dwLWNvbnRlbnRcL3VwbG9hZHNcLzIwMjBcLzAxXC8xNC1zY2FsZWQuanBlZyIsInNsaWRlc2hvdyI6IjcyYTNjNmQifQ%3D%3D\" href='https:\/\/mail.meteorititalia.org\/wp-content\/uploads\/2020\/01\/14-scaled.jpeg'><img width=\"225\" height=\"300\" src=\"https:\/\/mail.meteorititalia.org\/wp-content\/uploads\/2020\/01\/14-225x300.jpeg\" class=\"attachment-medium size-medium\" alt=\"\" decoding=\"async\" loading=\"lazy\" aria-describedby=\"gallery-14-740\" srcset=\"https:\/\/mail.meteorititalia.org\/wp-content\/uploads\/2020\/01\/14-225x300.jpeg 225w, https:\/\/mail.meteorititalia.org\/wp-content\/uploads\/2020\/01\/14-768x1024.jpeg 768w, https:\/\/mail.meteorititalia.org\/wp-content\/uploads\/2020\/01\/14-1152x1536.jpeg 1152w, https:\/\/mail.meteorititalia.org\/wp-content\/uploads\/2020\/01\/14-1536x2048.jpeg 1536w, https:\/\/mail.meteorititalia.org\/wp-content\/uploads\/2020\/01\/14-scaled.jpeg 1920w\" sizes=\"100vw\" \/><\/a>\n\t\t\t<\/div>\n\t\t\t\t<figcaption class='wp-caption-text gallery-caption' id='gallery-14-740'>\n\t\t\t\tFig 14: L\u2019ottimizzazione della larghezza del corridoio. Foto arch. Meteoriti Italia\n\t\t\t\t<\/figcaption><\/figure><figure class='gallery-item'>\n\t\t\t<div class='gallery-icon landscape'>\n\t\t\t\t<a data-elementor-open-lightbox=\"yes\" data-elementor-lightbox-slideshow=\"72a3c6d\" data-elementor-lightbox-title=\"15\" data-e-action-hash=\"#elementor-action%3Aaction%3Dlightbox%26settings%3DeyJpZCI6NzQxLCJ1cmwiOiJodHRwczpcL1wvbWFpbC5tZXRlb3JpdGl0YWxpYS5vcmdcL3dwLWNvbnRlbnRcL3VwbG9hZHNcLzIwMjBcLzAxXC8xNS1zY2FsZWQuanBnIiwic2xpZGVzaG93IjoiNzJhM2M2ZCJ9\" href='https:\/\/mail.meteorititalia.org\/wp-content\/uploads\/2020\/01\/15-scaled.jpg'><img width=\"300\" height=\"225\" src=\"https:\/\/mail.meteorititalia.org\/wp-content\/uploads\/2020\/01\/15-300x225.jpg\" class=\"attachment-medium size-medium\" alt=\"\" decoding=\"async\" loading=\"lazy\" aria-describedby=\"gallery-14-741\" srcset=\"https:\/\/mail.meteorititalia.org\/wp-content\/uploads\/2020\/01\/15-300x225.jpg 300w, https:\/\/mail.meteorititalia.org\/wp-content\/uploads\/2020\/01\/15-1024x768.jpg 1024w, https:\/\/mail.meteorititalia.org\/wp-content\/uploads\/2020\/01\/15-768x576.jpg 768w, https:\/\/mail.meteorititalia.org\/wp-content\/uploads\/2020\/01\/15-1536x1152.jpg 1536w, https:\/\/mail.meteorititalia.org\/wp-content\/uploads\/2020\/01\/15-2048x1536.jpg 2048w\" sizes=\"100vw\" \/><\/a>\n\t\t\t<\/div>\n\t\t\t\t<figcaption class='wp-caption-text gallery-caption' id='gallery-14-741'>\n\t\t\t\tFig 15: Visitatori che ammirano gli elaborati esposti nel corridoio. Foto M. Ianeselli\n\n\t\t\t\t<\/figcaption><\/figure>\n\t\t<\/div>\n\t\t<\/div>\n\t\t\t\t<\/div>\n\t\t\t\t<\/div>\n\t\t\t\t<div class=\"elementor-element elementor-element-2bc2650 elementor-widget elementor-widget-text-editor\" data-id=\"2bc2650\" data-element_type=\"widget\" data-widget_type=\"text-editor.default\">\n\t\t\t\t<div class=\"elementor-widget-container\">\n\t\t\t\t\t\t\t\t<div class=\"elementor-text-editor elementor-clearfix\">\n\t\t\t\t<p>I visitatori della mostra venivano accolti da Alessia e Michela, due simpaticissime studentesse di Barcis, che consegnavano ad ognuno una scheda dove inserire i numeri dei 10 elaborati preferiti e da depositare nell\u2019apposito contenitore all\u2019uscita della mostra. \u00a0Le ragazze, inoltre, erano responsabili dell\u2019apertura e della chiusura della mostra ed erano anche preparate per rispondere a domande riguardanti tutto il materiale esposto; un aiuto indispensabile per il successo della mostra.<\/p><p>Un altro incarico molto importante svolto da Alessia e Michela \u00e8 stato quello di accertarsi che almeno la maggioranza dei visitatori firmasse il libro delle presenze.<\/p><p>Qui mi dovete permettere una nota polemica sulla cattiva abitudine di moltissimi visitatori che, pur usufruendo di una mostra dove l\u2019ingresso \u00e8 libero, ritengono non sia necessario lasciare almeno un segno della loro presenza. Le mostre non si materializzano da sole ma richiedono impegno, lavoro e soldi da parte degli organizzatori. Il libro delle presenze \u00e8 l\u2019unica testimonianza che abbiamo sull\u2019esito di una mostra ed \u00e8 anche il documento pi\u00f9 importante che mostriamo a chi ci contatta per organizzare una mostra analoga nel suo territorio e vuole avere una idea del possibile numero di visitatori.<\/p><p>Non pretendiamo il commento da parte di tutti i nostri visitatori, anche se questo ci aiuterebbe molto ad ottimizzare la nostra organizzazione per\u00f2, visto che il visitatore non paga l\u2019ingresso, penso che la firma di presenza sia doverosa.<\/p><p>Ora, che vi siete sorbiti le nostre lamentele, vi meritate di dare una occhiata agli elaborati esposti.\u00a0\u00a0 Ci scusiamo con voi e con gli autori degli elaborati per la scarsa qualit\u00e0 delle foto che, non essendo sufficientemente professionali, vi impediscono di apprezzare appieno l\u2019alta qualit\u00e0 dei lavori dei ragazzi delle terze medie di Maniago e Vivaro.(Fig: 16;..32) .<\/p><p>A premiazioni avvenute, probabilmente a fine novembre, vi proporremo le foto dei 10 elaborati premiati che, per l\u2019occasione, saranno realizzate da un vero fotografo<\/p>\t\t\t\t\t<\/div>\n\t\t\t\t\t\t<\/div>\n\t\t\t\t<\/div>\n\t\t\t\t<div class=\"elementor-element elementor-element-c622a9b elementor-widget elementor-widget-image-gallery\" data-id=\"c622a9b\" data-element_type=\"widget\" data-widget_type=\"image-gallery.default\">\n\t\t\t\t<div class=\"elementor-widget-container\">\n\t\t\t\t\t<div class=\"elementor-image-gallery\">\n\t\t\t<div id='gallery-15' class='gallery galleryid-465 gallery-columns-3 gallery-size-medium'><figure class='gallery-item'>\n\t\t\t<div class='gallery-icon landscape'>\n\t\t\t\t<a data-elementor-open-lightbox=\"yes\" data-elementor-lightbox-slideshow=\"c622a9b\" data-elementor-lightbox-title=\"16\" data-e-action-hash=\"#elementor-action%3Aaction%3Dlightbox%26settings%3DeyJpZCI6NzQyLCJ1cmwiOiJodHRwczpcL1wvbWFpbC5tZXRlb3JpdGl0YWxpYS5vcmdcL3dwLWNvbnRlbnRcL3VwbG9hZHNcLzIwMjBcLzAxXC8xNi5wbmciLCJzbGlkZXNob3ciOiJjNjIyYTliIn0%3D\" href='https:\/\/mail.meteorititalia.org\/wp-content\/uploads\/2020\/01\/16.png'><img width=\"300\" height=\"169\" src=\"https:\/\/mail.meteorititalia.org\/wp-content\/uploads\/2020\/01\/16-300x169.png\" class=\"attachment-medium size-medium\" alt=\"\" decoding=\"async\" loading=\"lazy\" aria-describedby=\"gallery-15-742\" srcset=\"https:\/\/mail.meteorititalia.org\/wp-content\/uploads\/2020\/01\/16-300x169.png 300w, https:\/\/mail.meteorititalia.org\/wp-content\/uploads\/2020\/01\/16-1024x576.png 1024w, https:\/\/mail.meteorititalia.org\/wp-content\/uploads\/2020\/01\/16-768x432.png 768w, https:\/\/mail.meteorititalia.org\/wp-content\/uploads\/2020\/01\/16-1536x864.png 1536w, https:\/\/mail.meteorititalia.org\/wp-content\/uploads\/2020\/01\/16.png 1960w\" sizes=\"100vw\" \/><\/a>\n\t\t\t<\/div>\n\t\t\t\t<figcaption class='wp-caption-text gallery-caption' id='gallery-15-742'>\n\t\t\t\tGli elaborati dei ragazzi delle terze medie di Maniago e Vivaro da 1 a 118. Foto arch. Meteoriti Italia\n\t\t\t\t<\/figcaption><\/figure><figure class='gallery-item'>\n\t\t\t<div class='gallery-icon portrait'>\n\t\t\t\t<a data-elementor-open-lightbox=\"yes\" data-elementor-lightbox-slideshow=\"c622a9b\" data-elementor-lightbox-title=\"17\" data-e-action-hash=\"#elementor-action%3Aaction%3Dlightbox%26settings%3DeyJpZCI6NzQzLCJ1cmwiOiJodHRwczpcL1wvbWFpbC5tZXRlb3JpdGl0YWxpYS5vcmdcL3dwLWNvbnRlbnRcL3VwbG9hZHNcLzIwMjBcLzAxXC8xNy5wbmciLCJzbGlkZXNob3ciOiJjNjIyYTliIn0%3D\" href='https:\/\/mail.meteorititalia.org\/wp-content\/uploads\/2020\/01\/17.png'><img width=\"180\" height=\"300\" src=\"https:\/\/mail.meteorititalia.org\/wp-content\/uploads\/2020\/01\/17-180x300.png\" class=\"attachment-medium size-medium\" alt=\"\" decoding=\"async\" loading=\"lazy\" aria-describedby=\"gallery-15-743\" srcset=\"https:\/\/mail.meteorititalia.org\/wp-content\/uploads\/2020\/01\/17-180x300.png 180w, https:\/\/mail.meteorititalia.org\/wp-content\/uploads\/2020\/01\/17.png 293w\" sizes=\"100vw\" \/><\/a>\n\t\t\t<\/div>\n\t\t\t\t<figcaption class='wp-caption-text gallery-caption' id='gallery-15-743'>\n\t\t\t\tGli elaborati dei ragazzi delle terze medie di Maniago e Vivaro da 1 a 118. Foto arch. Meteoriti Italia\n\t\t\t\t<\/figcaption><\/figure><figure class='gallery-item'>\n\t\t\t<div class='gallery-icon portrait'>\n\t\t\t\t<a data-elementor-open-lightbox=\"yes\" data-elementor-lightbox-slideshow=\"c622a9b\" data-elementor-lightbox-title=\"18\" data-e-action-hash=\"#elementor-action%3Aaction%3Dlightbox%26settings%3DeyJpZCI6NzQ0LCJ1cmwiOiJodHRwczpcL1wvbWFpbC5tZXRlb3JpdGl0YWxpYS5vcmdcL3dwLWNvbnRlbnRcL3VwbG9hZHNcLzIwMjBcLzAxXC8xOC5wbmciLCJzbGlkZXNob3ciOiJjNjIyYTliIn0%3D\" href='https:\/\/mail.meteorititalia.org\/wp-content\/uploads\/2020\/01\/18.png'><img width=\"180\" height=\"300\" src=\"https:\/\/mail.meteorititalia.org\/wp-content\/uploads\/2020\/01\/18-180x300.png\" class=\"attachment-medium size-medium\" alt=\"\" decoding=\"async\" loading=\"lazy\" aria-describedby=\"gallery-15-744\" srcset=\"https:\/\/mail.meteorititalia.org\/wp-content\/uploads\/2020\/01\/18-180x300.png 180w, https:\/\/mail.meteorititalia.org\/wp-content\/uploads\/2020\/01\/18.png 283w\" sizes=\"100vw\" \/><\/a>\n\t\t\t<\/div>\n\t\t\t\t<figcaption class='wp-caption-text gallery-caption' id='gallery-15-744'>\n\t\t\t\tGli elaborati dei ragazzi delle terze medie di Maniago e Vivaro da 1 a 118. Foto arch. Meteoriti Italia\n\t\t\t\t<\/figcaption><\/figure><figure class='gallery-item'>\n\t\t\t<div class='gallery-icon portrait'>\n\t\t\t\t<a data-elementor-open-lightbox=\"yes\" data-elementor-lightbox-slideshow=\"c622a9b\" data-elementor-lightbox-title=\"19\" data-e-action-hash=\"#elementor-action%3Aaction%3Dlightbox%26settings%3DeyJpZCI6NzQ1LCJ1cmwiOiJodHRwczpcL1wvbWFpbC5tZXRlb3JpdGl0YWxpYS5vcmdcL3dwLWNvbnRlbnRcL3VwbG9hZHNcLzIwMjBcLzAxXC8xOS5wbmciLCJzbGlkZXNob3ciOiJjNjIyYTliIn0%3D\" href='https:\/\/mail.meteorititalia.org\/wp-content\/uploads\/2020\/01\/19.png'><img width=\"179\" height=\"300\" src=\"https:\/\/mail.meteorititalia.org\/wp-content\/uploads\/2020\/01\/19-179x300.png\" class=\"attachment-medium size-medium\" alt=\"\" decoding=\"async\" loading=\"lazy\" aria-describedby=\"gallery-15-745\" srcset=\"https:\/\/mail.meteorititalia.org\/wp-content\/uploads\/2020\/01\/19-179x300.png 179w, https:\/\/mail.meteorititalia.org\/wp-content\/uploads\/2020\/01\/19.png 283w\" sizes=\"100vw\" \/><\/a>\n\t\t\t<\/div>\n\t\t\t\t<figcaption class='wp-caption-text gallery-caption' id='gallery-15-745'>\n\t\t\t\tGli elaborati dei ragazzi delle terze medie di Maniago e Vivaro da 1 a 118. Foto arch. Meteoriti Italia\n\t\t\t\t<\/figcaption><\/figure><figure class='gallery-item'>\n\t\t\t<div class='gallery-icon portrait'>\n\t\t\t\t<a data-elementor-open-lightbox=\"yes\" data-elementor-lightbox-slideshow=\"c622a9b\" data-elementor-lightbox-title=\"20\" data-e-action-hash=\"#elementor-action%3Aaction%3Dlightbox%26settings%3DeyJpZCI6NzQ2LCJ1cmwiOiJodHRwczpcL1wvbWFpbC5tZXRlb3JpdGl0YWxpYS5vcmdcL3dwLWNvbnRlbnRcL3VwbG9hZHNcLzIwMjBcLzAxXC8yMC5wbmciLCJzbGlkZXNob3ciOiJjNjIyYTliIn0%3D\" href='https:\/\/mail.meteorititalia.org\/wp-content\/uploads\/2020\/01\/20.png'><img width=\"180\" height=\"300\" src=\"https:\/\/mail.meteorititalia.org\/wp-content\/uploads\/2020\/01\/20-180x300.png\" class=\"attachment-medium size-medium\" alt=\"\" decoding=\"async\" loading=\"lazy\" aria-describedby=\"gallery-15-746\" srcset=\"https:\/\/mail.meteorititalia.org\/wp-content\/uploads\/2020\/01\/20-180x300.png 180w, https:\/\/mail.meteorititalia.org\/wp-content\/uploads\/2020\/01\/20.png 283w\" sizes=\"100vw\" \/><\/a>\n\t\t\t<\/div>\n\t\t\t\t<figcaption class='wp-caption-text gallery-caption' id='gallery-15-746'>\n\t\t\t\tGli elaborati dei ragazzi delle terze medie di Maniago e Vivaro da 1 a 118. Foto arch. Meteoriti Italia\n\t\t\t\t<\/figcaption><\/figure><figure class='gallery-item'>\n\t\t\t<div class='gallery-icon portrait'>\n\t\t\t\t<a data-elementor-open-lightbox=\"yes\" data-elementor-lightbox-slideshow=\"c622a9b\" data-elementor-lightbox-title=\"21\" data-e-action-hash=\"#elementor-action%3Aaction%3Dlightbox%26settings%3DeyJpZCI6NzQ3LCJ1cmwiOiJodHRwczpcL1wvbWFpbC5tZXRlb3JpdGl0YWxpYS5vcmdcL3dwLWNvbnRlbnRcL3VwbG9hZHNcLzIwMjBcLzAxXC8yMS5qcGVnIiwic2xpZGVzaG93IjoiYzYyMmE5YiJ9\" href='https:\/\/mail.meteorititalia.org\/wp-content\/uploads\/2020\/01\/21.jpeg'><img width=\"225\" height=\"300\" src=\"https:\/\/mail.meteorititalia.org\/wp-content\/uploads\/2020\/01\/21-225x300.jpeg\" class=\"attachment-medium size-medium\" alt=\"\" decoding=\"async\" loading=\"lazy\" aria-describedby=\"gallery-15-747\" srcset=\"https:\/\/mail.meteorititalia.org\/wp-content\/uploads\/2020\/01\/21-225x300.jpeg 225w, https:\/\/mail.meteorititalia.org\/wp-content\/uploads\/2020\/01\/21-768x1024.jpeg 768w, https:\/\/mail.meteorititalia.org\/wp-content\/uploads\/2020\/01\/21-1152x1536.jpeg 1152w, https:\/\/mail.meteorititalia.org\/wp-content\/uploads\/2020\/01\/21.jpeg 1536w\" sizes=\"100vw\" \/><\/a>\n\t\t\t<\/div>\n\t\t\t\t<figcaption class='wp-caption-text gallery-caption' id='gallery-15-747'>\n\t\t\t\tGli elaborati dei ragazzi delle terze medie di Maniago e Vivaro da 1 a 118. Foto arch. Meteoriti Italia\n\t\t\t\t<\/figcaption><\/figure><figure class='gallery-item'>\n\t\t\t<div class='gallery-icon landscape'>\n\t\t\t\t<a data-elementor-open-lightbox=\"yes\" data-elementor-lightbox-slideshow=\"c622a9b\" data-elementor-lightbox-title=\"22\" data-e-action-hash=\"#elementor-action%3Aaction%3Dlightbox%26settings%3DeyJpZCI6NzQ4LCJ1cmwiOiJodHRwczpcL1wvbWFpbC5tZXRlb3JpdGl0YWxpYS5vcmdcL3dwLWNvbnRlbnRcL3VwbG9hZHNcLzIwMjBcLzAxXC8yMi5qcGVnIiwic2xpZGVzaG93IjoiYzYyMmE5YiJ9\" href='https:\/\/mail.meteorititalia.org\/wp-content\/uploads\/2020\/01\/22.jpeg'><img width=\"300\" height=\"225\" src=\"https:\/\/mail.meteorititalia.org\/wp-content\/uploads\/2020\/01\/22-300x225.jpeg\" class=\"attachment-medium size-medium\" alt=\"\" decoding=\"async\" loading=\"lazy\" aria-describedby=\"gallery-15-748\" srcset=\"https:\/\/mail.meteorititalia.org\/wp-content\/uploads\/2020\/01\/22-300x225.jpeg 300w, https:\/\/mail.meteorititalia.org\/wp-content\/uploads\/2020\/01\/22-1024x768.jpeg 1024w, https:\/\/mail.meteorititalia.org\/wp-content\/uploads\/2020\/01\/22-768x576.jpeg 768w, https:\/\/mail.meteorititalia.org\/wp-content\/uploads\/2020\/01\/22-1536x1152.jpeg 1536w, https:\/\/mail.meteorititalia.org\/wp-content\/uploads\/2020\/01\/22.jpeg 2048w\" sizes=\"100vw\" \/><\/a>\n\t\t\t<\/div>\n\t\t\t\t<figcaption class='wp-caption-text gallery-caption' id='gallery-15-748'>\n\t\t\t\tGli elaborati dei ragazzi delle terze medie di Maniago e Vivaro da 1 a 118. Foto arch. Meteoriti Italia\n\t\t\t\t<\/figcaption><\/figure><figure class='gallery-item'>\n\t\t\t<div class='gallery-icon landscape'>\n\t\t\t\t<a data-elementor-open-lightbox=\"yes\" data-elementor-lightbox-slideshow=\"c622a9b\" data-elementor-lightbox-title=\"23\" data-e-action-hash=\"#elementor-action%3Aaction%3Dlightbox%26settings%3DeyJpZCI6NzQ5LCJ1cmwiOiJodHRwczpcL1wvbWFpbC5tZXRlb3JpdGl0YWxpYS5vcmdcL3dwLWNvbnRlbnRcL3VwbG9hZHNcLzIwMjBcLzAxXC8yMy5qcGVnIiwic2xpZGVzaG93IjoiYzYyMmE5YiJ9\" href='https:\/\/mail.meteorititalia.org\/wp-content\/uploads\/2020\/01\/23.jpeg'><img width=\"300\" height=\"225\" src=\"https:\/\/mail.meteorititalia.org\/wp-content\/uploads\/2020\/01\/23-300x225.jpeg\" class=\"attachment-medium size-medium\" alt=\"\" decoding=\"async\" loading=\"lazy\" aria-describedby=\"gallery-15-749\" srcset=\"https:\/\/mail.meteorititalia.org\/wp-content\/uploads\/2020\/01\/23-300x225.jpeg 300w, https:\/\/mail.meteorititalia.org\/wp-content\/uploads\/2020\/01\/23-1024x768.jpeg 1024w, https:\/\/mail.meteorititalia.org\/wp-content\/uploads\/2020\/01\/23-768x576.jpeg 768w, https:\/\/mail.meteorititalia.org\/wp-content\/uploads\/2020\/01\/23-1536x1152.jpeg 1536w, https:\/\/mail.meteorititalia.org\/wp-content\/uploads\/2020\/01\/23.jpeg 2048w\" sizes=\"100vw\" \/><\/a>\n\t\t\t<\/div>\n\t\t\t\t<figcaption class='wp-caption-text gallery-caption' id='gallery-15-749'>\n\t\t\t\tGli elaborati dei ragazzi delle terze medie di Maniago e Vivaro da 1 a 118. Foto arch. Meteoriti Italia\n\t\t\t\t<\/figcaption><\/figure><figure class='gallery-item'>\n\t\t\t<div class='gallery-icon landscape'>\n\t\t\t\t<a data-elementor-open-lightbox=\"yes\" data-elementor-lightbox-slideshow=\"c622a9b\" data-elementor-lightbox-title=\"24\" data-e-action-hash=\"#elementor-action%3Aaction%3Dlightbox%26settings%3DeyJpZCI6NzUwLCJ1cmwiOiJodHRwczpcL1wvbWFpbC5tZXRlb3JpdGl0YWxpYS5vcmdcL3dwLWNvbnRlbnRcL3VwbG9hZHNcLzIwMjBcLzAxXC8yNC5qcGVnIiwic2xpZGVzaG93IjoiYzYyMmE5YiJ9\" href='https:\/\/mail.meteorititalia.org\/wp-content\/uploads\/2020\/01\/24.jpeg'><img width=\"300\" height=\"225\" src=\"https:\/\/mail.meteorititalia.org\/wp-content\/uploads\/2020\/01\/24-300x225.jpeg\" class=\"attachment-medium size-medium\" alt=\"\" decoding=\"async\" loading=\"lazy\" aria-describedby=\"gallery-15-750\" srcset=\"https:\/\/mail.meteorititalia.org\/wp-content\/uploads\/2020\/01\/24-300x225.jpeg 300w, https:\/\/mail.meteorititalia.org\/wp-content\/uploads\/2020\/01\/24-1024x768.jpeg 1024w, https:\/\/mail.meteorititalia.org\/wp-content\/uploads\/2020\/01\/24-768x576.jpeg 768w, https:\/\/mail.meteorititalia.org\/wp-content\/uploads\/2020\/01\/24-1536x1152.jpeg 1536w, https:\/\/mail.meteorititalia.org\/wp-content\/uploads\/2020\/01\/24.jpeg 2048w\" sizes=\"100vw\" \/><\/a>\n\t\t\t<\/div>\n\t\t\t\t<figcaption class='wp-caption-text gallery-caption' id='gallery-15-750'>\n\t\t\t\tGli elaborati dei ragazzi delle terze medie di Maniago e Vivaro da 1 a 118. Foto arch. Meteoriti Italia\n\t\t\t\t<\/figcaption><\/figure><figure class='gallery-item'>\n\t\t\t<div class='gallery-icon landscape'>\n\t\t\t\t<a data-elementor-open-lightbox=\"yes\" data-elementor-lightbox-slideshow=\"c622a9b\" data-elementor-lightbox-title=\"25jpeg\" data-e-action-hash=\"#elementor-action%3Aaction%3Dlightbox%26settings%3DeyJpZCI6NzUxLCJ1cmwiOiJodHRwczpcL1wvbWFpbC5tZXRlb3JpdGl0YWxpYS5vcmdcL3dwLWNvbnRlbnRcL3VwbG9hZHNcLzIwMjBcLzAxXC8yNWpwZWcuanBlZyIsInNsaWRlc2hvdyI6ImM2MjJhOWIifQ%3D%3D\" href='https:\/\/mail.meteorititalia.org\/wp-content\/uploads\/2020\/01\/25jpeg.jpeg'><img width=\"300\" height=\"225\" src=\"https:\/\/mail.meteorititalia.org\/wp-content\/uploads\/2020\/01\/25jpeg-300x225.jpeg\" class=\"attachment-medium size-medium\" alt=\"\" decoding=\"async\" loading=\"lazy\" aria-describedby=\"gallery-15-751\" srcset=\"https:\/\/mail.meteorititalia.org\/wp-content\/uploads\/2020\/01\/25jpeg-300x225.jpeg 300w, https:\/\/mail.meteorititalia.org\/wp-content\/uploads\/2020\/01\/25jpeg-1024x768.jpeg 1024w, https:\/\/mail.meteorititalia.org\/wp-content\/uploads\/2020\/01\/25jpeg-768x576.jpeg 768w, https:\/\/mail.meteorititalia.org\/wp-content\/uploads\/2020\/01\/25jpeg-1536x1152.jpeg 1536w, https:\/\/mail.meteorititalia.org\/wp-content\/uploads\/2020\/01\/25jpeg.jpeg 2048w\" sizes=\"100vw\" \/><\/a>\n\t\t\t<\/div>\n\t\t\t\t<figcaption class='wp-caption-text gallery-caption' id='gallery-15-751'>\n\t\t\t\tGli elaborati dei ragazzi delle terze medie di Maniago e Vivaro da 1 a 118. Foto arch. Meteoriti Italia\n\t\t\t\t<\/figcaption><\/figure><figure class='gallery-item'>\n\t\t\t<div class='gallery-icon portrait'>\n\t\t\t\t<a data-elementor-open-lightbox=\"yes\" data-elementor-lightbox-slideshow=\"c622a9b\" data-elementor-lightbox-title=\"26\" data-e-action-hash=\"#elementor-action%3Aaction%3Dlightbox%26settings%3DeyJpZCI6NzUyLCJ1cmwiOiJodHRwczpcL1wvbWFpbC5tZXRlb3JpdGl0YWxpYS5vcmdcL3dwLWNvbnRlbnRcL3VwbG9hZHNcLzIwMjBcLzAxXC8yNi5qcGVnIiwic2xpZGVzaG93IjoiYzYyMmE5YiJ9\" href='https:\/\/mail.meteorititalia.org\/wp-content\/uploads\/2020\/01\/26.jpeg'><img width=\"225\" height=\"300\" src=\"https:\/\/mail.meteorititalia.org\/wp-content\/uploads\/2020\/01\/26-225x300.jpeg\" class=\"attachment-medium size-medium\" alt=\"\" decoding=\"async\" loading=\"lazy\" aria-describedby=\"gallery-15-752\" srcset=\"https:\/\/mail.meteorititalia.org\/wp-content\/uploads\/2020\/01\/26-225x300.jpeg 225w, https:\/\/mail.meteorititalia.org\/wp-content\/uploads\/2020\/01\/26-768x1024.jpeg 768w, https:\/\/mail.meteorititalia.org\/wp-content\/uploads\/2020\/01\/26-1152x1536.jpeg 1152w, https:\/\/mail.meteorititalia.org\/wp-content\/uploads\/2020\/01\/26.jpeg 1536w\" sizes=\"100vw\" \/><\/a>\n\t\t\t<\/div>\n\t\t\t\t<figcaption class='wp-caption-text gallery-caption' id='gallery-15-752'>\n\t\t\t\tGli elaborati dei ragazzi delle terze medie di Maniago e Vivaro da 1 a 118. Foto arch. Meteoriti Italia\n\t\t\t\t<\/figcaption><\/figure><figure class='gallery-item'>\n\t\t\t<div class='gallery-icon portrait'>\n\t\t\t\t<a data-elementor-open-lightbox=\"yes\" data-elementor-lightbox-slideshow=\"c622a9b\" data-elementor-lightbox-title=\"27\" data-e-action-hash=\"#elementor-action%3Aaction%3Dlightbox%26settings%3DeyJpZCI6NzUzLCJ1cmwiOiJodHRwczpcL1wvbWFpbC5tZXRlb3JpdGl0YWxpYS5vcmdcL3dwLWNvbnRlbnRcL3VwbG9hZHNcLzIwMjBcLzAxXC8yNy5qcGVnIiwic2xpZGVzaG93IjoiYzYyMmE5YiJ9\" href='https:\/\/mail.meteorititalia.org\/wp-content\/uploads\/2020\/01\/27.jpeg'><img width=\"225\" height=\"300\" src=\"https:\/\/mail.meteorititalia.org\/wp-content\/uploads\/2020\/01\/27-225x300.jpeg\" class=\"attachment-medium size-medium\" alt=\"\" decoding=\"async\" loading=\"lazy\" aria-describedby=\"gallery-15-753\" srcset=\"https:\/\/mail.meteorititalia.org\/wp-content\/uploads\/2020\/01\/27-225x300.jpeg 225w, https:\/\/mail.meteorititalia.org\/wp-content\/uploads\/2020\/01\/27-768x1024.jpeg 768w, https:\/\/mail.meteorititalia.org\/wp-content\/uploads\/2020\/01\/27-1152x1536.jpeg 1152w, https:\/\/mail.meteorititalia.org\/wp-content\/uploads\/2020\/01\/27.jpeg 1536w\" sizes=\"100vw\" \/><\/a>\n\t\t\t<\/div>\n\t\t\t\t<figcaption class='wp-caption-text gallery-caption' id='gallery-15-753'>\n\t\t\t\tGli elaborati dei ragazzi delle terze medie di Maniago e Vivaro da 1 a 118. Foto arch. Meteoriti Italia\n\t\t\t\t<\/figcaption><\/figure><figure class='gallery-item'>\n\t\t\t<div class='gallery-icon portrait'>\n\t\t\t\t<a data-elementor-open-lightbox=\"yes\" data-elementor-lightbox-slideshow=\"c622a9b\" data-elementor-lightbox-title=\"28\" data-e-action-hash=\"#elementor-action%3Aaction%3Dlightbox%26settings%3DeyJpZCI6NzU0LCJ1cmwiOiJodHRwczpcL1wvbWFpbC5tZXRlb3JpdGl0YWxpYS5vcmdcL3dwLWNvbnRlbnRcL3VwbG9hZHNcLzIwMjBcLzAxXC8yOC5qcGVnIiwic2xpZGVzaG93IjoiYzYyMmE5YiJ9\" href='https:\/\/mail.meteorititalia.org\/wp-content\/uploads\/2020\/01\/28.jpeg'><img width=\"225\" height=\"300\" src=\"https:\/\/mail.meteorititalia.org\/wp-content\/uploads\/2020\/01\/28-225x300.jpeg\" class=\"attachment-medium size-medium\" alt=\"\" decoding=\"async\" loading=\"lazy\" aria-describedby=\"gallery-15-754\" srcset=\"https:\/\/mail.meteorititalia.org\/wp-content\/uploads\/2020\/01\/28-225x300.jpeg 225w, https:\/\/mail.meteorititalia.org\/wp-content\/uploads\/2020\/01\/28-768x1024.jpeg 768w, https:\/\/mail.meteorititalia.org\/wp-content\/uploads\/2020\/01\/28-1152x1536.jpeg 1152w, https:\/\/mail.meteorititalia.org\/wp-content\/uploads\/2020\/01\/28.jpeg 1536w\" sizes=\"100vw\" \/><\/a>\n\t\t\t<\/div>\n\t\t\t\t<figcaption class='wp-caption-text gallery-caption' id='gallery-15-754'>\n\t\t\t\tGli elaborati dei ragazzi delle terze medie di Maniago e Vivaro da 1 a 118. Foto arch. Meteoriti Italia\n\t\t\t\t<\/figcaption><\/figure><figure class='gallery-item'>\n\t\t\t<div class='gallery-icon portrait'>\n\t\t\t\t<a data-elementor-open-lightbox=\"yes\" data-elementor-lightbox-slideshow=\"c622a9b\" data-elementor-lightbox-title=\"29\" data-e-action-hash=\"#elementor-action%3Aaction%3Dlightbox%26settings%3DeyJpZCI6NzU1LCJ1cmwiOiJodHRwczpcL1wvbWFpbC5tZXRlb3JpdGl0YWxpYS5vcmdcL3dwLWNvbnRlbnRcL3VwbG9hZHNcLzIwMjBcLzAxXC8yOS5qcGVnIiwic2xpZGVzaG93IjoiYzYyMmE5YiJ9\" href='https:\/\/mail.meteorititalia.org\/wp-content\/uploads\/2020\/01\/29.jpeg'><img width=\"225\" height=\"300\" src=\"https:\/\/mail.meteorititalia.org\/wp-content\/uploads\/2020\/01\/29-225x300.jpeg\" class=\"attachment-medium size-medium\" alt=\"\" decoding=\"async\" loading=\"lazy\" aria-describedby=\"gallery-15-755\" srcset=\"https:\/\/mail.meteorititalia.org\/wp-content\/uploads\/2020\/01\/29-225x300.jpeg 225w, https:\/\/mail.meteorititalia.org\/wp-content\/uploads\/2020\/01\/29-768x1024.jpeg 768w, https:\/\/mail.meteorititalia.org\/wp-content\/uploads\/2020\/01\/29-1152x1536.jpeg 1152w, https:\/\/mail.meteorititalia.org\/wp-content\/uploads\/2020\/01\/29.jpeg 1536w\" sizes=\"100vw\" \/><\/a>\n\t\t\t<\/div>\n\t\t\t\t<figcaption class='wp-caption-text gallery-caption' id='gallery-15-755'>\n\t\t\t\tGli elaborati dei ragazzi delle terze medie di Maniago e Vivaro da 1 a 118. Foto arch. Meteoriti Italia\n\t\t\t\t<\/figcaption><\/figure><figure class='gallery-item'>\n\t\t\t<div class='gallery-icon portrait'>\n\t\t\t\t<a data-elementor-open-lightbox=\"yes\" data-elementor-lightbox-slideshow=\"c622a9b\" data-elementor-lightbox-title=\"30\" data-e-action-hash=\"#elementor-action%3Aaction%3Dlightbox%26settings%3DeyJpZCI6NzU2LCJ1cmwiOiJodHRwczpcL1wvbWFpbC5tZXRlb3JpdGl0YWxpYS5vcmdcL3dwLWNvbnRlbnRcL3VwbG9hZHNcLzIwMjBcLzAxXC8zMC5qcGVnIiwic2xpZGVzaG93IjoiYzYyMmE5YiJ9\" href='https:\/\/mail.meteorititalia.org\/wp-content\/uploads\/2020\/01\/30.jpeg'><img width=\"225\" height=\"300\" src=\"https:\/\/mail.meteorititalia.org\/wp-content\/uploads\/2020\/01\/30-225x300.jpeg\" class=\"attachment-medium size-medium\" alt=\"\" decoding=\"async\" loading=\"lazy\" aria-describedby=\"gallery-15-756\" srcset=\"https:\/\/mail.meteorititalia.org\/wp-content\/uploads\/2020\/01\/30-225x300.jpeg 225w, https:\/\/mail.meteorititalia.org\/wp-content\/uploads\/2020\/01\/30-768x1024.jpeg 768w, https:\/\/mail.meteorititalia.org\/wp-content\/uploads\/2020\/01\/30-1152x1536.jpeg 1152w, https:\/\/mail.meteorititalia.org\/wp-content\/uploads\/2020\/01\/30.jpeg 1536w\" sizes=\"100vw\" \/><\/a>\n\t\t\t<\/div>\n\t\t\t\t<figcaption class='wp-caption-text gallery-caption' id='gallery-15-756'>\n\t\t\t\tGli elaborati dei ragazzi delle terze medie di Maniago e Vivaro da 1 a 118. Foto arch. Meteoriti Italia\n\t\t\t\t<\/figcaption><\/figure>\n\t\t<\/div>\n\t\t<\/div>\n\t\t\t\t<\/div>\n\t\t\t\t<\/div>\n\t\t\t\t<section class=\"elementor-section elementor-inner-section elementor-element elementor-element-34c0b3a elementor-section-boxed elementor-section-height-default elementor-section-height-default wpr-particle-no wpr-jarallax-no wpr-parallax-no wpr-sticky-section-no\" data-id=\"34c0b3a\" data-element_type=\"section\">\n\t\t\t\t\t\t<div class=\"elementor-container elementor-column-gap-default\">\n\t\t\t\t\t\t\t<div class=\"elementor-row\">\n\t\t\t\t\t<div class=\"elementor-column elementor-col-50 elementor-inner-column elementor-element elementor-element-be60606\" data-id=\"be60606\" data-element_type=\"column\">\n\t\t\t<div class=\"elementor-column-wrap elementor-element-populated\">\n\t\t\t\t\t\t\t<div class=\"elementor-widget-wrap\">\n\t\t\t\t\t\t<div class=\"elementor-element elementor-element-43e8aed elementor-widget elementor-widget-image\" data-id=\"43e8aed\" data-element_type=\"widget\" data-widget_type=\"image.default\">\n\t\t\t\t<div class=\"elementor-widget-container\">\n\t\t\t\t\t\t\t\t<div class=\"elementor-image\">\n\t\t\t\t\t\t\t\t\t<figure class=\"wp-caption\">\n\t\t\t\t\t\t\t\t\t\t<img decoding=\"async\" width=\"525\" height=\"394\" src=\"https:\/\/mail.meteorititalia.org\/wp-content\/uploads\/2020\/01\/31-1024x768.jpeg\" class=\"attachment-large size-large wp-image-794\" alt=\"\" loading=\"lazy\" srcset=\"https:\/\/mail.meteorititalia.org\/wp-content\/uploads\/2020\/01\/31-1024x768.jpeg 1024w, https:\/\/mail.meteorititalia.org\/wp-content\/uploads\/2020\/01\/31-300x225.jpeg 300w, https:\/\/mail.meteorititalia.org\/wp-content\/uploads\/2020\/01\/31-768x576.jpeg 768w, https:\/\/mail.meteorititalia.org\/wp-content\/uploads\/2020\/01\/31-1536x1152.jpeg 1536w, https:\/\/mail.meteorititalia.org\/wp-content\/uploads\/2020\/01\/31.jpeg 2048w\" sizes=\"100vw\" \/>\t\t\t\t\t\t\t\t\t\t\t<figcaption class=\"widget-image-caption wp-caption-text\">Fig 31: Riproduzione in cartapesta della meteorite di Barcis ingrandita di circa 10 volte. L\u2019unico elaborato, 125, che ha utilizzato tecniche tridimensionali. Foto arch. Meteoriti Italia.<\/figcaption>\n\t\t\t\t\t\t\t\t\t\t<\/figure>\n\t\t\t\t\t\t\t\t<\/div>\n\t\t\t\t\t\t<\/div>\n\t\t\t\t<\/div>\n\t\t\t\t\t\t<\/div>\n\t\t\t\t\t<\/div>\n\t\t<\/div>\n\t\t\t\t<div class=\"elementor-column elementor-col-50 elementor-inner-column elementor-element elementor-element-91ad8e3\" data-id=\"91ad8e3\" data-element_type=\"column\">\n\t\t\t<div class=\"elementor-column-wrap elementor-element-populated\">\n\t\t\t\t\t\t\t<div class=\"elementor-widget-wrap\">\n\t\t\t\t\t\t<div class=\"elementor-element elementor-element-ffe5fd4 elementor-widget elementor-widget-image\" data-id=\"ffe5fd4\" data-element_type=\"widget\" data-widget_type=\"image.default\">\n\t\t\t\t<div class=\"elementor-widget-container\">\n\t\t\t\t\t\t\t\t<div class=\"elementor-image\">\n\t\t\t\t\t\t\t\t\t<figure class=\"wp-caption\">\n\t\t\t\t\t\t\t\t\t\t<img decoding=\"async\" width=\"525\" height=\"700\" src=\"https:\/\/mail.meteorititalia.org\/wp-content\/uploads\/2020\/01\/32-768x1024.jpeg\" class=\"attachment-large size-large wp-image-795\" alt=\"\" loading=\"lazy\" srcset=\"https:\/\/mail.meteorititalia.org\/wp-content\/uploads\/2020\/01\/32-768x1024.jpeg 768w, https:\/\/mail.meteorititalia.org\/wp-content\/uploads\/2020\/01\/32-225x300.jpeg 225w, https:\/\/mail.meteorititalia.org\/wp-content\/uploads\/2020\/01\/32-1152x1536.jpeg 1152w, https:\/\/mail.meteorititalia.org\/wp-content\/uploads\/2020\/01\/32.jpeg 1536w\" sizes=\"100vw\" \/>\t\t\t\t\t\t\t\t\t\t\t<figcaption class=\"widget-image-caption wp-caption-text\">Fig 32:  Gli elaborati dei ragazzi delle terze medie di Maniago e Vivaro da 119 a 126. Foto arch. Meteoriti Italia<\/figcaption>\n\t\t\t\t\t\t\t\t\t\t<\/figure>\n\t\t\t\t\t\t\t\t<\/div>\n\t\t\t\t\t\t<\/div>\n\t\t\t\t<\/div>\n\t\t\t\t\t\t<\/div>\n\t\t\t\t\t<\/div>\n\t\t<\/div>\n\t\t\t\t\t\t\t\t<\/div>\n\t\t\t\t\t<\/div>\n\t\t<\/section>\n\t\t\t\t<div class=\"elementor-element elementor-element-7fa4524 elementor-widget elementor-widget-text-editor\" data-id=\"7fa4524\" data-element_type=\"widget\" data-widget_type=\"text-editor.default\">\n\t\t\t\t<div class=\"elementor-widget-container\">\n\t\t\t\t\t\t\t\t<div class=\"elementor-text-editor elementor-clearfix\">\n\t\t\t\t<p>All\u2019uscita del corridoio, dopo aver ammirato gli elaborati, il visitatore si ritrovava nell\u2019altra parte della sala che era stata allestita con francobolli, stampe, cartoline e libri, tutti a tema meteoritico, per creare una degna cornice ai lavori dei ragazzi (Fig 33;34).<\/p>\t\t\t\t\t<\/div>\n\t\t\t\t\t\t<\/div>\n\t\t\t\t<\/div>\n\t\t\t\t<section class=\"elementor-section elementor-inner-section elementor-element elementor-element-7095a7a elementor-section-boxed elementor-section-height-default elementor-section-height-default wpr-particle-no wpr-jarallax-no wpr-parallax-no wpr-sticky-section-no\" data-id=\"7095a7a\" data-element_type=\"section\">\n\t\t\t\t\t\t<div class=\"elementor-container elementor-column-gap-default\">\n\t\t\t\t\t\t\t<div class=\"elementor-row\">\n\t\t\t\t\t<div class=\"elementor-column elementor-col-50 elementor-inner-column elementor-element elementor-element-9977a86\" data-id=\"9977a86\" data-element_type=\"column\">\n\t\t\t<div class=\"elementor-column-wrap elementor-element-populated\">\n\t\t\t\t\t\t\t<div class=\"elementor-widget-wrap\">\n\t\t\t\t\t\t<div class=\"elementor-element elementor-element-eb18f34 elementor-widget elementor-widget-image\" data-id=\"eb18f34\" data-element_type=\"widget\" data-widget_type=\"image.default\">\n\t\t\t\t<div class=\"elementor-widget-container\">\n\t\t\t\t\t\t\t\t<div class=\"elementor-image\">\n\t\t\t\t\t\t\t\t\t<figure class=\"wp-caption\">\n\t\t\t\t\t\t\t\t\t\t<img decoding=\"async\" width=\"525\" height=\"394\" src=\"https:\/\/mail.meteorititalia.org\/wp-content\/uploads\/2020\/01\/33-1024x768.jpg\" class=\"attachment-large size-large wp-image-796\" alt=\"\" loading=\"lazy\" srcset=\"https:\/\/mail.meteorititalia.org\/wp-content\/uploads\/2020\/01\/33-1024x768.jpg 1024w, https:\/\/mail.meteorititalia.org\/wp-content\/uploads\/2020\/01\/33-300x225.jpg 300w, https:\/\/mail.meteorititalia.org\/wp-content\/uploads\/2020\/01\/33-768x576.jpg 768w, https:\/\/mail.meteorititalia.org\/wp-content\/uploads\/2020\/01\/33-1536x1152.jpg 1536w, https:\/\/mail.meteorititalia.org\/wp-content\/uploads\/2020\/01\/33-2048x1536.jpg 2048w\" sizes=\"100vw\" \/>\t\t\t\t\t\t\t\t\t\t\t<figcaption class=\"widget-image-caption wp-caption-text\">Fig 33: La sala espositiva con lo spazio dedicato a francobolli, libri, stampe e cartoline a tema\u201d Meteoritico\u201d. A SX si intravede il corridoio dove sono esposti gli elaborati. Foto M. Ianeselli\n<\/figcaption>\n\t\t\t\t\t\t\t\t\t\t<\/figure>\n\t\t\t\t\t\t\t\t<\/div>\n\t\t\t\t\t\t<\/div>\n\t\t\t\t<\/div>\n\t\t\t\t\t\t<\/div>\n\t\t\t\t\t<\/div>\n\t\t<\/div>\n\t\t\t\t<div class=\"elementor-column elementor-col-50 elementor-inner-column elementor-element elementor-element-a60a893\" data-id=\"a60a893\" data-element_type=\"column\">\n\t\t\t<div class=\"elementor-column-wrap elementor-element-populated\">\n\t\t\t\t\t\t\t<div class=\"elementor-widget-wrap\">\n\t\t\t\t\t\t<div class=\"elementor-element elementor-element-f33e397 elementor-widget elementor-widget-image\" data-id=\"f33e397\" data-element_type=\"widget\" data-widget_type=\"image.default\">\n\t\t\t\t<div class=\"elementor-widget-container\">\n\t\t\t\t\t\t\t\t<div class=\"elementor-image\">\n\t\t\t\t\t\t\t\t\t<figure class=\"wp-caption\">\n\t\t\t\t\t\t\t\t\t\t<img decoding=\"async\" width=\"525\" height=\"394\" src=\"https:\/\/mail.meteorititalia.org\/wp-content\/uploads\/2020\/01\/34-1024x768.jpg\" class=\"attachment-large size-large wp-image-797\" alt=\"\" loading=\"lazy\" srcset=\"https:\/\/mail.meteorititalia.org\/wp-content\/uploads\/2020\/01\/34-1024x768.jpg 1024w, https:\/\/mail.meteorititalia.org\/wp-content\/uploads\/2020\/01\/34-300x225.jpg 300w, https:\/\/mail.meteorititalia.org\/wp-content\/uploads\/2020\/01\/34-768x576.jpg 768w, https:\/\/mail.meteorititalia.org\/wp-content\/uploads\/2020\/01\/34-1536x1152.jpg 1536w, https:\/\/mail.meteorititalia.org\/wp-content\/uploads\/2020\/01\/34-2048x1536.jpg 2048w\" sizes=\"100vw\" \/>\t\t\t\t\t\t\t\t\t\t\t<figcaption class=\"widget-image-caption wp-caption-text\">Fig 34: La parete d\u2019entrata con il tavolo dove si intravede la scatola che raccoglie le schede che i visitatori compilavano scegliendo i 10 elaborati preferiti. Sulla parete ci sono quadri con numeri originali de \u201cLa Domenica del Corriere\u201d la \u201cTribuna Illustrata\u201d e  \u201cIllustrazione del Popolo\u201d che in 1\u00aa o in 4\u00aa di copertina trattano di argomenti meteoritici.  Foto M. Ianeselli.\n<\/figcaption>\n\t\t\t\t\t\t\t\t\t\t<\/figure>\n\t\t\t\t\t\t\t\t<\/div>\n\t\t\t\t\t\t<\/div>\n\t\t\t\t<\/div>\n\t\t\t\t\t\t<\/div>\n\t\t\t\t\t<\/div>\n\t\t<\/div>\n\t\t\t\t\t\t\t\t<\/div>\n\t\t\t\t\t<\/div>\n\t\t<\/section>\n\t\t\t\t<div class=\"elementor-element elementor-element-5bb7399 elementor-widget elementor-widget-text-editor\" data-id=\"5bb7399\" data-element_type=\"widget\" data-widget_type=\"text-editor.default\">\n\t\t\t\t<div class=\"elementor-widget-container\">\n\t\t\t\t\t\t\t\t<div class=\"elementor-text-editor elementor-clearfix\">\n\t\t\t\t<p>Il materiale esposto \u00e8 stato scelto per far vedere agli autori degli elaborati ed ai visitatori come le meteoriti, pur essendo poco popolari, siano comunque capaci ad interessare ed ispirare diverse forme di comunicazione.<\/p>\t\t\t\t\t<\/div>\n\t\t\t\t\t\t<\/div>\n\t\t\t\t<\/div>\n\t\t\t\t<div class=\"elementor-element elementor-element-f2675db elementor-widget elementor-widget-image-gallery\" data-id=\"f2675db\" data-element_type=\"widget\" data-widget_type=\"image-gallery.default\">\n\t\t\t\t<div class=\"elementor-widget-container\">\n\t\t\t\t\t<div class=\"elementor-image-gallery\">\n\t\t\t<div id='gallery-16' class='gallery galleryid-465 gallery-columns-3 gallery-size-medium'><figure class='gallery-item'>\n\t\t\t<div class='gallery-icon portrait'>\n\t\t\t\t<a data-elementor-open-lightbox=\"yes\" data-elementor-lightbox-slideshow=\"f2675db\" data-elementor-lightbox-title=\"35\" data-e-action-hash=\"#elementor-action%3Aaction%3Dlightbox%26settings%3DeyJpZCI6Nzk4LCJ1cmwiOiJodHRwczpcL1wvbWFpbC5tZXRlb3JpdGl0YWxpYS5vcmdcL3dwLWNvbnRlbnRcL3VwbG9hZHNcLzIwMjBcLzAxXC8zNS1zY2FsZWQuanBnIiwic2xpZGVzaG93IjoiZjI2NzVkYiJ9\" href='https:\/\/mail.meteorititalia.org\/wp-content\/uploads\/2020\/01\/35-scaled.jpg'><img width=\"225\" height=\"300\" src=\"https:\/\/mail.meteorititalia.org\/wp-content\/uploads\/2020\/01\/35-225x300.jpg\" class=\"attachment-medium size-medium\" alt=\"\" decoding=\"async\" loading=\"lazy\" aria-describedby=\"gallery-16-798\" srcset=\"https:\/\/mail.meteorititalia.org\/wp-content\/uploads\/2020\/01\/35-225x300.jpg 225w, https:\/\/mail.meteorititalia.org\/wp-content\/uploads\/2020\/01\/35-768x1024.jpg 768w, https:\/\/mail.meteorititalia.org\/wp-content\/uploads\/2020\/01\/35-1152x1536.jpg 1152w, https:\/\/mail.meteorititalia.org\/wp-content\/uploads\/2020\/01\/35-1536x2048.jpg 1536w, https:\/\/mail.meteorititalia.org\/wp-content\/uploads\/2020\/01\/35-scaled.jpg 1920w\" sizes=\"100vw\" \/><\/a>\n\t\t\t<\/div>\n\t\t\t\t<figcaption class='wp-caption-text gallery-caption' id='gallery-16-798'>\n\t\t\t\tFig 35: Stampa di alcune delle pi\u00f9 note meteoriti del Museo di Storia Naturale di Vienna. Sulla fila in basso al centro \u00e8 riprodotta \u201cCabin Creek\u201d uno dei pi\u00f9 bei esempi di meteorite metallica orientata. Foto M.Ianeselli.\n\n\t\t\t\t<\/figcaption><\/figure><figure class='gallery-item'>\n\t\t\t<div class='gallery-icon portrait'>\n\t\t\t\t<a data-elementor-open-lightbox=\"yes\" data-elementor-lightbox-slideshow=\"f2675db\" data-elementor-lightbox-title=\"36\" data-e-action-hash=\"#elementor-action%3Aaction%3Dlightbox%26settings%3DeyJpZCI6Nzk5LCJ1cmwiOiJodHRwczpcL1wvbWFpbC5tZXRlb3JpdGl0YWxpYS5vcmdcL3dwLWNvbnRlbnRcL3VwbG9hZHNcLzIwMjBcLzAxXC8zNi1zY2FsZWQuanBnIiwic2xpZGVzaG93IjoiZjI2NzVkYiJ9\" href='https:\/\/mail.meteorititalia.org\/wp-content\/uploads\/2020\/01\/36-scaled.jpg'><img width=\"225\" height=\"300\" src=\"https:\/\/mail.meteorititalia.org\/wp-content\/uploads\/2020\/01\/36-225x300.jpg\" class=\"attachment-medium size-medium\" alt=\"\" decoding=\"async\" loading=\"lazy\" aria-describedby=\"gallery-16-799\" srcset=\"https:\/\/mail.meteorititalia.org\/wp-content\/uploads\/2020\/01\/36-225x300.jpg 225w, https:\/\/mail.meteorititalia.org\/wp-content\/uploads\/2020\/01\/36-768x1024.jpg 768w, https:\/\/mail.meteorititalia.org\/wp-content\/uploads\/2020\/01\/36-1152x1536.jpg 1152w, https:\/\/mail.meteorititalia.org\/wp-content\/uploads\/2020\/01\/36-1536x2048.jpg 1536w, https:\/\/mail.meteorititalia.org\/wp-content\/uploads\/2020\/01\/36-scaled.jpg 1920w\" sizes=\"100vw\" \/><\/a>\n\t\t\t<\/div>\n\t\t\t\t<figcaption class='wp-caption-text gallery-caption' id='gallery-16-799'>\n\t\t\t\tFig 36: Serie di Figurine Liebig, fronte e retro, dedicata agli astronomi ed ai pi\u00f9 importanti fenomeni celesti. Queste figurine, che erano date in omaggio a chi comprava il dado di carne \u201dLiebig \u201d,  trattavano dei pi\u00f9 svariati argomenti scientifici, storici e di costume. Foto M. Ianeselli\n\n\t\t\t\t<\/figcaption><\/figure><figure class='gallery-item'>\n\t\t\t<div class='gallery-icon landscape'>\n\t\t\t\t<a data-elementor-open-lightbox=\"yes\" data-elementor-lightbox-slideshow=\"f2675db\" data-elementor-lightbox-title=\"37\" data-e-action-hash=\"#elementor-action%3Aaction%3Dlightbox%26settings%3DeyJpZCI6ODAwLCJ1cmwiOiJodHRwczpcL1wvbWFpbC5tZXRlb3JpdGl0YWxpYS5vcmdcL3dwLWNvbnRlbnRcL3VwbG9hZHNcLzIwMjBcLzAxXC8zNy1zY2FsZWQuanBlZyIsInNsaWRlc2hvdyI6ImYyNjc1ZGIifQ%3D%3D\" href='https:\/\/mail.meteorititalia.org\/wp-content\/uploads\/2020\/01\/37-scaled.jpeg'><img width=\"300\" height=\"225\" src=\"https:\/\/mail.meteorititalia.org\/wp-content\/uploads\/2020\/01\/37-300x225.jpeg\" class=\"attachment-medium size-medium\" alt=\"\" decoding=\"async\" loading=\"lazy\" aria-describedby=\"gallery-16-800\" srcset=\"https:\/\/mail.meteorititalia.org\/wp-content\/uploads\/2020\/01\/37-300x225.jpeg 300w, https:\/\/mail.meteorititalia.org\/wp-content\/uploads\/2020\/01\/37-1024x768.jpeg 1024w, https:\/\/mail.meteorititalia.org\/wp-content\/uploads\/2020\/01\/37-768x576.jpeg 768w, https:\/\/mail.meteorititalia.org\/wp-content\/uploads\/2020\/01\/37-1536x1152.jpeg 1536w, https:\/\/mail.meteorititalia.org\/wp-content\/uploads\/2020\/01\/37-2048x1536.jpeg 2048w\" sizes=\"100vw\" \/><\/a>\n\t\t\t<\/div>\n\t\t\t\t<figcaption class='wp-caption-text gallery-caption' id='gallery-16-800'>\n\t\t\t\tFig 37: Supplemento domenicale de \u201cLa Tribuna Illustrata\u201d, 24 settembre 1893, che inizia la pubblicazione a puntate del romanzo di Camillo Flamarion: \u201dLa fine del Mondo nel secolo XXV\u201d e, in prima di copertina, ne illustra la causa rappresentando una cometa che sta per impattare la Terra  su una citt\u00e0 ad altissimo sviluppo tecnologico. Foto arch. Meteoriti Italia.\n\n\t\t\t\t<\/figcaption><\/figure><figure class='gallery-item'>\n\t\t\t<div class='gallery-icon portrait'>\n\t\t\t\t<a data-elementor-open-lightbox=\"yes\" data-elementor-lightbox-slideshow=\"f2675db\" data-elementor-lightbox-title=\"38\" data-e-action-hash=\"#elementor-action%3Aaction%3Dlightbox%26settings%3DeyJpZCI6ODAxLCJ1cmwiOiJodHRwczpcL1wvbWFpbC5tZXRlb3JpdGl0YWxpYS5vcmdcL3dwLWNvbnRlbnRcL3VwbG9hZHNcLzIwMjBcLzAxXC8zOC1zY2FsZWQuanBnIiwic2xpZGVzaG93IjoiZjI2NzVkYiJ9\" href='https:\/\/mail.meteorititalia.org\/wp-content\/uploads\/2020\/01\/38-scaled.jpg'><img width=\"225\" height=\"300\" src=\"https:\/\/mail.meteorititalia.org\/wp-content\/uploads\/2020\/01\/38-225x300.jpg\" class=\"attachment-medium size-medium\" alt=\"\" decoding=\"async\" loading=\"lazy\" aria-describedby=\"gallery-16-801\" srcset=\"https:\/\/mail.meteorititalia.org\/wp-content\/uploads\/2020\/01\/38-225x300.jpg 225w, https:\/\/mail.meteorititalia.org\/wp-content\/uploads\/2020\/01\/38-768x1024.jpg 768w, https:\/\/mail.meteorititalia.org\/wp-content\/uploads\/2020\/01\/38-1152x1536.jpg 1152w, https:\/\/mail.meteorititalia.org\/wp-content\/uploads\/2020\/01\/38-1536x2048.jpg 1536w, https:\/\/mail.meteorititalia.org\/wp-content\/uploads\/2020\/01\/38-scaled.jpg 1920w\" sizes=\"100vw\" \/><\/a>\n\t\t\t<\/div>\n\t\t\t\t<figcaption class='wp-caption-text gallery-caption' id='gallery-16-801'>\n\t\t\t\tFig 38: Serie di cartoline di meteoriti appartenenti alla raccolta del British Museum Natural History (primi anni del 1900). La cartolina in basso rappresenta la meteorite di \u201cWold Cottage\u201d caduta nello Yorkshire il 13 dicembre 1795 e diventata uno dei testimoni fondamentali per far accettare la natura spaziale delle meteoriti. Foto M. Ianeselli\n\t\t\t\t<\/figcaption><\/figure><figure class='gallery-item'>\n\t\t\t<div class='gallery-icon portrait'>\n\t\t\t\t<a data-elementor-open-lightbox=\"yes\" data-elementor-lightbox-slideshow=\"f2675db\" data-elementor-lightbox-title=\"39\" data-e-action-hash=\"#elementor-action%3Aaction%3Dlightbox%26settings%3DeyJpZCI6ODAyLCJ1cmwiOiJodHRwczpcL1wvbWFpbC5tZXRlb3JpdGl0YWxpYS5vcmdcL3dwLWNvbnRlbnRcL3VwbG9hZHNcLzIwMjBcLzAxXC8zOS1zY2FsZWQuanBnIiwic2xpZGVzaG93IjoiZjI2NzVkYiJ9\" href='https:\/\/mail.meteorititalia.org\/wp-content\/uploads\/2020\/01\/39-scaled.jpg'><img width=\"225\" height=\"300\" src=\"https:\/\/mail.meteorititalia.org\/wp-content\/uploads\/2020\/01\/39-225x300.jpg\" class=\"attachment-medium size-medium\" alt=\"\" decoding=\"async\" loading=\"lazy\" aria-describedby=\"gallery-16-802\" srcset=\"https:\/\/mail.meteorititalia.org\/wp-content\/uploads\/2020\/01\/39-225x300.jpg 225w, https:\/\/mail.meteorititalia.org\/wp-content\/uploads\/2020\/01\/39-768x1024.jpg 768w, https:\/\/mail.meteorititalia.org\/wp-content\/uploads\/2020\/01\/39-1152x1536.jpg 1152w, https:\/\/mail.meteorititalia.org\/wp-content\/uploads\/2020\/01\/39-1536x2048.jpg 1536w, https:\/\/mail.meteorititalia.org\/wp-content\/uploads\/2020\/01\/39-scaled.jpg 1920w\" sizes=\"100vw\" \/><\/a>\n\t\t\t<\/div>\n\t\t\t\t<figcaption class='wp-caption-text gallery-caption' id='gallery-16-802'>\n\t\t\t\tFig 39: Serie di cartoline del vecchio \u201cHayden Planetarium\u201d (1935) che conteneva la raccolta di meteoriti dell\u2019American Museum Natural History (AMNH) di New York. Questo edificio \u00e8 poi stato demolito e rimpiazzato (2000) con quello che \u00e8 noto come \u201cThe Hayden Sphere\u201d dove \u00e8 ancora conservata la meteorite \u201cWillamette\u201d mentre tutte le altre meteoriti appartenenti alla raccolta del Museo son conservate nella \u201cSala Ross\u201d. Foto M. Ianeselli\n\n\t\t\t\t<\/figcaption><\/figure><figure class='gallery-item'>\n\t\t\t<div class='gallery-icon portrait'>\n\t\t\t\t<a data-elementor-open-lightbox=\"yes\" data-elementor-lightbox-slideshow=\"f2675db\" data-elementor-lightbox-title=\"40\" data-e-action-hash=\"#elementor-action%3Aaction%3Dlightbox%26settings%3DeyJpZCI6ODAzLCJ1cmwiOiJodHRwczpcL1wvbWFpbC5tZXRlb3JpdGl0YWxpYS5vcmdcL3dwLWNvbnRlbnRcL3VwbG9hZHNcLzIwMjBcLzAxXC80MC1zY2FsZWQuanBnIiwic2xpZGVzaG93IjoiZjI2NzVkYiJ9\" href='https:\/\/mail.meteorititalia.org\/wp-content\/uploads\/2020\/01\/40-scaled.jpg'><img width=\"225\" height=\"300\" src=\"https:\/\/mail.meteorititalia.org\/wp-content\/uploads\/2020\/01\/40-225x300.jpg\" class=\"attachment-medium size-medium\" alt=\"\" decoding=\"async\" loading=\"lazy\" aria-describedby=\"gallery-16-803\" srcset=\"https:\/\/mail.meteorititalia.org\/wp-content\/uploads\/2020\/01\/40-225x300.jpg 225w, https:\/\/mail.meteorititalia.org\/wp-content\/uploads\/2020\/01\/40-768x1024.jpg 768w, https:\/\/mail.meteorititalia.org\/wp-content\/uploads\/2020\/01\/40-1152x1536.jpg 1152w, https:\/\/mail.meteorititalia.org\/wp-content\/uploads\/2020\/01\/40-1536x2048.jpg 1536w, https:\/\/mail.meteorititalia.org\/wp-content\/uploads\/2020\/01\/40-scaled.jpg 1920w\" sizes=\"100vw\" \/><\/a>\n\t\t\t<\/div>\n\t\t\t\t<figcaption class='wp-caption-text gallery-caption' id='gallery-16-803'>\n\t\t\t\tFig 40: Serie di cartoline di Meteor Crater, Coconino Co. Arizona (USA), con allegata copia di una mappa che riporta la distribuzione delle meteoriti trovate attorno al cratere. Foto M. Ianeselli.\n\n\t\t\t\t<\/figcaption><\/figure><figure class='gallery-item'>\n\t\t\t<div class='gallery-icon portrait'>\n\t\t\t\t<a data-elementor-open-lightbox=\"yes\" data-elementor-lightbox-slideshow=\"f2675db\" data-elementor-lightbox-title=\"41\" data-e-action-hash=\"#elementor-action%3Aaction%3Dlightbox%26settings%3DeyJpZCI6ODA0LCJ1cmwiOiJodHRwczpcL1wvbWFpbC5tZXRlb3JpdGl0YWxpYS5vcmdcL3dwLWNvbnRlbnRcL3VwbG9hZHNcLzIwMjBcLzAxXC80MS1zY2FsZWQuanBnIiwic2xpZGVzaG93IjoiZjI2NzVkYiJ9\" href='https:\/\/mail.meteorititalia.org\/wp-content\/uploads\/2020\/01\/41-scaled.jpg'><img width=\"225\" height=\"300\" src=\"https:\/\/mail.meteorititalia.org\/wp-content\/uploads\/2020\/01\/41-225x300.jpg\" class=\"attachment-medium size-medium\" alt=\"\" decoding=\"async\" loading=\"lazy\" aria-describedby=\"gallery-16-804\" srcset=\"https:\/\/mail.meteorititalia.org\/wp-content\/uploads\/2020\/01\/41-225x300.jpg 225w, https:\/\/mail.meteorititalia.org\/wp-content\/uploads\/2020\/01\/41-768x1024.jpg 768w, https:\/\/mail.meteorititalia.org\/wp-content\/uploads\/2020\/01\/41-1152x1536.jpg 1152w, https:\/\/mail.meteorititalia.org\/wp-content\/uploads\/2020\/01\/41-1536x2048.jpg 1536w, https:\/\/mail.meteorititalia.org\/wp-content\/uploads\/2020\/01\/41-scaled.jpg 1920w\" sizes=\"100vw\" \/><\/a>\n\t\t\t<\/div>\n\t\t\t\t<figcaption class='wp-caption-text gallery-caption' id='gallery-16-804'>\n\t\t\t\tFig 41: Serie di cartoline che documentano la caduta di \u201cChelyabinsk\u201d Chelyabinskaya oblast, Russia, 15 febbraio2013, 09:22 Hrs LT. Foto M. Ianeselli\n\n\t\t\t\t<\/figcaption><\/figure><figure class='gallery-item'>\n\t\t\t<div class='gallery-icon portrait'>\n\t\t\t\t<a data-elementor-open-lightbox=\"yes\" data-elementor-lightbox-slideshow=\"f2675db\" data-elementor-lightbox-title=\"42\" data-e-action-hash=\"#elementor-action%3Aaction%3Dlightbox%26settings%3DeyJpZCI6ODA1LCJ1cmwiOiJodHRwczpcL1wvbWFpbC5tZXRlb3JpdGl0YWxpYS5vcmdcL3dwLWNvbnRlbnRcL3VwbG9hZHNcLzIwMjBcLzAxXC80Mi1zY2FsZWQuanBnIiwic2xpZGVzaG93IjoiZjI2NzVkYiJ9\" href='https:\/\/mail.meteorititalia.org\/wp-content\/uploads\/2020\/01\/42-scaled.jpg'><img width=\"225\" height=\"300\" src=\"https:\/\/mail.meteorititalia.org\/wp-content\/uploads\/2020\/01\/42-225x300.jpg\" class=\"attachment-medium size-medium\" alt=\"\" decoding=\"async\" loading=\"lazy\" aria-describedby=\"gallery-16-805\" srcset=\"https:\/\/mail.meteorititalia.org\/wp-content\/uploads\/2020\/01\/42-225x300.jpg 225w, https:\/\/mail.meteorititalia.org\/wp-content\/uploads\/2020\/01\/42-768x1024.jpg 768w, https:\/\/mail.meteorititalia.org\/wp-content\/uploads\/2020\/01\/42-1152x1536.jpg 1152w, https:\/\/mail.meteorititalia.org\/wp-content\/uploads\/2020\/01\/42-1536x2048.jpg 1536w, https:\/\/mail.meteorititalia.org\/wp-content\/uploads\/2020\/01\/42-scaled.jpg 1920w\" sizes=\"100vw\" \/><\/a>\n\t\t\t<\/div>\n\t\t\t\t<figcaption class='wp-caption-text gallery-caption' id='gallery-16-805'>\n\t\t\t\tFig 42: Poster del 1999, stampato per ricordare i 30 anni dalla caduta di due meteoriti fondamentali per lo sviluppo della Meteoritica: \u201cAllende\u201d, CV3, Chihuahua, Mexico, 8 febbraio 1969, TKW ~ 2000 kg; \u201cMurchison\u201d CM2, Victoria, Australia, 28 settembre 1999, TKW ~ 100 kg. Foto M. Ianeselli.\n\n\t\t\t\t<\/figcaption><\/figure>\n\t\t<\/div>\n\t\t<\/div>\n\t\t\t\t<\/div>\n\t\t\t\t<\/div>\n\t\t\t\t<div class=\"elementor-element elementor-element-e074f41 elementor-widget elementor-widget-text-editor\" data-id=\"e074f41\" data-element_type=\"widget\" data-widget_type=\"text-editor.default\">\n\t\t\t\t<div class=\"elementor-widget-container\">\n\t\t\t\t\t\t\t\t<div class=\"elementor-text-editor elementor-clearfix\">\n\t\t\t\t<p>C\u2019erano anche tre bacheche dove erano esposti alcuni libri di meteoriti scelti per l\u2019et\u00e0 \u00a0o per la rarit\u00e0 (Fig: 43;44;45).<\/p>\t\t\t\t\t<\/div>\n\t\t\t\t\t\t<\/div>\n\t\t\t\t<\/div>\n\t\t\t\t<div class=\"elementor-element elementor-element-0a174a9 elementor-widget elementor-widget-image-gallery\" data-id=\"0a174a9\" data-element_type=\"widget\" data-widget_type=\"image-gallery.default\">\n\t\t\t\t<div class=\"elementor-widget-container\">\n\t\t\t\t\t<div class=\"elementor-image-gallery\">\n\t\t\t<div id='gallery-17' class='gallery galleryid-465 gallery-columns-3 gallery-size-medium'><figure class='gallery-item'>\n\t\t\t<div class='gallery-icon landscape'>\n\t\t\t\t<a data-elementor-open-lightbox=\"yes\" data-elementor-lightbox-slideshow=\"0a174a9\" data-elementor-lightbox-title=\"43\" data-e-action-hash=\"#elementor-action%3Aaction%3Dlightbox%26settings%3DeyJpZCI6ODA2LCJ1cmwiOiJodHRwczpcL1wvbWFpbC5tZXRlb3JpdGl0YWxpYS5vcmdcL3dwLWNvbnRlbnRcL3VwbG9hZHNcLzIwMjBcLzAxXC80My1zY2FsZWQuanBlZyIsInNsaWRlc2hvdyI6IjBhMTc0YTkifQ%3D%3D\" href='https:\/\/mail.meteorititalia.org\/wp-content\/uploads\/2020\/01\/43-scaled.jpeg'><img width=\"300\" height=\"225\" src=\"https:\/\/mail.meteorititalia.org\/wp-content\/uploads\/2020\/01\/43-300x225.jpeg\" class=\"attachment-medium size-medium\" alt=\"\" decoding=\"async\" loading=\"lazy\" aria-describedby=\"gallery-17-806\" srcset=\"https:\/\/mail.meteorititalia.org\/wp-content\/uploads\/2020\/01\/43-300x225.jpeg 300w, https:\/\/mail.meteorititalia.org\/wp-content\/uploads\/2020\/01\/43-1024x768.jpeg 1024w, https:\/\/mail.meteorititalia.org\/wp-content\/uploads\/2020\/01\/43-768x576.jpeg 768w, https:\/\/mail.meteorititalia.org\/wp-content\/uploads\/2020\/01\/43-1536x1152.jpeg 1536w, https:\/\/mail.meteorititalia.org\/wp-content\/uploads\/2020\/01\/43-2048x1536.jpeg 2048w\" sizes=\"100vw\" \/><\/a>\n\t\t\t<\/div>\n\t\t\t\t<figcaption class='wp-caption-text gallery-caption' id='gallery-17-806'>\n\t\t\t\tFig 43: 1\u00aa vetrina libri:\n Resoconto del prof. De Rossi sulla caduta di \u201cOrvinio\u201d, 31 agosto 1872, con tavola riproducente i pezzi principali e mappa della zona di caduta.                              Memoria di Goiran, Bertolio, Zanetti e Russo sulla caduta di \u201cMotta dei Conti\u201d, 29 febbraio 1868, con mappa della zona di caduta.                                                      Libretto del Rizzati, per\u00f2 anonimo, (edizione \u201cBiblioteca del Popolo\u201d) per far conoscere al popolo \u201cmeteoroliti\u201d, comete e stelle cadenti. Foto arch. Meteoriti Italia.\n\n\t\t\t\t<\/figcaption><\/figure><figure class='gallery-item'>\n\t\t\t<div class='gallery-icon landscape'>\n\t\t\t\t<a data-elementor-open-lightbox=\"yes\" data-elementor-lightbox-slideshow=\"0a174a9\" data-elementor-lightbox-title=\"44\" data-e-action-hash=\"#elementor-action%3Aaction%3Dlightbox%26settings%3DeyJpZCI6ODA3LCJ1cmwiOiJodHRwczpcL1wvbWFpbC5tZXRlb3JpdGl0YWxpYS5vcmdcL3dwLWNvbnRlbnRcL3VwbG9hZHNcLzIwMjBcLzAxXC80NC1zY2FsZWQuanBlZyIsInNsaWRlc2hvdyI6IjBhMTc0YTkifQ%3D%3D\" href='https:\/\/mail.meteorititalia.org\/wp-content\/uploads\/2020\/01\/44-scaled.jpeg'><img width=\"300\" height=\"225\" src=\"https:\/\/mail.meteorititalia.org\/wp-content\/uploads\/2020\/01\/44-300x225.jpeg\" class=\"attachment-medium size-medium\" alt=\"\" decoding=\"async\" loading=\"lazy\" aria-describedby=\"gallery-17-807\" srcset=\"https:\/\/mail.meteorititalia.org\/wp-content\/uploads\/2020\/01\/44-300x225.jpeg 300w, https:\/\/mail.meteorititalia.org\/wp-content\/uploads\/2020\/01\/44-1024x768.jpeg 1024w, https:\/\/mail.meteorititalia.org\/wp-content\/uploads\/2020\/01\/44-768x576.jpeg 768w, https:\/\/mail.meteorititalia.org\/wp-content\/uploads\/2020\/01\/44-1536x1152.jpeg 1536w, https:\/\/mail.meteorititalia.org\/wp-content\/uploads\/2020\/01\/44-2048x1536.jpeg 2048w\" sizes=\"100vw\" \/><\/a>\n\t\t\t<\/div>\n\t\t\t\t<figcaption class='wp-caption-text gallery-caption' id='gallery-17-807'>\n\t\t\t\tFig 44: 2\u00aa vetrina libri:\n Manuale di Mineralogia del Bombicci (Vol 2\u00b0 Parte 1\u00aa) con due tavole di meteoriti ed una tabella di meteoriti italiane aggiornata al 29 febbraio 1868 , caduta di \u201cMotta dei Conti\u201d\n\u201cMinerals from Earth and Sky\u201d, Vol 3\u00b0, G.P. Merril, con una bellissima foto di \u201cWillamette\u201d. Foto arch. Meteoriti Italia\n\n\t\t\t\t<\/figcaption><\/figure><figure class='gallery-item'>\n\t\t\t<div class='gallery-icon landscape'>\n\t\t\t\t<a data-elementor-open-lightbox=\"yes\" data-elementor-lightbox-slideshow=\"0a174a9\" data-elementor-lightbox-title=\"45\" data-e-action-hash=\"#elementor-action%3Aaction%3Dlightbox%26settings%3DeyJpZCI6ODA4LCJ1cmwiOiJodHRwczpcL1wvbWFpbC5tZXRlb3JpdGl0YWxpYS5vcmdcL3dwLWNvbnRlbnRcL3VwbG9hZHNcLzIwMjBcLzAxXC80NS1zY2FsZWQuanBlZyIsInNsaWRlc2hvdyI6IjBhMTc0YTkifQ%3D%3D\" href='https:\/\/mail.meteorititalia.org\/wp-content\/uploads\/2020\/01\/45-scaled.jpeg'><img width=\"300\" height=\"225\" src=\"https:\/\/mail.meteorititalia.org\/wp-content\/uploads\/2020\/01\/45-300x225.jpeg\" class=\"attachment-medium size-medium\" alt=\"\" decoding=\"async\" loading=\"lazy\" aria-describedby=\"gallery-17-808\" srcset=\"https:\/\/mail.meteorititalia.org\/wp-content\/uploads\/2020\/01\/45-300x225.jpeg 300w, https:\/\/mail.meteorititalia.org\/wp-content\/uploads\/2020\/01\/45-1024x768.jpeg 1024w, https:\/\/mail.meteorititalia.org\/wp-content\/uploads\/2020\/01\/45-768x576.jpeg 768w, https:\/\/mail.meteorititalia.org\/wp-content\/uploads\/2020\/01\/45-1536x1152.jpeg 1536w, https:\/\/mail.meteorititalia.org\/wp-content\/uploads\/2020\/01\/45-2048x1536.jpeg 2048w\" sizes=\"100vw\" \/><\/a>\n\t\t\t<\/div>\n\t\t\t\t<figcaption class='wp-caption-text gallery-caption' id='gallery-17-808'>\n\t\t\t\tFig 45: 3\u00aavetrina libri:\nPreliminary copy del \u201cLawrence Berkeley Laboratory, University of California\u201d, novembre 1979, dal titolo: \u201cExtraterrestrial cause for the Cretaceous-Tertiary Extintion: Experiment and Theory\u201d. Autori: Luis W. Alvarez, Walter Alvarez, Frank Azaro and Helen F. Michel. Durante la mostra, nel crogiolino era esposto del terriccio proveniente proprio dal livello K\/T della Gola del Bottaccione (PG) da dove sono iniziati gli studi; questo \u00e8 stato l\u2019unico campione di roccia presente in tutta la mostra (una libert\u00e0 che ci siamo presi per sottolineare l\u2019importanza di questa pubblicazione). \nCopia del \u201cAtlante Astronomico\u201d del dott. G. Naccari con alcune delle belle tavole che arricchiscono questa pubblicazione. Foto arch. Meteoriti Italia.\n\n\t\t\t\t<\/figcaption><\/figure>\n\t\t<\/div>\n\t\t<\/div>\n\t\t\t\t<\/div>\n\t\t\t\t<\/div>\n\t\t\t\t<section class=\"elementor-section elementor-inner-section elementor-element elementor-element-5dfe60f elementor-section-boxed elementor-section-height-default elementor-section-height-default wpr-particle-no wpr-jarallax-no wpr-parallax-no wpr-sticky-section-no\" data-id=\"5dfe60f\" data-element_type=\"section\">\n\t\t\t\t\t\t<div class=\"elementor-container elementor-column-gap-default\">\n\t\t\t\t\t\t\t<div class=\"elementor-row\">\n\t\t\t\t\t<div class=\"elementor-column elementor-col-50 elementor-inner-column elementor-element elementor-element-56a07ea\" data-id=\"56a07ea\" data-element_type=\"column\">\n\t\t\t<div class=\"elementor-column-wrap elementor-element-populated\">\n\t\t\t\t\t\t\t<div class=\"elementor-widget-wrap\">\n\t\t\t\t\t\t<div class=\"elementor-element elementor-element-dc9f96d elementor-widget elementor-widget-text-editor\" data-id=\"dc9f96d\" data-element_type=\"widget\" data-widget_type=\"text-editor.default\">\n\t\t\t\t<div class=\"elementor-widget-container\">\n\t\t\t\t\t\t\t\t<div class=\"elementor-text-editor elementor-clearfix\">\n\t\t\t\t<p>Bench\u00e9 tutto il materiale esposto fosse interessante, non ci sono dubbi che, dopo gli elaborati dei ragazzi delle terze medie di Maniago e Vivaro, la collezione filatelica a tematica meteoriti del nostro socio Antonio Bussi fosse il pezzo pi\u00f9 prestigioso. Per motivi di spazio non abbiamo potuto esporre tutta la collezione, che \u00e8 la pi\u00f9 importante in Italia con questa tematica, comunque i dieci quadri esposti erano pi\u00f9 che sufficienti per apprezzare il lavoro che Antonio e Renata hanno speso per mettere insieme questo importantissima raccolta (Fig 46; 47;48;49)<\/p>\t\t\t\t\t<\/div>\n\t\t\t\t\t\t<\/div>\n\t\t\t\t<\/div>\n\t\t\t\t<div class=\"elementor-element elementor-element-2dae920 elementor-widget elementor-widget-image-gallery\" data-id=\"2dae920\" data-element_type=\"widget\" data-widget_type=\"image-gallery.default\">\n\t\t\t\t<div class=\"elementor-widget-container\">\n\t\t\t\t\t<div class=\"elementor-image-gallery\">\n\t\t\t<div id='gallery-18' class='gallery galleryid-465 gallery-columns-3 gallery-size-medium'><figure class='gallery-item'>\n\t\t\t<div class='gallery-icon portrait'>\n\t\t\t\t<a data-elementor-open-lightbox=\"yes\" data-elementor-lightbox-slideshow=\"2dae920\" data-elementor-lightbox-title=\"47\" data-e-action-hash=\"#elementor-action%3Aaction%3Dlightbox%26settings%3DeyJpZCI6ODEwLCJ1cmwiOiJodHRwczpcL1wvbWFpbC5tZXRlb3JpdGl0YWxpYS5vcmdcL3dwLWNvbnRlbnRcL3VwbG9hZHNcLzIwMjBcLzAxXC80Ny1zY2FsZWQuanBnIiwic2xpZGVzaG93IjoiMmRhZTkyMCJ9\" href='https:\/\/mail.meteorititalia.org\/wp-content\/uploads\/2020\/01\/47-scaled.jpg'><img width=\"225\" height=\"300\" src=\"https:\/\/mail.meteorititalia.org\/wp-content\/uploads\/2020\/01\/47-225x300.jpg\" class=\"attachment-medium size-medium\" alt=\"\" decoding=\"async\" loading=\"lazy\" aria-describedby=\"gallery-18-810\" srcset=\"https:\/\/mail.meteorititalia.org\/wp-content\/uploads\/2020\/01\/47-225x300.jpg 225w, https:\/\/mail.meteorititalia.org\/wp-content\/uploads\/2020\/01\/47-768x1024.jpg 768w, https:\/\/mail.meteorititalia.org\/wp-content\/uploads\/2020\/01\/47-1152x1536.jpg 1152w, https:\/\/mail.meteorititalia.org\/wp-content\/uploads\/2020\/01\/47-1536x2048.jpg 1536w, https:\/\/mail.meteorititalia.org\/wp-content\/uploads\/2020\/01\/47-scaled.jpg 1920w\" sizes=\"100vw\" \/><\/a>\n\t\t\t<\/div>\n\t\t\t\t<figcaption class='wp-caption-text gallery-caption' id='gallery-18-810'>\n\t\t\t\tFig 47: Alcuni dei quadri della raccolta filatelica a tematica Meteoriti di Antonio e Renata Bussi. Foto M. Ianeselli\n\n\t\t\t\t<\/figcaption><\/figure><figure class='gallery-item'>\n\t\t\t<div class='gallery-icon landscape'>\n\t\t\t\t<a data-elementor-open-lightbox=\"yes\" data-elementor-lightbox-slideshow=\"2dae920\" data-elementor-lightbox-title=\"48\" data-e-action-hash=\"#elementor-action%3Aaction%3Dlightbox%26settings%3DeyJpZCI6ODExLCJ1cmwiOiJodHRwczpcL1wvbWFpbC5tZXRlb3JpdGl0YWxpYS5vcmdcL3dwLWNvbnRlbnRcL3VwbG9hZHNcLzIwMjBcLzAxXC80OC1zY2FsZWQuanBnIiwic2xpZGVzaG93IjoiMmRhZTkyMCJ9\" href='https:\/\/mail.meteorititalia.org\/wp-content\/uploads\/2020\/01\/48-scaled.jpg'><img width=\"300\" height=\"225\" src=\"https:\/\/mail.meteorititalia.org\/wp-content\/uploads\/2020\/01\/48-300x225.jpg\" class=\"attachment-medium size-medium\" alt=\"\" decoding=\"async\" loading=\"lazy\" aria-describedby=\"gallery-18-811\" srcset=\"https:\/\/mail.meteorititalia.org\/wp-content\/uploads\/2020\/01\/48-300x225.jpg 300w, https:\/\/mail.meteorititalia.org\/wp-content\/uploads\/2020\/01\/48-1024x768.jpg 1024w, https:\/\/mail.meteorititalia.org\/wp-content\/uploads\/2020\/01\/48-768x576.jpg 768w, https:\/\/mail.meteorititalia.org\/wp-content\/uploads\/2020\/01\/48-1536x1152.jpg 1536w, https:\/\/mail.meteorititalia.org\/wp-content\/uploads\/2020\/01\/48-2048x1536.jpg 2048w\" sizes=\"100vw\" \/><\/a>\n\t\t\t<\/div>\n\t\t\t\t<figcaption class='wp-caption-text gallery-caption' id='gallery-18-811'>\n\t\t\t\tFig 48: Alcuni dei quadri della raccolta filatelica a tematica Meteoriti di Antonio e Renata Bussi. Foto M. Ianeselli\n\n\t\t\t\t<\/figcaption><\/figure><figure class='gallery-item'>\n\t\t\t<div class='gallery-icon landscape'>\n\t\t\t\t<a data-elementor-open-lightbox=\"yes\" data-elementor-lightbox-slideshow=\"2dae920\" data-elementor-lightbox-title=\"49\" data-e-action-hash=\"#elementor-action%3Aaction%3Dlightbox%26settings%3DeyJpZCI6ODEyLCJ1cmwiOiJodHRwczpcL1wvbWFpbC5tZXRlb3JpdGl0YWxpYS5vcmdcL3dwLWNvbnRlbnRcL3VwbG9hZHNcLzIwMjBcLzAxXC80OS1zY2FsZWQuanBnIiwic2xpZGVzaG93IjoiMmRhZTkyMCJ9\" href='https:\/\/mail.meteorititalia.org\/wp-content\/uploads\/2020\/01\/49-scaled.jpg'><img width=\"300\" height=\"225\" src=\"https:\/\/mail.meteorititalia.org\/wp-content\/uploads\/2020\/01\/49-300x225.jpg\" class=\"attachment-medium size-medium\" alt=\"\" decoding=\"async\" loading=\"lazy\" aria-describedby=\"gallery-18-812\" srcset=\"https:\/\/mail.meteorititalia.org\/wp-content\/uploads\/2020\/01\/49-300x225.jpg 300w, https:\/\/mail.meteorititalia.org\/wp-content\/uploads\/2020\/01\/49-1024x768.jpg 1024w, https:\/\/mail.meteorititalia.org\/wp-content\/uploads\/2020\/01\/49-768x576.jpg 768w, https:\/\/mail.meteorititalia.org\/wp-content\/uploads\/2020\/01\/49-1536x1152.jpg 1536w, https:\/\/mail.meteorititalia.org\/wp-content\/uploads\/2020\/01\/49-2048x1536.jpg 2048w\" sizes=\"100vw\" \/><\/a>\n\t\t\t<\/div>\n\t\t\t\t<figcaption class='wp-caption-text gallery-caption' id='gallery-18-812'>\n\t\t\t\tFig 49: Alcuni dei quadri della raccolta filatelica a tematica Meteoriti di Antonio e Renata Bussi. Foto M. Ianeselli\n\n\t\t\t\t<\/figcaption><\/figure>\n\t\t<\/div>\n\t\t<\/div>\n\t\t\t\t<\/div>\n\t\t\t\t<\/div>\n\t\t\t\t\t\t<\/div>\n\t\t\t\t\t<\/div>\n\t\t<\/div>\n\t\t\t\t<div class=\"elementor-column elementor-col-50 elementor-inner-column elementor-element elementor-element-e6c2dbd\" data-id=\"e6c2dbd\" data-element_type=\"column\">\n\t\t\t<div class=\"elementor-column-wrap elementor-element-populated\">\n\t\t\t\t\t\t\t<div class=\"elementor-widget-wrap\">\n\t\t\t\t\t\t<div class=\"elementor-element elementor-element-fd2fcf8 elementor-widget elementor-widget-image\" data-id=\"fd2fcf8\" data-element_type=\"widget\" data-widget_type=\"image.default\">\n\t\t\t\t<div class=\"elementor-widget-container\">\n\t\t\t\t\t\t\t\t<div class=\"elementor-image\">\n\t\t\t\t\t\t\t\t\t<figure class=\"wp-caption\">\n\t\t\t\t\t\t\t\t\t\t<img decoding=\"async\" width=\"525\" height=\"700\" src=\"https:\/\/mail.meteorititalia.org\/wp-content\/uploads\/2020\/01\/46-768x1024.jpg\" class=\"attachment-large size-large wp-image-809\" alt=\"\" loading=\"lazy\" srcset=\"https:\/\/mail.meteorititalia.org\/wp-content\/uploads\/2020\/01\/46-768x1024.jpg 768w, https:\/\/mail.meteorititalia.org\/wp-content\/uploads\/2020\/01\/46-225x300.jpg 225w, https:\/\/mail.meteorititalia.org\/wp-content\/uploads\/2020\/01\/46-1152x1536.jpg 1152w, https:\/\/mail.meteorititalia.org\/wp-content\/uploads\/2020\/01\/46-1536x2048.jpg 1536w, https:\/\/mail.meteorititalia.org\/wp-content\/uploads\/2020\/01\/46-scaled.jpg 1920w\" sizes=\"100vw\" \/>\t\t\t\t\t\t\t\t\t\t\t<figcaption class=\"widget-image-caption wp-caption-text\">Fig 46: Alcuni dei quadri della raccolta filatelica a tematica Meteoriti di Antonio e Renata Bussi. Foto M. Ianeselli\n<\/figcaption>\n\t\t\t\t\t\t\t\t\t\t<\/figure>\n\t\t\t\t\t\t\t\t<\/div>\n\t\t\t\t\t\t<\/div>\n\t\t\t\t<\/div>\n\t\t\t\t\t\t<\/div>\n\t\t\t\t\t<\/div>\n\t\t<\/div>\n\t\t\t\t\t\t\t\t<\/div>\n\t\t\t\t\t<\/div>\n\t\t<\/section>\n\t\t\t\t<section class=\"elementor-section elementor-inner-section elementor-element elementor-element-b3292c3 elementor-section-boxed elementor-section-height-default elementor-section-height-default wpr-particle-no wpr-jarallax-no wpr-parallax-no wpr-sticky-section-no\" data-id=\"b3292c3\" data-element_type=\"section\">\n\t\t\t\t\t\t<div class=\"elementor-container elementor-column-gap-default\">\n\t\t\t\t\t\t\t<div class=\"elementor-row\">\n\t\t\t\t\t<div class=\"elementor-column elementor-col-50 elementor-inner-column elementor-element elementor-element-3c97d0b\" data-id=\"3c97d0b\" data-element_type=\"column\">\n\t\t\t<div class=\"elementor-column-wrap elementor-element-populated\">\n\t\t\t\t\t\t\t<div class=\"elementor-widget-wrap\">\n\t\t\t\t\t\t<div class=\"elementor-element elementor-element-8fca8f6 elementor-widget elementor-widget-image\" data-id=\"8fca8f6\" data-element_type=\"widget\" data-widget_type=\"image.default\">\n\t\t\t\t<div class=\"elementor-widget-container\">\n\t\t\t\t\t\t\t\t<div class=\"elementor-image\">\n\t\t\t\t\t\t\t\t\t<figure class=\"wp-caption\">\n\t\t\t\t\t\t\t\t\t\t<img decoding=\"async\" width=\"525\" height=\"394\" src=\"https:\/\/mail.meteorititalia.org\/wp-content\/uploads\/2020\/01\/50-1024x768.jpeg\" class=\"attachment-large size-large wp-image-813\" alt=\"\" loading=\"lazy\" srcset=\"https:\/\/mail.meteorititalia.org\/wp-content\/uploads\/2020\/01\/50-1024x768.jpeg 1024w, https:\/\/mail.meteorititalia.org\/wp-content\/uploads\/2020\/01\/50-300x225.jpeg 300w, https:\/\/mail.meteorititalia.org\/wp-content\/uploads\/2020\/01\/50-768x576.jpeg 768w, https:\/\/mail.meteorititalia.org\/wp-content\/uploads\/2020\/01\/50-1536x1152.jpeg 1536w, https:\/\/mail.meteorititalia.org\/wp-content\/uploads\/2020\/01\/50-2048x1536.jpeg 2048w\" sizes=\"100vw\" \/>\t\t\t\t\t\t\t\t\t\t\t<figcaption class=\"widget-image-caption wp-caption-text\">Fig 50: Collaborazione. Il Sindaco di Barcis Claudio Traina, con il nostro socio Antonio, montano un poster della mostra per attirare l\u2019attenzione dei turisti di passaggio. A SX Renata che s\u2019\u00e8 creata il ruolo di \u201cbutta dentro\u201d per invitare i passanti a visitare la mostra. Foto arch. Meteoriti Italia<\/figcaption>\n\t\t\t\t\t\t\t\t\t\t<\/figure>\n\t\t\t\t\t\t\t\t<\/div>\n\t\t\t\t\t\t<\/div>\n\t\t\t\t<\/div>\n\t\t\t\t\t\t<\/div>\n\t\t\t\t\t<\/div>\n\t\t<\/div>\n\t\t\t\t<div class=\"elementor-column elementor-col-50 elementor-inner-column elementor-element elementor-element-eb3654c\" data-id=\"eb3654c\" data-element_type=\"column\">\n\t\t\t<div class=\"elementor-column-wrap elementor-element-populated\">\n\t\t\t\t\t\t\t<div class=\"elementor-widget-wrap\">\n\t\t\t\t\t\t<div class=\"elementor-element elementor-element-c87234f elementor-widget elementor-widget-text-editor\" data-id=\"c87234f\" data-element_type=\"widget\" data-widget_type=\"text-editor.default\">\n\t\t\t\t<div class=\"elementor-widget-container\">\n\t\t\t\t\t\t\t\t<div class=\"elementor-text-editor elementor-clearfix\">\n\t\t\t\t<p>Per gli amici interessati alla filatelia vi anticipo che Antonio s\u2019\u00e8 reso disponibile per gestire, nel nostro sito, una sezione dedicata alla \u201cfilatelia meteoritica\u201d dove, oltre ad illustrarvi la sua collezione, vi aggiorner\u00e0 sulle nuove emissioni e sulle novit\u00e0 riguardanti questa tematica.<\/p><p>La mostra \u201cMeteoriti sulla carta\u201d \u00e8 stata un successo sia per numero di visitatori che per la quantit\u00e0 dei commenti positivi.<\/p><p>Un GRAZIE da parte del direttivo di Meteoriti Italia alle Autorit\u00e0 Comunali di Barcis per il supporto avuto durante tutte le fasi della mostra dall\u2019allestimento allo smontaggio.<\/p>\t\t\t\t\t<\/div>\n\t\t\t\t\t\t<\/div>\n\t\t\t\t<\/div>\n\t\t\t\t\t\t<\/div>\n\t\t\t\t\t<\/div>\n\t\t<\/div>\n\t\t\t\t\t\t\t\t<\/div>\n\t\t\t\t\t<\/div>\n\t\t<\/section>\n\t\t\t\t<div class=\"elementor-element elementor-element-34cd781 elementor-widget elementor-widget-text-editor\" data-id=\"34cd781\" data-element_type=\"widget\" data-widget_type=\"text-editor.default\">\n\t\t\t\t<div class=\"elementor-widget-container\">\n\t\t\t\t\t\t\t\t<div class=\"elementor-text-editor elementor-clearfix\">\n\t\t\t\t<p>Grazie anche ad Alessia e Michela per il loro servizio di assistenza durante tutto il periodo della mostra e, tra tutti i soci di Meteoriti Italia che ci hanno aiutato, un grazie particolare ad Antonio e Renata che, oltre a mettere a disposizione la loro importante collezione di \u201cfrancobolli meteoritici\u201d, hanno lavorato senza risparmiarsi sia nell\u2019allestimento che nella gestione della mostra. Un grosso grazie anche a Edi e consorte che ci hanno aiutato\u00a0 nella fase della programmazione , nell\u2019allestimento e anche nello smontaggio.<\/p><p>Dalle Autorit\u00e0 Comunali, dagli studenti delle terze medie di Maniago e Vivaro e da Meteoriti Italia, un grandissimo \u00a0grazie a tutti i visitatori che sono venuti a trovarci. Tra tutti, ricordiamo la visita di Mr. Dinamite, Danilo Coppe, per il quale avevamo preparato anche il seguente articolo inviato alla stampa locale<\/p>\t\t\t\t\t<\/div>\n\t\t\t\t\t\t<\/div>\n\t\t\t\t<\/div>\n\t\t\t\t<div class=\"elementor-element elementor-element-903c821 elementor-widget elementor-widget-text-editor\" data-id=\"903c821\" data-element_type=\"widget\" data-widget_type=\"text-editor.default\">\n\t\t\t\t<div class=\"elementor-widget-container\">\n\t\t\t\t\t\t\t\t<div class=\"elementor-text-editor elementor-clearfix\">\n\t\t\t\t<p><strong>Visitatore d\u2019eccezione alla mostra \u201cMeteoriti sulla carta\u201d di Barcis<\/strong><\/p><p>\u00a0<\/p><p>Questo fine settimana, 18 agosto, alla mostra \u201cMeteoriti sulla carta\u201d di Barcis, c\u2019\u00e8 stato un visitatore d\u2019eccezione: Danilo Coppe, Mr. Dinamite, Geominerario.<\/p><p>Danilo Coppe \u00e8 esperto di fama mondiale delle esplosioni controllate ed \u00e8 fondatore della SIAG, Societ\u00e0 di esplosivistica civile, che fornisce risposte ad enti pubblici e privati che debbano affrontare problematiche relative all\u2019utilizzo di esplosivi.<\/p><p>Per chi ancora non lo conosce, uno degli ultimi lavori di Danilo Coppe \u00e8 stato la programmazione e la direzione dell\u2019abbattimento controllato di quanto era rimasto\u00a0\u00a0 dopo il crollo del Ponte Morandi di Genova.<\/p><p>Mr. Dinamite, accompagnato dalla gentile consorte e da amici di Barcis, si \u00e8 soffermato ad ammirare gli elaborati fatti dai ragazzi delle terze medie di Maniago e Vivaro ispirandosi alle meteoriti ed alla meteorite di Barcis.<\/p><p>\u00a0Danilo Coppe, come tutti i visitatori, ha votato i lavori che pi\u00f9 gli sono piaciuti e ha avuto parole di elogio per l\u2019alta qualit\u00e0 di tutti gli elaborati e per il coinvolgimento degli insegnanti nella loro realizzazione.<\/p><p>Prima di congedarsi, Mr. Dinamite si \u00e8 complimentato con il Sindaco Claudio Traina per aver dato vita a questa manifestazione, nata dalla collaborazione del Comune di Barcis con Meteoriti Italia APS.<\/p><p>La foto di gruppo, allegata (Fig 51), ha concluso l\u2019incontro.<\/p>\t\t\t\t\t<\/div>\n\t\t\t\t\t\t<\/div>\n\t\t\t\t<\/div>\n\t\t\t\t<div class=\"elementor-element elementor-element-ab6ddfc elementor-widget elementor-widget-image\" data-id=\"ab6ddfc\" data-element_type=\"widget\" data-widget_type=\"image.default\">\n\t\t\t\t<div class=\"elementor-widget-container\">\n\t\t\t\t\t\t\t\t<div class=\"elementor-image\">\n\t\t\t\t\t\t\t\t\t<figure class=\"wp-caption\">\n\t\t\t\t\t\t\t\t\t\t<img decoding=\"async\" width=\"525\" height=\"399\" src=\"https:\/\/mail.meteorititalia.org\/wp-content\/uploads\/2020\/01\/51-1024x779.jpeg\" class=\"attachment-large size-large wp-image-814\" alt=\"\" loading=\"lazy\" srcset=\"https:\/\/mail.meteorititalia.org\/wp-content\/uploads\/2020\/01\/51-1024x779.jpeg 1024w, https:\/\/mail.meteorititalia.org\/wp-content\/uploads\/2020\/01\/51-300x228.jpeg 300w, https:\/\/mail.meteorititalia.org\/wp-content\/uploads\/2020\/01\/51-768x584.jpeg 768w, https:\/\/mail.meteorititalia.org\/wp-content\/uploads\/2020\/01\/51-1536x1168.jpeg 1536w, https:\/\/mail.meteorititalia.org\/wp-content\/uploads\/2020\/01\/51-2048x1558.jpeg 2048w\" sizes=\"100vw\" \/>\t\t\t\t\t\t\t\t\t\t\t<figcaption class=\"widget-image-caption wp-caption-text\">Fig 51: Danilo Coppe, Mr.Dinamite, con il Sindaco Claudio Traina, U. Repetti di Meteoriti Italia, e con Claudio e Marco esperti locali di esplosivi e lavori minerari, davanti ad alcuni degli elaborati esposti alla mostra \u201cMeteoriti sulla carta\u201d. Foto di Micaela.\n<\/figcaption>\n\t\t\t\t\t\t\t\t\t\t<\/figure>\n\t\t\t\t\t\t\t\t<\/div>\n\t\t\t\t\t\t<\/div>\n\t\t\t\t<\/div>\n\t\t\t\t<div class=\"elementor-element elementor-element-f7bcb1f elementor-widget elementor-widget-text-editor\" data-id=\"f7bcb1f\" data-element_type=\"widget\" data-widget_type=\"text-editor.default\">\n\t\t\t\t<div class=\"elementor-widget-container\">\n\t\t\t\t\t\t\t\t<div class=\"elementor-text-editor elementor-clearfix\">\n\t\t\t\t<p>Alla fine dell\u2019incontro Danilo Coppe ci ha consegnato, per tutti i soci di Meteoriti Italia, il seguente biglietto con la foto pi\u00f9 spettacolare dell\u2019esplosione controllata dei monconi del Ponte Morandi a Genova , 28 giugno 2019.<\/p>\t\t\t\t\t<\/div>\n\t\t\t\t\t\t<\/div>\n\t\t\t\t<\/div>\n\t\t\t\t<div class=\"elementor-element elementor-element-26acea9 elementor-widget elementor-widget-image\" data-id=\"26acea9\" data-element_type=\"widget\" data-widget_type=\"image.default\">\n\t\t\t\t<div class=\"elementor-widget-container\">\n\t\t\t\t\t\t\t\t<div class=\"elementor-image\">\n\t\t\t\t\t\t\t\t\t\t\t\t<img decoding=\"async\" width=\"525\" height=\"582\" src=\"https:\/\/mail.meteorititalia.org\/wp-content\/uploads\/2020\/01\/52-923x1024.jpg\" class=\"attachment-large size-large wp-image-815\" alt=\"\" loading=\"lazy\" srcset=\"https:\/\/mail.meteorititalia.org\/wp-content\/uploads\/2020\/01\/52-923x1024.jpg 923w, https:\/\/mail.meteorititalia.org\/wp-content\/uploads\/2020\/01\/52-270x300.jpg 270w, https:\/\/mail.meteorititalia.org\/wp-content\/uploads\/2020\/01\/52-768x852.jpg 768w, https:\/\/mail.meteorititalia.org\/wp-content\/uploads\/2020\/01\/52-1384x1536.jpg 1384w, https:\/\/mail.meteorititalia.org\/wp-content\/uploads\/2020\/01\/52-1845x2048.jpg 1845w\" sizes=\"100vw\" \/>\t\t\t\t\t\t\t\t\t\t\t\t\t\t<\/div>\n\t\t\t\t\t\t<\/div>\n\t\t\t\t<\/div>\n\t\t\t\t\t\t<\/div>\n\t\t\t\t\t<\/div>\n\t\t<\/div>\n\t\t\t\t\t\t\t\t<\/div>\n\t\t\t\t\t<\/div>\n\t\t<\/section>\n\t\t\t\t<section class=\"elementor-section elementor-top-section elementor-element elementor-element-7cd5e01f elementor-section-height-min-height elementor-section-content-middle elementor-section-boxed elementor-section-height-default elementor-section-items-middle wpr-particle-no wpr-jarallax-no wpr-parallax-no wpr-sticky-section-no\" data-id=\"7cd5e01f\" data-element_type=\"section\" data-settings=\"{&quot;background_background&quot;:&quot;classic&quot;}\">\n\t\t\t\t\t\t<div class=\"elementor-container elementor-column-gap-default\">\n\t\t\t\t\t\t\t<div class=\"elementor-row\">\n\t\t\t\t\t<div class=\"elementor-column elementor-col-50 elementor-top-column elementor-element elementor-element-6a805c1d\" data-id=\"6a805c1d\" data-element_type=\"column\">\n\t\t\t<div class=\"elementor-column-wrap elementor-element-populated\">\n\t\t\t\t\t\t\t<div class=\"elementor-widget-wrap\">\n\t\t\t\t\t\t<div class=\"elementor-element elementor-element-7d6e109c elementor-widget elementor-widget-heading\" data-id=\"7d6e109c\" data-element_type=\"widget\" data-widget_type=\"heading.default\">\n\t\t\t\t<div class=\"elementor-widget-container\">\n\t\t\t<p class=\"elementor-heading-title elementor-size-default\">Design by TMgraphics<\/p>\t\t<\/div>\n\t\t\t\t<\/div>\n\t\t\t\t\t\t<\/div>\n\t\t\t\t\t<\/div>\n\t\t<\/div>\n\t\t\t\t<div class=\"elementor-column elementor-col-50 elementor-top-column elementor-element elementor-element-441193b0\" data-id=\"441193b0\" data-element_type=\"column\">\n\t\t\t<div class=\"elementor-column-wrap elementor-element-populated\">\n\t\t\t\t\t\t\t<div class=\"elementor-widget-wrap\">\n\t\t\t\t\t\t<div class=\"elementor-element elementor-element-3242132e e-grid-align-right e-grid-align-mobile-center elementor-shape-rounded elementor-grid-0 elementor-widget elementor-widget-social-icons\" data-id=\"3242132e\" data-element_type=\"widget\" data-widget_type=\"social-icons.default\">\n\t\t\t\t<div class=\"elementor-widget-container\">\n\t\t\t\t\t<div class=\"elementor-social-icons-wrapper elementor-grid\">\n\t\t\t\t\t\t\t<span class=\"elementor-grid-item\">\n\t\t\t\t\t<a class=\"elementor-icon elementor-social-icon elementor-social-icon-facebook elementor-repeater-item-993ef04\" target=\"_blank\">\n\t\t\t\t\t\t<span class=\"elementor-screen-only\">Facebook<\/span>\n\t\t\t\t\t\t\t\t\t\t\t\t\t<i class=\"fa fa-facebook\"><\/i>\n\t\t\t\t\t\t\t\t\t\t\t<\/a>\n\t\t\t\t<\/span>\n\t\t\t\t\t\t\t<span class=\"elementor-grid-item\">\n\t\t\t\t\t<a class=\"elementor-icon elementor-social-icon elementor-social-icon-twitter elementor-repeater-item-a229ff5\" target=\"_blank\">\n\t\t\t\t\t\t<span class=\"elementor-screen-only\">Twitter<\/span>\n\t\t\t\t\t\t\t\t\t\t\t\t\t<i class=\"fa fa-twitter\"><\/i>\n\t\t\t\t\t\t\t\t\t\t\t<\/a>\n\t\t\t\t<\/span>\n\t\t\t\t\t\t\t<span class=\"elementor-grid-item\">\n\t\t\t\t\t<a class=\"elementor-icon elementor-social-icon elementor-social-icon-google-plus elementor-repeater-item-a1c64d4\" target=\"_blank\">\n\t\t\t\t\t\t<span class=\"elementor-screen-only\">Google-plus<\/span>\n\t\t\t\t\t\t\t\t\t\t\t\t\t<i class=\"fa fa-google-plus\"><\/i>\n\t\t\t\t\t\t\t\t\t\t\t<\/a>\n\t\t\t\t<\/span>\n\t\t\t\t\t\t\t<span class=\"elementor-grid-item\">\n\t\t\t\t\t<a class=\"elementor-icon elementor-social-icon elementor-social-icon-pinterest elementor-repeater-item-f4f16ac\" target=\"_blank\">\n\t\t\t\t\t\t<span class=\"elementor-screen-only\">Pinterest<\/span>\n\t\t\t\t\t\t\t\t\t\t\t\t\t<i class=\"fa fa-pinterest\"><\/i>\n\t\t\t\t\t\t\t\t\t\t\t<\/a>\n\t\t\t\t<\/span>\n\t\t\t\t\t<\/div>\n\t\t\t\t<\/div>\n\t\t\t\t<\/div>\n\t\t\t\t\t\t<\/div>\n\t\t\t\t\t<\/div>\n\t\t<\/div>\n\t\t\t\t\t\t\t\t<\/div>\n\t\t\t\t\t<\/div>\n\t\t<\/section>\n\t\t\t\t\t\t\t\t\t<\/div>\n\t\t\t<\/div>\n\t\t\t\t\t<\/div>\n\t\t","protected":false},"excerpt":{"rendered":"<p>Mostre di meteoriti Le mostre di meteoriti sono attivit\u00e0 che richiedono un grosso impegno di soldi, di energie e di ore di lavoro per\u00f2, se gestite correttamente, sono anche un mezzo straordinario per coinvolgere, in tempi brevi, migliaia di persone di tutte le et\u00e0.Per quanto ci riguarda, questo \u00e8 il metodo pi\u00f9 efficace per far &hellip; <\/p>\n<p class=\"link-more\"><a href=\"https:\/\/mail.meteorititalia.org\/?page_id=465\" class=\"more-link\">Leggi tutto<span class=\"screen-reader-text\"> &#8220;Mostre di Meteoriti&#8221;<\/span><\/a><\/p>\n","protected":false},"author":1,"featured_media":0,"parent":0,"menu_order":0,"comment_status":"closed","ping_status":"closed","template":"elementor_canvas","meta":[],"_links":{"self":[{"href":"https:\/\/mail.meteorititalia.org\/index.php?rest_route=\/wp\/v2\/pages\/465"}],"collection":[{"href":"https:\/\/mail.meteorititalia.org\/index.php?rest_route=\/wp\/v2\/pages"}],"about":[{"href":"https:\/\/mail.meteorititalia.org\/index.php?rest_route=\/wp\/v2\/types\/page"}],"author":[{"embeddable":true,"href":"https:\/\/mail.meteorititalia.org\/index.php?rest_route=\/wp\/v2\/users\/1"}],"replies":[{"embeddable":true,"href":"https:\/\/mail.meteorititalia.org\/index.php?rest_route=%2Fwp%2Fv2%2Fcomments&post=465"}],"version-history":[{"count":35,"href":"https:\/\/mail.meteorititalia.org\/index.php?rest_route=\/wp\/v2\/pages\/465\/revisions"}],"predecessor-version":[{"id":1129,"href":"https:\/\/mail.meteorititalia.org\/index.php?rest_route=\/wp\/v2\/pages\/465\/revisions\/1129"}],"wp:attachment":[{"href":"https:\/\/mail.meteorititalia.org\/index.php?rest_route=%2Fwp%2Fv2%2Fmedia&parent=465"}],"curies":[{"name":"wp","href":"https:\/\/api.w.org\/{rel}","templated":true}]}}